{"id":19949,"date":"2023-10-18T15:52:46","date_gmt":"2023-10-18T13:52:46","guid":{"rendered":"https:\/\/cultura.santjosep.org\/agenda\/fira-de-la-sal-2023-2\/"},"modified":"2023-10-19T15:49:51","modified_gmt":"2023-10-19T13:49:51","slug":"fira-de-la-sal-2023-2","status":"publish","type":"tribe_events","link":"https:\/\/cultura.santjosep.org\/es\/agenda\/fira-de-la-sal-2023-2\/","title":{"rendered":"Fira de la Sal 2023"},"content":{"rendered":"<div class=\"wpb-content-wrapper\"><p>[vc_row][vc_column][vc_column_text]<\/p>\n<h4>Domingo 22 de octubre<\/h4>\n<h3>SANT FRANCESC DE S\u2019ESTANY<\/h3>\n<p><strong>10\u201412:30 h<\/strong><\/p>\n<p><b>Nordic walking:<\/b> Un paseo por Ses Salines. Apto para todos los p\u00fablicos.<\/p>\n<p>Antiguo monte de sal del Pantano.<\/p>\n<h3>LA TORRE DE LA SAL ROSSA<\/h3>\n<p>Salida de los autobuses frente Banco Sabadell en Sant Jordi hasta la Torre de la Sal Rossa. Vuelta de autobuses al finalizar las visitas al punto de salida.<\/p>\n<p><strong>09:45 &#8211; 10:30 h<\/strong><\/p>\n<p><strong>10 &#8211; 10:45 h<\/strong><\/p>\n<p><b>Visitas teatralizadas en la torre vig\u00eda de la Sal Rossa<\/b>. <i>El\u00a0<\/i><em>valent vigilant de la torre<\/em> a cargo de Produccions T&#8217;Eiviss.<\/p>\n<p>Torre de la Rossa<\/p>\n<p><strong>10 &#8211; 12 h<\/strong><\/p>\n<p><b>Visita guiada del antiguo conjunto salinero de la Xanga.<\/b> Explicaci\u00f3n a cargo de Ricard Marlasca y Josep Maria L\u00f3pez Gar\u00ed.<\/p>\n<p>La Xanga<\/p>\n<p><strong>10\u201412 h<\/strong><\/p>\n<p><b>Recital de poes\u00eda de Rafel Alberti<\/b><\/p>\n<p>Cova de Rafael Alberti<\/p>\n<h3><b>EL ANTIGUO MONTE TRADICIONAL DE SAL DEL PANTANO<\/b><\/h3>\n<p>Salida en trenecito desde la parada de autobuses frente al Banco Sabadell hasta el parking del antiguo monte tradicional de sal del Pantano. Vuelta al punto de salida una vez finalizadas las actividades.<br \/>\n<strong>11:30 h<\/strong><\/p>\n<p><strong>12:00 h<\/strong><\/p>\n<p><b>Muestra de canci\u00f3n ibicenca a cargo de<\/b> <b><i>Petit Cor<\/i><\/b><\/p>\n<p>Antiguo monte de sal del Pantano<\/p>\n<p><strong>12:10 h<\/strong><\/p>\n<p><b><i>Ballada t<\/i><\/b><b>radicional<\/b> a cargo del grupo folcl\u00f3rico de Sant Jordi de Ses Salines.<\/p>\n<p>Antiguo monte de sal del Pantano<\/p>\n<p><strong>12.30 h<\/strong><\/p>\n<p><b>Encendido<\/b><b><i> d&#8217;es foguer\u00f3 <\/i><\/b>el humo de la hoguera avisaba a los trabajadores de las salinas para que acudieran a la cosecha de la sal.<\/p>\n<p>Antiguo monte de sal del Pantano<\/p>\n<p><b>COSECHA DE LA SAL\u00a0<\/b><\/p>\n<p>Salida del trenecito desde el antiguo monte tradicional de sal del Pantano hasta la actividad de la cosecha tradicional de la sal una vez finalizado el encendido del <i>Foguer\u00f3<\/i>.<\/p>\n<p><strong>13 h<\/strong><\/p>\n<p><b>Cosecha tradicional de la sal<\/b> a cargo de Vicent Mar\u00ed <i>Palermet<\/i>, gran entendido de los oficios y tradiciones ibicencas adem\u00e1s de las explicaciones del historiador Antoni Ferrer Ab\u00e1rzuza.<br \/>\nPantanal de cristalizaci\u00f3n N\u00ba11<\/p>\n<h3>SANT FRANCESC DE S\u2019ESTANY<\/h3>\n<p>Salida de un minib\u00fas circular (entre las 10 y las 12.30) frente al Banco Sabadell en San Jorge hasta el Centro de Interpretaci\u00f3n del Parque Natural de Ses Salines de Ibiza y Formentera.<br \/>\n<strong>10-13 h<\/strong><\/p>\n<p><b>Mesas informativas sobre patrimonio y naturaleza <\/b>en el Centro de Interpretaci\u00f3n del Parque Natural de Ses Salines de Ibiza y Formentera a cargo del GOIB, Conselleria d&#8217;Agricultura, Pesca i Medi Natural. Mesa 1: procesos de formaci\u00f3n de la sal. Mesa 2: historia de la extracci\u00f3n de sal. Mesa 3: herramientas tradicionales. Mesa 4: fauna y biodiversidad del parque natural de Ses Salines.<br \/>\nCentro de Interpretaci\u00f3n del Parque Natural de Ses Salines de Ibiza y Formentera<\/p>\n<p><strong>10-14 h<\/strong><\/p>\n<p>El Centro de Interpretaci\u00f3n del Parque Natural de Ses Salines de Ibiza y Formentera permanecer\u00e1 abierto durante la ma\u00f1ana para su visita.<\/p>\n<h3>SANT JORDI DE SES SALINES<\/h3>\n<p><strong>18:30 h<\/strong><\/p>\n<p><b>Presentaci\u00f3n del libro<\/b> del historiador Antoni Ferrer Ab\u00e1rzuza Galiotes. Una batalla naval entre galeras cristianas y galeotas turcas que aconteci\u00f3 en 1607 en aguas entre Ibiza y Formentera.<\/p>\n<p>Sala polivalente de las oficinas municipales de Sant Jordi<\/p>\n<p><strong>19:30 h<\/strong><\/p>\n<p><strong><b>Exposici\u00f3n el <\/b><b><i>Sant\u00edsimo Sacramento<\/i><\/b><\/strong><\/p>\n<p>Iglesia de Sant Jordi<\/p>\n<p><strong>20 h<\/strong><\/p>\n<p><b>Misa solemne<\/b><\/p>\n<p>Iglesia de Sant Jordi<\/p>\n<p><strong>21 h\u00a0<\/strong><\/p>\n<p><b>Recital de canto<\/b> ofrecido por la entidad <i>Petit Cor<\/i> con su proyecto de recuperaci\u00f3n de la canci\u00f3n popular ibicenca <i>Units pel nostre parlar<\/i>.<\/p>\n<p>Iglesia de Sant Jordi[\/vc_column_text][\/vc_column][\/vc_row][vc_row][vc_column][vc_column_text]<\/p>\n<h3><a href=\"https:\/\/www.santjosep.net\/wp-content\/uploads\/2023\/10\/Programa-Fira-de-la-Sal-2023.pdf\">VEURE PROGRAMA<\/a><\/h3>\n<p>[\/vc_column_text][\/vc_column][\/vc_row][vc_row][vc_column][vc_single_image image=\u00bb19938&#8243; img_size=\u00bbfull\u00bb][\/vc_column][\/vc_row]<\/p>\n<\/div>","protected":false},"excerpt":{"rendered":"<p>El proper cap de setmana, 21 i 22 d\u2019octubre es celebra, a les salines d\u2019Eivissa, la Fira de la Sal, un esdeveniment tur\u00edstic i cultural enfocat a difondre el patrimoni i la cultura.<\/p>\n","protected":false},"author":1,"featured_media":19853,"template":"","meta":{"_tribe_events_status":"","_tribe_events_status_reason":"","_tribe_events_is_hybrid":"","_tribe_events_is_virtual":"","_tribe_events_virtual_video_source":"","_tribe_events_virtual_embed_video":"","_tribe_events_virtual_linked_button_text":"","_tribe_events_virtual_linked_button":"","_tribe_events_virtual_show_embed_at":"","_tribe_events_virtual_show_embed_to":[],"_tribe_events_virtual_show_on_event":"","_tribe_events_virtual_show_on_views":"","_tribe_events_virtual_url":"","footnotes":""},"tags":[],"tribe_events_cat":[151],"class_list":["post-19949","tribe_events","type-tribe_events","status-publish","has-post-thumbnail","hentry","tribe_events_cat-fira-de-la-sal-es","cat_fira-de-la-sal-es","entry"],"yoast_head":"<!-- This site is optimized with the Yoast SEO plugin v26.6 - https:\/\/yoast.com\/wordpress\/plugins\/seo\/ -->\n<title>Fira de la Sal 2023 - Cultura a Sant Josep de sa Talaia<\/title>\n<meta name=\"robots\" content=\"index, follow, max-snippet:-1, max-image-preview:large, max-video-preview:-1\" \/>\n<link rel=\"canonical\" href=\"https:\/\/cultura.santjosep.org\/es\/agenda\/fira-de-la-sal-2023-2\/\" \/>\n<meta property=\"og:locale\" content=\"es_ES\" \/>\n<meta property=\"og:type\" content=\"article\" \/>\n<meta property=\"og:title\" content=\"Fira de la Sal 2023 - Cultura a Sant Josep de sa Talaia\" \/>\n<meta property=\"og:description\" content=\"El proper cap de setmana, 21 i 22 d\u2019octubre es celebra, a les salines d\u2019Eivissa, la Fira de la Sal, un esdeveniment tur\u00edstic i cultural enfocat a difondre el patrimoni i la cultura.\" \/>\n<meta property=\"og:url\" content=\"https:\/\/cultura.santjosep.org\/es\/agenda\/fira-de-la-sal-2023-2\/\" \/>\n<meta property=\"og:site_name\" content=\"Cultura a Sant Josep de sa Talaia\" \/>\n<meta property=\"article:publisher\" content=\"https:\/\/www.facebook.com\/Ajuntament-de-Sant-Josep-de-sa-Talaia-197541666931354\/\" \/>\n<meta property=\"article:modified_time\" content=\"2023-10-19T13:49:51+00:00\" \/>\n<meta property=\"og:image\" content=\"https:\/\/cultura.santjosep.org\/wp-content\/uploads\/2023\/10\/firadelasalold.jpg\" \/>\n\t<meta property=\"og:image:width\" content=\"2000\" \/>\n\t<meta property=\"og:image:height\" content=\"1500\" \/>\n\t<meta property=\"og:image:type\" content=\"image\/jpeg\" \/>\n<meta name=\"twitter:card\" content=\"summary_large_image\" \/>\n<meta name=\"twitter:site\" content=\"@DeTalaia\" \/>\n<meta name=\"twitter:label1\" content=\"Tiempo de lectura\" \/>\n\t<meta name=\"twitter:data1\" content=\"3 minutos\" \/>\n<script type=\"application\/ld+json\" class=\"yoast-schema-graph\">{\"@context\":\"https:\/\/schema.org\",\"@graph\":[{\"@type\":\"WebPage\",\"@id\":\"https:\/\/cultura.santjosep.org\/es\/agenda\/fira-de-la-sal-2023-2\/\",\"url\":\"https:\/\/cultura.santjosep.org\/es\/agenda\/fira-de-la-sal-2023-2\/\",\"name\":\"Fira de la Sal 2023 - Cultura a Sant Josep de sa Talaia\",\"isPartOf\":{\"@id\":\"https:\/\/cultura.santjosep.org\/es\/#website\"},\"primaryImageOfPage\":{\"@id\":\"https:\/\/cultura.santjosep.org\/es\/agenda\/fira-de-la-sal-2023-2\/#primaryimage\"},\"image\":{\"@id\":\"https:\/\/cultura.santjosep.org\/es\/agenda\/fira-de-la-sal-2023-2\/#primaryimage\"},\"thumbnailUrl\":\"https:\/\/cultura.santjosep.org\/wp-content\/uploads\/2023\/10\/firadelasalold.jpg\",\"datePublished\":\"2023-10-18T13:52:46+00:00\",\"dateModified\":\"2023-10-19T13:49:51+00:00\",\"breadcrumb\":{\"@id\":\"https:\/\/cultura.santjosep.org\/es\/agenda\/fira-de-la-sal-2023-2\/#breadcrumb\"},\"inLanguage\":\"es\",\"potentialAction\":[{\"@type\":\"ReadAction\",\"target\":[\"https:\/\/cultura.santjosep.org\/es\/agenda\/fira-de-la-sal-2023-2\/\"]}]},{\"@type\":\"ImageObject\",\"inLanguage\":\"es\",\"@id\":\"https:\/\/cultura.santjosep.org\/es\/agenda\/fira-de-la-sal-2023-2\/#primaryimage\",\"url\":\"https:\/\/cultura.santjosep.org\/wp-content\/uploads\/2023\/10\/firadelasalold.jpg\",\"contentUrl\":\"https:\/\/cultura.santjosep.org\/wp-content\/uploads\/2023\/10\/firadelasalold.jpg\",\"width\":2000,\"height\":1500},{\"@type\":\"BreadcrumbList\",\"@id\":\"https:\/\/cultura.santjosep.org\/es\/agenda\/fira-de-la-sal-2023-2\/#breadcrumb\",\"itemListElement\":[{\"@type\":\"ListItem\",\"position\":1,\"name\":\"Portada\",\"item\":\"https:\/\/cultura.santjosep.org\/es\/\"},{\"@type\":\"ListItem\",\"position\":2,\"name\":\"Eventos\",\"item\":\"https:\/\/cultura.santjosep.org\/agenda\/\"},{\"@type\":\"ListItem\",\"position\":3,\"name\":\"Fira de la Sal 2023\"}]},{\"@type\":\"WebSite\",\"@id\":\"https:\/\/cultura.santjosep.org\/es\/#website\",\"url\":\"https:\/\/cultura.santjosep.org\/es\/\",\"name\":\"Cultura a Sant Josep de sa Talaia\",\"description\":\"\",\"publisher\":{\"@id\":\"https:\/\/cultura.santjosep.org\/es\/#organization\"},\"potentialAction\":[{\"@type\":\"SearchAction\",\"target\":{\"@type\":\"EntryPoint\",\"urlTemplate\":\"https:\/\/cultura.santjosep.org\/es\/?s={search_term_string}\"},\"query-input\":{\"@type\":\"PropertyValueSpecification\",\"valueRequired\":true,\"valueName\":\"search_term_string\"}}],\"inLanguage\":\"es\"},{\"@type\":\"Organization\",\"@id\":\"https:\/\/cultura.santjosep.org\/es\/#organization\",\"name\":\"Ajuntament de Sant Josep de sa Talaia\",\"url\":\"https:\/\/cultura.santjosep.org\/es\/\",\"logo\":{\"@type\":\"ImageObject\",\"inLanguage\":\"es\",\"@id\":\"https:\/\/cultura.santjosep.org\/es\/#\/schema\/logo\/image\/\",\"url\":\"https:\/\/cultura.santjosep.org\/wp-content\/uploads\/2020\/10\/logocolor.jpg\",\"contentUrl\":\"https:\/\/cultura.santjosep.org\/wp-content\/uploads\/2020\/10\/logocolor.jpg\",\"width\":250,\"height\":98,\"caption\":\"Ajuntament de Sant Josep de sa Talaia\"},\"image\":{\"@id\":\"https:\/\/cultura.santjosep.org\/es\/#\/schema\/logo\/image\/\"},\"sameAs\":[\"https:\/\/www.facebook.com\/Ajuntament-de-Sant-Josep-de-sa-Talaia-197541666931354\/\",\"https:\/\/x.com\/DeTalaia\",\"https:\/\/www.instagram.com\/sant_josep_de_sa_talaia\/\"]}]}<\/script>\n<!-- \/ Yoast SEO plugin. -->","yoast_head_json":{"title":"Fira de la Sal 2023 - Cultura a Sant Josep de sa Talaia","robots":{"index":"index","follow":"follow","max-snippet":"max-snippet:-1","max-image-preview":"max-image-preview:large","max-video-preview":"max-video-preview:-1"},"canonical":"https:\/\/cultura.santjosep.org\/es\/agenda\/fira-de-la-sal-2023-2\/","og_locale":"es_ES","og_type":"article","og_title":"Fira de la Sal 2023 - Cultura a Sant Josep de sa Talaia","og_description":"El proper cap de setmana, 21 i 22 d\u2019octubre es celebra, a les salines d\u2019Eivissa, la Fira de la Sal, un esdeveniment tur\u00edstic i cultural enfocat a difondre el patrimoni i la cultura.","og_url":"https:\/\/cultura.santjosep.org\/es\/agenda\/fira-de-la-sal-2023-2\/","og_site_name":"Cultura a Sant Josep de sa Talaia","article_publisher":"https:\/\/www.facebook.com\/Ajuntament-de-Sant-Josep-de-sa-Talaia-197541666931354\/","article_modified_time":"2023-10-19T13:49:51+00:00","og_image":[{"width":2000,"height":1500,"url":"https:\/\/cultura.santjosep.org\/wp-content\/uploads\/2023\/10\/firadelasalold.jpg","type":"image\/jpeg"}],"twitter_card":"summary_large_image","twitter_site":"@DeTalaia","twitter_misc":{"Tiempo de lectura":"3 minutos"},"schema":{"@context":"https:\/\/schema.org","@graph":[{"@type":"WebPage","@id":"https:\/\/cultura.santjosep.org\/es\/agenda\/fira-de-la-sal-2023-2\/","url":"https:\/\/cultura.santjosep.org\/es\/agenda\/fira-de-la-sal-2023-2\/","name":"Fira de la Sal 2023 - Cultura a Sant Josep de sa Talaia","isPartOf":{"@id":"https:\/\/cultura.santjosep.org\/es\/#website"},"primaryImageOfPage":{"@id":"https:\/\/cultura.santjosep.org\/es\/agenda\/fira-de-la-sal-2023-2\/#primaryimage"},"image":{"@id":"https:\/\/cultura.santjosep.org\/es\/agenda\/fira-de-la-sal-2023-2\/#primaryimage"},"thumbnailUrl":"https:\/\/cultura.santjosep.org\/wp-content\/uploads\/2023\/10\/firadelasalold.jpg","datePublished":"2023-10-18T13:52:46+00:00","dateModified":"2023-10-19T13:49:51+00:00","breadcrumb":{"@id":"https:\/\/cultura.santjosep.org\/es\/agenda\/fira-de-la-sal-2023-2\/#breadcrumb"},"inLanguage":"es","potentialAction":[{"@type":"ReadAction","target":["https:\/\/cultura.santjosep.org\/es\/agenda\/fira-de-la-sal-2023-2\/"]}]},{"@type":"ImageObject","inLanguage":"es","@id":"https:\/\/cultura.santjosep.org\/es\/agenda\/fira-de-la-sal-2023-2\/#primaryimage","url":"https:\/\/cultura.santjosep.org\/wp-content\/uploads\/2023\/10\/firadelasalold.jpg","contentUrl":"https:\/\/cultura.santjosep.org\/wp-content\/uploads\/2023\/10\/firadelasalold.jpg","width":2000,"height":1500},{"@type":"BreadcrumbList","@id":"https:\/\/cultura.santjosep.org\/es\/agenda\/fira-de-la-sal-2023-2\/#breadcrumb","itemListElement":[{"@type":"ListItem","position":1,"name":"Portada","item":"https:\/\/cultura.santjosep.org\/es\/"},{"@type":"ListItem","position":2,"name":"Eventos","item":"https:\/\/cultura.santjosep.org\/agenda\/"},{"@type":"ListItem","position":3,"name":"Fira de la Sal 2023"}]},{"@type":"WebSite","@id":"https:\/\/cultura.santjosep.org\/es\/#website","url":"https:\/\/cultura.santjosep.org\/es\/","name":"Cultura a Sant Josep de sa Talaia","description":"","publisher":{"@id":"https:\/\/cultura.santjosep.org\/es\/#organization"},"potentialAction":[{"@type":"SearchAction","target":{"@type":"EntryPoint","urlTemplate":"https:\/\/cultura.santjosep.org\/es\/?s={search_term_string}"},"query-input":{"@type":"PropertyValueSpecification","valueRequired":true,"valueName":"search_term_string"}}],"inLanguage":"es"},{"@type":"Organization","@id":"https:\/\/cultura.santjosep.org\/es\/#organization","name":"Ajuntament de Sant Josep de sa Talaia","url":"https:\/\/cultura.santjosep.org\/es\/","logo":{"@type":"ImageObject","inLanguage":"es","@id":"https:\/\/cultura.santjosep.org\/es\/#\/schema\/logo\/image\/","url":"https:\/\/cultura.santjosep.org\/wp-content\/uploads\/2020\/10\/logocolor.jpg","contentUrl":"https:\/\/cultura.santjosep.org\/wp-content\/uploads\/2020\/10\/logocolor.jpg","width":250,"height":98,"caption":"Ajuntament de Sant Josep de sa Talaia"},"image":{"@id":"https:\/\/cultura.santjosep.org\/es\/#\/schema\/logo\/image\/"},"sameAs":["https:\/\/www.facebook.com\/Ajuntament-de-Sant-Josep-de-sa-Talaia-197541666931354\/","https:\/\/x.com\/DeTalaia","https:\/\/www.instagram.com\/sant_josep_de_sa_talaia\/"]}]}},"_links":{"self":[{"href":"https:\/\/cultura.santjosep.org\/es\/wp-json\/wp\/v2\/tribe_events\/19949","targetHints":{"allow":["GET"]}}],"collection":[{"href":"https:\/\/cultura.santjosep.org\/es\/wp-json\/wp\/v2\/tribe_events"}],"about":[{"href":"https:\/\/cultura.santjosep.org\/es\/wp-json\/wp\/v2\/types\/tribe_events"}],"author":[{"embeddable":true,"href":"https:\/\/cultura.santjosep.org\/es\/wp-json\/wp\/v2\/users\/1"}],"version-history":[{"count":0,"href":"https:\/\/cultura.santjosep.org\/es\/wp-json\/wp\/v2\/tribe_events\/19949\/revisions"}],"wp:featuredmedia":[{"embeddable":true,"href":"https:\/\/cultura.santjosep.org\/es\/wp-json\/wp\/v2\/media\/19853"}],"wp:attachment":[{"href":"https:\/\/cultura.santjosep.org\/es\/wp-json\/wp\/v2\/media?parent=19949"}],"wp:term":[{"taxonomy":"post_tag","embeddable":true,"href":"https:\/\/cultura.santjosep.org\/es\/wp-json\/wp\/v2\/tags?post=19949"},{"taxonomy":"tribe_events_cat","embeddable":true,"href":"https:\/\/cultura.santjosep.org\/es\/wp-json\/wp\/v2\/tribe_events_cat?post=19949"}],"curies":[{"name":"wp","href":"https:\/\/api.w.org\/{rel}","templated":true}]}}