{"id":20034,"date":"2023-10-31T12:02:55","date_gmt":"2023-10-31T11:02:55","guid":{"rendered":"https:\/\/cultura.santjosep.org\/agenda\/divendres-de-cine-a-can-jeroni-los-crimenes-del-dia-de-todos-los-santos\/"},"modified":"2023-10-31T12:03:45","modified_gmt":"2023-10-31T11:03:45","slug":"divendres-de-cine-a-can-jeroni-los-crimenes-del-dia-de-todos-los-santos","status":"publish","type":"tribe_events","link":"https:\/\/cultura.santjosep.org\/es\/agenda\/divendres-de-cine-a-can-jeroni-los-crimenes-del-dia-de-todos-los-santos\/","title":{"rendered":"Divendres de cine a Can Jeroni &#8211; &#8216;Los cr\u00edmenes del D\u00eda de Todos los Santos&#8217;"},"content":{"rendered":"<p><strong>Divendres de cine a Can Jeroni<\/strong><\/p>\n<p><strong>Data:<\/strong> Divendres, 3 de novembre, a les 20 h<\/p>\n<p><strong>Lloc:<\/strong> Centre de Cultura Can Jeroni<\/p>\n<p><em><strong>Los cr\u00edmenes del D\u00eda de Todos los Santos<\/strong><\/em><br \/>\nH\u00e9ctor Escandell, 2016<br \/>\nEspanya, 90 min, terror\/thriller V.O.<\/p>\n<p>Novembre de 1970. Diverses restes humanes apareixen en un torrent de Sant Miquel de Balansat, un petit poble rural en el nord d&#8217;Eivissa. El sergent Prats, cap de la Gu\u00e0rdia Civil espanyola en l&#8217;\u00e0rea, i el cap Ram\u00edrez, el seu nou assitent, arriben al lloc on han aparegut els cossos. Prats no se sorpr\u00e8n particularment amb el descobriment i revela al nouvingut Ram\u00edrez que el descobriment de fragments humans es repeteix any rere any des de fa dues d\u00e8cades.<\/p>\n<p>Entrada lliure fins a completar aforament<\/p>\n<p><img loading=\"lazy\" decoding=\"async\" src=\"https:\/\/cultura.santjosep.org\/wp-content\/uploads\/2023\/10\/CRIMENES_52X66-200ppp_web.jpg\" alt=\"\" width=\"2000\" height=\"2538\" class=\"alignnone size-full wp-image-20029\" srcset=\"https:\/\/cultura.santjosep.org\/wp-content\/uploads\/2023\/10\/CRIMENES_52X66-200ppp_web.jpg 2000w, https:\/\/cultura.santjosep.org\/wp-content\/uploads\/2023\/10\/CRIMENES_52X66-200ppp_web-236x300.jpg 236w, https:\/\/cultura.santjosep.org\/wp-content\/uploads\/2023\/10\/CRIMENES_52X66-200ppp_web-807x1024.jpg 807w, https:\/\/cultura.santjosep.org\/wp-content\/uploads\/2023\/10\/CRIMENES_52X66-200ppp_web-768x975.jpg 768w, https:\/\/cultura.santjosep.org\/wp-content\/uploads\/2023\/10\/CRIMENES_52X66-200ppp_web-1210x1536.jpg 1210w, https:\/\/cultura.santjosep.org\/wp-content\/uploads\/2023\/10\/CRIMENES_52X66-200ppp_web-1614x2048.jpg 1614w, https:\/\/cultura.santjosep.org\/wp-content\/uploads\/2023\/10\/CRIMENES_52X66-200ppp_web-1568x1990.jpg 1568w, https:\/\/cultura.santjosep.org\/wp-content\/uploads\/2023\/10\/CRIMENES_52X66-200ppp_web-1320x1675.jpg 1320w\" sizes=\"auto, (max-width: 2000px) 100vw, 2000px\" \/><\/p>\n","protected":false},"excerpt":{"rendered":"<p>Divendres de cine a Can Jeroni Data: Divendres, 3 de novembre, a les 20 h Lloc: Centre de Cultura Can Jeroni Los cr\u00edmenes del D\u00eda de Todos los Santos H\u00e9ctor &hellip; <\/p>\n<p class=\"link-more\"><a href=\"https:\/\/cultura.santjosep.org\/es\/agenda\/divendres-de-cine-a-can-jeroni-los-crimenes-del-dia-de-todos-los-santos\/\" class=\"more-link\">Seguir leyendo<span class=\"screen-reader-text\"> \u00abDivendres de cine a Can Jeroni &#8211; &#8216;Los cr\u00edmenes del D\u00eda de Todos los Santos&#8217;\u00bb<\/span><\/a><\/p>\n","protected":false},"author":1,"featured_media":20032,"template":"","meta":{"_tribe_events_status":"","_tribe_events_status_reason":"","_tribe_events_is_hybrid":"","_tribe_events_is_virtual":"","_tribe_events_virtual_video_source":"","_tribe_events_virtual_embed_video":"","_tribe_events_virtual_linked_button_text":"","_tribe_events_virtual_linked_button":"","_tribe_events_virtual_show_embed_at":"","_tribe_events_virtual_show_embed_to":[],"_tribe_events_virtual_show_on_event":"","_tribe_events_virtual_show_on_views":"","_tribe_events_virtual_url":"","footnotes":""},"tags":[],"tribe_events_cat":[30],"class_list":["post-20034","tribe_events","type-tribe_events","status-publish","has-post-thumbnail","hentry","tribe_events_cat-cine","cat_cine","entry"],"yoast_head":"<!-- This site is optimized with the Yoast SEO plugin v26.6 - https:\/\/yoast.com\/wordpress\/plugins\/seo\/ -->\n<title>Divendres de cine a Can Jeroni - &#039;Los cr\u00edmenes del D\u00eda de Todos los Santos&#039; - Cultura a Sant Josep de sa Talaia<\/title>\n<meta name=\"robots\" content=\"index, follow, max-snippet:-1, max-image-preview:large, max-video-preview:-1\" \/>\n<link rel=\"canonical\" href=\"https:\/\/cultura.santjosep.org\/es\/agenda\/divendres-de-cine-a-can-jeroni-los-crimenes-del-dia-de-todos-los-santos\/\" \/>\n<meta property=\"og:locale\" content=\"es_ES\" \/>\n<meta property=\"og:type\" content=\"article\" \/>\n<meta property=\"og:title\" content=\"Divendres de cine a Can Jeroni - &#039;Los cr\u00edmenes del D\u00eda de Todos los Santos&#039; - Cultura a Sant Josep de sa Talaia\" \/>\n<meta property=\"og:description\" content=\"Divendres de cine a Can Jeroni Data: Divendres, 3 de novembre, a les 20 h Lloc: Centre de Cultura Can Jeroni Los cr\u00edmenes del D\u00eda de Todos los Santos H\u00e9ctor &hellip; Seguir leyendo \u00abDivendres de cine a Can Jeroni &#8211; &#8216;Los cr\u00edmenes del D\u00eda de Todos los Santos&#8217;\u00bb\" \/>\n<meta property=\"og:url\" content=\"https:\/\/cultura.santjosep.org\/es\/agenda\/divendres-de-cine-a-can-jeroni-los-crimenes-del-dia-de-todos-los-santos\/\" \/>\n<meta property=\"og:site_name\" content=\"Cultura a Sant Josep de sa Talaia\" \/>\n<meta property=\"article:publisher\" content=\"https:\/\/www.facebook.com\/Ajuntament-de-Sant-Josep-de-sa-Talaia-197541666931354\/\" \/>\n<meta property=\"article:modified_time\" content=\"2023-10-31T11:03:45+00:00\" \/>\n<meta property=\"og:image\" content=\"https:\/\/cultura.santjosep.org\/wp-content\/uploads\/2023\/10\/4d855807ab7453a91b5815de073206d6f0e16a13a1fbbc86b41ba9c3c7c115ab._RI_TTW_SX720_FMjpg_.jpg\" \/>\n\t<meta property=\"og:image:width\" content=\"720\" \/>\n\t<meta property=\"og:image:height\" content=\"405\" \/>\n\t<meta property=\"og:image:type\" content=\"image\/jpeg\" \/>\n<meta name=\"twitter:card\" content=\"summary_large_image\" \/>\n<meta name=\"twitter:site\" content=\"@DeTalaia\" \/>\n<meta name=\"twitter:label1\" content=\"Tiempo de lectura\" \/>\n\t<meta name=\"twitter:data1\" content=\"1 minuto\" \/>\n<script type=\"application\/ld+json\" class=\"yoast-schema-graph\">{\"@context\":\"https:\/\/schema.org\",\"@graph\":[{\"@type\":\"WebPage\",\"@id\":\"https:\/\/cultura.santjosep.org\/es\/agenda\/divendres-de-cine-a-can-jeroni-los-crimenes-del-dia-de-todos-los-santos\/\",\"url\":\"https:\/\/cultura.santjosep.org\/es\/agenda\/divendres-de-cine-a-can-jeroni-los-crimenes-del-dia-de-todos-los-santos\/\",\"name\":\"Divendres de cine a Can Jeroni - 'Los cr\u00edmenes del D\u00eda de Todos los Santos' - Cultura a Sant Josep de sa Talaia\",\"isPartOf\":{\"@id\":\"https:\/\/cultura.santjosep.org\/es\/#website\"},\"primaryImageOfPage\":{\"@id\":\"https:\/\/cultura.santjosep.org\/es\/agenda\/divendres-de-cine-a-can-jeroni-los-crimenes-del-dia-de-todos-los-santos\/#primaryimage\"},\"image\":{\"@id\":\"https:\/\/cultura.santjosep.org\/es\/agenda\/divendres-de-cine-a-can-jeroni-los-crimenes-del-dia-de-todos-los-santos\/#primaryimage\"},\"thumbnailUrl\":\"https:\/\/cultura.santjosep.org\/wp-content\/uploads\/2023\/10\/4d855807ab7453a91b5815de073206d6f0e16a13a1fbbc86b41ba9c3c7c115ab._RI_TTW_SX720_FMjpg_.jpg\",\"datePublished\":\"2023-10-31T11:02:55+00:00\",\"dateModified\":\"2023-10-31T11:03:45+00:00\",\"breadcrumb\":{\"@id\":\"https:\/\/cultura.santjosep.org\/es\/agenda\/divendres-de-cine-a-can-jeroni-los-crimenes-del-dia-de-todos-los-santos\/#breadcrumb\"},\"inLanguage\":\"es\",\"potentialAction\":[{\"@type\":\"ReadAction\",\"target\":[\"https:\/\/cultura.santjosep.org\/es\/agenda\/divendres-de-cine-a-can-jeroni-los-crimenes-del-dia-de-todos-los-santos\/\"]}]},{\"@type\":\"ImageObject\",\"inLanguage\":\"es\",\"@id\":\"https:\/\/cultura.santjosep.org\/es\/agenda\/divendres-de-cine-a-can-jeroni-los-crimenes-del-dia-de-todos-los-santos\/#primaryimage\",\"url\":\"https:\/\/cultura.santjosep.org\/wp-content\/uploads\/2023\/10\/4d855807ab7453a91b5815de073206d6f0e16a13a1fbbc86b41ba9c3c7c115ab._RI_TTW_SX720_FMjpg_.jpg\",\"contentUrl\":\"https:\/\/cultura.santjosep.org\/wp-content\/uploads\/2023\/10\/4d855807ab7453a91b5815de073206d6f0e16a13a1fbbc86b41ba9c3c7c115ab._RI_TTW_SX720_FMjpg_.jpg\",\"width\":720,\"height\":405},{\"@type\":\"BreadcrumbList\",\"@id\":\"https:\/\/cultura.santjosep.org\/es\/agenda\/divendres-de-cine-a-can-jeroni-los-crimenes-del-dia-de-todos-los-santos\/#breadcrumb\",\"itemListElement\":[{\"@type\":\"ListItem\",\"position\":1,\"name\":\"Portada\",\"item\":\"https:\/\/cultura.santjosep.org\/es\/\"},{\"@type\":\"ListItem\",\"position\":2,\"name\":\"Eventos\",\"item\":\"https:\/\/cultura.santjosep.org\/agenda\/\"},{\"@type\":\"ListItem\",\"position\":3,\"name\":\"Divendres de cine a Can Jeroni &#8211; &#8216;Los cr\u00edmenes del D\u00eda de Todos los Santos&#8217;\"}]},{\"@type\":\"WebSite\",\"@id\":\"https:\/\/cultura.santjosep.org\/es\/#website\",\"url\":\"https:\/\/cultura.santjosep.org\/es\/\",\"name\":\"Cultura a Sant Josep de sa Talaia\",\"description\":\"\",\"publisher\":{\"@id\":\"https:\/\/cultura.santjosep.org\/es\/#organization\"},\"potentialAction\":[{\"@type\":\"SearchAction\",\"target\":{\"@type\":\"EntryPoint\",\"urlTemplate\":\"https:\/\/cultura.santjosep.org\/es\/?s={search_term_string}\"},\"query-input\":{\"@type\":\"PropertyValueSpecification\",\"valueRequired\":true,\"valueName\":\"search_term_string\"}}],\"inLanguage\":\"es\"},{\"@type\":\"Organization\",\"@id\":\"https:\/\/cultura.santjosep.org\/es\/#organization\",\"name\":\"Ajuntament de Sant Josep de sa Talaia\",\"url\":\"https:\/\/cultura.santjosep.org\/es\/\",\"logo\":{\"@type\":\"ImageObject\",\"inLanguage\":\"es\",\"@id\":\"https:\/\/cultura.santjosep.org\/es\/#\/schema\/logo\/image\/\",\"url\":\"https:\/\/cultura.santjosep.org\/wp-content\/uploads\/2020\/10\/logocolor.jpg\",\"contentUrl\":\"https:\/\/cultura.santjosep.org\/wp-content\/uploads\/2020\/10\/logocolor.jpg\",\"width\":250,\"height\":98,\"caption\":\"Ajuntament de Sant Josep de sa Talaia\"},\"image\":{\"@id\":\"https:\/\/cultura.santjosep.org\/es\/#\/schema\/logo\/image\/\"},\"sameAs\":[\"https:\/\/www.facebook.com\/Ajuntament-de-Sant-Josep-de-sa-Talaia-197541666931354\/\",\"https:\/\/x.com\/DeTalaia\",\"https:\/\/www.instagram.com\/sant_josep_de_sa_talaia\/\"]}]}<\/script>\n<!-- \/ Yoast SEO plugin. -->","yoast_head_json":{"title":"Divendres de cine a Can Jeroni - 'Los cr\u00edmenes del D\u00eda de Todos los Santos' - Cultura a Sant Josep de sa Talaia","robots":{"index":"index","follow":"follow","max-snippet":"max-snippet:-1","max-image-preview":"max-image-preview:large","max-video-preview":"max-video-preview:-1"},"canonical":"https:\/\/cultura.santjosep.org\/es\/agenda\/divendres-de-cine-a-can-jeroni-los-crimenes-del-dia-de-todos-los-santos\/","og_locale":"es_ES","og_type":"article","og_title":"Divendres de cine a Can Jeroni - 'Los cr\u00edmenes del D\u00eda de Todos los Santos' - Cultura a Sant Josep de sa Talaia","og_description":"Divendres de cine a Can Jeroni Data: Divendres, 3 de novembre, a les 20 h Lloc: Centre de Cultura Can Jeroni Los cr\u00edmenes del D\u00eda de Todos los Santos H\u00e9ctor &hellip; Seguir leyendo \u00abDivendres de cine a Can Jeroni &#8211; &#8216;Los cr\u00edmenes del D\u00eda de Todos los Santos&#8217;\u00bb","og_url":"https:\/\/cultura.santjosep.org\/es\/agenda\/divendres-de-cine-a-can-jeroni-los-crimenes-del-dia-de-todos-los-santos\/","og_site_name":"Cultura a Sant Josep de sa Talaia","article_publisher":"https:\/\/www.facebook.com\/Ajuntament-de-Sant-Josep-de-sa-Talaia-197541666931354\/","article_modified_time":"2023-10-31T11:03:45+00:00","og_image":[{"width":720,"height":405,"url":"https:\/\/cultura.santjosep.org\/wp-content\/uploads\/2023\/10\/4d855807ab7453a91b5815de073206d6f0e16a13a1fbbc86b41ba9c3c7c115ab._RI_TTW_SX720_FMjpg_.jpg","type":"image\/jpeg"}],"twitter_card":"summary_large_image","twitter_site":"@DeTalaia","twitter_misc":{"Tiempo de lectura":"1 minuto"},"schema":{"@context":"https:\/\/schema.org","@graph":[{"@type":"WebPage","@id":"https:\/\/cultura.santjosep.org\/es\/agenda\/divendres-de-cine-a-can-jeroni-los-crimenes-del-dia-de-todos-los-santos\/","url":"https:\/\/cultura.santjosep.org\/es\/agenda\/divendres-de-cine-a-can-jeroni-los-crimenes-del-dia-de-todos-los-santos\/","name":"Divendres de cine a Can Jeroni - 'Los cr\u00edmenes del D\u00eda de Todos los Santos' - Cultura a Sant Josep de sa Talaia","isPartOf":{"@id":"https:\/\/cultura.santjosep.org\/es\/#website"},"primaryImageOfPage":{"@id":"https:\/\/cultura.santjosep.org\/es\/agenda\/divendres-de-cine-a-can-jeroni-los-crimenes-del-dia-de-todos-los-santos\/#primaryimage"},"image":{"@id":"https:\/\/cultura.santjosep.org\/es\/agenda\/divendres-de-cine-a-can-jeroni-los-crimenes-del-dia-de-todos-los-santos\/#primaryimage"},"thumbnailUrl":"https:\/\/cultura.santjosep.org\/wp-content\/uploads\/2023\/10\/4d855807ab7453a91b5815de073206d6f0e16a13a1fbbc86b41ba9c3c7c115ab._RI_TTW_SX720_FMjpg_.jpg","datePublished":"2023-10-31T11:02:55+00:00","dateModified":"2023-10-31T11:03:45+00:00","breadcrumb":{"@id":"https:\/\/cultura.santjosep.org\/es\/agenda\/divendres-de-cine-a-can-jeroni-los-crimenes-del-dia-de-todos-los-santos\/#breadcrumb"},"inLanguage":"es","potentialAction":[{"@type":"ReadAction","target":["https:\/\/cultura.santjosep.org\/es\/agenda\/divendres-de-cine-a-can-jeroni-los-crimenes-del-dia-de-todos-los-santos\/"]}]},{"@type":"ImageObject","inLanguage":"es","@id":"https:\/\/cultura.santjosep.org\/es\/agenda\/divendres-de-cine-a-can-jeroni-los-crimenes-del-dia-de-todos-los-santos\/#primaryimage","url":"https:\/\/cultura.santjosep.org\/wp-content\/uploads\/2023\/10\/4d855807ab7453a91b5815de073206d6f0e16a13a1fbbc86b41ba9c3c7c115ab._RI_TTW_SX720_FMjpg_.jpg","contentUrl":"https:\/\/cultura.santjosep.org\/wp-content\/uploads\/2023\/10\/4d855807ab7453a91b5815de073206d6f0e16a13a1fbbc86b41ba9c3c7c115ab._RI_TTW_SX720_FMjpg_.jpg","width":720,"height":405},{"@type":"BreadcrumbList","@id":"https:\/\/cultura.santjosep.org\/es\/agenda\/divendres-de-cine-a-can-jeroni-los-crimenes-del-dia-de-todos-los-santos\/#breadcrumb","itemListElement":[{"@type":"ListItem","position":1,"name":"Portada","item":"https:\/\/cultura.santjosep.org\/es\/"},{"@type":"ListItem","position":2,"name":"Eventos","item":"https:\/\/cultura.santjosep.org\/agenda\/"},{"@type":"ListItem","position":3,"name":"Divendres de cine a Can Jeroni &#8211; &#8216;Los cr\u00edmenes del D\u00eda de Todos los Santos&#8217;"}]},{"@type":"WebSite","@id":"https:\/\/cultura.santjosep.org\/es\/#website","url":"https:\/\/cultura.santjosep.org\/es\/","name":"Cultura a Sant Josep de sa Talaia","description":"","publisher":{"@id":"https:\/\/cultura.santjosep.org\/es\/#organization"},"potentialAction":[{"@type":"SearchAction","target":{"@type":"EntryPoint","urlTemplate":"https:\/\/cultura.santjosep.org\/es\/?s={search_term_string}"},"query-input":{"@type":"PropertyValueSpecification","valueRequired":true,"valueName":"search_term_string"}}],"inLanguage":"es"},{"@type":"Organization","@id":"https:\/\/cultura.santjosep.org\/es\/#organization","name":"Ajuntament de Sant Josep de sa Talaia","url":"https:\/\/cultura.santjosep.org\/es\/","logo":{"@type":"ImageObject","inLanguage":"es","@id":"https:\/\/cultura.santjosep.org\/es\/#\/schema\/logo\/image\/","url":"https:\/\/cultura.santjosep.org\/wp-content\/uploads\/2020\/10\/logocolor.jpg","contentUrl":"https:\/\/cultura.santjosep.org\/wp-content\/uploads\/2020\/10\/logocolor.jpg","width":250,"height":98,"caption":"Ajuntament de Sant Josep de sa Talaia"},"image":{"@id":"https:\/\/cultura.santjosep.org\/es\/#\/schema\/logo\/image\/"},"sameAs":["https:\/\/www.facebook.com\/Ajuntament-de-Sant-Josep-de-sa-Talaia-197541666931354\/","https:\/\/x.com\/DeTalaia","https:\/\/www.instagram.com\/sant_josep_de_sa_talaia\/"]}]}},"_links":{"self":[{"href":"https:\/\/cultura.santjosep.org\/es\/wp-json\/wp\/v2\/tribe_events\/20034","targetHints":{"allow":["GET"]}}],"collection":[{"href":"https:\/\/cultura.santjosep.org\/es\/wp-json\/wp\/v2\/tribe_events"}],"about":[{"href":"https:\/\/cultura.santjosep.org\/es\/wp-json\/wp\/v2\/types\/tribe_events"}],"author":[{"embeddable":true,"href":"https:\/\/cultura.santjosep.org\/es\/wp-json\/wp\/v2\/users\/1"}],"version-history":[{"count":0,"href":"https:\/\/cultura.santjosep.org\/es\/wp-json\/wp\/v2\/tribe_events\/20034\/revisions"}],"wp:featuredmedia":[{"embeddable":true,"href":"https:\/\/cultura.santjosep.org\/es\/wp-json\/wp\/v2\/media\/20032"}],"wp:attachment":[{"href":"https:\/\/cultura.santjosep.org\/es\/wp-json\/wp\/v2\/media?parent=20034"}],"wp:term":[{"taxonomy":"post_tag","embeddable":true,"href":"https:\/\/cultura.santjosep.org\/es\/wp-json\/wp\/v2\/tags?post=20034"},{"taxonomy":"tribe_events_cat","embeddable":true,"href":"https:\/\/cultura.santjosep.org\/es\/wp-json\/wp\/v2\/tribe_events_cat?post=20034"}],"curies":[{"name":"wp","href":"https:\/\/api.w.org\/{rel}","templated":true}]}}