{"id":20050,"date":"2023-10-31T12:48:15","date_gmt":"2023-10-31T11:48:15","guid":{"rendered":"https:\/\/cultura.santjosep.org\/agenda\/divendres-de-cine-a-can-jeroni-the-hours\/"},"modified":"2023-10-31T12:48:15","modified_gmt":"2023-10-31T11:48:15","slug":"divendres-de-cine-a-can-jeroni-the-hours","status":"publish","type":"tribe_events","link":"https:\/\/cultura.santjosep.org\/es\/agenda\/divendres-de-cine-a-can-jeroni-the-hours\/","title":{"rendered":"Divendres de cine a Can Jeroni &#8211; &#8216;The Hours&#8217;"},"content":{"rendered":"<p><strong>Divendres de cine a Can Jeroni<\/strong><\/p>\n<p><strong>Data:<\/strong> Divendres, 17 de novembre, a les 20 h<br \/>\n<strong>Lloc:<\/strong> Centre de Cultura Can Jeroni<\/p>\n<p>Conmemoraci\u00f3 19 de novembre: Dia de la Dona Emprenedora<\/p>\n<p><em><strong>The Hours<\/strong><\/em><br \/>\nStephen Daldry, 2002<br \/>\nEstats Units, 114 min, V.O.<\/p>\n<p>Hist\u00f2ria de tres dones d&#8217;\u00e8poques diferents que tracten de trobar-li un sentit a la vida. A principis sels anys 20, Virginia Woolf, en un elegant barri de Londres, lluita contra la seva bogeria mentre comen\u00e7a a escriure la seva primera gran novel\u00b7la: &#8216;Mrs. Dalloway&#8217;. En els anys 50, a Los Angeles, a Laura Brown, una dona casada i amb fills, la lectura de &#8216;Mrs. Dalloway&#8217; li resulta tan reveladora que comenc\u00e7a a considerar la possibilitat de canviar radicalment la seva vida. A Nova York, Clarissa Vaughan, una versi\u00f3 actual de &#8216;Mrs. Dalloway&#8217; est\u00e0 enamorada del seu amic Richard, un brillant poeta malalt de SIDA.<\/p>\n<p>Entrada lliure fins a completar aforament<\/p>\n<p><img loading=\"lazy\" decoding=\"async\" src=\"https:\/\/cultura.santjosep.org\/wp-content\/uploads\/2023\/10\/THE-HOURS_52X66-200ppp_web.jpg\" alt=\"\" width=\"2000\" height=\"2538\" class=\"alignnone size-full wp-image-20045\" srcset=\"https:\/\/cultura.santjosep.org\/wp-content\/uploads\/2023\/10\/THE-HOURS_52X66-200ppp_web.jpg 2000w, https:\/\/cultura.santjosep.org\/wp-content\/uploads\/2023\/10\/THE-HOURS_52X66-200ppp_web-236x300.jpg 236w, https:\/\/cultura.santjosep.org\/wp-content\/uploads\/2023\/10\/THE-HOURS_52X66-200ppp_web-807x1024.jpg 807w, https:\/\/cultura.santjosep.org\/wp-content\/uploads\/2023\/10\/THE-HOURS_52X66-200ppp_web-768x975.jpg 768w, https:\/\/cultura.santjosep.org\/wp-content\/uploads\/2023\/10\/THE-HOURS_52X66-200ppp_web-1210x1536.jpg 1210w, https:\/\/cultura.santjosep.org\/wp-content\/uploads\/2023\/10\/THE-HOURS_52X66-200ppp_web-1614x2048.jpg 1614w, https:\/\/cultura.santjosep.org\/wp-content\/uploads\/2023\/10\/THE-HOURS_52X66-200ppp_web-1568x1990.jpg 1568w, https:\/\/cultura.santjosep.org\/wp-content\/uploads\/2023\/10\/THE-HOURS_52X66-200ppp_web-1320x1675.jpg 1320w\" sizes=\"auto, (max-width: 2000px) 100vw, 2000px\" \/><\/p>\n","protected":false},"excerpt":{"rendered":"<p>Divendres de cine a Can Jeroni Data: Divendres, 17 de novembre, a les 20 h Lloc: Centre de Cultura Can Jeroni Conmemoraci\u00f3 19 de novembre: Dia de la Dona Emprenedora &hellip; <\/p>\n<p class=\"link-more\"><a href=\"https:\/\/cultura.santjosep.org\/es\/agenda\/divendres-de-cine-a-can-jeroni-the-hours\/\" class=\"more-link\">Seguir leyendo<span class=\"screen-reader-text\"> \u00abDivendres de cine a Can Jeroni &#8211; &#8216;The Hours&#8217;\u00bb<\/span><\/a><\/p>\n","protected":false},"author":1,"featured_media":20048,"template":"","meta":{"_tribe_events_status":"","_tribe_events_status_reason":"","_tribe_events_is_hybrid":"","_tribe_events_is_virtual":"","_tribe_events_virtual_video_source":"","_tribe_events_virtual_embed_video":"","_tribe_events_virtual_linked_button_text":"","_tribe_events_virtual_linked_button":"","_tribe_events_virtual_show_embed_at":"","_tribe_events_virtual_show_embed_to":[],"_tribe_events_virtual_show_on_event":"","_tribe_events_virtual_show_on_views":"","_tribe_events_virtual_url":"","footnotes":""},"tags":[],"tribe_events_cat":[30],"class_list":["post-20050","tribe_events","type-tribe_events","status-publish","has-post-thumbnail","hentry","tribe_events_cat-cine","cat_cine","entry"],"yoast_head":"<!-- This site is optimized with the Yoast SEO plugin v26.6 - https:\/\/yoast.com\/wordpress\/plugins\/seo\/ -->\n<title>Divendres de cine a Can Jeroni - &#039;The Hours&#039; - Cultura a Sant Josep de sa Talaia<\/title>\n<meta name=\"robots\" content=\"index, follow, max-snippet:-1, max-image-preview:large, max-video-preview:-1\" \/>\n<link rel=\"canonical\" href=\"https:\/\/cultura.santjosep.org\/es\/agenda\/divendres-de-cine-a-can-jeroni-the-hours\/\" \/>\n<meta property=\"og:locale\" content=\"es_ES\" \/>\n<meta property=\"og:type\" content=\"article\" \/>\n<meta property=\"og:title\" content=\"Divendres de cine a Can Jeroni - &#039;The Hours&#039; - Cultura a Sant Josep de sa Talaia\" \/>\n<meta property=\"og:description\" content=\"Divendres de cine a Can Jeroni Data: Divendres, 17 de novembre, a les 20 h Lloc: Centre de Cultura Can Jeroni Conmemoraci\u00f3 19 de novembre: Dia de la Dona Emprenedora &hellip; Seguir leyendo \u00abDivendres de cine a Can Jeroni &#8211; &#8216;The Hours&#8217;\u00bb\" \/>\n<meta property=\"og:url\" content=\"https:\/\/cultura.santjosep.org\/es\/agenda\/divendres-de-cine-a-can-jeroni-the-hours\/\" \/>\n<meta property=\"og:site_name\" content=\"Cultura a Sant Josep de sa Talaia\" \/>\n<meta property=\"article:publisher\" content=\"https:\/\/www.facebook.com\/Ajuntament-de-Sant-Josep-de-sa-Talaia-197541666931354\/\" \/>\n<meta property=\"og:image\" content=\"https:\/\/cultura.santjosep.org\/wp-content\/uploads\/2023\/10\/THE-HOURS_52X66-200ppp_web.jpg\" \/>\n<meta name=\"twitter:card\" content=\"summary_large_image\" \/>\n<meta name=\"twitter:site\" content=\"@DeTalaia\" \/>\n<meta name=\"twitter:label1\" content=\"Tiempo de lectura\" \/>\n\t<meta name=\"twitter:data1\" content=\"1 minuto\" \/>\n<script type=\"application\/ld+json\" class=\"yoast-schema-graph\">{\"@context\":\"https:\/\/schema.org\",\"@graph\":[{\"@type\":\"WebPage\",\"@id\":\"https:\/\/cultura.santjosep.org\/es\/agenda\/divendres-de-cine-a-can-jeroni-the-hours\/\",\"url\":\"https:\/\/cultura.santjosep.org\/es\/agenda\/divendres-de-cine-a-can-jeroni-the-hours\/\",\"name\":\"Divendres de cine a Can Jeroni - 'The Hours' - Cultura a Sant Josep de sa Talaia\",\"isPartOf\":{\"@id\":\"https:\/\/cultura.santjosep.org\/es\/#website\"},\"primaryImageOfPage\":{\"@id\":\"https:\/\/cultura.santjosep.org\/es\/agenda\/divendres-de-cine-a-can-jeroni-the-hours\/#primaryimage\"},\"image\":{\"@id\":\"https:\/\/cultura.santjosep.org\/es\/agenda\/divendres-de-cine-a-can-jeroni-the-hours\/#primaryimage\"},\"thumbnailUrl\":\"https:\/\/cultura.santjosep.org\/wp-content\/uploads\/2023\/10\/clarissa_thehours.jpg\",\"datePublished\":\"2023-10-31T11:48:15+00:00\",\"breadcrumb\":{\"@id\":\"https:\/\/cultura.santjosep.org\/es\/agenda\/divendres-de-cine-a-can-jeroni-the-hours\/#breadcrumb\"},\"inLanguage\":\"es\",\"potentialAction\":[{\"@type\":\"ReadAction\",\"target\":[\"https:\/\/cultura.santjosep.org\/es\/agenda\/divendres-de-cine-a-can-jeroni-the-hours\/\"]}]},{\"@type\":\"ImageObject\",\"inLanguage\":\"es\",\"@id\":\"https:\/\/cultura.santjosep.org\/es\/agenda\/divendres-de-cine-a-can-jeroni-the-hours\/#primaryimage\",\"url\":\"https:\/\/cultura.santjosep.org\/wp-content\/uploads\/2023\/10\/clarissa_thehours.jpg\",\"contentUrl\":\"https:\/\/cultura.santjosep.org\/wp-content\/uploads\/2023\/10\/clarissa_thehours.jpg\",\"width\":1200,\"height\":791},{\"@type\":\"BreadcrumbList\",\"@id\":\"https:\/\/cultura.santjosep.org\/es\/agenda\/divendres-de-cine-a-can-jeroni-the-hours\/#breadcrumb\",\"itemListElement\":[{\"@type\":\"ListItem\",\"position\":1,\"name\":\"Portada\",\"item\":\"https:\/\/cultura.santjosep.org\/es\/\"},{\"@type\":\"ListItem\",\"position\":2,\"name\":\"Eventos\",\"item\":\"https:\/\/cultura.santjosep.org\/agenda\/\"},{\"@type\":\"ListItem\",\"position\":3,\"name\":\"Divendres de cine a Can Jeroni &#8211; &#8216;The Hours&#8217;\"}]},{\"@type\":\"WebSite\",\"@id\":\"https:\/\/cultura.santjosep.org\/es\/#website\",\"url\":\"https:\/\/cultura.santjosep.org\/es\/\",\"name\":\"Cultura a Sant Josep de sa Talaia\",\"description\":\"\",\"publisher\":{\"@id\":\"https:\/\/cultura.santjosep.org\/es\/#organization\"},\"potentialAction\":[{\"@type\":\"SearchAction\",\"target\":{\"@type\":\"EntryPoint\",\"urlTemplate\":\"https:\/\/cultura.santjosep.org\/es\/?s={search_term_string}\"},\"query-input\":{\"@type\":\"PropertyValueSpecification\",\"valueRequired\":true,\"valueName\":\"search_term_string\"}}],\"inLanguage\":\"es\"},{\"@type\":\"Organization\",\"@id\":\"https:\/\/cultura.santjosep.org\/es\/#organization\",\"name\":\"Ajuntament de Sant Josep de sa Talaia\",\"url\":\"https:\/\/cultura.santjosep.org\/es\/\",\"logo\":{\"@type\":\"ImageObject\",\"inLanguage\":\"es\",\"@id\":\"https:\/\/cultura.santjosep.org\/es\/#\/schema\/logo\/image\/\",\"url\":\"https:\/\/cultura.santjosep.org\/wp-content\/uploads\/2020\/10\/logocolor.jpg\",\"contentUrl\":\"https:\/\/cultura.santjosep.org\/wp-content\/uploads\/2020\/10\/logocolor.jpg\",\"width\":250,\"height\":98,\"caption\":\"Ajuntament de Sant Josep de sa Talaia\"},\"image\":{\"@id\":\"https:\/\/cultura.santjosep.org\/es\/#\/schema\/logo\/image\/\"},\"sameAs\":[\"https:\/\/www.facebook.com\/Ajuntament-de-Sant-Josep-de-sa-Talaia-197541666931354\/\",\"https:\/\/x.com\/DeTalaia\",\"https:\/\/www.instagram.com\/sant_josep_de_sa_talaia\/\"]}]}<\/script>\n<!-- \/ Yoast SEO plugin. -->","yoast_head_json":{"title":"Divendres de cine a Can Jeroni - 'The Hours' - Cultura a Sant Josep de sa Talaia","robots":{"index":"index","follow":"follow","max-snippet":"max-snippet:-1","max-image-preview":"max-image-preview:large","max-video-preview":"max-video-preview:-1"},"canonical":"https:\/\/cultura.santjosep.org\/es\/agenda\/divendres-de-cine-a-can-jeroni-the-hours\/","og_locale":"es_ES","og_type":"article","og_title":"Divendres de cine a Can Jeroni - 'The Hours' - Cultura a Sant Josep de sa Talaia","og_description":"Divendres de cine a Can Jeroni Data: Divendres, 17 de novembre, a les 20 h Lloc: Centre de Cultura Can Jeroni Conmemoraci\u00f3 19 de novembre: Dia de la Dona Emprenedora &hellip; Seguir leyendo \u00abDivendres de cine a Can Jeroni &#8211; &#8216;The Hours&#8217;\u00bb","og_url":"https:\/\/cultura.santjosep.org\/es\/agenda\/divendres-de-cine-a-can-jeroni-the-hours\/","og_site_name":"Cultura a Sant Josep de sa Talaia","article_publisher":"https:\/\/www.facebook.com\/Ajuntament-de-Sant-Josep-de-sa-Talaia-197541666931354\/","og_image":[{"url":"https:\/\/cultura.santjosep.org\/wp-content\/uploads\/2023\/10\/THE-HOURS_52X66-200ppp_web.jpg","type":"","width":"","height":""}],"twitter_card":"summary_large_image","twitter_site":"@DeTalaia","twitter_misc":{"Tiempo de lectura":"1 minuto"},"schema":{"@context":"https:\/\/schema.org","@graph":[{"@type":"WebPage","@id":"https:\/\/cultura.santjosep.org\/es\/agenda\/divendres-de-cine-a-can-jeroni-the-hours\/","url":"https:\/\/cultura.santjosep.org\/es\/agenda\/divendres-de-cine-a-can-jeroni-the-hours\/","name":"Divendres de cine a Can Jeroni - 'The Hours' - Cultura a Sant Josep de sa Talaia","isPartOf":{"@id":"https:\/\/cultura.santjosep.org\/es\/#website"},"primaryImageOfPage":{"@id":"https:\/\/cultura.santjosep.org\/es\/agenda\/divendres-de-cine-a-can-jeroni-the-hours\/#primaryimage"},"image":{"@id":"https:\/\/cultura.santjosep.org\/es\/agenda\/divendres-de-cine-a-can-jeroni-the-hours\/#primaryimage"},"thumbnailUrl":"https:\/\/cultura.santjosep.org\/wp-content\/uploads\/2023\/10\/clarissa_thehours.jpg","datePublished":"2023-10-31T11:48:15+00:00","breadcrumb":{"@id":"https:\/\/cultura.santjosep.org\/es\/agenda\/divendres-de-cine-a-can-jeroni-the-hours\/#breadcrumb"},"inLanguage":"es","potentialAction":[{"@type":"ReadAction","target":["https:\/\/cultura.santjosep.org\/es\/agenda\/divendres-de-cine-a-can-jeroni-the-hours\/"]}]},{"@type":"ImageObject","inLanguage":"es","@id":"https:\/\/cultura.santjosep.org\/es\/agenda\/divendres-de-cine-a-can-jeroni-the-hours\/#primaryimage","url":"https:\/\/cultura.santjosep.org\/wp-content\/uploads\/2023\/10\/clarissa_thehours.jpg","contentUrl":"https:\/\/cultura.santjosep.org\/wp-content\/uploads\/2023\/10\/clarissa_thehours.jpg","width":1200,"height":791},{"@type":"BreadcrumbList","@id":"https:\/\/cultura.santjosep.org\/es\/agenda\/divendres-de-cine-a-can-jeroni-the-hours\/#breadcrumb","itemListElement":[{"@type":"ListItem","position":1,"name":"Portada","item":"https:\/\/cultura.santjosep.org\/es\/"},{"@type":"ListItem","position":2,"name":"Eventos","item":"https:\/\/cultura.santjosep.org\/agenda\/"},{"@type":"ListItem","position":3,"name":"Divendres de cine a Can Jeroni &#8211; &#8216;The Hours&#8217;"}]},{"@type":"WebSite","@id":"https:\/\/cultura.santjosep.org\/es\/#website","url":"https:\/\/cultura.santjosep.org\/es\/","name":"Cultura a Sant Josep de sa Talaia","description":"","publisher":{"@id":"https:\/\/cultura.santjosep.org\/es\/#organization"},"potentialAction":[{"@type":"SearchAction","target":{"@type":"EntryPoint","urlTemplate":"https:\/\/cultura.santjosep.org\/es\/?s={search_term_string}"},"query-input":{"@type":"PropertyValueSpecification","valueRequired":true,"valueName":"search_term_string"}}],"inLanguage":"es"},{"@type":"Organization","@id":"https:\/\/cultura.santjosep.org\/es\/#organization","name":"Ajuntament de Sant Josep de sa Talaia","url":"https:\/\/cultura.santjosep.org\/es\/","logo":{"@type":"ImageObject","inLanguage":"es","@id":"https:\/\/cultura.santjosep.org\/es\/#\/schema\/logo\/image\/","url":"https:\/\/cultura.santjosep.org\/wp-content\/uploads\/2020\/10\/logocolor.jpg","contentUrl":"https:\/\/cultura.santjosep.org\/wp-content\/uploads\/2020\/10\/logocolor.jpg","width":250,"height":98,"caption":"Ajuntament de Sant Josep de sa Talaia"},"image":{"@id":"https:\/\/cultura.santjosep.org\/es\/#\/schema\/logo\/image\/"},"sameAs":["https:\/\/www.facebook.com\/Ajuntament-de-Sant-Josep-de-sa-Talaia-197541666931354\/","https:\/\/x.com\/DeTalaia","https:\/\/www.instagram.com\/sant_josep_de_sa_talaia\/"]}]}},"_links":{"self":[{"href":"https:\/\/cultura.santjosep.org\/es\/wp-json\/wp\/v2\/tribe_events\/20050","targetHints":{"allow":["GET"]}}],"collection":[{"href":"https:\/\/cultura.santjosep.org\/es\/wp-json\/wp\/v2\/tribe_events"}],"about":[{"href":"https:\/\/cultura.santjosep.org\/es\/wp-json\/wp\/v2\/types\/tribe_events"}],"author":[{"embeddable":true,"href":"https:\/\/cultura.santjosep.org\/es\/wp-json\/wp\/v2\/users\/1"}],"version-history":[{"count":0,"href":"https:\/\/cultura.santjosep.org\/es\/wp-json\/wp\/v2\/tribe_events\/20050\/revisions"}],"wp:featuredmedia":[{"embeddable":true,"href":"https:\/\/cultura.santjosep.org\/es\/wp-json\/wp\/v2\/media\/20048"}],"wp:attachment":[{"href":"https:\/\/cultura.santjosep.org\/es\/wp-json\/wp\/v2\/media?parent=20050"}],"wp:term":[{"taxonomy":"post_tag","embeddable":true,"href":"https:\/\/cultura.santjosep.org\/es\/wp-json\/wp\/v2\/tags?post=20050"},{"taxonomy":"tribe_events_cat","embeddable":true,"href":"https:\/\/cultura.santjosep.org\/es\/wp-json\/wp\/v2\/tribe_events_cat?post=20050"}],"curies":[{"name":"wp","href":"https:\/\/api.w.org\/{rel}","templated":true}]}}