{"id":20178,"date":"2023-11-09T13:52:20","date_gmt":"2023-11-09T12:52:20","guid":{"rendered":"https:\/\/cultura.santjosep.org\/agenda\/xvi-cicle-de-concerts-de-tardor-a-lorgue-de-sant-josep-canciones-de-la-andalucia-medieval-y-glosa-del-renacimiento\/"},"modified":"2023-11-09T13:52:20","modified_gmt":"2023-11-09T12:52:20","slug":"xvi-cicle-de-concerts-de-tardor-a-lorgue-de-sant-josep-canciones-de-la-andalucia-medieval-y-glosa-del-renacimiento","status":"publish","type":"tribe_events","link":"https:\/\/cultura.santjosep.org\/es\/agenda\/xvi-cicle-de-concerts-de-tardor-a-lorgue-de-sant-josep-canciones-de-la-andalucia-medieval-y-glosa-del-renacimiento\/","title":{"rendered":"XVI Cicle de concerts de tardor a l\u2019orgue de Sant Josep &#8211; &#8216;Canciones de la Andaluc\u00eda medieval y glosa del renacimiento&#8217;"},"content":{"rendered":"<p>Dissabte, 25 de novembre de 2023, a les 20.15 h<br \/>\n<strong>&#8216;Canciones de la Andaluc\u00eda medieval y glosa del renacimiento&#8217;<\/strong><br \/>\n<strong>D\u00fao Lhav<\/strong><br \/>\nLuc\u00eda Herranz Roig, soprano Adolfo Villalonga Juan, organista<\/p>\n<p><img loading=\"lazy\" decoding=\"async\" src=\"https:\/\/cultura.santjosep.org\/wp-content\/uploads\/2023\/11\/concert_orgue.png\" alt=\"\" width=\"1360\" height=\"1880\" class=\"alignnone size-full wp-image-20168\" srcset=\"https:\/\/cultura.santjosep.org\/wp-content\/uploads\/2023\/11\/concert_orgue.png 1360w, https:\/\/cultura.santjosep.org\/wp-content\/uploads\/2023\/11\/concert_orgue-217x300.png 217w, https:\/\/cultura.santjosep.org\/wp-content\/uploads\/2023\/11\/concert_orgue-741x1024.png 741w, https:\/\/cultura.santjosep.org\/wp-content\/uploads\/2023\/11\/concert_orgue-768x1062.png 768w, https:\/\/cultura.santjosep.org\/wp-content\/uploads\/2023\/11\/concert_orgue-1111x1536.png 1111w, https:\/\/cultura.santjosep.org\/wp-content\/uploads\/2023\/11\/concert_orgue-1320x1825.png 1320w\" sizes=\"auto, (max-width: 1360px) 100vw, 1360px\" \/><\/p>\n","protected":false},"excerpt":{"rendered":"<p>Dissabte, 25 de novembre de 2023, a les 20.15 h &#8216;Canciones de la Andaluc\u00eda medieval y glosa del renacimiento&#8217; D\u00fao Lhav Luc\u00eda Herranz Roig, soprano Adolfo Villalonga Juan, organista<\/p>\n","protected":false},"author":1,"featured_media":20173,"template":"","meta":{"_tribe_events_status":"","_tribe_events_status_reason":"","_tribe_events_is_hybrid":"","_tribe_events_is_virtual":"","_tribe_events_virtual_video_source":"","_tribe_events_virtual_embed_video":"","_tribe_events_virtual_linked_button_text":"","_tribe_events_virtual_linked_button":"","_tribe_events_virtual_show_embed_at":"","_tribe_events_virtual_show_embed_to":[],"_tribe_events_virtual_show_on_event":"","_tribe_events_virtual_show_on_views":"","_tribe_events_virtual_url":"","footnotes":""},"tags":[],"tribe_events_cat":[31],"class_list":["post-20178","tribe_events","type-tribe_events","status-publish","has-post-thumbnail","hentry","tribe_events_cat-conciertos","cat_conciertos","entry"],"yoast_head":"<!-- This site is optimized with the Yoast SEO plugin v26.6 - https:\/\/yoast.com\/wordpress\/plugins\/seo\/ -->\n<title>XVI Cicle de concerts de tardor a l\u2019orgue de Sant Josep - &#039;Canciones de la Andaluc\u00eda medieval y glosa del renacimiento&#039; - Cultura a Sant Josep de sa Talaia<\/title>\n<meta name=\"robots\" content=\"index, follow, max-snippet:-1, max-image-preview:large, max-video-preview:-1\" \/>\n<link rel=\"canonical\" href=\"https:\/\/cultura.santjosep.org\/es\/agenda\/xvi-cicle-de-concerts-de-tardor-a-lorgue-de-sant-josep-canciones-de-la-andalucia-medieval-y-glosa-del-renacimiento\/\" \/>\n<meta property=\"og:locale\" content=\"es_ES\" \/>\n<meta property=\"og:type\" content=\"article\" \/>\n<meta property=\"og:title\" content=\"XVI Cicle de concerts de tardor a l\u2019orgue de Sant Josep - &#039;Canciones de la Andaluc\u00eda medieval y glosa del renacimiento&#039; - Cultura a Sant Josep de sa Talaia\" \/>\n<meta property=\"og:description\" content=\"Dissabte, 25 de novembre de 2023, a les 20.15 h &#8216;Canciones de la Andaluc\u00eda medieval y glosa del renacimiento&#8217; D\u00fao Lhav Luc\u00eda Herranz Roig, soprano Adolfo Villalonga Juan, organista\" \/>\n<meta property=\"og:url\" content=\"https:\/\/cultura.santjosep.org\/es\/agenda\/xvi-cicle-de-concerts-de-tardor-a-lorgue-de-sant-josep-canciones-de-la-andalucia-medieval-y-glosa-del-renacimiento\/\" \/>\n<meta property=\"og:site_name\" content=\"Cultura a Sant Josep de sa Talaia\" \/>\n<meta property=\"article:publisher\" content=\"https:\/\/www.facebook.com\/Ajuntament-de-Sant-Josep-de-sa-Talaia-197541666931354\/\" \/>\n<meta property=\"og:image\" content=\"https:\/\/cultura.santjosep.org\/wp-content\/uploads\/2023\/11\/concert_orgue.png\" \/>\n<meta name=\"twitter:card\" content=\"summary_large_image\" \/>\n<meta name=\"twitter:site\" content=\"@DeTalaia\" \/>\n<script type=\"application\/ld+json\" class=\"yoast-schema-graph\">{\"@context\":\"https:\/\/schema.org\",\"@graph\":[{\"@type\":\"WebPage\",\"@id\":\"https:\/\/cultura.santjosep.org\/es\/agenda\/xvi-cicle-de-concerts-de-tardor-a-lorgue-de-sant-josep-canciones-de-la-andalucia-medieval-y-glosa-del-renacimiento\/\",\"url\":\"https:\/\/cultura.santjosep.org\/es\/agenda\/xvi-cicle-de-concerts-de-tardor-a-lorgue-de-sant-josep-canciones-de-la-andalucia-medieval-y-glosa-del-renacimiento\/\",\"name\":\"XVI Cicle de concerts de tardor a l\u2019orgue de Sant Josep - 'Canciones de la Andaluc\u00eda medieval y glosa del renacimiento' - Cultura a Sant Josep de sa Talaia\",\"isPartOf\":{\"@id\":\"https:\/\/cultura.santjosep.org\/es\/#website\"},\"primaryImageOfPage\":{\"@id\":\"https:\/\/cultura.santjosep.org\/es\/agenda\/xvi-cicle-de-concerts-de-tardor-a-lorgue-de-sant-josep-canciones-de-la-andalucia-medieval-y-glosa-del-renacimiento\/#primaryimage\"},\"image\":{\"@id\":\"https:\/\/cultura.santjosep.org\/es\/agenda\/xvi-cicle-de-concerts-de-tardor-a-lorgue-de-sant-josep-canciones-de-la-andalucia-medieval-y-glosa-del-renacimiento\/#primaryimage\"},\"thumbnailUrl\":\"https:\/\/cultura.santjosep.org\/wp-content\/uploads\/2023\/11\/P1012992-1-1024x768-1.jpg\",\"datePublished\":\"2023-11-09T12:52:20+00:00\",\"breadcrumb\":{\"@id\":\"https:\/\/cultura.santjosep.org\/es\/agenda\/xvi-cicle-de-concerts-de-tardor-a-lorgue-de-sant-josep-canciones-de-la-andalucia-medieval-y-glosa-del-renacimiento\/#breadcrumb\"},\"inLanguage\":\"es\",\"potentialAction\":[{\"@type\":\"ReadAction\",\"target\":[\"https:\/\/cultura.santjosep.org\/es\/agenda\/xvi-cicle-de-concerts-de-tardor-a-lorgue-de-sant-josep-canciones-de-la-andalucia-medieval-y-glosa-del-renacimiento\/\"]}]},{\"@type\":\"ImageObject\",\"inLanguage\":\"es\",\"@id\":\"https:\/\/cultura.santjosep.org\/es\/agenda\/xvi-cicle-de-concerts-de-tardor-a-lorgue-de-sant-josep-canciones-de-la-andalucia-medieval-y-glosa-del-renacimiento\/#primaryimage\",\"url\":\"https:\/\/cultura.santjosep.org\/wp-content\/uploads\/2023\/11\/P1012992-1-1024x768-1.jpg\",\"contentUrl\":\"https:\/\/cultura.santjosep.org\/wp-content\/uploads\/2023\/11\/P1012992-1-1024x768-1.jpg\",\"width\":1024,\"height\":768},{\"@type\":\"BreadcrumbList\",\"@id\":\"https:\/\/cultura.santjosep.org\/es\/agenda\/xvi-cicle-de-concerts-de-tardor-a-lorgue-de-sant-josep-canciones-de-la-andalucia-medieval-y-glosa-del-renacimiento\/#breadcrumb\",\"itemListElement\":[{\"@type\":\"ListItem\",\"position\":1,\"name\":\"Portada\",\"item\":\"https:\/\/cultura.santjosep.org\/es\/\"},{\"@type\":\"ListItem\",\"position\":2,\"name\":\"Eventos\",\"item\":\"https:\/\/cultura.santjosep.org\/agenda\/\"},{\"@type\":\"ListItem\",\"position\":3,\"name\":\"XVI Cicle de concerts de tardor a l\u2019orgue de Sant Josep &#8211; &#8216;Canciones de la Andaluc\u00eda medieval y glosa del renacimiento&#8217;\"}]},{\"@type\":\"WebSite\",\"@id\":\"https:\/\/cultura.santjosep.org\/es\/#website\",\"url\":\"https:\/\/cultura.santjosep.org\/es\/\",\"name\":\"Cultura a Sant Josep de sa Talaia\",\"description\":\"\",\"publisher\":{\"@id\":\"https:\/\/cultura.santjosep.org\/es\/#organization\"},\"potentialAction\":[{\"@type\":\"SearchAction\",\"target\":{\"@type\":\"EntryPoint\",\"urlTemplate\":\"https:\/\/cultura.santjosep.org\/es\/?s={search_term_string}\"},\"query-input\":{\"@type\":\"PropertyValueSpecification\",\"valueRequired\":true,\"valueName\":\"search_term_string\"}}],\"inLanguage\":\"es\"},{\"@type\":\"Organization\",\"@id\":\"https:\/\/cultura.santjosep.org\/es\/#organization\",\"name\":\"Ajuntament de Sant Josep de sa Talaia\",\"url\":\"https:\/\/cultura.santjosep.org\/es\/\",\"logo\":{\"@type\":\"ImageObject\",\"inLanguage\":\"es\",\"@id\":\"https:\/\/cultura.santjosep.org\/es\/#\/schema\/logo\/image\/\",\"url\":\"https:\/\/cultura.santjosep.org\/wp-content\/uploads\/2020\/10\/logocolor.jpg\",\"contentUrl\":\"https:\/\/cultura.santjosep.org\/wp-content\/uploads\/2020\/10\/logocolor.jpg\",\"width\":250,\"height\":98,\"caption\":\"Ajuntament de Sant Josep de sa Talaia\"},\"image\":{\"@id\":\"https:\/\/cultura.santjosep.org\/es\/#\/schema\/logo\/image\/\"},\"sameAs\":[\"https:\/\/www.facebook.com\/Ajuntament-de-Sant-Josep-de-sa-Talaia-197541666931354\/\",\"https:\/\/x.com\/DeTalaia\",\"https:\/\/www.instagram.com\/sant_josep_de_sa_talaia\/\"]}]}<\/script>\n<!-- \/ Yoast SEO plugin. -->","yoast_head_json":{"title":"XVI Cicle de concerts de tardor a l\u2019orgue de Sant Josep - 'Canciones de la Andaluc\u00eda medieval y glosa del renacimiento' - Cultura a Sant Josep de sa Talaia","robots":{"index":"index","follow":"follow","max-snippet":"max-snippet:-1","max-image-preview":"max-image-preview:large","max-video-preview":"max-video-preview:-1"},"canonical":"https:\/\/cultura.santjosep.org\/es\/agenda\/xvi-cicle-de-concerts-de-tardor-a-lorgue-de-sant-josep-canciones-de-la-andalucia-medieval-y-glosa-del-renacimiento\/","og_locale":"es_ES","og_type":"article","og_title":"XVI Cicle de concerts de tardor a l\u2019orgue de Sant Josep - 'Canciones de la Andaluc\u00eda medieval y glosa del renacimiento' - Cultura a Sant Josep de sa Talaia","og_description":"Dissabte, 25 de novembre de 2023, a les 20.15 h &#8216;Canciones de la Andaluc\u00eda medieval y glosa del renacimiento&#8217; D\u00fao Lhav Luc\u00eda Herranz Roig, soprano Adolfo Villalonga Juan, organista","og_url":"https:\/\/cultura.santjosep.org\/es\/agenda\/xvi-cicle-de-concerts-de-tardor-a-lorgue-de-sant-josep-canciones-de-la-andalucia-medieval-y-glosa-del-renacimiento\/","og_site_name":"Cultura a Sant Josep de sa Talaia","article_publisher":"https:\/\/www.facebook.com\/Ajuntament-de-Sant-Josep-de-sa-Talaia-197541666931354\/","og_image":[{"url":"https:\/\/cultura.santjosep.org\/wp-content\/uploads\/2023\/11\/concert_orgue.png","type":"","width":"","height":""}],"twitter_card":"summary_large_image","twitter_site":"@DeTalaia","schema":{"@context":"https:\/\/schema.org","@graph":[{"@type":"WebPage","@id":"https:\/\/cultura.santjosep.org\/es\/agenda\/xvi-cicle-de-concerts-de-tardor-a-lorgue-de-sant-josep-canciones-de-la-andalucia-medieval-y-glosa-del-renacimiento\/","url":"https:\/\/cultura.santjosep.org\/es\/agenda\/xvi-cicle-de-concerts-de-tardor-a-lorgue-de-sant-josep-canciones-de-la-andalucia-medieval-y-glosa-del-renacimiento\/","name":"XVI Cicle de concerts de tardor a l\u2019orgue de Sant Josep - 'Canciones de la Andaluc\u00eda medieval y glosa del renacimiento' - Cultura a Sant Josep de sa Talaia","isPartOf":{"@id":"https:\/\/cultura.santjosep.org\/es\/#website"},"primaryImageOfPage":{"@id":"https:\/\/cultura.santjosep.org\/es\/agenda\/xvi-cicle-de-concerts-de-tardor-a-lorgue-de-sant-josep-canciones-de-la-andalucia-medieval-y-glosa-del-renacimiento\/#primaryimage"},"image":{"@id":"https:\/\/cultura.santjosep.org\/es\/agenda\/xvi-cicle-de-concerts-de-tardor-a-lorgue-de-sant-josep-canciones-de-la-andalucia-medieval-y-glosa-del-renacimiento\/#primaryimage"},"thumbnailUrl":"https:\/\/cultura.santjosep.org\/wp-content\/uploads\/2023\/11\/P1012992-1-1024x768-1.jpg","datePublished":"2023-11-09T12:52:20+00:00","breadcrumb":{"@id":"https:\/\/cultura.santjosep.org\/es\/agenda\/xvi-cicle-de-concerts-de-tardor-a-lorgue-de-sant-josep-canciones-de-la-andalucia-medieval-y-glosa-del-renacimiento\/#breadcrumb"},"inLanguage":"es","potentialAction":[{"@type":"ReadAction","target":["https:\/\/cultura.santjosep.org\/es\/agenda\/xvi-cicle-de-concerts-de-tardor-a-lorgue-de-sant-josep-canciones-de-la-andalucia-medieval-y-glosa-del-renacimiento\/"]}]},{"@type":"ImageObject","inLanguage":"es","@id":"https:\/\/cultura.santjosep.org\/es\/agenda\/xvi-cicle-de-concerts-de-tardor-a-lorgue-de-sant-josep-canciones-de-la-andalucia-medieval-y-glosa-del-renacimiento\/#primaryimage","url":"https:\/\/cultura.santjosep.org\/wp-content\/uploads\/2023\/11\/P1012992-1-1024x768-1.jpg","contentUrl":"https:\/\/cultura.santjosep.org\/wp-content\/uploads\/2023\/11\/P1012992-1-1024x768-1.jpg","width":1024,"height":768},{"@type":"BreadcrumbList","@id":"https:\/\/cultura.santjosep.org\/es\/agenda\/xvi-cicle-de-concerts-de-tardor-a-lorgue-de-sant-josep-canciones-de-la-andalucia-medieval-y-glosa-del-renacimiento\/#breadcrumb","itemListElement":[{"@type":"ListItem","position":1,"name":"Portada","item":"https:\/\/cultura.santjosep.org\/es\/"},{"@type":"ListItem","position":2,"name":"Eventos","item":"https:\/\/cultura.santjosep.org\/agenda\/"},{"@type":"ListItem","position":3,"name":"XVI Cicle de concerts de tardor a l\u2019orgue de Sant Josep &#8211; &#8216;Canciones de la Andaluc\u00eda medieval y glosa del renacimiento&#8217;"}]},{"@type":"WebSite","@id":"https:\/\/cultura.santjosep.org\/es\/#website","url":"https:\/\/cultura.santjosep.org\/es\/","name":"Cultura a Sant Josep de sa Talaia","description":"","publisher":{"@id":"https:\/\/cultura.santjosep.org\/es\/#organization"},"potentialAction":[{"@type":"SearchAction","target":{"@type":"EntryPoint","urlTemplate":"https:\/\/cultura.santjosep.org\/es\/?s={search_term_string}"},"query-input":{"@type":"PropertyValueSpecification","valueRequired":true,"valueName":"search_term_string"}}],"inLanguage":"es"},{"@type":"Organization","@id":"https:\/\/cultura.santjosep.org\/es\/#organization","name":"Ajuntament de Sant Josep de sa Talaia","url":"https:\/\/cultura.santjosep.org\/es\/","logo":{"@type":"ImageObject","inLanguage":"es","@id":"https:\/\/cultura.santjosep.org\/es\/#\/schema\/logo\/image\/","url":"https:\/\/cultura.santjosep.org\/wp-content\/uploads\/2020\/10\/logocolor.jpg","contentUrl":"https:\/\/cultura.santjosep.org\/wp-content\/uploads\/2020\/10\/logocolor.jpg","width":250,"height":98,"caption":"Ajuntament de Sant Josep de sa Talaia"},"image":{"@id":"https:\/\/cultura.santjosep.org\/es\/#\/schema\/logo\/image\/"},"sameAs":["https:\/\/www.facebook.com\/Ajuntament-de-Sant-Josep-de-sa-Talaia-197541666931354\/","https:\/\/x.com\/DeTalaia","https:\/\/www.instagram.com\/sant_josep_de_sa_talaia\/"]}]}},"_links":{"self":[{"href":"https:\/\/cultura.santjosep.org\/es\/wp-json\/wp\/v2\/tribe_events\/20178","targetHints":{"allow":["GET"]}}],"collection":[{"href":"https:\/\/cultura.santjosep.org\/es\/wp-json\/wp\/v2\/tribe_events"}],"about":[{"href":"https:\/\/cultura.santjosep.org\/es\/wp-json\/wp\/v2\/types\/tribe_events"}],"author":[{"embeddable":true,"href":"https:\/\/cultura.santjosep.org\/es\/wp-json\/wp\/v2\/users\/1"}],"version-history":[{"count":0,"href":"https:\/\/cultura.santjosep.org\/es\/wp-json\/wp\/v2\/tribe_events\/20178\/revisions"}],"wp:featuredmedia":[{"embeddable":true,"href":"https:\/\/cultura.santjosep.org\/es\/wp-json\/wp\/v2\/media\/20173"}],"wp:attachment":[{"href":"https:\/\/cultura.santjosep.org\/es\/wp-json\/wp\/v2\/media?parent=20178"}],"wp:term":[{"taxonomy":"post_tag","embeddable":true,"href":"https:\/\/cultura.santjosep.org\/es\/wp-json\/wp\/v2\/tags?post=20178"},{"taxonomy":"tribe_events_cat","embeddable":true,"href":"https:\/\/cultura.santjosep.org\/es\/wp-json\/wp\/v2\/tribe_events_cat?post=20178"}],"curies":[{"name":"wp","href":"https:\/\/api.w.org\/{rel}","templated":true}]}}