{"id":20255,"date":"2023-11-20T11:00:06","date_gmt":"2023-11-20T10:00:06","guid":{"rendered":"https:\/\/cultura.santjosep.org\/?post_type=tribe_events&#038;p=20255"},"modified":"2023-11-20T11:00:07","modified_gmt":"2023-11-20T10:00:07","slug":"cicle-cine-jove-harry-potter-y-la-orden-del-fenix","status":"publish","type":"tribe_events","link":"https:\/\/cultura.santjosep.org\/es\/agenda\/cicle-cine-jove-harry-potter-y-la-orden-del-fenix\/","title":{"rendered":"Cicle Cine Jove &#8211; &#8216;Harry Potter y la orden del f\u00e9nix&#8217;"},"content":{"rendered":"<p><strong>Cicle Cine Jove &#8211; &#8216;Harry Potter y la orden del f\u00e9nix&#8217;<\/strong><\/p>\n<p>Director: David Yates, 2007<br \/>\nRegne Unit, 138 min<br \/>\nEdat recomanada: +12 anys<\/p>\n<p>&#8211; 13.00 a 18.00h: <em>Escape Room<\/em> Harry Potter a partir de 12 anys. Sessions cada 30 minuts en grups de m\u00e0x. 6 infants. Inscripcions gratu\u00eftes I pr\u00e8vies de dilluns a divendres de 9.00 a 14.00 h al tel. 673882079<br \/>\n&#8211; 18.00h: Projecci\u00f3 de la pel\u00b7l\u00edcula<br \/>\n&#8211; 20.30 a 22.30h: <em>Escape Room<\/em> Harry Potter a partir de 12 anys. Sessions cada 30 minuts en grups de m\u00e0x. 6 infants. Inscripcions gratu\u00eftes I pr\u00e8vies de dilluns a divendres de 9.00 a 14.00 h al tel. 673882079<\/p>\n<p><img loading=\"lazy\" decoding=\"async\" class=\"alignnone size-full wp-image-20213\" src=\"https:\/\/cultura.santjosep.org\/wp-content\/uploads\/2023\/11\/Programa-Harry-Potter-1.png\" alt=\"\" width=\"2000\" height=\"1414\" srcset=\"https:\/\/cultura.santjosep.org\/wp-content\/uploads\/2023\/11\/Programa-Harry-Potter-1.png 2000w, https:\/\/cultura.santjosep.org\/wp-content\/uploads\/2023\/11\/Programa-Harry-Potter-1-300x212.png 300w, https:\/\/cultura.santjosep.org\/wp-content\/uploads\/2023\/11\/Programa-Harry-Potter-1-1024x724.png 1024w, https:\/\/cultura.santjosep.org\/wp-content\/uploads\/2023\/11\/Programa-Harry-Potter-1-768x543.png 768w, https:\/\/cultura.santjosep.org\/wp-content\/uploads\/2023\/11\/Programa-Harry-Potter-1-1536x1086.png 1536w, https:\/\/cultura.santjosep.org\/wp-content\/uploads\/2023\/11\/Programa-Harry-Potter-1-1568x1109.png 1568w, https:\/\/cultura.santjosep.org\/wp-content\/uploads\/2023\/11\/Programa-Harry-Potter-1-1320x933.png 1320w\" sizes=\"auto, (max-width: 2000px) 100vw, 2000px\" \/><\/p>\n","protected":false},"excerpt":{"rendered":"<p>Cicle Cine Jove &#8211; &#8216;Harry Potter y la orden del f\u00e9nix&#8217; Director: David Yates, 2007 Regne Unit, 138 min Edat recomanada: +12 anys &#8211; 13.00 a 18.00h: Escape Room Harry &hellip; <\/p>\n<p class=\"link-more\"><a href=\"https:\/\/cultura.santjosep.org\/es\/agenda\/cicle-cine-jove-harry-potter-y-la-orden-del-fenix\/\" class=\"more-link\">Seguir leyendo<span class=\"screen-reader-text\"> \u00abCicle Cine Jove &#8211; &#8216;Harry Potter y la orden del f\u00e9nix&#8217;\u00bb<\/span><\/a><\/p>\n","protected":false},"author":1,"featured_media":20253,"template":"","meta":{"_tribe_events_status":"","_tribe_events_status_reason":"","_tribe_events_is_hybrid":"","_tribe_events_is_virtual":"","_tribe_events_virtual_video_source":"","_tribe_events_virtual_embed_video":"","_tribe_events_virtual_linked_button_text":"","_tribe_events_virtual_linked_button":"","_tribe_events_virtual_show_embed_at":"","_tribe_events_virtual_show_embed_to":[],"_tribe_events_virtual_show_on_event":"","_tribe_events_virtual_show_on_views":"","_tribe_events_virtual_url":"","footnotes":""},"tags":[],"tribe_events_cat":[175],"class_list":["post-20255","tribe_events","type-tribe_events","status-publish","has-post-thumbnail","hentry","tribe_events_cat-cicle-cine-jove-es","cat_cicle-cine-jove-es","entry"],"yoast_head":"<!-- This site is optimized with the Yoast SEO plugin v26.6 - https:\/\/yoast.com\/wordpress\/plugins\/seo\/ -->\n<title>Cicle Cine Jove - &#039;Harry Potter y la orden del f\u00e9nix&#039; - Cultura a Sant Josep de sa Talaia<\/title>\n<meta name=\"robots\" content=\"index, follow, max-snippet:-1, max-image-preview:large, max-video-preview:-1\" \/>\n<link rel=\"canonical\" href=\"https:\/\/cultura.santjosep.org\/es\/agenda\/cicle-cine-jove-harry-potter-y-la-orden-del-fenix\/\" \/>\n<meta property=\"og:locale\" content=\"es_ES\" \/>\n<meta property=\"og:type\" content=\"article\" \/>\n<meta property=\"og:title\" content=\"Cicle Cine Jove - &#039;Harry Potter y la orden del f\u00e9nix&#039; - Cultura a Sant Josep de sa Talaia\" \/>\n<meta property=\"og:description\" content=\"Cicle Cine Jove &#8211; &#8216;Harry Potter y la orden del f\u00e9nix&#8217; Director: David Yates, 2007 Regne Unit, 138 min Edat recomanada: +12 anys &#8211; 13.00 a 18.00h: Escape Room Harry &hellip; Seguir leyendo \u00abCicle Cine Jove &#8211; &#8216;Harry Potter y la orden del f\u00e9nix&#8217;\u00bb\" \/>\n<meta property=\"og:url\" content=\"https:\/\/cultura.santjosep.org\/es\/agenda\/cicle-cine-jove-harry-potter-y-la-orden-del-fenix\/\" \/>\n<meta property=\"og:site_name\" content=\"Cultura a Sant Josep de sa Talaia\" \/>\n<meta property=\"article:publisher\" content=\"https:\/\/www.facebook.com\/Ajuntament-de-Sant-Josep-de-sa-Talaia-197541666931354\/\" \/>\n<meta property=\"article:modified_time\" content=\"2023-11-20T10:00:07+00:00\" \/>\n<meta property=\"og:image\" content=\"https:\/\/cultura.santjosep.org\/wp-content\/uploads\/2023\/11\/critica-harry-potter-orden-fenix-scaled.webp\" \/>\n\t<meta property=\"og:image:width\" content=\"2560\" \/>\n\t<meta property=\"og:image:height\" content=\"1195\" \/>\n\t<meta property=\"og:image:type\" content=\"image\/webp\" \/>\n<meta name=\"twitter:card\" content=\"summary_large_image\" \/>\n<meta name=\"twitter:site\" content=\"@DeTalaia\" \/>\n<script type=\"application\/ld+json\" class=\"yoast-schema-graph\">{\"@context\":\"https:\/\/schema.org\",\"@graph\":[{\"@type\":\"WebPage\",\"@id\":\"https:\/\/cultura.santjosep.org\/es\/agenda\/cicle-cine-jove-harry-potter-y-la-orden-del-fenix\/\",\"url\":\"https:\/\/cultura.santjosep.org\/es\/agenda\/cicle-cine-jove-harry-potter-y-la-orden-del-fenix\/\",\"name\":\"Cicle Cine Jove - 'Harry Potter y la orden del f\u00e9nix' - Cultura a Sant Josep de sa Talaia\",\"isPartOf\":{\"@id\":\"https:\/\/cultura.santjosep.org\/es\/#website\"},\"primaryImageOfPage\":{\"@id\":\"https:\/\/cultura.santjosep.org\/es\/agenda\/cicle-cine-jove-harry-potter-y-la-orden-del-fenix\/#primaryimage\"},\"image\":{\"@id\":\"https:\/\/cultura.santjosep.org\/es\/agenda\/cicle-cine-jove-harry-potter-y-la-orden-del-fenix\/#primaryimage\"},\"thumbnailUrl\":\"https:\/\/cultura.santjosep.org\/wp-content\/uploads\/2023\/11\/critica-harry-potter-orden-fenix-scaled.webp\",\"datePublished\":\"2023-11-20T10:00:06+00:00\",\"dateModified\":\"2023-11-20T10:00:07+00:00\",\"breadcrumb\":{\"@id\":\"https:\/\/cultura.santjosep.org\/es\/agenda\/cicle-cine-jove-harry-potter-y-la-orden-del-fenix\/#breadcrumb\"},\"inLanguage\":\"es\",\"potentialAction\":[{\"@type\":\"ReadAction\",\"target\":[\"https:\/\/cultura.santjosep.org\/es\/agenda\/cicle-cine-jove-harry-potter-y-la-orden-del-fenix\/\"]}]},{\"@type\":\"ImageObject\",\"inLanguage\":\"es\",\"@id\":\"https:\/\/cultura.santjosep.org\/es\/agenda\/cicle-cine-jove-harry-potter-y-la-orden-del-fenix\/#primaryimage\",\"url\":\"https:\/\/cultura.santjosep.org\/wp-content\/uploads\/2023\/11\/critica-harry-potter-orden-fenix-scaled.webp\",\"contentUrl\":\"https:\/\/cultura.santjosep.org\/wp-content\/uploads\/2023\/11\/critica-harry-potter-orden-fenix-scaled.webp\",\"width\":2560,\"height\":1195},{\"@type\":\"BreadcrumbList\",\"@id\":\"https:\/\/cultura.santjosep.org\/es\/agenda\/cicle-cine-jove-harry-potter-y-la-orden-del-fenix\/#breadcrumb\",\"itemListElement\":[{\"@type\":\"ListItem\",\"position\":1,\"name\":\"Portada\",\"item\":\"https:\/\/cultura.santjosep.org\/es\/\"},{\"@type\":\"ListItem\",\"position\":2,\"name\":\"Eventos\",\"item\":\"https:\/\/cultura.santjosep.org\/agenda\/\"},{\"@type\":\"ListItem\",\"position\":3,\"name\":\"Cicle Cine Jove &#8211; &#8216;Harry Potter y la orden del f\u00e9nix&#8217;\"}]},{\"@type\":\"WebSite\",\"@id\":\"https:\/\/cultura.santjosep.org\/es\/#website\",\"url\":\"https:\/\/cultura.santjosep.org\/es\/\",\"name\":\"Cultura a Sant Josep de sa Talaia\",\"description\":\"\",\"publisher\":{\"@id\":\"https:\/\/cultura.santjosep.org\/es\/#organization\"},\"potentialAction\":[{\"@type\":\"SearchAction\",\"target\":{\"@type\":\"EntryPoint\",\"urlTemplate\":\"https:\/\/cultura.santjosep.org\/es\/?s={search_term_string}\"},\"query-input\":{\"@type\":\"PropertyValueSpecification\",\"valueRequired\":true,\"valueName\":\"search_term_string\"}}],\"inLanguage\":\"es\"},{\"@type\":\"Organization\",\"@id\":\"https:\/\/cultura.santjosep.org\/es\/#organization\",\"name\":\"Ajuntament de Sant Josep de sa Talaia\",\"url\":\"https:\/\/cultura.santjosep.org\/es\/\",\"logo\":{\"@type\":\"ImageObject\",\"inLanguage\":\"es\",\"@id\":\"https:\/\/cultura.santjosep.org\/es\/#\/schema\/logo\/image\/\",\"url\":\"https:\/\/cultura.santjosep.org\/wp-content\/uploads\/2020\/10\/logocolor.jpg\",\"contentUrl\":\"https:\/\/cultura.santjosep.org\/wp-content\/uploads\/2020\/10\/logocolor.jpg\",\"width\":250,\"height\":98,\"caption\":\"Ajuntament de Sant Josep de sa Talaia\"},\"image\":{\"@id\":\"https:\/\/cultura.santjosep.org\/es\/#\/schema\/logo\/image\/\"},\"sameAs\":[\"https:\/\/www.facebook.com\/Ajuntament-de-Sant-Josep-de-sa-Talaia-197541666931354\/\",\"https:\/\/x.com\/DeTalaia\",\"https:\/\/www.instagram.com\/sant_josep_de_sa_talaia\/\"]}]}<\/script>\n<!-- \/ Yoast SEO plugin. -->","yoast_head_json":{"title":"Cicle Cine Jove - 'Harry Potter y la orden del f\u00e9nix' - Cultura a Sant Josep de sa Talaia","robots":{"index":"index","follow":"follow","max-snippet":"max-snippet:-1","max-image-preview":"max-image-preview:large","max-video-preview":"max-video-preview:-1"},"canonical":"https:\/\/cultura.santjosep.org\/es\/agenda\/cicle-cine-jove-harry-potter-y-la-orden-del-fenix\/","og_locale":"es_ES","og_type":"article","og_title":"Cicle Cine Jove - 'Harry Potter y la orden del f\u00e9nix' - Cultura a Sant Josep de sa Talaia","og_description":"Cicle Cine Jove &#8211; &#8216;Harry Potter y la orden del f\u00e9nix&#8217; Director: David Yates, 2007 Regne Unit, 138 min Edat recomanada: +12 anys &#8211; 13.00 a 18.00h: Escape Room Harry &hellip; Seguir leyendo \u00abCicle Cine Jove &#8211; &#8216;Harry Potter y la orden del f\u00e9nix&#8217;\u00bb","og_url":"https:\/\/cultura.santjosep.org\/es\/agenda\/cicle-cine-jove-harry-potter-y-la-orden-del-fenix\/","og_site_name":"Cultura a Sant Josep de sa Talaia","article_publisher":"https:\/\/www.facebook.com\/Ajuntament-de-Sant-Josep-de-sa-Talaia-197541666931354\/","article_modified_time":"2023-11-20T10:00:07+00:00","og_image":[{"width":2560,"height":1195,"url":"https:\/\/cultura.santjosep.org\/wp-content\/uploads\/2023\/11\/critica-harry-potter-orden-fenix-scaled.webp","type":"image\/webp"}],"twitter_card":"summary_large_image","twitter_site":"@DeTalaia","schema":{"@context":"https:\/\/schema.org","@graph":[{"@type":"WebPage","@id":"https:\/\/cultura.santjosep.org\/es\/agenda\/cicle-cine-jove-harry-potter-y-la-orden-del-fenix\/","url":"https:\/\/cultura.santjosep.org\/es\/agenda\/cicle-cine-jove-harry-potter-y-la-orden-del-fenix\/","name":"Cicle Cine Jove - 'Harry Potter y la orden del f\u00e9nix' - Cultura a Sant Josep de sa Talaia","isPartOf":{"@id":"https:\/\/cultura.santjosep.org\/es\/#website"},"primaryImageOfPage":{"@id":"https:\/\/cultura.santjosep.org\/es\/agenda\/cicle-cine-jove-harry-potter-y-la-orden-del-fenix\/#primaryimage"},"image":{"@id":"https:\/\/cultura.santjosep.org\/es\/agenda\/cicle-cine-jove-harry-potter-y-la-orden-del-fenix\/#primaryimage"},"thumbnailUrl":"https:\/\/cultura.santjosep.org\/wp-content\/uploads\/2023\/11\/critica-harry-potter-orden-fenix-scaled.webp","datePublished":"2023-11-20T10:00:06+00:00","dateModified":"2023-11-20T10:00:07+00:00","breadcrumb":{"@id":"https:\/\/cultura.santjosep.org\/es\/agenda\/cicle-cine-jove-harry-potter-y-la-orden-del-fenix\/#breadcrumb"},"inLanguage":"es","potentialAction":[{"@type":"ReadAction","target":["https:\/\/cultura.santjosep.org\/es\/agenda\/cicle-cine-jove-harry-potter-y-la-orden-del-fenix\/"]}]},{"@type":"ImageObject","inLanguage":"es","@id":"https:\/\/cultura.santjosep.org\/es\/agenda\/cicle-cine-jove-harry-potter-y-la-orden-del-fenix\/#primaryimage","url":"https:\/\/cultura.santjosep.org\/wp-content\/uploads\/2023\/11\/critica-harry-potter-orden-fenix-scaled.webp","contentUrl":"https:\/\/cultura.santjosep.org\/wp-content\/uploads\/2023\/11\/critica-harry-potter-orden-fenix-scaled.webp","width":2560,"height":1195},{"@type":"BreadcrumbList","@id":"https:\/\/cultura.santjosep.org\/es\/agenda\/cicle-cine-jove-harry-potter-y-la-orden-del-fenix\/#breadcrumb","itemListElement":[{"@type":"ListItem","position":1,"name":"Portada","item":"https:\/\/cultura.santjosep.org\/es\/"},{"@type":"ListItem","position":2,"name":"Eventos","item":"https:\/\/cultura.santjosep.org\/agenda\/"},{"@type":"ListItem","position":3,"name":"Cicle Cine Jove &#8211; &#8216;Harry Potter y la orden del f\u00e9nix&#8217;"}]},{"@type":"WebSite","@id":"https:\/\/cultura.santjosep.org\/es\/#website","url":"https:\/\/cultura.santjosep.org\/es\/","name":"Cultura a Sant Josep de sa Talaia","description":"","publisher":{"@id":"https:\/\/cultura.santjosep.org\/es\/#organization"},"potentialAction":[{"@type":"SearchAction","target":{"@type":"EntryPoint","urlTemplate":"https:\/\/cultura.santjosep.org\/es\/?s={search_term_string}"},"query-input":{"@type":"PropertyValueSpecification","valueRequired":true,"valueName":"search_term_string"}}],"inLanguage":"es"},{"@type":"Organization","@id":"https:\/\/cultura.santjosep.org\/es\/#organization","name":"Ajuntament de Sant Josep de sa Talaia","url":"https:\/\/cultura.santjosep.org\/es\/","logo":{"@type":"ImageObject","inLanguage":"es","@id":"https:\/\/cultura.santjosep.org\/es\/#\/schema\/logo\/image\/","url":"https:\/\/cultura.santjosep.org\/wp-content\/uploads\/2020\/10\/logocolor.jpg","contentUrl":"https:\/\/cultura.santjosep.org\/wp-content\/uploads\/2020\/10\/logocolor.jpg","width":250,"height":98,"caption":"Ajuntament de Sant Josep de sa Talaia"},"image":{"@id":"https:\/\/cultura.santjosep.org\/es\/#\/schema\/logo\/image\/"},"sameAs":["https:\/\/www.facebook.com\/Ajuntament-de-Sant-Josep-de-sa-Talaia-197541666931354\/","https:\/\/x.com\/DeTalaia","https:\/\/www.instagram.com\/sant_josep_de_sa_talaia\/"]}]}},"_links":{"self":[{"href":"https:\/\/cultura.santjosep.org\/es\/wp-json\/wp\/v2\/tribe_events\/20255","targetHints":{"allow":["GET"]}}],"collection":[{"href":"https:\/\/cultura.santjosep.org\/es\/wp-json\/wp\/v2\/tribe_events"}],"about":[{"href":"https:\/\/cultura.santjosep.org\/es\/wp-json\/wp\/v2\/types\/tribe_events"}],"author":[{"embeddable":true,"href":"https:\/\/cultura.santjosep.org\/es\/wp-json\/wp\/v2\/users\/1"}],"version-history":[{"count":0,"href":"https:\/\/cultura.santjosep.org\/es\/wp-json\/wp\/v2\/tribe_events\/20255\/revisions"}],"wp:featuredmedia":[{"embeddable":true,"href":"https:\/\/cultura.santjosep.org\/es\/wp-json\/wp\/v2\/media\/20253"}],"wp:attachment":[{"href":"https:\/\/cultura.santjosep.org\/es\/wp-json\/wp\/v2\/media?parent=20255"}],"wp:term":[{"taxonomy":"post_tag","embeddable":true,"href":"https:\/\/cultura.santjosep.org\/es\/wp-json\/wp\/v2\/tags?post=20255"},{"taxonomy":"tribe_events_cat","embeddable":true,"href":"https:\/\/cultura.santjosep.org\/es\/wp-json\/wp\/v2\/tribe_events_cat?post=20255"}],"curies":[{"name":"wp","href":"https:\/\/api.w.org\/{rel}","templated":true}]}}