{"id":21049,"date":"2024-01-09T12:52:22","date_gmt":"2024-01-09T11:52:22","guid":{"rendered":"https:\/\/cultura.santjosep.org\/agenda\/divendres-de-cine-la-vida-era-eso-amb-barbara-hermosilla\/"},"modified":"2024-01-09T12:58:16","modified_gmt":"2024-01-09T11:58:16","slug":"divendres-de-cine-la-vida-era-eso-amb-barbara-hermosilla","status":"publish","type":"tribe_events","link":"https:\/\/cultura.santjosep.org\/es\/agenda\/divendres-de-cine-la-vida-era-eso-amb-barbara-hermosilla\/","title":{"rendered":"Divendres de cine &#8211; \u2018La vida era eso&#8217; amb B\u00e1rbara Hermosilla"},"content":{"rendered":"<p><b>\u2018La vida era eso&#8217; | VOSE | 2020 | Presentaci\u00f3 amb B\u00e1rbara Hermosilla<br \/>\n<\/b><\/p>\n<p><b>Duraci\u00f3:<\/b> 109 min. Espanya<\/p>\n<p><b>Direcci\u00f3: <\/b>David Mart\u00edn de los Santos<\/p>\n<p><b>Sinopsi:\u00a0<\/b>Dues dones espanyoles de diferents generacions coincideixen a l&#8217;habitaci\u00f3 d&#8217;un hospital a B\u00e8lgica. Mar\u00eda (Petra Mart\u00ednez) viu all\u00ed des de fa d\u00e8cades despr\u00e9s d&#8217;emigrar en la seva joventut, i Ver\u00f3nica (Anna Castillo) \u00e9s una jove nouvinguda a la recerca de les oportunitats que mai va trobar a Espanya. Entre elles es forja una peculiar amistat que portar\u00e0 a Mar\u00eda a emprendre un viatge de tornada al sud d&#8217;Espanya amb una ins\u00f2lita missi\u00f3. El que comen\u00e7a com un viatge a la recerca de les arrels de Ver\u00f3nica, es convertir\u00e0 en una oportunitat per a q\u00fcestionar-se uns certs principis en els quals va basar la seva vida.<\/p>\n<p><img loading=\"lazy\" decoding=\"async\" class=\"alignnone wp-image-21044 size-large\" src=\"https:\/\/cultura.santjosep.org\/wp-content\/uploads\/2024\/01\/BARBARATRIAT-ok-LOW-ENERO_52X66-200ppp-copia-2-807x1024.jpg\" alt=\"\" width=\"640\" height=\"812\" srcset=\"https:\/\/cultura.santjosep.org\/wp-content\/uploads\/2024\/01\/BARBARATRIAT-ok-LOW-ENERO_52X66-200ppp-copia-2-807x1024.jpg 807w, https:\/\/cultura.santjosep.org\/wp-content\/uploads\/2024\/01\/BARBARATRIAT-ok-LOW-ENERO_52X66-200ppp-copia-2-236x300.jpg 236w, https:\/\/cultura.santjosep.org\/wp-content\/uploads\/2024\/01\/BARBARATRIAT-ok-LOW-ENERO_52X66-200ppp-copia-2-768x975.jpg 768w, https:\/\/cultura.santjosep.org\/wp-content\/uploads\/2024\/01\/BARBARATRIAT-ok-LOW-ENERO_52X66-200ppp-copia-2-1210x1536.jpg 1210w, https:\/\/cultura.santjosep.org\/wp-content\/uploads\/2024\/01\/BARBARATRIAT-ok-LOW-ENERO_52X66-200ppp-copia-2-1614x2048.jpg 1614w, https:\/\/cultura.santjosep.org\/wp-content\/uploads\/2024\/01\/BARBARATRIAT-ok-LOW-ENERO_52X66-200ppp-copia-2-1568x1990.jpg 1568w, https:\/\/cultura.santjosep.org\/wp-content\/uploads\/2024\/01\/BARBARATRIAT-ok-LOW-ENERO_52X66-200ppp-copia-2-1320x1675.jpg 1320w, https:\/\/cultura.santjosep.org\/wp-content\/uploads\/2024\/01\/BARBARATRIAT-ok-LOW-ENERO_52X66-200ppp-copia-2.jpg 2000w\" sizes=\"auto, (max-width: 640px) 100vw, 640px\" \/><\/p>\n","protected":false},"excerpt":{"rendered":"<p>\u2018La vida era eso&#8217; | VOSE | 2020 | Presentaci\u00f3 amb B\u00e1rbara Hermosilla Duraci\u00f3: 109 min. Espanya Direcci\u00f3: David Mart\u00edn de los Santos Sinopsi:\u00a0Dues dones espanyoles de diferents generacions coincideixen &hellip; <\/p>\n<p class=\"link-more\"><a href=\"https:\/\/cultura.santjosep.org\/es\/agenda\/divendres-de-cine-la-vida-era-eso-amb-barbara-hermosilla\/\" class=\"more-link\">Seguir leyendo<span class=\"screen-reader-text\"> \u00abDivendres de cine &#8211; \u2018La vida era eso&#8217; amb B\u00e1rbara Hermosilla\u00bb<\/span><\/a><\/p>\n","protected":false},"author":1,"featured_media":21047,"template":"","meta":{"_tribe_events_status":"","_tribe_events_status_reason":"","_tribe_events_is_hybrid":"","_tribe_events_is_virtual":"","_tribe_events_virtual_video_source":"","_tribe_events_virtual_embed_video":"","_tribe_events_virtual_linked_button_text":"","_tribe_events_virtual_linked_button":"","_tribe_events_virtual_show_embed_at":"","_tribe_events_virtual_show_embed_to":[],"_tribe_events_virtual_show_on_event":"","_tribe_events_virtual_show_on_views":"","_tribe_events_virtual_url":"","footnotes":""},"tags":[],"tribe_events_cat":[30],"class_list":["post-21049","tribe_events","type-tribe_events","status-publish","has-post-thumbnail","hentry","tribe_events_cat-cine","cat_cine","entry"],"yoast_head":"<!-- This site is optimized with the Yoast SEO plugin v26.6 - https:\/\/yoast.com\/wordpress\/plugins\/seo\/ -->\n<title>Divendres de cine - \u2018La vida era eso&#039; amb B\u00e1rbara Hermosilla - Cultura a Sant Josep de sa Talaia<\/title>\n<meta name=\"robots\" content=\"index, follow, max-snippet:-1, max-image-preview:large, max-video-preview:-1\" \/>\n<link rel=\"canonical\" href=\"https:\/\/cultura.santjosep.org\/es\/agenda\/divendres-de-cine-la-vida-era-eso-amb-barbara-hermosilla\/\" \/>\n<meta property=\"og:locale\" content=\"es_ES\" \/>\n<meta property=\"og:type\" content=\"article\" \/>\n<meta property=\"og:title\" content=\"Divendres de cine - \u2018La vida era eso&#039; amb B\u00e1rbara Hermosilla - Cultura a Sant Josep de sa Talaia\" \/>\n<meta property=\"og:description\" content=\"\u2018La vida era eso&#8217; | VOSE | 2020 | Presentaci\u00f3 amb B\u00e1rbara Hermosilla Duraci\u00f3: 109 min. Espanya Direcci\u00f3: David Mart\u00edn de los Santos Sinopsi:\u00a0Dues dones espanyoles de diferents generacions coincideixen &hellip; Seguir leyendo \u00abDivendres de cine &#8211; \u2018La vida era eso&#8217; amb B\u00e1rbara Hermosilla\u00bb\" \/>\n<meta property=\"og:url\" content=\"https:\/\/cultura.santjosep.org\/es\/agenda\/divendres-de-cine-la-vida-era-eso-amb-barbara-hermosilla\/\" \/>\n<meta property=\"og:site_name\" content=\"Cultura a Sant Josep de sa Talaia\" \/>\n<meta property=\"article:publisher\" content=\"https:\/\/www.facebook.com\/Ajuntament-de-Sant-Josep-de-sa-Talaia-197541666931354\/\" \/>\n<meta property=\"article:modified_time\" content=\"2024-01-09T11:58:16+00:00\" \/>\n<meta property=\"og:image\" content=\"https:\/\/cultura.santjosep.org\/wp-content\/uploads\/2024\/01\/la-vida-era-eso_20748811_20211211141547.jpg\" \/>\n\t<meta property=\"og:image:width\" content=\"675\" \/>\n\t<meta property=\"og:image:height\" content=\"400\" \/>\n\t<meta property=\"og:image:type\" content=\"image\/jpeg\" \/>\n<meta name=\"twitter:card\" content=\"summary_large_image\" \/>\n<meta name=\"twitter:site\" content=\"@DeTalaia\" \/>\n<meta name=\"twitter:label1\" content=\"Tiempo de lectura\" \/>\n\t<meta name=\"twitter:data1\" content=\"1 minuto\" \/>\n<script type=\"application\/ld+json\" class=\"yoast-schema-graph\">{\"@context\":\"https:\/\/schema.org\",\"@graph\":[{\"@type\":\"WebPage\",\"@id\":\"https:\/\/cultura.santjosep.org\/es\/agenda\/divendres-de-cine-la-vida-era-eso-amb-barbara-hermosilla\/\",\"url\":\"https:\/\/cultura.santjosep.org\/es\/agenda\/divendres-de-cine-la-vida-era-eso-amb-barbara-hermosilla\/\",\"name\":\"Divendres de cine - \u2018La vida era eso' amb B\u00e1rbara Hermosilla - Cultura a Sant Josep de sa Talaia\",\"isPartOf\":{\"@id\":\"https:\/\/cultura.santjosep.org\/es\/#website\"},\"primaryImageOfPage\":{\"@id\":\"https:\/\/cultura.santjosep.org\/es\/agenda\/divendres-de-cine-la-vida-era-eso-amb-barbara-hermosilla\/#primaryimage\"},\"image\":{\"@id\":\"https:\/\/cultura.santjosep.org\/es\/agenda\/divendres-de-cine-la-vida-era-eso-amb-barbara-hermosilla\/#primaryimage\"},\"thumbnailUrl\":\"https:\/\/cultura.santjosep.org\/wp-content\/uploads\/2024\/01\/la-vida-era-eso_20748811_20211211141547.jpg\",\"datePublished\":\"2024-01-09T11:52:22+00:00\",\"dateModified\":\"2024-01-09T11:58:16+00:00\",\"breadcrumb\":{\"@id\":\"https:\/\/cultura.santjosep.org\/es\/agenda\/divendres-de-cine-la-vida-era-eso-amb-barbara-hermosilla\/#breadcrumb\"},\"inLanguage\":\"es\",\"potentialAction\":[{\"@type\":\"ReadAction\",\"target\":[\"https:\/\/cultura.santjosep.org\/es\/agenda\/divendres-de-cine-la-vida-era-eso-amb-barbara-hermosilla\/\"]}]},{\"@type\":\"ImageObject\",\"inLanguage\":\"es\",\"@id\":\"https:\/\/cultura.santjosep.org\/es\/agenda\/divendres-de-cine-la-vida-era-eso-amb-barbara-hermosilla\/#primaryimage\",\"url\":\"https:\/\/cultura.santjosep.org\/wp-content\/uploads\/2024\/01\/la-vida-era-eso_20748811_20211211141547.jpg\",\"contentUrl\":\"https:\/\/cultura.santjosep.org\/wp-content\/uploads\/2024\/01\/la-vida-era-eso_20748811_20211211141547.jpg\",\"width\":675,\"height\":400},{\"@type\":\"BreadcrumbList\",\"@id\":\"https:\/\/cultura.santjosep.org\/es\/agenda\/divendres-de-cine-la-vida-era-eso-amb-barbara-hermosilla\/#breadcrumb\",\"itemListElement\":[{\"@type\":\"ListItem\",\"position\":1,\"name\":\"Portada\",\"item\":\"https:\/\/cultura.santjosep.org\/es\/\"},{\"@type\":\"ListItem\",\"position\":2,\"name\":\"Eventos\",\"item\":\"https:\/\/cultura.santjosep.org\/agenda\/\"},{\"@type\":\"ListItem\",\"position\":3,\"name\":\"Divendres de cine &#8211; \u2018La vida era eso&#8217; amb B\u00e1rbara Hermosilla\"}]},{\"@type\":\"WebSite\",\"@id\":\"https:\/\/cultura.santjosep.org\/es\/#website\",\"url\":\"https:\/\/cultura.santjosep.org\/es\/\",\"name\":\"Cultura a Sant Josep de sa Talaia\",\"description\":\"\",\"publisher\":{\"@id\":\"https:\/\/cultura.santjosep.org\/es\/#organization\"},\"potentialAction\":[{\"@type\":\"SearchAction\",\"target\":{\"@type\":\"EntryPoint\",\"urlTemplate\":\"https:\/\/cultura.santjosep.org\/es\/?s={search_term_string}\"},\"query-input\":{\"@type\":\"PropertyValueSpecification\",\"valueRequired\":true,\"valueName\":\"search_term_string\"}}],\"inLanguage\":\"es\"},{\"@type\":\"Organization\",\"@id\":\"https:\/\/cultura.santjosep.org\/es\/#organization\",\"name\":\"Ajuntament de Sant Josep de sa Talaia\",\"url\":\"https:\/\/cultura.santjosep.org\/es\/\",\"logo\":{\"@type\":\"ImageObject\",\"inLanguage\":\"es\",\"@id\":\"https:\/\/cultura.santjosep.org\/es\/#\/schema\/logo\/image\/\",\"url\":\"https:\/\/cultura.santjosep.org\/wp-content\/uploads\/2020\/10\/logocolor.jpg\",\"contentUrl\":\"https:\/\/cultura.santjosep.org\/wp-content\/uploads\/2020\/10\/logocolor.jpg\",\"width\":250,\"height\":98,\"caption\":\"Ajuntament de Sant Josep de sa Talaia\"},\"image\":{\"@id\":\"https:\/\/cultura.santjosep.org\/es\/#\/schema\/logo\/image\/\"},\"sameAs\":[\"https:\/\/www.facebook.com\/Ajuntament-de-Sant-Josep-de-sa-Talaia-197541666931354\/\",\"https:\/\/x.com\/DeTalaia\",\"https:\/\/www.instagram.com\/sant_josep_de_sa_talaia\/\"]}]}<\/script>\n<!-- \/ Yoast SEO plugin. -->","yoast_head_json":{"title":"Divendres de cine - \u2018La vida era eso' amb B\u00e1rbara Hermosilla - Cultura a Sant Josep de sa Talaia","robots":{"index":"index","follow":"follow","max-snippet":"max-snippet:-1","max-image-preview":"max-image-preview:large","max-video-preview":"max-video-preview:-1"},"canonical":"https:\/\/cultura.santjosep.org\/es\/agenda\/divendres-de-cine-la-vida-era-eso-amb-barbara-hermosilla\/","og_locale":"es_ES","og_type":"article","og_title":"Divendres de cine - \u2018La vida era eso' amb B\u00e1rbara Hermosilla - Cultura a Sant Josep de sa Talaia","og_description":"\u2018La vida era eso&#8217; | VOSE | 2020 | Presentaci\u00f3 amb B\u00e1rbara Hermosilla Duraci\u00f3: 109 min. Espanya Direcci\u00f3: David Mart\u00edn de los Santos Sinopsi:\u00a0Dues dones espanyoles de diferents generacions coincideixen &hellip; Seguir leyendo \u00abDivendres de cine &#8211; \u2018La vida era eso&#8217; amb B\u00e1rbara Hermosilla\u00bb","og_url":"https:\/\/cultura.santjosep.org\/es\/agenda\/divendres-de-cine-la-vida-era-eso-amb-barbara-hermosilla\/","og_site_name":"Cultura a Sant Josep de sa Talaia","article_publisher":"https:\/\/www.facebook.com\/Ajuntament-de-Sant-Josep-de-sa-Talaia-197541666931354\/","article_modified_time":"2024-01-09T11:58:16+00:00","og_image":[{"width":675,"height":400,"url":"https:\/\/cultura.santjosep.org\/wp-content\/uploads\/2024\/01\/la-vida-era-eso_20748811_20211211141547.jpg","type":"image\/jpeg"}],"twitter_card":"summary_large_image","twitter_site":"@DeTalaia","twitter_misc":{"Tiempo de lectura":"1 minuto"},"schema":{"@context":"https:\/\/schema.org","@graph":[{"@type":"WebPage","@id":"https:\/\/cultura.santjosep.org\/es\/agenda\/divendres-de-cine-la-vida-era-eso-amb-barbara-hermosilla\/","url":"https:\/\/cultura.santjosep.org\/es\/agenda\/divendres-de-cine-la-vida-era-eso-amb-barbara-hermosilla\/","name":"Divendres de cine - \u2018La vida era eso' amb B\u00e1rbara Hermosilla - Cultura a Sant Josep de sa Talaia","isPartOf":{"@id":"https:\/\/cultura.santjosep.org\/es\/#website"},"primaryImageOfPage":{"@id":"https:\/\/cultura.santjosep.org\/es\/agenda\/divendres-de-cine-la-vida-era-eso-amb-barbara-hermosilla\/#primaryimage"},"image":{"@id":"https:\/\/cultura.santjosep.org\/es\/agenda\/divendres-de-cine-la-vida-era-eso-amb-barbara-hermosilla\/#primaryimage"},"thumbnailUrl":"https:\/\/cultura.santjosep.org\/wp-content\/uploads\/2024\/01\/la-vida-era-eso_20748811_20211211141547.jpg","datePublished":"2024-01-09T11:52:22+00:00","dateModified":"2024-01-09T11:58:16+00:00","breadcrumb":{"@id":"https:\/\/cultura.santjosep.org\/es\/agenda\/divendres-de-cine-la-vida-era-eso-amb-barbara-hermosilla\/#breadcrumb"},"inLanguage":"es","potentialAction":[{"@type":"ReadAction","target":["https:\/\/cultura.santjosep.org\/es\/agenda\/divendres-de-cine-la-vida-era-eso-amb-barbara-hermosilla\/"]}]},{"@type":"ImageObject","inLanguage":"es","@id":"https:\/\/cultura.santjosep.org\/es\/agenda\/divendres-de-cine-la-vida-era-eso-amb-barbara-hermosilla\/#primaryimage","url":"https:\/\/cultura.santjosep.org\/wp-content\/uploads\/2024\/01\/la-vida-era-eso_20748811_20211211141547.jpg","contentUrl":"https:\/\/cultura.santjosep.org\/wp-content\/uploads\/2024\/01\/la-vida-era-eso_20748811_20211211141547.jpg","width":675,"height":400},{"@type":"BreadcrumbList","@id":"https:\/\/cultura.santjosep.org\/es\/agenda\/divendres-de-cine-la-vida-era-eso-amb-barbara-hermosilla\/#breadcrumb","itemListElement":[{"@type":"ListItem","position":1,"name":"Portada","item":"https:\/\/cultura.santjosep.org\/es\/"},{"@type":"ListItem","position":2,"name":"Eventos","item":"https:\/\/cultura.santjosep.org\/agenda\/"},{"@type":"ListItem","position":3,"name":"Divendres de cine &#8211; \u2018La vida era eso&#8217; amb B\u00e1rbara Hermosilla"}]},{"@type":"WebSite","@id":"https:\/\/cultura.santjosep.org\/es\/#website","url":"https:\/\/cultura.santjosep.org\/es\/","name":"Cultura a Sant Josep de sa Talaia","description":"","publisher":{"@id":"https:\/\/cultura.santjosep.org\/es\/#organization"},"potentialAction":[{"@type":"SearchAction","target":{"@type":"EntryPoint","urlTemplate":"https:\/\/cultura.santjosep.org\/es\/?s={search_term_string}"},"query-input":{"@type":"PropertyValueSpecification","valueRequired":true,"valueName":"search_term_string"}}],"inLanguage":"es"},{"@type":"Organization","@id":"https:\/\/cultura.santjosep.org\/es\/#organization","name":"Ajuntament de Sant Josep de sa Talaia","url":"https:\/\/cultura.santjosep.org\/es\/","logo":{"@type":"ImageObject","inLanguage":"es","@id":"https:\/\/cultura.santjosep.org\/es\/#\/schema\/logo\/image\/","url":"https:\/\/cultura.santjosep.org\/wp-content\/uploads\/2020\/10\/logocolor.jpg","contentUrl":"https:\/\/cultura.santjosep.org\/wp-content\/uploads\/2020\/10\/logocolor.jpg","width":250,"height":98,"caption":"Ajuntament de Sant Josep de sa Talaia"},"image":{"@id":"https:\/\/cultura.santjosep.org\/es\/#\/schema\/logo\/image\/"},"sameAs":["https:\/\/www.facebook.com\/Ajuntament-de-Sant-Josep-de-sa-Talaia-197541666931354\/","https:\/\/x.com\/DeTalaia","https:\/\/www.instagram.com\/sant_josep_de_sa_talaia\/"]}]}},"_links":{"self":[{"href":"https:\/\/cultura.santjosep.org\/es\/wp-json\/wp\/v2\/tribe_events\/21049","targetHints":{"allow":["GET"]}}],"collection":[{"href":"https:\/\/cultura.santjosep.org\/es\/wp-json\/wp\/v2\/tribe_events"}],"about":[{"href":"https:\/\/cultura.santjosep.org\/es\/wp-json\/wp\/v2\/types\/tribe_events"}],"author":[{"embeddable":true,"href":"https:\/\/cultura.santjosep.org\/es\/wp-json\/wp\/v2\/users\/1"}],"version-history":[{"count":0,"href":"https:\/\/cultura.santjosep.org\/es\/wp-json\/wp\/v2\/tribe_events\/21049\/revisions"}],"wp:featuredmedia":[{"embeddable":true,"href":"https:\/\/cultura.santjosep.org\/es\/wp-json\/wp\/v2\/media\/21047"}],"wp:attachment":[{"href":"https:\/\/cultura.santjosep.org\/es\/wp-json\/wp\/v2\/media?parent=21049"}],"wp:term":[{"taxonomy":"post_tag","embeddable":true,"href":"https:\/\/cultura.santjosep.org\/es\/wp-json\/wp\/v2\/tags?post=21049"},{"taxonomy":"tribe_events_cat","embeddable":true,"href":"https:\/\/cultura.santjosep.org\/es\/wp-json\/wp\/v2\/tribe_events_cat?post=21049"}],"curies":[{"name":"wp","href":"https:\/\/api.w.org\/{rel}","templated":true}]}}