{"id":21253,"date":"2024-02-07T15:13:27","date_gmt":"2024-02-07T14:13:27","guid":{"rendered":"https:\/\/cultura.santjosep.org\/agenda\/dia-de-la-dona-i-la-nena-a-la-ciencia\/"},"modified":"2024-02-07T15:13:27","modified_gmt":"2024-02-07T14:13:27","slug":"dia-de-la-dona-i-la-nena-a-la-ciencia","status":"publish","type":"tribe_events","link":"https:\/\/cultura.santjosep.org\/es\/agenda\/dia-de-la-dona-i-la-nena-a-la-ciencia\/","title":{"rendered":"Dia de la Dona i la nena a la Ci\u00e8ncia"},"content":{"rendered":"<p><strong>Dia de la Dona i la nena a la Ci\u00e8ncia<\/strong><\/p>\n<p><strong>9 de febrer | 18:30 h | AUDITORI CAL\u00d3 DE S&#8217;OLI<\/strong><br \/>\n&#8216;Hipdtia i l&#8217;hidrogen: el descobriment&#8217; a c\u00e0rrec d&#8217;Aida Ivars. P\u00fablic familiar.<\/p>\n<p><strong>12 de febrer | 17:30 h | BIBLIOTECA VICENT SERRA ORVAY<\/strong><br \/>\n&#8216;Descubriendo la naturaleza a trav\u00e9s del dibujo&#8217; amb Clara Cervinho, il\u00b7lustradora cient\u00edfica. Per a infants a partir de 7 anys.<br \/>\nExposici\u00f3 de libres a la biblioteca.<\/p>\n<p><strong>12 de febrer | 19:30 h | BIBLIOTECA<\/strong>\u00a0<strong>DE SANT JOSEP<\/strong><br \/>\nTert\u00falia. &#8216;Un tast de ci\u00eancia: l&#8217;experi\u00e8ncia de tres cient\u00edfiques josepines&#8217;. P\u00fablic jove\/adult.<\/p>\n<p><strong>14 de febrer | 17:30 | BIBLIOTECA DE CALA DE BOU<\/strong><br \/>\nTaller de &#8216;bitxos&#8217;, amb Teresa Mar\u00ed. Infants de 5 a 8 anys.<\/p>\n<p>&nbsp;<\/p>\n<p><img loading=\"lazy\" decoding=\"async\" class=\"alignnone size-full wp-image-21237\" src=\"https:\/\/cultura.santjosep.org\/wp-content\/uploads\/2024\/02\/CARTELL-DONA-CIE\u0300NCIA-2.png\" alt=\"\" width=\"1414\" height=\"2000\" srcset=\"https:\/\/cultura.santjosep.org\/wp-content\/uploads\/2024\/02\/CARTELL-DONA-CIE\u0300NCIA-2.png 1414w, https:\/\/cultura.santjosep.org\/wp-content\/uploads\/2024\/02\/CARTELL-DONA-CIE\u0300NCIA-2-212x300.png 212w, https:\/\/cultura.santjosep.org\/wp-content\/uploads\/2024\/02\/CARTELL-DONA-CIE\u0300NCIA-2-724x1024.png 724w, https:\/\/cultura.santjosep.org\/wp-content\/uploads\/2024\/02\/CARTELL-DONA-CIE\u0300NCIA-2-768x1086.png 768w, https:\/\/cultura.santjosep.org\/wp-content\/uploads\/2024\/02\/CARTELL-DONA-CIE\u0300NCIA-2-1086x1536.png 1086w, https:\/\/cultura.santjosep.org\/wp-content\/uploads\/2024\/02\/CARTELL-DONA-CIE\u0300NCIA-2-1320x1867.png 1320w\" sizes=\"auto, (max-width: 1414px) 100vw, 1414px\" \/><\/p>\n","protected":false},"excerpt":{"rendered":"<p>Dia de la Dona i la nena a la Ci\u00e8ncia 9 de febrer | 18:30 h | AUDITORI CAL\u00d3 DE S&#8217;OLI &#8216;Hipdtia i l&#8217;hidrogen: el descobriment&#8217; a c\u00e0rrec d&#8217;Aida Ivars. &hellip; <\/p>\n<p class=\"link-more\"><a href=\"https:\/\/cultura.santjosep.org\/es\/agenda\/dia-de-la-dona-i-la-nena-a-la-ciencia\/\" class=\"more-link\">Seguir leyendo<span class=\"screen-reader-text\"> \u00abDia de la Dona i la nena a la Ci\u00e8ncia\u00bb<\/span><\/a><\/p>\n","protected":false},"author":1,"featured_media":21243,"template":"","meta":{"_tribe_events_status":"","_tribe_events_status_reason":"","_tribe_events_is_hybrid":"","_tribe_events_is_virtual":"","_tribe_events_virtual_video_source":"","_tribe_events_virtual_embed_video":"","_tribe_events_virtual_linked_button_text":"","_tribe_events_virtual_linked_button":"","_tribe_events_virtual_show_embed_at":"","_tribe_events_virtual_show_embed_to":[],"_tribe_events_virtual_show_on_event":"","_tribe_events_virtual_show_on_views":"","_tribe_events_virtual_url":"","footnotes":""},"tags":[],"tribe_events_cat":[61],"class_list":["post-21253","tribe_events","type-tribe_events","status-publish","has-post-thumbnail","hentry","tribe_events_cat-otros","cat_otros","entry"],"yoast_head":"<!-- This site is optimized with the Yoast SEO plugin v26.6 - https:\/\/yoast.com\/wordpress\/plugins\/seo\/ -->\n<title>Dia de la Dona i la nena a la Ci\u00e8ncia - Cultura a Sant Josep de sa Talaia<\/title>\n<meta name=\"robots\" content=\"index, follow, max-snippet:-1, max-image-preview:large, max-video-preview:-1\" \/>\n<link rel=\"canonical\" href=\"https:\/\/cultura.santjosep.org\/es\/agenda\/dia-de-la-dona-i-la-nena-a-la-ciencia\/\" \/>\n<meta property=\"og:locale\" content=\"es_ES\" \/>\n<meta property=\"og:type\" content=\"article\" \/>\n<meta property=\"og:title\" content=\"Dia de la Dona i la nena a la Ci\u00e8ncia - Cultura a Sant Josep de sa Talaia\" \/>\n<meta property=\"og:description\" content=\"Dia de la Dona i la nena a la Ci\u00e8ncia 9 de febrer | 18:30 h | AUDITORI CAL\u00d3 DE S&#8217;OLI &#8216;Hipdtia i l&#8217;hidrogen: el descobriment&#8217; a c\u00e0rrec d&#8217;Aida Ivars. &hellip; Seguir leyendo \u00abDia de la Dona i la nena a la Ci\u00e8ncia\u00bb\" \/>\n<meta property=\"og:url\" content=\"https:\/\/cultura.santjosep.org\/es\/agenda\/dia-de-la-dona-i-la-nena-a-la-ciencia\/\" \/>\n<meta property=\"og:site_name\" content=\"Cultura a Sant Josep de sa Talaia\" \/>\n<meta property=\"article:publisher\" content=\"https:\/\/www.facebook.com\/Ajuntament-de-Sant-Josep-de-sa-Talaia-197541666931354\/\" \/>\n<meta name=\"twitter:card\" content=\"summary_large_image\" \/>\n<meta name=\"twitter:site\" content=\"@DeTalaia\" \/>\n<meta name=\"twitter:label1\" content=\"Tiempo de lectura\" \/>\n\t<meta name=\"twitter:data1\" content=\"1 minuto\" \/>\n<script type=\"application\/ld+json\" class=\"yoast-schema-graph\">{\"@context\":\"https:\/\/schema.org\",\"@graph\":[{\"@type\":\"WebPage\",\"@id\":\"https:\/\/cultura.santjosep.org\/es\/agenda\/dia-de-la-dona-i-la-nena-a-la-ciencia\/\",\"url\":\"https:\/\/cultura.santjosep.org\/es\/agenda\/dia-de-la-dona-i-la-nena-a-la-ciencia\/\",\"name\":\"Dia de la Dona i la nena a la Ci\u00e8ncia - Cultura a Sant Josep de sa Talaia\",\"isPartOf\":{\"@id\":\"https:\/\/cultura.santjosep.org\/es\/#website\"},\"primaryImageOfPage\":{\"@id\":\"https:\/\/cultura.santjosep.org\/es\/agenda\/dia-de-la-dona-i-la-nena-a-la-ciencia\/#primaryimage\"},\"image\":{\"@id\":\"https:\/\/cultura.santjosep.org\/es\/agenda\/dia-de-la-dona-i-la-nena-a-la-ciencia\/#primaryimage\"},\"thumbnailUrl\":\"https:\/\/cultura.santjosep.org\/wp-content\/uploads\/2024\/02\/CARTELL-DONA-CIE\u0300NCIA-2-copy.png\",\"datePublished\":\"2024-02-07T14:13:27+00:00\",\"breadcrumb\":{\"@id\":\"https:\/\/cultura.santjosep.org\/es\/agenda\/dia-de-la-dona-i-la-nena-a-la-ciencia\/#breadcrumb\"},\"inLanguage\":\"es\",\"potentialAction\":[{\"@type\":\"ReadAction\",\"target\":[\"https:\/\/cultura.santjosep.org\/es\/agenda\/dia-de-la-dona-i-la-nena-a-la-ciencia\/\"]}]},{\"@type\":\"ImageObject\",\"inLanguage\":\"es\",\"@id\":\"https:\/\/cultura.santjosep.org\/es\/agenda\/dia-de-la-dona-i-la-nena-a-la-ciencia\/#primaryimage\",\"url\":\"https:\/\/cultura.santjosep.org\/wp-content\/uploads\/2024\/02\/CARTELL-DONA-CIE\u0300NCIA-2-copy.png\",\"contentUrl\":\"https:\/\/cultura.santjosep.org\/wp-content\/uploads\/2024\/02\/CARTELL-DONA-CIE\u0300NCIA-2-copy.png\",\"width\":1414,\"height\":1000},{\"@type\":\"BreadcrumbList\",\"@id\":\"https:\/\/cultura.santjosep.org\/es\/agenda\/dia-de-la-dona-i-la-nena-a-la-ciencia\/#breadcrumb\",\"itemListElement\":[{\"@type\":\"ListItem\",\"position\":1,\"name\":\"Portada\",\"item\":\"https:\/\/cultura.santjosep.org\/es\/\"},{\"@type\":\"ListItem\",\"position\":2,\"name\":\"Eventos\",\"item\":\"https:\/\/cultura.santjosep.org\/agenda\/\"},{\"@type\":\"ListItem\",\"position\":3,\"name\":\"Dia de la Dona i la nena a la Ci\u00e8ncia\"}]},{\"@type\":\"WebSite\",\"@id\":\"https:\/\/cultura.santjosep.org\/es\/#website\",\"url\":\"https:\/\/cultura.santjosep.org\/es\/\",\"name\":\"Cultura a Sant Josep de sa Talaia\",\"description\":\"\",\"publisher\":{\"@id\":\"https:\/\/cultura.santjosep.org\/es\/#organization\"},\"potentialAction\":[{\"@type\":\"SearchAction\",\"target\":{\"@type\":\"EntryPoint\",\"urlTemplate\":\"https:\/\/cultura.santjosep.org\/es\/?s={search_term_string}\"},\"query-input\":{\"@type\":\"PropertyValueSpecification\",\"valueRequired\":true,\"valueName\":\"search_term_string\"}}],\"inLanguage\":\"es\"},{\"@type\":\"Organization\",\"@id\":\"https:\/\/cultura.santjosep.org\/es\/#organization\",\"name\":\"Ajuntament de Sant Josep de sa Talaia\",\"url\":\"https:\/\/cultura.santjosep.org\/es\/\",\"logo\":{\"@type\":\"ImageObject\",\"inLanguage\":\"es\",\"@id\":\"https:\/\/cultura.santjosep.org\/es\/#\/schema\/logo\/image\/\",\"url\":\"https:\/\/cultura.santjosep.org\/wp-content\/uploads\/2020\/10\/logocolor.jpg\",\"contentUrl\":\"https:\/\/cultura.santjosep.org\/wp-content\/uploads\/2020\/10\/logocolor.jpg\",\"width\":250,\"height\":98,\"caption\":\"Ajuntament de Sant Josep de sa Talaia\"},\"image\":{\"@id\":\"https:\/\/cultura.santjosep.org\/es\/#\/schema\/logo\/image\/\"},\"sameAs\":[\"https:\/\/www.facebook.com\/Ajuntament-de-Sant-Josep-de-sa-Talaia-197541666931354\/\",\"https:\/\/x.com\/DeTalaia\",\"https:\/\/www.instagram.com\/sant_josep_de_sa_talaia\/\"]}]}<\/script>\n<!-- \/ Yoast SEO plugin. -->","yoast_head_json":{"title":"Dia de la Dona i la nena a la Ci\u00e8ncia - Cultura a Sant Josep de sa Talaia","robots":{"index":"index","follow":"follow","max-snippet":"max-snippet:-1","max-image-preview":"max-image-preview:large","max-video-preview":"max-video-preview:-1"},"canonical":"https:\/\/cultura.santjosep.org\/es\/agenda\/dia-de-la-dona-i-la-nena-a-la-ciencia\/","og_locale":"es_ES","og_type":"article","og_title":"Dia de la Dona i la nena a la Ci\u00e8ncia - Cultura a Sant Josep de sa Talaia","og_description":"Dia de la Dona i la nena a la Ci\u00e8ncia 9 de febrer | 18:30 h | AUDITORI CAL\u00d3 DE S&#8217;OLI &#8216;Hipdtia i l&#8217;hidrogen: el descobriment&#8217; a c\u00e0rrec d&#8217;Aida Ivars. &hellip; Seguir leyendo \u00abDia de la Dona i la nena a la Ci\u00e8ncia\u00bb","og_url":"https:\/\/cultura.santjosep.org\/es\/agenda\/dia-de-la-dona-i-la-nena-a-la-ciencia\/","og_site_name":"Cultura a Sant Josep de sa Talaia","article_publisher":"https:\/\/www.facebook.com\/Ajuntament-de-Sant-Josep-de-sa-Talaia-197541666931354\/","twitter_card":"summary_large_image","twitter_site":"@DeTalaia","twitter_misc":{"Tiempo de lectura":"1 minuto"},"schema":{"@context":"https:\/\/schema.org","@graph":[{"@type":"WebPage","@id":"https:\/\/cultura.santjosep.org\/es\/agenda\/dia-de-la-dona-i-la-nena-a-la-ciencia\/","url":"https:\/\/cultura.santjosep.org\/es\/agenda\/dia-de-la-dona-i-la-nena-a-la-ciencia\/","name":"Dia de la Dona i la nena a la Ci\u00e8ncia - Cultura a Sant Josep de sa Talaia","isPartOf":{"@id":"https:\/\/cultura.santjosep.org\/es\/#website"},"primaryImageOfPage":{"@id":"https:\/\/cultura.santjosep.org\/es\/agenda\/dia-de-la-dona-i-la-nena-a-la-ciencia\/#primaryimage"},"image":{"@id":"https:\/\/cultura.santjosep.org\/es\/agenda\/dia-de-la-dona-i-la-nena-a-la-ciencia\/#primaryimage"},"thumbnailUrl":"https:\/\/cultura.santjosep.org\/wp-content\/uploads\/2024\/02\/CARTELL-DONA-CIE\u0300NCIA-2-copy.png","datePublished":"2024-02-07T14:13:27+00:00","breadcrumb":{"@id":"https:\/\/cultura.santjosep.org\/es\/agenda\/dia-de-la-dona-i-la-nena-a-la-ciencia\/#breadcrumb"},"inLanguage":"es","potentialAction":[{"@type":"ReadAction","target":["https:\/\/cultura.santjosep.org\/es\/agenda\/dia-de-la-dona-i-la-nena-a-la-ciencia\/"]}]},{"@type":"ImageObject","inLanguage":"es","@id":"https:\/\/cultura.santjosep.org\/es\/agenda\/dia-de-la-dona-i-la-nena-a-la-ciencia\/#primaryimage","url":"https:\/\/cultura.santjosep.org\/wp-content\/uploads\/2024\/02\/CARTELL-DONA-CIE\u0300NCIA-2-copy.png","contentUrl":"https:\/\/cultura.santjosep.org\/wp-content\/uploads\/2024\/02\/CARTELL-DONA-CIE\u0300NCIA-2-copy.png","width":1414,"height":1000},{"@type":"BreadcrumbList","@id":"https:\/\/cultura.santjosep.org\/es\/agenda\/dia-de-la-dona-i-la-nena-a-la-ciencia\/#breadcrumb","itemListElement":[{"@type":"ListItem","position":1,"name":"Portada","item":"https:\/\/cultura.santjosep.org\/es\/"},{"@type":"ListItem","position":2,"name":"Eventos","item":"https:\/\/cultura.santjosep.org\/agenda\/"},{"@type":"ListItem","position":3,"name":"Dia de la Dona i la nena a la Ci\u00e8ncia"}]},{"@type":"WebSite","@id":"https:\/\/cultura.santjosep.org\/es\/#website","url":"https:\/\/cultura.santjosep.org\/es\/","name":"Cultura a Sant Josep de sa Talaia","description":"","publisher":{"@id":"https:\/\/cultura.santjosep.org\/es\/#organization"},"potentialAction":[{"@type":"SearchAction","target":{"@type":"EntryPoint","urlTemplate":"https:\/\/cultura.santjosep.org\/es\/?s={search_term_string}"},"query-input":{"@type":"PropertyValueSpecification","valueRequired":true,"valueName":"search_term_string"}}],"inLanguage":"es"},{"@type":"Organization","@id":"https:\/\/cultura.santjosep.org\/es\/#organization","name":"Ajuntament de Sant Josep de sa Talaia","url":"https:\/\/cultura.santjosep.org\/es\/","logo":{"@type":"ImageObject","inLanguage":"es","@id":"https:\/\/cultura.santjosep.org\/es\/#\/schema\/logo\/image\/","url":"https:\/\/cultura.santjosep.org\/wp-content\/uploads\/2020\/10\/logocolor.jpg","contentUrl":"https:\/\/cultura.santjosep.org\/wp-content\/uploads\/2020\/10\/logocolor.jpg","width":250,"height":98,"caption":"Ajuntament de Sant Josep de sa Talaia"},"image":{"@id":"https:\/\/cultura.santjosep.org\/es\/#\/schema\/logo\/image\/"},"sameAs":["https:\/\/www.facebook.com\/Ajuntament-de-Sant-Josep-de-sa-Talaia-197541666931354\/","https:\/\/x.com\/DeTalaia","https:\/\/www.instagram.com\/sant_josep_de_sa_talaia\/"]}]}},"_links":{"self":[{"href":"https:\/\/cultura.santjosep.org\/es\/wp-json\/wp\/v2\/tribe_events\/21253","targetHints":{"allow":["GET"]}}],"collection":[{"href":"https:\/\/cultura.santjosep.org\/es\/wp-json\/wp\/v2\/tribe_events"}],"about":[{"href":"https:\/\/cultura.santjosep.org\/es\/wp-json\/wp\/v2\/types\/tribe_events"}],"author":[{"embeddable":true,"href":"https:\/\/cultura.santjosep.org\/es\/wp-json\/wp\/v2\/users\/1"}],"version-history":[{"count":0,"href":"https:\/\/cultura.santjosep.org\/es\/wp-json\/wp\/v2\/tribe_events\/21253\/revisions"}],"wp:featuredmedia":[{"embeddable":true,"href":"https:\/\/cultura.santjosep.org\/es\/wp-json\/wp\/v2\/media\/21243"}],"wp:attachment":[{"href":"https:\/\/cultura.santjosep.org\/es\/wp-json\/wp\/v2\/media?parent=21253"}],"wp:term":[{"taxonomy":"post_tag","embeddable":true,"href":"https:\/\/cultura.santjosep.org\/es\/wp-json\/wp\/v2\/tags?post=21253"},{"taxonomy":"tribe_events_cat","embeddable":true,"href":"https:\/\/cultura.santjosep.org\/es\/wp-json\/wp\/v2\/tribe_events_cat?post=21253"}],"curies":[{"name":"wp","href":"https:\/\/api.w.org\/{rel}","templated":true}]}}