{"id":21312,"date":"2024-02-07T15:52:55","date_gmt":"2024-02-07T14:52:55","guid":{"rendered":"https:\/\/cultura.santjosep.org\/agenda\/ibzcf-25-02\/"},"modified":"2024-02-07T15:53:44","modified_gmt":"2024-02-07T14:53:44","slug":"ibzcf-25-02","status":"publish","type":"tribe_events","link":"https:\/\/cultura.santjosep.org\/es\/agenda\/ibzcf-25-02\/","title":{"rendered":"IBZCF &#8211; 25\/02"},"content":{"rendered":"<p>&#8211; 12:00 PROGRAMACI\u00d3 INFANTIL CINEKIDS (90&#8242;)<br \/>\nMostra no competitiva de curtmetratges d&#8217;animaci\u00f3 internacionals per a p\u00fablic infantil i familiar a un programa d&#8217;11 curtmetratges d&#8217;animaci\u00f3 de diferents t\u00e8cniques. \u279d <a href=\"https:\/\/www.eventbrite.es\/e\/entradas-cinekids-ibzcf24-825083826937\">RESERVA LA TEVA ENTRADA GRATU\u00cfTA<\/a><\/p>\n<p><img loading=\"lazy\" decoding=\"async\" class=\"alignnone size-full wp-image-21301\" src=\"https:\/\/cultura.santjosep.org\/wp-content\/uploads\/2024\/02\/03_DIUMENGE-25F_POST_02.jpg\" alt=\"\" width=\"1080\" height=\"1080\" srcset=\"https:\/\/cultura.santjosep.org\/wp-content\/uploads\/2024\/02\/03_DIUMENGE-25F_POST_02.jpg 1080w, https:\/\/cultura.santjosep.org\/wp-content\/uploads\/2024\/02\/03_DIUMENGE-25F_POST_02-300x300.jpg 300w, https:\/\/cultura.santjosep.org\/wp-content\/uploads\/2024\/02\/03_DIUMENGE-25F_POST_02-1024x1024.jpg 1024w, https:\/\/cultura.santjosep.org\/wp-content\/uploads\/2024\/02\/03_DIUMENGE-25F_POST_02-150x150.jpg 150w, https:\/\/cultura.santjosep.org\/wp-content\/uploads\/2024\/02\/03_DIUMENGE-25F_POST_02-768x768.jpg 768w\" sizes=\"auto, (max-width: 1080px) 100vw, 1080px\" \/><br \/>\n\u2014 17:00 SELECCI\u00d3 CURTS NACIONALS \u279d <a href=\"https:\/\/www.eventbrite.es\/e\/entradas-seleccion-cortos-nacionales-825093546007\">RESERVA LA TEVA ENTRADA GRATU\u00cfTA<\/a><\/p>\n<p><img loading=\"lazy\" decoding=\"async\" class=\"alignnone size-full wp-image-21303\" src=\"https:\/\/cultura.santjosep.org\/wp-content\/uploads\/2024\/02\/03_DIUMENGE-25F_POST_03.jpg\" alt=\"\" width=\"1080\" height=\"1080\" srcset=\"https:\/\/cultura.santjosep.org\/wp-content\/uploads\/2024\/02\/03_DIUMENGE-25F_POST_03.jpg 1080w, https:\/\/cultura.santjosep.org\/wp-content\/uploads\/2024\/02\/03_DIUMENGE-25F_POST_03-300x300.jpg 300w, https:\/\/cultura.santjosep.org\/wp-content\/uploads\/2024\/02\/03_DIUMENGE-25F_POST_03-1024x1024.jpg 1024w, https:\/\/cultura.santjosep.org\/wp-content\/uploads\/2024\/02\/03_DIUMENGE-25F_POST_03-150x150.jpg 150w, https:\/\/cultura.santjosep.org\/wp-content\/uploads\/2024\/02\/03_DIUMENGE-25F_POST_03-768x768.jpg 768w\" sizes=\"auto, (max-width: 1080px) 100vw, 1080px\" \/><br \/>\n\u2014 19:00 GALL VERMELL QA amb el director Enrique Garcia V\u00e1zquez i l&#8217;actriu Mar\u00eda del Pi \u279d <a href=\"https:\/\/www.eventbrite.es\/e\/entradas-proyeccion-ibzcf24-gallo-rojotalk-con-el-director-y-la-actriz-principal-825096203957\">RESERVA LA TEVA ENTRADA GRATU\u00cfTA<\/a><\/p>\n<p><img loading=\"lazy\" decoding=\"async\" class=\"alignnone size-full wp-image-21305\" src=\"https:\/\/cultura.santjosep.org\/wp-content\/uploads\/2024\/02\/03_DIUMENGE-25F_POST_04.jpg\" alt=\"\" width=\"1080\" height=\"1080\" srcset=\"https:\/\/cultura.santjosep.org\/wp-content\/uploads\/2024\/02\/03_DIUMENGE-25F_POST_04.jpg 1080w, https:\/\/cultura.santjosep.org\/wp-content\/uploads\/2024\/02\/03_DIUMENGE-25F_POST_04-300x300.jpg 300w, https:\/\/cultura.santjosep.org\/wp-content\/uploads\/2024\/02\/03_DIUMENGE-25F_POST_04-1024x1024.jpg 1024w, https:\/\/cultura.santjosep.org\/wp-content\/uploads\/2024\/02\/03_DIUMENGE-25F_POST_04-150x150.jpg 150w, https:\/\/cultura.santjosep.org\/wp-content\/uploads\/2024\/02\/03_DIUMENGE-25F_POST_04-768x768.jpg 768w\" sizes=\"auto, (max-width: 1080px) 100vw, 1080px\" \/><br \/>\n\u2014 20:30 LA GRAN OBRA (CURTO) + UNICORNS QA amb el director \u00c0lex Lora \u279d <a href=\"https:\/\/www.eventbrite.es\/e\/entradas-proyeccion-ibzcf24-la-gran-obra-corto-unicorns-qa-con-el-director-825100827787\">RESERVA LA TEVA ENTRADA GRATU\u00cfTA<\/a><\/p>\n<p><img loading=\"lazy\" decoding=\"async\" class=\"alignnone size-full wp-image-21307\" src=\"https:\/\/cultura.santjosep.org\/wp-content\/uploads\/2024\/02\/03_DIUMENGE-25F_POST_05.jpg\" alt=\"\" width=\"1080\" height=\"1080\" srcset=\"https:\/\/cultura.santjosep.org\/wp-content\/uploads\/2024\/02\/03_DIUMENGE-25F_POST_05.jpg 1080w, https:\/\/cultura.santjosep.org\/wp-content\/uploads\/2024\/02\/03_DIUMENGE-25F_POST_05-300x300.jpg 300w, https:\/\/cultura.santjosep.org\/wp-content\/uploads\/2024\/02\/03_DIUMENGE-25F_POST_05-1024x1024.jpg 1024w, https:\/\/cultura.santjosep.org\/wp-content\/uploads\/2024\/02\/03_DIUMENGE-25F_POST_05-150x150.jpg 150w, https:\/\/cultura.santjosep.org\/wp-content\/uploads\/2024\/02\/03_DIUMENGE-25F_POST_05-768x768.jpg 768w\" sizes=\"auto, (max-width: 1080px) 100vw, 1080px\" \/><\/p>\n","protected":false},"excerpt":{"rendered":"<p>&#8211; 12:00 PROGRAMACI\u00d3 INFANTIL CINEKIDS (90&#8242;) Mostra no competitiva de curtmetratges d&#8217;animaci\u00f3 internacionals per a p\u00fablic infantil i familiar a un programa d&#8217;11 curtmetratges d&#8217;animaci\u00f3 de diferents t\u00e8cniques. \u279d RESERVA &hellip; <\/p>\n<p class=\"link-more\"><a href=\"https:\/\/cultura.santjosep.org\/es\/agenda\/ibzcf-25-02\/\" class=\"more-link\">Seguir leyendo<span class=\"screen-reader-text\"> \u00abIBZCF &#8211; 25\/02\u00bb<\/span><\/a><\/p>\n","protected":false},"author":1,"featured_media":21310,"template":"","meta":{"_tribe_events_status":"","_tribe_events_status_reason":"","_tribe_events_is_hybrid":"","_tribe_events_is_virtual":"","_tribe_events_virtual_video_source":"","_tribe_events_virtual_embed_video":"","_tribe_events_virtual_linked_button_text":"","_tribe_events_virtual_linked_button":"","_tribe_events_virtual_show_embed_at":"","_tribe_events_virtual_show_embed_to":[],"_tribe_events_virtual_show_on_event":"","_tribe_events_virtual_show_on_views":"","_tribe_events_virtual_url":"","footnotes":""},"tags":[],"tribe_events_cat":[120],"class_list":["post-21312","tribe_events","type-tribe_events","status-publish","has-post-thumbnail","hentry","tribe_events_cat-ibiza-cine-fest-es","cat_ibiza-cine-fest-es","entry"],"yoast_head":"<!-- This site is optimized with the Yoast SEO plugin v26.6 - https:\/\/yoast.com\/wordpress\/plugins\/seo\/ -->\n<title>IBZCF - 25\/02 - Cultura a Sant Josep de sa Talaia<\/title>\n<meta name=\"robots\" content=\"index, follow, max-snippet:-1, max-image-preview:large, max-video-preview:-1\" \/>\n<link rel=\"canonical\" href=\"https:\/\/cultura.santjosep.org\/es\/agenda\/ibzcf-25-02\/\" \/>\n<meta property=\"og:locale\" content=\"es_ES\" \/>\n<meta property=\"og:type\" content=\"article\" \/>\n<meta property=\"og:title\" content=\"IBZCF - 25\/02 - Cultura a Sant Josep de sa Talaia\" \/>\n<meta property=\"og:description\" content=\"&#8211; 12:00 PROGRAMACI\u00d3 INFANTIL CINEKIDS (90&#8242;) Mostra no competitiva de curtmetratges d&#8217;animaci\u00f3 internacionals per a p\u00fablic infantil i familiar a un programa d&#8217;11 curtmetratges d&#8217;animaci\u00f3 de diferents t\u00e8cniques. \u279d RESERVA &hellip; Seguir leyendo \u00abIBZCF &#8211; 25\/02\u00bb\" \/>\n<meta property=\"og:url\" content=\"https:\/\/cultura.santjosep.org\/es\/agenda\/ibzcf-25-02\/\" \/>\n<meta property=\"og:site_name\" content=\"Cultura a Sant Josep de sa Talaia\" \/>\n<meta property=\"article:publisher\" content=\"https:\/\/www.facebook.com\/Ajuntament-de-Sant-Josep-de-sa-Talaia-197541666931354\/\" \/>\n<meta property=\"article:modified_time\" content=\"2024-02-07T14:53:44+00:00\" \/>\n<meta property=\"og:image\" content=\"https:\/\/cultura.santjosep.org\/wp-content\/uploads\/2024\/02\/03_DIUMENGE-25F_POST_01.jpg\" \/>\n\t<meta property=\"og:image:width\" content=\"1080\" \/>\n\t<meta property=\"og:image:height\" content=\"1080\" \/>\n\t<meta property=\"og:image:type\" content=\"image\/jpeg\" \/>\n<meta name=\"twitter:card\" content=\"summary_large_image\" \/>\n<meta name=\"twitter:site\" content=\"@DeTalaia\" \/>\n<script type=\"application\/ld+json\" class=\"yoast-schema-graph\">{\"@context\":\"https:\/\/schema.org\",\"@graph\":[{\"@type\":\"WebPage\",\"@id\":\"https:\/\/cultura.santjosep.org\/es\/agenda\/ibzcf-25-02\/\",\"url\":\"https:\/\/cultura.santjosep.org\/es\/agenda\/ibzcf-25-02\/\",\"name\":\"IBZCF - 25\/02 - Cultura a Sant Josep de sa Talaia\",\"isPartOf\":{\"@id\":\"https:\/\/cultura.santjosep.org\/es\/#website\"},\"primaryImageOfPage\":{\"@id\":\"https:\/\/cultura.santjosep.org\/es\/agenda\/ibzcf-25-02\/#primaryimage\"},\"image\":{\"@id\":\"https:\/\/cultura.santjosep.org\/es\/agenda\/ibzcf-25-02\/#primaryimage\"},\"thumbnailUrl\":\"https:\/\/cultura.santjosep.org\/wp-content\/uploads\/2024\/02\/03_DIUMENGE-25F_POST_01.jpg\",\"datePublished\":\"2024-02-07T14:52:55+00:00\",\"dateModified\":\"2024-02-07T14:53:44+00:00\",\"breadcrumb\":{\"@id\":\"https:\/\/cultura.santjosep.org\/es\/agenda\/ibzcf-25-02\/#breadcrumb\"},\"inLanguage\":\"es\",\"potentialAction\":[{\"@type\":\"ReadAction\",\"target\":[\"https:\/\/cultura.santjosep.org\/es\/agenda\/ibzcf-25-02\/\"]}]},{\"@type\":\"ImageObject\",\"inLanguage\":\"es\",\"@id\":\"https:\/\/cultura.santjosep.org\/es\/agenda\/ibzcf-25-02\/#primaryimage\",\"url\":\"https:\/\/cultura.santjosep.org\/wp-content\/uploads\/2024\/02\/03_DIUMENGE-25F_POST_01.jpg\",\"contentUrl\":\"https:\/\/cultura.santjosep.org\/wp-content\/uploads\/2024\/02\/03_DIUMENGE-25F_POST_01.jpg\",\"width\":1080,\"height\":1080},{\"@type\":\"BreadcrumbList\",\"@id\":\"https:\/\/cultura.santjosep.org\/es\/agenda\/ibzcf-25-02\/#breadcrumb\",\"itemListElement\":[{\"@type\":\"ListItem\",\"position\":1,\"name\":\"Portada\",\"item\":\"https:\/\/cultura.santjosep.org\/es\/\"},{\"@type\":\"ListItem\",\"position\":2,\"name\":\"Eventos\",\"item\":\"https:\/\/cultura.santjosep.org\/agenda\/\"},{\"@type\":\"ListItem\",\"position\":3,\"name\":\"IBZCF &#8211; 25\/02\"}]},{\"@type\":\"WebSite\",\"@id\":\"https:\/\/cultura.santjosep.org\/es\/#website\",\"url\":\"https:\/\/cultura.santjosep.org\/es\/\",\"name\":\"Cultura a Sant Josep de sa Talaia\",\"description\":\"\",\"publisher\":{\"@id\":\"https:\/\/cultura.santjosep.org\/es\/#organization\"},\"potentialAction\":[{\"@type\":\"SearchAction\",\"target\":{\"@type\":\"EntryPoint\",\"urlTemplate\":\"https:\/\/cultura.santjosep.org\/es\/?s={search_term_string}\"},\"query-input\":{\"@type\":\"PropertyValueSpecification\",\"valueRequired\":true,\"valueName\":\"search_term_string\"}}],\"inLanguage\":\"es\"},{\"@type\":\"Organization\",\"@id\":\"https:\/\/cultura.santjosep.org\/es\/#organization\",\"name\":\"Ajuntament de Sant Josep de sa Talaia\",\"url\":\"https:\/\/cultura.santjosep.org\/es\/\",\"logo\":{\"@type\":\"ImageObject\",\"inLanguage\":\"es\",\"@id\":\"https:\/\/cultura.santjosep.org\/es\/#\/schema\/logo\/image\/\",\"url\":\"https:\/\/cultura.santjosep.org\/wp-content\/uploads\/2020\/10\/logocolor.jpg\",\"contentUrl\":\"https:\/\/cultura.santjosep.org\/wp-content\/uploads\/2020\/10\/logocolor.jpg\",\"width\":250,\"height\":98,\"caption\":\"Ajuntament de Sant Josep de sa Talaia\"},\"image\":{\"@id\":\"https:\/\/cultura.santjosep.org\/es\/#\/schema\/logo\/image\/\"},\"sameAs\":[\"https:\/\/www.facebook.com\/Ajuntament-de-Sant-Josep-de-sa-Talaia-197541666931354\/\",\"https:\/\/x.com\/DeTalaia\",\"https:\/\/www.instagram.com\/sant_josep_de_sa_talaia\/\"]}]}<\/script>\n<!-- \/ Yoast SEO plugin. -->","yoast_head_json":{"title":"IBZCF - 25\/02 - Cultura a Sant Josep de sa Talaia","robots":{"index":"index","follow":"follow","max-snippet":"max-snippet:-1","max-image-preview":"max-image-preview:large","max-video-preview":"max-video-preview:-1"},"canonical":"https:\/\/cultura.santjosep.org\/es\/agenda\/ibzcf-25-02\/","og_locale":"es_ES","og_type":"article","og_title":"IBZCF - 25\/02 - Cultura a Sant Josep de sa Talaia","og_description":"&#8211; 12:00 PROGRAMACI\u00d3 INFANTIL CINEKIDS (90&#8242;) Mostra no competitiva de curtmetratges d&#8217;animaci\u00f3 internacionals per a p\u00fablic infantil i familiar a un programa d&#8217;11 curtmetratges d&#8217;animaci\u00f3 de diferents t\u00e8cniques. \u279d RESERVA &hellip; Seguir leyendo \u00abIBZCF &#8211; 25\/02\u00bb","og_url":"https:\/\/cultura.santjosep.org\/es\/agenda\/ibzcf-25-02\/","og_site_name":"Cultura a Sant Josep de sa Talaia","article_publisher":"https:\/\/www.facebook.com\/Ajuntament-de-Sant-Josep-de-sa-Talaia-197541666931354\/","article_modified_time":"2024-02-07T14:53:44+00:00","og_image":[{"width":1080,"height":1080,"url":"https:\/\/cultura.santjosep.org\/wp-content\/uploads\/2024\/02\/03_DIUMENGE-25F_POST_01.jpg","type":"image\/jpeg"}],"twitter_card":"summary_large_image","twitter_site":"@DeTalaia","schema":{"@context":"https:\/\/schema.org","@graph":[{"@type":"WebPage","@id":"https:\/\/cultura.santjosep.org\/es\/agenda\/ibzcf-25-02\/","url":"https:\/\/cultura.santjosep.org\/es\/agenda\/ibzcf-25-02\/","name":"IBZCF - 25\/02 - Cultura a Sant Josep de sa Talaia","isPartOf":{"@id":"https:\/\/cultura.santjosep.org\/es\/#website"},"primaryImageOfPage":{"@id":"https:\/\/cultura.santjosep.org\/es\/agenda\/ibzcf-25-02\/#primaryimage"},"image":{"@id":"https:\/\/cultura.santjosep.org\/es\/agenda\/ibzcf-25-02\/#primaryimage"},"thumbnailUrl":"https:\/\/cultura.santjosep.org\/wp-content\/uploads\/2024\/02\/03_DIUMENGE-25F_POST_01.jpg","datePublished":"2024-02-07T14:52:55+00:00","dateModified":"2024-02-07T14:53:44+00:00","breadcrumb":{"@id":"https:\/\/cultura.santjosep.org\/es\/agenda\/ibzcf-25-02\/#breadcrumb"},"inLanguage":"es","potentialAction":[{"@type":"ReadAction","target":["https:\/\/cultura.santjosep.org\/es\/agenda\/ibzcf-25-02\/"]}]},{"@type":"ImageObject","inLanguage":"es","@id":"https:\/\/cultura.santjosep.org\/es\/agenda\/ibzcf-25-02\/#primaryimage","url":"https:\/\/cultura.santjosep.org\/wp-content\/uploads\/2024\/02\/03_DIUMENGE-25F_POST_01.jpg","contentUrl":"https:\/\/cultura.santjosep.org\/wp-content\/uploads\/2024\/02\/03_DIUMENGE-25F_POST_01.jpg","width":1080,"height":1080},{"@type":"BreadcrumbList","@id":"https:\/\/cultura.santjosep.org\/es\/agenda\/ibzcf-25-02\/#breadcrumb","itemListElement":[{"@type":"ListItem","position":1,"name":"Portada","item":"https:\/\/cultura.santjosep.org\/es\/"},{"@type":"ListItem","position":2,"name":"Eventos","item":"https:\/\/cultura.santjosep.org\/agenda\/"},{"@type":"ListItem","position":3,"name":"IBZCF &#8211; 25\/02"}]},{"@type":"WebSite","@id":"https:\/\/cultura.santjosep.org\/es\/#website","url":"https:\/\/cultura.santjosep.org\/es\/","name":"Cultura a Sant Josep de sa Talaia","description":"","publisher":{"@id":"https:\/\/cultura.santjosep.org\/es\/#organization"},"potentialAction":[{"@type":"SearchAction","target":{"@type":"EntryPoint","urlTemplate":"https:\/\/cultura.santjosep.org\/es\/?s={search_term_string}"},"query-input":{"@type":"PropertyValueSpecification","valueRequired":true,"valueName":"search_term_string"}}],"inLanguage":"es"},{"@type":"Organization","@id":"https:\/\/cultura.santjosep.org\/es\/#organization","name":"Ajuntament de Sant Josep de sa Talaia","url":"https:\/\/cultura.santjosep.org\/es\/","logo":{"@type":"ImageObject","inLanguage":"es","@id":"https:\/\/cultura.santjosep.org\/es\/#\/schema\/logo\/image\/","url":"https:\/\/cultura.santjosep.org\/wp-content\/uploads\/2020\/10\/logocolor.jpg","contentUrl":"https:\/\/cultura.santjosep.org\/wp-content\/uploads\/2020\/10\/logocolor.jpg","width":250,"height":98,"caption":"Ajuntament de Sant Josep de sa Talaia"},"image":{"@id":"https:\/\/cultura.santjosep.org\/es\/#\/schema\/logo\/image\/"},"sameAs":["https:\/\/www.facebook.com\/Ajuntament-de-Sant-Josep-de-sa-Talaia-197541666931354\/","https:\/\/x.com\/DeTalaia","https:\/\/www.instagram.com\/sant_josep_de_sa_talaia\/"]}]}},"_links":{"self":[{"href":"https:\/\/cultura.santjosep.org\/es\/wp-json\/wp\/v2\/tribe_events\/21312","targetHints":{"allow":["GET"]}}],"collection":[{"href":"https:\/\/cultura.santjosep.org\/es\/wp-json\/wp\/v2\/tribe_events"}],"about":[{"href":"https:\/\/cultura.santjosep.org\/es\/wp-json\/wp\/v2\/types\/tribe_events"}],"author":[{"embeddable":true,"href":"https:\/\/cultura.santjosep.org\/es\/wp-json\/wp\/v2\/users\/1"}],"version-history":[{"count":0,"href":"https:\/\/cultura.santjosep.org\/es\/wp-json\/wp\/v2\/tribe_events\/21312\/revisions"}],"wp:featuredmedia":[{"embeddable":true,"href":"https:\/\/cultura.santjosep.org\/es\/wp-json\/wp\/v2\/media\/21310"}],"wp:attachment":[{"href":"https:\/\/cultura.santjosep.org\/es\/wp-json\/wp\/v2\/media?parent=21312"}],"wp:term":[{"taxonomy":"post_tag","embeddable":true,"href":"https:\/\/cultura.santjosep.org\/es\/wp-json\/wp\/v2\/tags?post=21312"},{"taxonomy":"tribe_events_cat","embeddable":true,"href":"https:\/\/cultura.santjosep.org\/es\/wp-json\/wp\/v2\/tribe_events_cat?post=21312"}],"curies":[{"name":"wp","href":"https:\/\/api.w.org\/{rel}","templated":true}]}}