{"id":21383,"date":"2024-02-07T16:13:08","date_gmt":"2024-02-07T15:13:08","guid":{"rendered":"https:\/\/cultura.santjosep.org\/agenda\/ibzcf-2-01\/"},"modified":"2024-02-07T16:20:58","modified_gmt":"2024-02-07T15:20:58","slug":"ibzcf-2-03","status":"publish","type":"tribe_events","link":"https:\/\/cultura.santjosep.org\/es\/agenda\/ibzcf-2-03\/","title":{"rendered":"IBZCF &#8211; 2\/03"},"content":{"rendered":"<p>\u2014 17:00 SELECCI\u00d3 CURTS NACIONALS QA amb el director Jiajie Yu Yan \u279d <a href=\"https:\/\/www.eventbrite.es\/e\/entradas-seleccion-cortos-nacionales-qa-con-el-director-jiajie-yu-yan-825427916117\">RESERVA LA TEVA ENTRADA GRATU\u00cfTA<\/a><br \/>\n<img loading=\"lazy\" decoding=\"async\" class=\"alignnone size-full wp-image-21372\" src=\"https:\/\/cultura.santjosep.org\/wp-content\/uploads\/2024\/02\/09_DISSABTE-2M_POST_05.jpg\" alt=\"\" width=\"1080\" height=\"1080\" srcset=\"https:\/\/cultura.santjosep.org\/wp-content\/uploads\/2024\/02\/09_DISSABTE-2M_POST_05.jpg 1080w, https:\/\/cultura.santjosep.org\/wp-content\/uploads\/2024\/02\/09_DISSABTE-2M_POST_05-300x300.jpg 300w, https:\/\/cultura.santjosep.org\/wp-content\/uploads\/2024\/02\/09_DISSABTE-2M_POST_05-1024x1024.jpg 1024w, https:\/\/cultura.santjosep.org\/wp-content\/uploads\/2024\/02\/09_DISSABTE-2M_POST_05-150x150.jpg 150w, https:\/\/cultura.santjosep.org\/wp-content\/uploads\/2024\/02\/09_DISSABTE-2M_POST_05-768x768.jpg 768w\" sizes=\"auto, (max-width: 1080px) 100vw, 1080px\" \/><\/p>\n<p>\u2014 19:00 GOODBYE JULIA Mohamed Kordofani \u279d <a href=\"https:\/\/www.eventbrite.es\/e\/entradas-proyeccion-ibzcf24-goodbye-julia-dir-mohamed-kordofani-825432469737\">RESERVA LA TEVA ENTRADA GRATU\u00cfTA<\/a><br \/>\n<img loading=\"lazy\" decoding=\"async\" class=\"alignnone size-full wp-image-21374\" src=\"https:\/\/cultura.santjosep.org\/wp-content\/uploads\/2024\/02\/09_DISSABTE-2M_POST_06.jpg\" alt=\"\" width=\"1080\" height=\"1080\" srcset=\"https:\/\/cultura.santjosep.org\/wp-content\/uploads\/2024\/02\/09_DISSABTE-2M_POST_06.jpg 1080w, https:\/\/cultura.santjosep.org\/wp-content\/uploads\/2024\/02\/09_DISSABTE-2M_POST_06-300x300.jpg 300w, https:\/\/cultura.santjosep.org\/wp-content\/uploads\/2024\/02\/09_DISSABTE-2M_POST_06-1024x1024.jpg 1024w, https:\/\/cultura.santjosep.org\/wp-content\/uploads\/2024\/02\/09_DISSABTE-2M_POST_06-150x150.jpg 150w, https:\/\/cultura.santjosep.org\/wp-content\/uploads\/2024\/02\/09_DISSABTE-2M_POST_06-768x768.jpg 768w\" sizes=\"auto, (max-width: 1080px) 100vw, 1080px\" \/><\/p>\n<p>\u2014 20:30 LA IMATGE PERMANENT QA amb la directora Laura Ferr\u00e9s \u279d <a href=\"https:\/\/www.eventbrite.es\/e\/entradas-proyeccion-ibzcf24-la-imatge-permanent-qa-con-la-directora-laura-ferres-825459751337\">RESERVA LA TEVA ENTRADA GRATU\u00cfTA<\/a><br \/>\n<img loading=\"lazy\" decoding=\"async\" class=\"alignnone size-full wp-image-21377\" src=\"https:\/\/cultura.santjosep.org\/wp-content\/uploads\/2024\/02\/09_DISSABTE-2M_POST_07.jpg\" alt=\"\" width=\"1080\" height=\"1080\" srcset=\"https:\/\/cultura.santjosep.org\/wp-content\/uploads\/2024\/02\/09_DISSABTE-2M_POST_07.jpg 1080w, https:\/\/cultura.santjosep.org\/wp-content\/uploads\/2024\/02\/09_DISSABTE-2M_POST_07-300x300.jpg 300w, https:\/\/cultura.santjosep.org\/wp-content\/uploads\/2024\/02\/09_DISSABTE-2M_POST_07-1024x1024.jpg 1024w, https:\/\/cultura.santjosep.org\/wp-content\/uploads\/2024\/02\/09_DISSABTE-2M_POST_07-150x150.jpg 150w, https:\/\/cultura.santjosep.org\/wp-content\/uploads\/2024\/02\/09_DISSABTE-2M_POST_07-768x768.jpg 768w\" sizes=\"auto, (max-width: 1080px) 100vw, 1080px\" \/><\/p>\n<p>\u2014 23:00 SESSI\u00d3 GOLFA Presentaci\u00f3 del festival LA BOCA ER\u00d2TICA + PLA PLA, CUL CUL (CORTO) + MAM\u00c0NTULA (45&#8242;) QA amb el director Ion de Sosa \u279d <a href=\"https:\/\/www.eventbrite.es\/e\/entradas-sesion-golfa-825483642797\">RESERVA LA TEVA ENTRADA GRATU\u00cfTA<\/a><br \/>\n<img loading=\"lazy\" decoding=\"async\" class=\"alignnone size-full wp-image-21379\" src=\"https:\/\/cultura.santjosep.org\/wp-content\/uploads\/2024\/02\/09_DISSABTE-2M_POST_08.jpg\" alt=\"\" width=\"1080\" height=\"1080\" srcset=\"https:\/\/cultura.santjosep.org\/wp-content\/uploads\/2024\/02\/09_DISSABTE-2M_POST_08.jpg 1080w, https:\/\/cultura.santjosep.org\/wp-content\/uploads\/2024\/02\/09_DISSABTE-2M_POST_08-300x300.jpg 300w, https:\/\/cultura.santjosep.org\/wp-content\/uploads\/2024\/02\/09_DISSABTE-2M_POST_08-1024x1024.jpg 1024w, https:\/\/cultura.santjosep.org\/wp-content\/uploads\/2024\/02\/09_DISSABTE-2M_POST_08-150x150.jpg 150w, https:\/\/cultura.santjosep.org\/wp-content\/uploads\/2024\/02\/09_DISSABTE-2M_POST_08-768x768.jpg 768w\" sizes=\"auto, (max-width: 1080px) 100vw, 1080px\" \/><\/p>\n","protected":false},"excerpt":{"rendered":"<p>\u2014 17:00 SELECCI\u00d3 CURTS NACIONALS QA amb el director Jiajie Yu Yan \u279d RESERVA LA TEVA ENTRADA GRATU\u00cfTA \u2014 19:00 GOODBYE JULIA Mohamed Kordofani \u279d RESERVA LA TEVA ENTRADA GRATU\u00cfTA &hellip; <\/p>\n<p class=\"link-more\"><a href=\"https:\/\/cultura.santjosep.org\/es\/agenda\/ibzcf-2-03\/\" class=\"more-link\">Seguir leyendo<span class=\"screen-reader-text\"> \u00abIBZCF &#8211; 2\/03\u00bb<\/span><\/a><\/p>\n","protected":false},"author":1,"featured_media":21370,"template":"","meta":{"_tribe_events_status":"","_tribe_events_status_reason":"","_tribe_events_is_hybrid":"","_tribe_events_is_virtual":"","_tribe_events_virtual_video_source":"","_tribe_events_virtual_embed_video":"","_tribe_events_virtual_linked_button_text":"","_tribe_events_virtual_linked_button":"","_tribe_events_virtual_show_embed_at":"","_tribe_events_virtual_show_embed_to":[],"_tribe_events_virtual_show_on_event":"","_tribe_events_virtual_show_on_views":"","_tribe_events_virtual_url":"","footnotes":""},"tags":[],"tribe_events_cat":[120],"class_list":["post-21383","tribe_events","type-tribe_events","status-publish","has-post-thumbnail","hentry","tribe_events_cat-ibiza-cine-fest-es","cat_ibiza-cine-fest-es","entry"],"yoast_head":"<!-- This site is optimized with the Yoast SEO plugin v26.6 - https:\/\/yoast.com\/wordpress\/plugins\/seo\/ -->\n<title>IBZCF - 2\/03 - Cultura a Sant Josep de sa Talaia<\/title>\n<meta name=\"robots\" content=\"index, follow, max-snippet:-1, max-image-preview:large, max-video-preview:-1\" \/>\n<link rel=\"canonical\" href=\"https:\/\/cultura.santjosep.org\/es\/agenda\/ibzcf-2-03\/\" \/>\n<meta property=\"og:locale\" content=\"es_ES\" \/>\n<meta property=\"og:type\" content=\"article\" \/>\n<meta property=\"og:title\" content=\"IBZCF - 2\/03 - Cultura a Sant Josep de sa Talaia\" \/>\n<meta property=\"og:description\" content=\"\u2014 17:00 SELECCI\u00d3 CURTS NACIONALS QA amb el director Jiajie Yu Yan \u279d RESERVA LA TEVA ENTRADA GRATU\u00cfTA \u2014 19:00 GOODBYE JULIA Mohamed Kordofani \u279d RESERVA LA TEVA ENTRADA GRATU\u00cfTA &hellip; Seguir leyendo \u00abIBZCF &#8211; 2\/03\u00bb\" \/>\n<meta property=\"og:url\" content=\"https:\/\/cultura.santjosep.org\/es\/agenda\/ibzcf-2-03\/\" \/>\n<meta property=\"og:site_name\" content=\"Cultura a Sant Josep de sa Talaia\" \/>\n<meta property=\"article:publisher\" content=\"https:\/\/www.facebook.com\/Ajuntament-de-Sant-Josep-de-sa-Talaia-197541666931354\/\" \/>\n<meta property=\"article:modified_time\" content=\"2024-02-07T15:20:58+00:00\" \/>\n<meta property=\"og:image\" content=\"https:\/\/cultura.santjosep.org\/wp-content\/uploads\/2024\/02\/09_DISSABTE-2M_POST_02.jpg\" \/>\n\t<meta property=\"og:image:width\" content=\"1080\" \/>\n\t<meta property=\"og:image:height\" content=\"1080\" \/>\n\t<meta property=\"og:image:type\" content=\"image\/jpeg\" \/>\n<meta name=\"twitter:card\" content=\"summary_large_image\" \/>\n<meta name=\"twitter:site\" content=\"@DeTalaia\" \/>\n<script type=\"application\/ld+json\" class=\"yoast-schema-graph\">{\"@context\":\"https:\/\/schema.org\",\"@graph\":[{\"@type\":\"WebPage\",\"@id\":\"https:\/\/cultura.santjosep.org\/es\/agenda\/ibzcf-2-03\/\",\"url\":\"https:\/\/cultura.santjosep.org\/es\/agenda\/ibzcf-2-03\/\",\"name\":\"IBZCF - 2\/03 - Cultura a Sant Josep de sa Talaia\",\"isPartOf\":{\"@id\":\"https:\/\/cultura.santjosep.org\/es\/#website\"},\"primaryImageOfPage\":{\"@id\":\"https:\/\/cultura.santjosep.org\/es\/agenda\/ibzcf-2-03\/#primaryimage\"},\"image\":{\"@id\":\"https:\/\/cultura.santjosep.org\/es\/agenda\/ibzcf-2-03\/#primaryimage\"},\"thumbnailUrl\":\"https:\/\/cultura.santjosep.org\/wp-content\/uploads\/2024\/02\/09_DISSABTE-2M_POST_02.jpg\",\"datePublished\":\"2024-02-07T15:13:08+00:00\",\"dateModified\":\"2024-02-07T15:20:58+00:00\",\"breadcrumb\":{\"@id\":\"https:\/\/cultura.santjosep.org\/es\/agenda\/ibzcf-2-03\/#breadcrumb\"},\"inLanguage\":\"es\",\"potentialAction\":[{\"@type\":\"ReadAction\",\"target\":[\"https:\/\/cultura.santjosep.org\/es\/agenda\/ibzcf-2-03\/\"]}]},{\"@type\":\"ImageObject\",\"inLanguage\":\"es\",\"@id\":\"https:\/\/cultura.santjosep.org\/es\/agenda\/ibzcf-2-03\/#primaryimage\",\"url\":\"https:\/\/cultura.santjosep.org\/wp-content\/uploads\/2024\/02\/09_DISSABTE-2M_POST_02.jpg\",\"contentUrl\":\"https:\/\/cultura.santjosep.org\/wp-content\/uploads\/2024\/02\/09_DISSABTE-2M_POST_02.jpg\",\"width\":1080,\"height\":1080},{\"@type\":\"BreadcrumbList\",\"@id\":\"https:\/\/cultura.santjosep.org\/es\/agenda\/ibzcf-2-03\/#breadcrumb\",\"itemListElement\":[{\"@type\":\"ListItem\",\"position\":1,\"name\":\"Portada\",\"item\":\"https:\/\/cultura.santjosep.org\/es\/\"},{\"@type\":\"ListItem\",\"position\":2,\"name\":\"Eventos\",\"item\":\"https:\/\/cultura.santjosep.org\/agenda\/\"},{\"@type\":\"ListItem\",\"position\":3,\"name\":\"IBZCF &#8211; 2\/03\"}]},{\"@type\":\"WebSite\",\"@id\":\"https:\/\/cultura.santjosep.org\/es\/#website\",\"url\":\"https:\/\/cultura.santjosep.org\/es\/\",\"name\":\"Cultura a Sant Josep de sa Talaia\",\"description\":\"\",\"publisher\":{\"@id\":\"https:\/\/cultura.santjosep.org\/es\/#organization\"},\"potentialAction\":[{\"@type\":\"SearchAction\",\"target\":{\"@type\":\"EntryPoint\",\"urlTemplate\":\"https:\/\/cultura.santjosep.org\/es\/?s={search_term_string}\"},\"query-input\":{\"@type\":\"PropertyValueSpecification\",\"valueRequired\":true,\"valueName\":\"search_term_string\"}}],\"inLanguage\":\"es\"},{\"@type\":\"Organization\",\"@id\":\"https:\/\/cultura.santjosep.org\/es\/#organization\",\"name\":\"Ajuntament de Sant Josep de sa Talaia\",\"url\":\"https:\/\/cultura.santjosep.org\/es\/\",\"logo\":{\"@type\":\"ImageObject\",\"inLanguage\":\"es\",\"@id\":\"https:\/\/cultura.santjosep.org\/es\/#\/schema\/logo\/image\/\",\"url\":\"https:\/\/cultura.santjosep.org\/wp-content\/uploads\/2020\/10\/logocolor.jpg\",\"contentUrl\":\"https:\/\/cultura.santjosep.org\/wp-content\/uploads\/2020\/10\/logocolor.jpg\",\"width\":250,\"height\":98,\"caption\":\"Ajuntament de Sant Josep de sa Talaia\"},\"image\":{\"@id\":\"https:\/\/cultura.santjosep.org\/es\/#\/schema\/logo\/image\/\"},\"sameAs\":[\"https:\/\/www.facebook.com\/Ajuntament-de-Sant-Josep-de-sa-Talaia-197541666931354\/\",\"https:\/\/x.com\/DeTalaia\",\"https:\/\/www.instagram.com\/sant_josep_de_sa_talaia\/\"]}]}<\/script>\n<!-- \/ Yoast SEO plugin. -->","yoast_head_json":{"title":"IBZCF - 2\/03 - Cultura a Sant Josep de sa Talaia","robots":{"index":"index","follow":"follow","max-snippet":"max-snippet:-1","max-image-preview":"max-image-preview:large","max-video-preview":"max-video-preview:-1"},"canonical":"https:\/\/cultura.santjosep.org\/es\/agenda\/ibzcf-2-03\/","og_locale":"es_ES","og_type":"article","og_title":"IBZCF - 2\/03 - Cultura a Sant Josep de sa Talaia","og_description":"\u2014 17:00 SELECCI\u00d3 CURTS NACIONALS QA amb el director Jiajie Yu Yan \u279d RESERVA LA TEVA ENTRADA GRATU\u00cfTA \u2014 19:00 GOODBYE JULIA Mohamed Kordofani \u279d RESERVA LA TEVA ENTRADA GRATU\u00cfTA &hellip; Seguir leyendo \u00abIBZCF &#8211; 2\/03\u00bb","og_url":"https:\/\/cultura.santjosep.org\/es\/agenda\/ibzcf-2-03\/","og_site_name":"Cultura a Sant Josep de sa Talaia","article_publisher":"https:\/\/www.facebook.com\/Ajuntament-de-Sant-Josep-de-sa-Talaia-197541666931354\/","article_modified_time":"2024-02-07T15:20:58+00:00","og_image":[{"width":1080,"height":1080,"url":"https:\/\/cultura.santjosep.org\/wp-content\/uploads\/2024\/02\/09_DISSABTE-2M_POST_02.jpg","type":"image\/jpeg"}],"twitter_card":"summary_large_image","twitter_site":"@DeTalaia","schema":{"@context":"https:\/\/schema.org","@graph":[{"@type":"WebPage","@id":"https:\/\/cultura.santjosep.org\/es\/agenda\/ibzcf-2-03\/","url":"https:\/\/cultura.santjosep.org\/es\/agenda\/ibzcf-2-03\/","name":"IBZCF - 2\/03 - Cultura a Sant Josep de sa Talaia","isPartOf":{"@id":"https:\/\/cultura.santjosep.org\/es\/#website"},"primaryImageOfPage":{"@id":"https:\/\/cultura.santjosep.org\/es\/agenda\/ibzcf-2-03\/#primaryimage"},"image":{"@id":"https:\/\/cultura.santjosep.org\/es\/agenda\/ibzcf-2-03\/#primaryimage"},"thumbnailUrl":"https:\/\/cultura.santjosep.org\/wp-content\/uploads\/2024\/02\/09_DISSABTE-2M_POST_02.jpg","datePublished":"2024-02-07T15:13:08+00:00","dateModified":"2024-02-07T15:20:58+00:00","breadcrumb":{"@id":"https:\/\/cultura.santjosep.org\/es\/agenda\/ibzcf-2-03\/#breadcrumb"},"inLanguage":"es","potentialAction":[{"@type":"ReadAction","target":["https:\/\/cultura.santjosep.org\/es\/agenda\/ibzcf-2-03\/"]}]},{"@type":"ImageObject","inLanguage":"es","@id":"https:\/\/cultura.santjosep.org\/es\/agenda\/ibzcf-2-03\/#primaryimage","url":"https:\/\/cultura.santjosep.org\/wp-content\/uploads\/2024\/02\/09_DISSABTE-2M_POST_02.jpg","contentUrl":"https:\/\/cultura.santjosep.org\/wp-content\/uploads\/2024\/02\/09_DISSABTE-2M_POST_02.jpg","width":1080,"height":1080},{"@type":"BreadcrumbList","@id":"https:\/\/cultura.santjosep.org\/es\/agenda\/ibzcf-2-03\/#breadcrumb","itemListElement":[{"@type":"ListItem","position":1,"name":"Portada","item":"https:\/\/cultura.santjosep.org\/es\/"},{"@type":"ListItem","position":2,"name":"Eventos","item":"https:\/\/cultura.santjosep.org\/agenda\/"},{"@type":"ListItem","position":3,"name":"IBZCF &#8211; 2\/03"}]},{"@type":"WebSite","@id":"https:\/\/cultura.santjosep.org\/es\/#website","url":"https:\/\/cultura.santjosep.org\/es\/","name":"Cultura a Sant Josep de sa Talaia","description":"","publisher":{"@id":"https:\/\/cultura.santjosep.org\/es\/#organization"},"potentialAction":[{"@type":"SearchAction","target":{"@type":"EntryPoint","urlTemplate":"https:\/\/cultura.santjosep.org\/es\/?s={search_term_string}"},"query-input":{"@type":"PropertyValueSpecification","valueRequired":true,"valueName":"search_term_string"}}],"inLanguage":"es"},{"@type":"Organization","@id":"https:\/\/cultura.santjosep.org\/es\/#organization","name":"Ajuntament de Sant Josep de sa Talaia","url":"https:\/\/cultura.santjosep.org\/es\/","logo":{"@type":"ImageObject","inLanguage":"es","@id":"https:\/\/cultura.santjosep.org\/es\/#\/schema\/logo\/image\/","url":"https:\/\/cultura.santjosep.org\/wp-content\/uploads\/2020\/10\/logocolor.jpg","contentUrl":"https:\/\/cultura.santjosep.org\/wp-content\/uploads\/2020\/10\/logocolor.jpg","width":250,"height":98,"caption":"Ajuntament de Sant Josep de sa Talaia"},"image":{"@id":"https:\/\/cultura.santjosep.org\/es\/#\/schema\/logo\/image\/"},"sameAs":["https:\/\/www.facebook.com\/Ajuntament-de-Sant-Josep-de-sa-Talaia-197541666931354\/","https:\/\/x.com\/DeTalaia","https:\/\/www.instagram.com\/sant_josep_de_sa_talaia\/"]}]}},"_links":{"self":[{"href":"https:\/\/cultura.santjosep.org\/es\/wp-json\/wp\/v2\/tribe_events\/21383","targetHints":{"allow":["GET"]}}],"collection":[{"href":"https:\/\/cultura.santjosep.org\/es\/wp-json\/wp\/v2\/tribe_events"}],"about":[{"href":"https:\/\/cultura.santjosep.org\/es\/wp-json\/wp\/v2\/types\/tribe_events"}],"author":[{"embeddable":true,"href":"https:\/\/cultura.santjosep.org\/es\/wp-json\/wp\/v2\/users\/1"}],"version-history":[{"count":0,"href":"https:\/\/cultura.santjosep.org\/es\/wp-json\/wp\/v2\/tribe_events\/21383\/revisions"}],"wp:featuredmedia":[{"embeddable":true,"href":"https:\/\/cultura.santjosep.org\/es\/wp-json\/wp\/v2\/media\/21370"}],"wp:attachment":[{"href":"https:\/\/cultura.santjosep.org\/es\/wp-json\/wp\/v2\/media?parent=21383"}],"wp:term":[{"taxonomy":"post_tag","embeddable":true,"href":"https:\/\/cultura.santjosep.org\/es\/wp-json\/wp\/v2\/tags?post=21383"},{"taxonomy":"tribe_events_cat","embeddable":true,"href":"https:\/\/cultura.santjosep.org\/es\/wp-json\/wp\/v2\/tribe_events_cat?post=21383"}],"curies":[{"name":"wp","href":"https:\/\/api.w.org\/{rel}","templated":true}]}}