{"id":22007,"date":"2024-04-10T16:34:09","date_gmt":"2024-04-10T14:34:09","guid":{"rendered":"https:\/\/cultura.santjosep.org\/agenda\/divendres-de-cine-everyone-says-i-love-you-amb-la-presentacio-dana-olivia-fiol\/"},"modified":"2024-04-10T16:34:09","modified_gmt":"2024-04-10T14:34:09","slug":"divendres-de-cine-everyone-says-i-love-you-amb-la-presentacio-dana-olivia-fiol","status":"publish","type":"tribe_events","link":"https:\/\/cultura.santjosep.org\/es\/agenda\/divendres-de-cine-everyone-says-i-love-you-amb-la-presentacio-dana-olivia-fiol\/","title":{"rendered":"Divendres de cine &#8211; &#8216;Everyone Says I Love You&#8217; amb la presentaci\u00f3 d&#8217;Ana Olivia Fiol"},"content":{"rendered":"<p><b>&#8216;Everyone Says I Love You&#8217; | V.O. angl\u00e8s | 1996 | Amb la presentaci\u00f3 d&#8217;Ana Olivia Fiol<br \/>\n<\/b><\/p>\n<p><b>Duraci\u00f3:<\/b> 101 min. EUA<\/p>\n<p><b>Direcci\u00f3: <\/b>Woody Allen<\/p>\n<p><b>Sinopsi: <\/b>El matrimoni format per Steffi i Bob \u00e9s el paradigma de la fam\u00edlia burgesa de Nova York: s\u00f3n rics, liberals i socialment compromesos. Steffi va estar casada amb Joe, un tipus sense sort amb les dones, amb qui t\u00e9 una filla una mica inestable. Bob t\u00e9 un fill conservador, una filla que ha posat en perill les seues noces en enamorar-se d&#8217;un delinq\u00fcent i dos filles m\u00e9s, adolescents que es barallen per nois multimilionaris. Tots ells passegen els seus problemes per Nova York, Par\u00eds, Ven\u00e8cia.<\/p>\n<p><img loading=\"lazy\" decoding=\"async\" class=\"alignnone size-full wp-image-22002\" src=\"https:\/\/cultura.santjosep.org\/wp-content\/uploads\/2024\/04\/MAYO-3-ANA-copia-min.jpg\" alt=\"\" width=\"1418\" height=\"1800\" srcset=\"https:\/\/cultura.santjosep.org\/wp-content\/uploads\/2024\/04\/MAYO-3-ANA-copia-min.jpg 1418w, https:\/\/cultura.santjosep.org\/wp-content\/uploads\/2024\/04\/MAYO-3-ANA-copia-min-236x300.jpg 236w, https:\/\/cultura.santjosep.org\/wp-content\/uploads\/2024\/04\/MAYO-3-ANA-copia-min-807x1024.jpg 807w, https:\/\/cultura.santjosep.org\/wp-content\/uploads\/2024\/04\/MAYO-3-ANA-copia-min-768x975.jpg 768w, https:\/\/cultura.santjosep.org\/wp-content\/uploads\/2024\/04\/MAYO-3-ANA-copia-min-1210x1536.jpg 1210w, https:\/\/cultura.santjosep.org\/wp-content\/uploads\/2024\/04\/MAYO-3-ANA-copia-min-1320x1676.jpg 1320w\" sizes=\"auto, (max-width: 1418px) 100vw, 1418px\" \/><\/p>\n","protected":false},"excerpt":{"rendered":"<p>&#8216;Everyone Says I Love You&#8217; | V.O. angl\u00e8s | 1996 | Amb la presentaci\u00f3 d&#8217;Ana Olivia Fiol Duraci\u00f3: 101 min. EUA Direcci\u00f3: Woody Allen Sinopsi: El matrimoni format per Steffi &hellip; <\/p>\n<p class=\"link-more\"><a href=\"https:\/\/cultura.santjosep.org\/es\/agenda\/divendres-de-cine-everyone-says-i-love-you-amb-la-presentacio-dana-olivia-fiol\/\" class=\"more-link\">Seguir leyendo<span class=\"screen-reader-text\"> \u00abDivendres de cine &#8211; &#8216;Everyone Says I Love You&#8217; amb la presentaci\u00f3 d&#8217;Ana Olivia Fiol\u00bb<\/span><\/a><\/p>\n","protected":false},"author":1,"featured_media":22005,"template":"","meta":{"_tribe_events_status":"","_tribe_events_status_reason":"","_tribe_events_is_hybrid":"","_tribe_events_is_virtual":"","_tribe_events_virtual_video_source":"","_tribe_events_virtual_embed_video":"","_tribe_events_virtual_linked_button_text":"","_tribe_events_virtual_linked_button":"","_tribe_events_virtual_show_embed_at":"","_tribe_events_virtual_show_embed_to":[],"_tribe_events_virtual_show_on_event":"","_tribe_events_virtual_show_on_views":"","_tribe_events_virtual_url":"","footnotes":""},"tags":[],"tribe_events_cat":[30],"class_list":["post-22007","tribe_events","type-tribe_events","status-publish","has-post-thumbnail","hentry","tribe_events_cat-cine","cat_cine","entry"],"yoast_head":"<!-- This site is optimized with the Yoast SEO plugin v26.6 - https:\/\/yoast.com\/wordpress\/plugins\/seo\/ -->\n<title>Divendres de cine - &#039;Everyone Says I Love You&#039; amb la presentaci\u00f3 d&#039;Ana Olivia Fiol - Cultura a Sant Josep de sa Talaia<\/title>\n<meta name=\"robots\" content=\"index, follow, max-snippet:-1, max-image-preview:large, max-video-preview:-1\" \/>\n<link rel=\"canonical\" href=\"https:\/\/cultura.santjosep.org\/es\/agenda\/divendres-de-cine-everyone-says-i-love-you-amb-la-presentacio-dana-olivia-fiol\/\" \/>\n<meta property=\"og:locale\" content=\"es_ES\" \/>\n<meta property=\"og:type\" content=\"article\" \/>\n<meta property=\"og:title\" content=\"Divendres de cine - &#039;Everyone Says I Love You&#039; amb la presentaci\u00f3 d&#039;Ana Olivia Fiol - Cultura a Sant Josep de sa Talaia\" \/>\n<meta property=\"og:description\" content=\"&#8216;Everyone Says I Love You&#8217; | V.O. angl\u00e8s | 1996 | Amb la presentaci\u00f3 d&#8217;Ana Olivia Fiol Duraci\u00f3: 101 min. EUA Direcci\u00f3: Woody Allen Sinopsi: El matrimoni format per Steffi &hellip; Seguir leyendo \u00abDivendres de cine &#8211; &#8216;Everyone Says I Love You&#8217; amb la presentaci\u00f3 d&#8217;Ana Olivia Fiol\u00bb\" \/>\n<meta property=\"og:url\" content=\"https:\/\/cultura.santjosep.org\/es\/agenda\/divendres-de-cine-everyone-says-i-love-you-amb-la-presentacio-dana-olivia-fiol\/\" \/>\n<meta property=\"og:site_name\" content=\"Cultura a Sant Josep de sa Talaia\" \/>\n<meta property=\"article:publisher\" content=\"https:\/\/www.facebook.com\/Ajuntament-de-Sant-Josep-de-sa-Talaia-197541666931354\/\" \/>\n<meta property=\"og:image\" content=\"https:\/\/cultura.santjosep.org\/wp-content\/uploads\/2024\/04\/MAYO-3-ANA-copia-min.jpg\" \/>\n<meta name=\"twitter:card\" content=\"summary_large_image\" \/>\n<meta name=\"twitter:site\" content=\"@DeTalaia\" \/>\n<meta name=\"twitter:label1\" content=\"Tiempo de lectura\" \/>\n\t<meta name=\"twitter:data1\" content=\"1 minuto\" \/>\n<script type=\"application\/ld+json\" class=\"yoast-schema-graph\">{\"@context\":\"https:\/\/schema.org\",\"@graph\":[{\"@type\":\"WebPage\",\"@id\":\"https:\/\/cultura.santjosep.org\/es\/agenda\/divendres-de-cine-everyone-says-i-love-you-amb-la-presentacio-dana-olivia-fiol\/\",\"url\":\"https:\/\/cultura.santjosep.org\/es\/agenda\/divendres-de-cine-everyone-says-i-love-you-amb-la-presentacio-dana-olivia-fiol\/\",\"name\":\"Divendres de cine - 'Everyone Says I Love You' amb la presentaci\u00f3 d'Ana Olivia Fiol - Cultura a Sant Josep de sa Talaia\",\"isPartOf\":{\"@id\":\"https:\/\/cultura.santjosep.org\/es\/#website\"},\"primaryImageOfPage\":{\"@id\":\"https:\/\/cultura.santjosep.org\/es\/agenda\/divendres-de-cine-everyone-says-i-love-you-amb-la-presentacio-dana-olivia-fiol\/#primaryimage\"},\"image\":{\"@id\":\"https:\/\/cultura.santjosep.org\/es\/agenda\/divendres-de-cine-everyone-says-i-love-you-amb-la-presentacio-dana-olivia-fiol\/#primaryimage\"},\"thumbnailUrl\":\"https:\/\/cultura.santjosep.org\/wp-content\/uploads\/2024\/04\/image.jpg\",\"datePublished\":\"2024-04-10T14:34:09+00:00\",\"breadcrumb\":{\"@id\":\"https:\/\/cultura.santjosep.org\/es\/agenda\/divendres-de-cine-everyone-says-i-love-you-amb-la-presentacio-dana-olivia-fiol\/#breadcrumb\"},\"inLanguage\":\"es\",\"potentialAction\":[{\"@type\":\"ReadAction\",\"target\":[\"https:\/\/cultura.santjosep.org\/es\/agenda\/divendres-de-cine-everyone-says-i-love-you-amb-la-presentacio-dana-olivia-fiol\/\"]}]},{\"@type\":\"ImageObject\",\"inLanguage\":\"es\",\"@id\":\"https:\/\/cultura.santjosep.org\/es\/agenda\/divendres-de-cine-everyone-says-i-love-you-amb-la-presentacio-dana-olivia-fiol\/#primaryimage\",\"url\":\"https:\/\/cultura.santjosep.org\/wp-content\/uploads\/2024\/04\/image.jpg\",\"contentUrl\":\"https:\/\/cultura.santjosep.org\/wp-content\/uploads\/2024\/04\/image.jpg\",\"width\":1280,\"height\":720},{\"@type\":\"BreadcrumbList\",\"@id\":\"https:\/\/cultura.santjosep.org\/es\/agenda\/divendres-de-cine-everyone-says-i-love-you-amb-la-presentacio-dana-olivia-fiol\/#breadcrumb\",\"itemListElement\":[{\"@type\":\"ListItem\",\"position\":1,\"name\":\"Portada\",\"item\":\"https:\/\/cultura.santjosep.org\/es\/\"},{\"@type\":\"ListItem\",\"position\":2,\"name\":\"Eventos\",\"item\":\"https:\/\/cultura.santjosep.org\/agenda\/\"},{\"@type\":\"ListItem\",\"position\":3,\"name\":\"Divendres de cine &#8211; &#8216;Everyone Says I Love You&#8217; amb la presentaci\u00f3 d&#8217;Ana Olivia Fiol\"}]},{\"@type\":\"WebSite\",\"@id\":\"https:\/\/cultura.santjosep.org\/es\/#website\",\"url\":\"https:\/\/cultura.santjosep.org\/es\/\",\"name\":\"Cultura a Sant Josep de sa Talaia\",\"description\":\"\",\"publisher\":{\"@id\":\"https:\/\/cultura.santjosep.org\/es\/#organization\"},\"potentialAction\":[{\"@type\":\"SearchAction\",\"target\":{\"@type\":\"EntryPoint\",\"urlTemplate\":\"https:\/\/cultura.santjosep.org\/es\/?s={search_term_string}\"},\"query-input\":{\"@type\":\"PropertyValueSpecification\",\"valueRequired\":true,\"valueName\":\"search_term_string\"}}],\"inLanguage\":\"es\"},{\"@type\":\"Organization\",\"@id\":\"https:\/\/cultura.santjosep.org\/es\/#organization\",\"name\":\"Ajuntament de Sant Josep de sa Talaia\",\"url\":\"https:\/\/cultura.santjosep.org\/es\/\",\"logo\":{\"@type\":\"ImageObject\",\"inLanguage\":\"es\",\"@id\":\"https:\/\/cultura.santjosep.org\/es\/#\/schema\/logo\/image\/\",\"url\":\"https:\/\/cultura.santjosep.org\/wp-content\/uploads\/2020\/10\/logocolor.jpg\",\"contentUrl\":\"https:\/\/cultura.santjosep.org\/wp-content\/uploads\/2020\/10\/logocolor.jpg\",\"width\":250,\"height\":98,\"caption\":\"Ajuntament de Sant Josep de sa Talaia\"},\"image\":{\"@id\":\"https:\/\/cultura.santjosep.org\/es\/#\/schema\/logo\/image\/\"},\"sameAs\":[\"https:\/\/www.facebook.com\/Ajuntament-de-Sant-Josep-de-sa-Talaia-197541666931354\/\",\"https:\/\/x.com\/DeTalaia\",\"https:\/\/www.instagram.com\/sant_josep_de_sa_talaia\/\"]}]}<\/script>\n<!-- \/ Yoast SEO plugin. -->","yoast_head_json":{"title":"Divendres de cine - 'Everyone Says I Love You' amb la presentaci\u00f3 d'Ana Olivia Fiol - Cultura a Sant Josep de sa Talaia","robots":{"index":"index","follow":"follow","max-snippet":"max-snippet:-1","max-image-preview":"max-image-preview:large","max-video-preview":"max-video-preview:-1"},"canonical":"https:\/\/cultura.santjosep.org\/es\/agenda\/divendres-de-cine-everyone-says-i-love-you-amb-la-presentacio-dana-olivia-fiol\/","og_locale":"es_ES","og_type":"article","og_title":"Divendres de cine - 'Everyone Says I Love You' amb la presentaci\u00f3 d'Ana Olivia Fiol - Cultura a Sant Josep de sa Talaia","og_description":"&#8216;Everyone Says I Love You&#8217; | V.O. angl\u00e8s | 1996 | Amb la presentaci\u00f3 d&#8217;Ana Olivia Fiol Duraci\u00f3: 101 min. EUA Direcci\u00f3: Woody Allen Sinopsi: El matrimoni format per Steffi &hellip; Seguir leyendo \u00abDivendres de cine &#8211; &#8216;Everyone Says I Love You&#8217; amb la presentaci\u00f3 d&#8217;Ana Olivia Fiol\u00bb","og_url":"https:\/\/cultura.santjosep.org\/es\/agenda\/divendres-de-cine-everyone-says-i-love-you-amb-la-presentacio-dana-olivia-fiol\/","og_site_name":"Cultura a Sant Josep de sa Talaia","article_publisher":"https:\/\/www.facebook.com\/Ajuntament-de-Sant-Josep-de-sa-Talaia-197541666931354\/","og_image":[{"url":"https:\/\/cultura.santjosep.org\/wp-content\/uploads\/2024\/04\/MAYO-3-ANA-copia-min.jpg","type":"","width":"","height":""}],"twitter_card":"summary_large_image","twitter_site":"@DeTalaia","twitter_misc":{"Tiempo de lectura":"1 minuto"},"schema":{"@context":"https:\/\/schema.org","@graph":[{"@type":"WebPage","@id":"https:\/\/cultura.santjosep.org\/es\/agenda\/divendres-de-cine-everyone-says-i-love-you-amb-la-presentacio-dana-olivia-fiol\/","url":"https:\/\/cultura.santjosep.org\/es\/agenda\/divendres-de-cine-everyone-says-i-love-you-amb-la-presentacio-dana-olivia-fiol\/","name":"Divendres de cine - 'Everyone Says I Love You' amb la presentaci\u00f3 d'Ana Olivia Fiol - Cultura a Sant Josep de sa Talaia","isPartOf":{"@id":"https:\/\/cultura.santjosep.org\/es\/#website"},"primaryImageOfPage":{"@id":"https:\/\/cultura.santjosep.org\/es\/agenda\/divendres-de-cine-everyone-says-i-love-you-amb-la-presentacio-dana-olivia-fiol\/#primaryimage"},"image":{"@id":"https:\/\/cultura.santjosep.org\/es\/agenda\/divendres-de-cine-everyone-says-i-love-you-amb-la-presentacio-dana-olivia-fiol\/#primaryimage"},"thumbnailUrl":"https:\/\/cultura.santjosep.org\/wp-content\/uploads\/2024\/04\/image.jpg","datePublished":"2024-04-10T14:34:09+00:00","breadcrumb":{"@id":"https:\/\/cultura.santjosep.org\/es\/agenda\/divendres-de-cine-everyone-says-i-love-you-amb-la-presentacio-dana-olivia-fiol\/#breadcrumb"},"inLanguage":"es","potentialAction":[{"@type":"ReadAction","target":["https:\/\/cultura.santjosep.org\/es\/agenda\/divendres-de-cine-everyone-says-i-love-you-amb-la-presentacio-dana-olivia-fiol\/"]}]},{"@type":"ImageObject","inLanguage":"es","@id":"https:\/\/cultura.santjosep.org\/es\/agenda\/divendres-de-cine-everyone-says-i-love-you-amb-la-presentacio-dana-olivia-fiol\/#primaryimage","url":"https:\/\/cultura.santjosep.org\/wp-content\/uploads\/2024\/04\/image.jpg","contentUrl":"https:\/\/cultura.santjosep.org\/wp-content\/uploads\/2024\/04\/image.jpg","width":1280,"height":720},{"@type":"BreadcrumbList","@id":"https:\/\/cultura.santjosep.org\/es\/agenda\/divendres-de-cine-everyone-says-i-love-you-amb-la-presentacio-dana-olivia-fiol\/#breadcrumb","itemListElement":[{"@type":"ListItem","position":1,"name":"Portada","item":"https:\/\/cultura.santjosep.org\/es\/"},{"@type":"ListItem","position":2,"name":"Eventos","item":"https:\/\/cultura.santjosep.org\/agenda\/"},{"@type":"ListItem","position":3,"name":"Divendres de cine &#8211; &#8216;Everyone Says I Love You&#8217; amb la presentaci\u00f3 d&#8217;Ana Olivia Fiol"}]},{"@type":"WebSite","@id":"https:\/\/cultura.santjosep.org\/es\/#website","url":"https:\/\/cultura.santjosep.org\/es\/","name":"Cultura a Sant Josep de sa Talaia","description":"","publisher":{"@id":"https:\/\/cultura.santjosep.org\/es\/#organization"},"potentialAction":[{"@type":"SearchAction","target":{"@type":"EntryPoint","urlTemplate":"https:\/\/cultura.santjosep.org\/es\/?s={search_term_string}"},"query-input":{"@type":"PropertyValueSpecification","valueRequired":true,"valueName":"search_term_string"}}],"inLanguage":"es"},{"@type":"Organization","@id":"https:\/\/cultura.santjosep.org\/es\/#organization","name":"Ajuntament de Sant Josep de sa Talaia","url":"https:\/\/cultura.santjosep.org\/es\/","logo":{"@type":"ImageObject","inLanguage":"es","@id":"https:\/\/cultura.santjosep.org\/es\/#\/schema\/logo\/image\/","url":"https:\/\/cultura.santjosep.org\/wp-content\/uploads\/2020\/10\/logocolor.jpg","contentUrl":"https:\/\/cultura.santjosep.org\/wp-content\/uploads\/2020\/10\/logocolor.jpg","width":250,"height":98,"caption":"Ajuntament de Sant Josep de sa Talaia"},"image":{"@id":"https:\/\/cultura.santjosep.org\/es\/#\/schema\/logo\/image\/"},"sameAs":["https:\/\/www.facebook.com\/Ajuntament-de-Sant-Josep-de-sa-Talaia-197541666931354\/","https:\/\/x.com\/DeTalaia","https:\/\/www.instagram.com\/sant_josep_de_sa_talaia\/"]}]}},"_links":{"self":[{"href":"https:\/\/cultura.santjosep.org\/es\/wp-json\/wp\/v2\/tribe_events\/22007","targetHints":{"allow":["GET"]}}],"collection":[{"href":"https:\/\/cultura.santjosep.org\/es\/wp-json\/wp\/v2\/tribe_events"}],"about":[{"href":"https:\/\/cultura.santjosep.org\/es\/wp-json\/wp\/v2\/types\/tribe_events"}],"author":[{"embeddable":true,"href":"https:\/\/cultura.santjosep.org\/es\/wp-json\/wp\/v2\/users\/1"}],"version-history":[{"count":0,"href":"https:\/\/cultura.santjosep.org\/es\/wp-json\/wp\/v2\/tribe_events\/22007\/revisions"}],"wp:featuredmedia":[{"embeddable":true,"href":"https:\/\/cultura.santjosep.org\/es\/wp-json\/wp\/v2\/media\/22005"}],"wp:attachment":[{"href":"https:\/\/cultura.santjosep.org\/es\/wp-json\/wp\/v2\/media?parent=22007"}],"wp:term":[{"taxonomy":"post_tag","embeddable":true,"href":"https:\/\/cultura.santjosep.org\/es\/wp-json\/wp\/v2\/tags?post=22007"},{"taxonomy":"tribe_events_cat","embeddable":true,"href":"https:\/\/cultura.santjosep.org\/es\/wp-json\/wp\/v2\/tribe_events_cat?post=22007"}],"curies":[{"name":"wp","href":"https:\/\/api.w.org\/{rel}","templated":true}]}}