{"id":22361,"date":"2024-05-27T12:15:11","date_gmt":"2024-05-27T10:15:11","guid":{"rendered":"https:\/\/cultura.santjosep.org\/agenda\/festa-fi-de-curs-23-24-escola-municipal-de-musica-can-blau\/"},"modified":"2024-05-27T12:15:11","modified_gmt":"2024-05-27T10:15:11","slug":"festa-fi-de-curs-23-24-escola-municipal-de-musica-can-blau","status":"publish","type":"tribe_events","link":"https:\/\/cultura.santjosep.org\/es\/agenda\/festa-fi-de-curs-23-24-escola-municipal-de-musica-can-blau\/","title":{"rendered":"Festa fi de curs 23-24 Escola municipal de m\u00fasica Can Blau"},"content":{"rendered":"<p><strong>Festa fi de curs 23-24 Escola municipal de m\u00fasica Can Blau<\/strong><\/p>\n<p>El dissabte 8 de juny a partir de les 18.30 h<br \/>\nAmb la participaci\u00f3 de la banda juvenil, la banda municipal de Sant Josep, el cor municipal Can Blau i Canblaugospel<\/p>\n<p><img loading=\"lazy\" decoding=\"async\" class=\"alignnone size-full wp-image-22358\" src=\"https:\/\/cultura.santjosep.org\/wp-content\/uploads\/2024\/05\/Festa-fi-de-curs-23-24.png\" alt=\"\" width=\"1158\" height=\"1654\" srcset=\"https:\/\/cultura.santjosep.org\/wp-content\/uploads\/2024\/05\/Festa-fi-de-curs-23-24.png 1158w, https:\/\/cultura.santjosep.org\/wp-content\/uploads\/2024\/05\/Festa-fi-de-curs-23-24-210x300.png 210w, https:\/\/cultura.santjosep.org\/wp-content\/uploads\/2024\/05\/Festa-fi-de-curs-23-24-717x1024.png 717w, https:\/\/cultura.santjosep.org\/wp-content\/uploads\/2024\/05\/Festa-fi-de-curs-23-24-768x1097.png 768w, https:\/\/cultura.santjosep.org\/wp-content\/uploads\/2024\/05\/Festa-fi-de-curs-23-24-1075x1536.png 1075w\" sizes=\"auto, (max-width: 1158px) 100vw, 1158px\" \/><\/p>\n","protected":false},"excerpt":{"rendered":"<p>Festa fi de curs 23-24 Escola municipal de m\u00fasica Can Blau El dissabte 8 de juny a partir de les 18.30 h Amb la participaci\u00f3 de la banda juvenil, la &hellip; <\/p>\n<p class=\"link-more\"><a href=\"https:\/\/cultura.santjosep.org\/es\/agenda\/festa-fi-de-curs-23-24-escola-municipal-de-musica-can-blau\/\" class=\"more-link\">Seguir leyendo<span class=\"screen-reader-text\"> \u00abFesta fi de curs 23-24 Escola municipal de m\u00fasica Can Blau\u00bb<\/span><\/a><\/p>\n","protected":false},"author":1,"featured_media":20948,"template":"","meta":{"_tribe_events_status":"","_tribe_events_status_reason":"","_tribe_events_is_hybrid":"","_tribe_events_is_virtual":"","_tribe_events_virtual_video_source":"","_tribe_events_virtual_embed_video":"","_tribe_events_virtual_linked_button_text":"","_tribe_events_virtual_linked_button":"","_tribe_events_virtual_show_embed_at":"","_tribe_events_virtual_show_embed_to":[],"_tribe_events_virtual_show_on_event":"","_tribe_events_virtual_show_on_views":"","_tribe_events_virtual_url":"","footnotes":""},"tags":[],"tribe_events_cat":[31],"class_list":["post-22361","tribe_events","type-tribe_events","status-publish","has-post-thumbnail","hentry","tribe_events_cat-conciertos","cat_conciertos","entry"],"yoast_head":"<!-- This site is optimized with the Yoast SEO plugin v26.6 - https:\/\/yoast.com\/wordpress\/plugins\/seo\/ -->\n<title>Festa fi de curs 23-24 Escola municipal de m\u00fasica Can Blau - Cultura a Sant Josep de sa Talaia<\/title>\n<meta name=\"robots\" content=\"index, follow, max-snippet:-1, max-image-preview:large, max-video-preview:-1\" \/>\n<link rel=\"canonical\" href=\"https:\/\/cultura.santjosep.org\/es\/agenda\/festa-fi-de-curs-23-24-escola-municipal-de-musica-can-blau\/\" \/>\n<meta property=\"og:locale\" content=\"es_ES\" \/>\n<meta property=\"og:type\" content=\"article\" \/>\n<meta property=\"og:title\" content=\"Festa fi de curs 23-24 Escola municipal de m\u00fasica Can Blau - Cultura a Sant Josep de sa Talaia\" \/>\n<meta property=\"og:description\" content=\"Festa fi de curs 23-24 Escola municipal de m\u00fasica Can Blau El dissabte 8 de juny a partir de les 18.30 h Amb la participaci\u00f3 de la banda juvenil, la &hellip; Seguir leyendo \u00abFesta fi de curs 23-24 Escola municipal de m\u00fasica Can Blau\u00bb\" \/>\n<meta property=\"og:url\" content=\"https:\/\/cultura.santjosep.org\/es\/agenda\/festa-fi-de-curs-23-24-escola-municipal-de-musica-can-blau\/\" \/>\n<meta property=\"og:site_name\" content=\"Cultura a Sant Josep de sa Talaia\" \/>\n<meta property=\"article:publisher\" content=\"https:\/\/www.facebook.com\/Ajuntament-de-Sant-Josep-de-sa-Talaia-197541666931354\/\" \/>\n<meta property=\"og:image\" content=\"https:\/\/cultura.santjosep.org\/wp-content\/uploads\/2024\/05\/Festa-fi-de-curs-23-24.png\" \/>\n<meta name=\"twitter:card\" content=\"summary_large_image\" \/>\n<meta name=\"twitter:site\" content=\"@DeTalaia\" \/>\n<script type=\"application\/ld+json\" class=\"yoast-schema-graph\">{\"@context\":\"https:\/\/schema.org\",\"@graph\":[{\"@type\":\"WebPage\",\"@id\":\"https:\/\/cultura.santjosep.org\/es\/agenda\/festa-fi-de-curs-23-24-escola-municipal-de-musica-can-blau\/\",\"url\":\"https:\/\/cultura.santjosep.org\/es\/agenda\/festa-fi-de-curs-23-24-escola-municipal-de-musica-can-blau\/\",\"name\":\"Festa fi de curs 23-24 Escola municipal de m\u00fasica Can Blau - Cultura a Sant Josep de sa Talaia\",\"isPartOf\":{\"@id\":\"https:\/\/cultura.santjosep.org\/es\/#website\"},\"primaryImageOfPage\":{\"@id\":\"https:\/\/cultura.santjosep.org\/es\/agenda\/festa-fi-de-curs-23-24-escola-municipal-de-musica-can-blau\/#primaryimage\"},\"image\":{\"@id\":\"https:\/\/cultura.santjosep.org\/es\/agenda\/festa-fi-de-curs-23-24-escola-municipal-de-musica-can-blau\/#primaryimage\"},\"thumbnailUrl\":\"https:\/\/cultura.santjosep.org\/wp-content\/uploads\/2023\/12\/COR-MUNICIPAL-CAN-BLAU-rec.jpg\",\"datePublished\":\"2024-05-27T10:15:11+00:00\",\"breadcrumb\":{\"@id\":\"https:\/\/cultura.santjosep.org\/es\/agenda\/festa-fi-de-curs-23-24-escola-municipal-de-musica-can-blau\/#breadcrumb\"},\"inLanguage\":\"es\",\"potentialAction\":[{\"@type\":\"ReadAction\",\"target\":[\"https:\/\/cultura.santjosep.org\/es\/agenda\/festa-fi-de-curs-23-24-escola-municipal-de-musica-can-blau\/\"]}]},{\"@type\":\"ImageObject\",\"inLanguage\":\"es\",\"@id\":\"https:\/\/cultura.santjosep.org\/es\/agenda\/festa-fi-de-curs-23-24-escola-municipal-de-musica-can-blau\/#primaryimage\",\"url\":\"https:\/\/cultura.santjosep.org\/wp-content\/uploads\/2023\/12\/COR-MUNICIPAL-CAN-BLAU-rec.jpg\",\"contentUrl\":\"https:\/\/cultura.santjosep.org\/wp-content\/uploads\/2023\/12\/COR-MUNICIPAL-CAN-BLAU-rec.jpg\",\"width\":1400,\"height\":933},{\"@type\":\"BreadcrumbList\",\"@id\":\"https:\/\/cultura.santjosep.org\/es\/agenda\/festa-fi-de-curs-23-24-escola-municipal-de-musica-can-blau\/#breadcrumb\",\"itemListElement\":[{\"@type\":\"ListItem\",\"position\":1,\"name\":\"Portada\",\"item\":\"https:\/\/cultura.santjosep.org\/es\/\"},{\"@type\":\"ListItem\",\"position\":2,\"name\":\"Eventos\",\"item\":\"https:\/\/cultura.santjosep.org\/agenda\/\"},{\"@type\":\"ListItem\",\"position\":3,\"name\":\"Festa fi de curs 23-24 Escola municipal de m\u00fasica Can Blau\"}]},{\"@type\":\"WebSite\",\"@id\":\"https:\/\/cultura.santjosep.org\/es\/#website\",\"url\":\"https:\/\/cultura.santjosep.org\/es\/\",\"name\":\"Cultura a Sant Josep de sa Talaia\",\"description\":\"\",\"publisher\":{\"@id\":\"https:\/\/cultura.santjosep.org\/es\/#organization\"},\"potentialAction\":[{\"@type\":\"SearchAction\",\"target\":{\"@type\":\"EntryPoint\",\"urlTemplate\":\"https:\/\/cultura.santjosep.org\/es\/?s={search_term_string}\"},\"query-input\":{\"@type\":\"PropertyValueSpecification\",\"valueRequired\":true,\"valueName\":\"search_term_string\"}}],\"inLanguage\":\"es\"},{\"@type\":\"Organization\",\"@id\":\"https:\/\/cultura.santjosep.org\/es\/#organization\",\"name\":\"Ajuntament de Sant Josep de sa Talaia\",\"url\":\"https:\/\/cultura.santjosep.org\/es\/\",\"logo\":{\"@type\":\"ImageObject\",\"inLanguage\":\"es\",\"@id\":\"https:\/\/cultura.santjosep.org\/es\/#\/schema\/logo\/image\/\",\"url\":\"https:\/\/cultura.santjosep.org\/wp-content\/uploads\/2020\/10\/logocolor.jpg\",\"contentUrl\":\"https:\/\/cultura.santjosep.org\/wp-content\/uploads\/2020\/10\/logocolor.jpg\",\"width\":250,\"height\":98,\"caption\":\"Ajuntament de Sant Josep de sa Talaia\"},\"image\":{\"@id\":\"https:\/\/cultura.santjosep.org\/es\/#\/schema\/logo\/image\/\"},\"sameAs\":[\"https:\/\/www.facebook.com\/Ajuntament-de-Sant-Josep-de-sa-Talaia-197541666931354\/\",\"https:\/\/x.com\/DeTalaia\",\"https:\/\/www.instagram.com\/sant_josep_de_sa_talaia\/\"]}]}<\/script>\n<!-- \/ Yoast SEO plugin. -->","yoast_head_json":{"title":"Festa fi de curs 23-24 Escola municipal de m\u00fasica Can Blau - Cultura a Sant Josep de sa Talaia","robots":{"index":"index","follow":"follow","max-snippet":"max-snippet:-1","max-image-preview":"max-image-preview:large","max-video-preview":"max-video-preview:-1"},"canonical":"https:\/\/cultura.santjosep.org\/es\/agenda\/festa-fi-de-curs-23-24-escola-municipal-de-musica-can-blau\/","og_locale":"es_ES","og_type":"article","og_title":"Festa fi de curs 23-24 Escola municipal de m\u00fasica Can Blau - Cultura a Sant Josep de sa Talaia","og_description":"Festa fi de curs 23-24 Escola municipal de m\u00fasica Can Blau El dissabte 8 de juny a partir de les 18.30 h Amb la participaci\u00f3 de la banda juvenil, la &hellip; Seguir leyendo \u00abFesta fi de curs 23-24 Escola municipal de m\u00fasica Can Blau\u00bb","og_url":"https:\/\/cultura.santjosep.org\/es\/agenda\/festa-fi-de-curs-23-24-escola-municipal-de-musica-can-blau\/","og_site_name":"Cultura a Sant Josep de sa Talaia","article_publisher":"https:\/\/www.facebook.com\/Ajuntament-de-Sant-Josep-de-sa-Talaia-197541666931354\/","og_image":[{"url":"https:\/\/cultura.santjosep.org\/wp-content\/uploads\/2024\/05\/Festa-fi-de-curs-23-24.png","type":"","width":"","height":""}],"twitter_card":"summary_large_image","twitter_site":"@DeTalaia","schema":{"@context":"https:\/\/schema.org","@graph":[{"@type":"WebPage","@id":"https:\/\/cultura.santjosep.org\/es\/agenda\/festa-fi-de-curs-23-24-escola-municipal-de-musica-can-blau\/","url":"https:\/\/cultura.santjosep.org\/es\/agenda\/festa-fi-de-curs-23-24-escola-municipal-de-musica-can-blau\/","name":"Festa fi de curs 23-24 Escola municipal de m\u00fasica Can Blau - Cultura a Sant Josep de sa Talaia","isPartOf":{"@id":"https:\/\/cultura.santjosep.org\/es\/#website"},"primaryImageOfPage":{"@id":"https:\/\/cultura.santjosep.org\/es\/agenda\/festa-fi-de-curs-23-24-escola-municipal-de-musica-can-blau\/#primaryimage"},"image":{"@id":"https:\/\/cultura.santjosep.org\/es\/agenda\/festa-fi-de-curs-23-24-escola-municipal-de-musica-can-blau\/#primaryimage"},"thumbnailUrl":"https:\/\/cultura.santjosep.org\/wp-content\/uploads\/2023\/12\/COR-MUNICIPAL-CAN-BLAU-rec.jpg","datePublished":"2024-05-27T10:15:11+00:00","breadcrumb":{"@id":"https:\/\/cultura.santjosep.org\/es\/agenda\/festa-fi-de-curs-23-24-escola-municipal-de-musica-can-blau\/#breadcrumb"},"inLanguage":"es","potentialAction":[{"@type":"ReadAction","target":["https:\/\/cultura.santjosep.org\/es\/agenda\/festa-fi-de-curs-23-24-escola-municipal-de-musica-can-blau\/"]}]},{"@type":"ImageObject","inLanguage":"es","@id":"https:\/\/cultura.santjosep.org\/es\/agenda\/festa-fi-de-curs-23-24-escola-municipal-de-musica-can-blau\/#primaryimage","url":"https:\/\/cultura.santjosep.org\/wp-content\/uploads\/2023\/12\/COR-MUNICIPAL-CAN-BLAU-rec.jpg","contentUrl":"https:\/\/cultura.santjosep.org\/wp-content\/uploads\/2023\/12\/COR-MUNICIPAL-CAN-BLAU-rec.jpg","width":1400,"height":933},{"@type":"BreadcrumbList","@id":"https:\/\/cultura.santjosep.org\/es\/agenda\/festa-fi-de-curs-23-24-escola-municipal-de-musica-can-blau\/#breadcrumb","itemListElement":[{"@type":"ListItem","position":1,"name":"Portada","item":"https:\/\/cultura.santjosep.org\/es\/"},{"@type":"ListItem","position":2,"name":"Eventos","item":"https:\/\/cultura.santjosep.org\/agenda\/"},{"@type":"ListItem","position":3,"name":"Festa fi de curs 23-24 Escola municipal de m\u00fasica Can Blau"}]},{"@type":"WebSite","@id":"https:\/\/cultura.santjosep.org\/es\/#website","url":"https:\/\/cultura.santjosep.org\/es\/","name":"Cultura a Sant Josep de sa Talaia","description":"","publisher":{"@id":"https:\/\/cultura.santjosep.org\/es\/#organization"},"potentialAction":[{"@type":"SearchAction","target":{"@type":"EntryPoint","urlTemplate":"https:\/\/cultura.santjosep.org\/es\/?s={search_term_string}"},"query-input":{"@type":"PropertyValueSpecification","valueRequired":true,"valueName":"search_term_string"}}],"inLanguage":"es"},{"@type":"Organization","@id":"https:\/\/cultura.santjosep.org\/es\/#organization","name":"Ajuntament de Sant Josep de sa Talaia","url":"https:\/\/cultura.santjosep.org\/es\/","logo":{"@type":"ImageObject","inLanguage":"es","@id":"https:\/\/cultura.santjosep.org\/es\/#\/schema\/logo\/image\/","url":"https:\/\/cultura.santjosep.org\/wp-content\/uploads\/2020\/10\/logocolor.jpg","contentUrl":"https:\/\/cultura.santjosep.org\/wp-content\/uploads\/2020\/10\/logocolor.jpg","width":250,"height":98,"caption":"Ajuntament de Sant Josep de sa Talaia"},"image":{"@id":"https:\/\/cultura.santjosep.org\/es\/#\/schema\/logo\/image\/"},"sameAs":["https:\/\/www.facebook.com\/Ajuntament-de-Sant-Josep-de-sa-Talaia-197541666931354\/","https:\/\/x.com\/DeTalaia","https:\/\/www.instagram.com\/sant_josep_de_sa_talaia\/"]}]}},"_links":{"self":[{"href":"https:\/\/cultura.santjosep.org\/es\/wp-json\/wp\/v2\/tribe_events\/22361","targetHints":{"allow":["GET"]}}],"collection":[{"href":"https:\/\/cultura.santjosep.org\/es\/wp-json\/wp\/v2\/tribe_events"}],"about":[{"href":"https:\/\/cultura.santjosep.org\/es\/wp-json\/wp\/v2\/types\/tribe_events"}],"author":[{"embeddable":true,"href":"https:\/\/cultura.santjosep.org\/es\/wp-json\/wp\/v2\/users\/1"}],"version-history":[{"count":0,"href":"https:\/\/cultura.santjosep.org\/es\/wp-json\/wp\/v2\/tribe_events\/22361\/revisions"}],"wp:featuredmedia":[{"embeddable":true,"href":"https:\/\/cultura.santjosep.org\/es\/wp-json\/wp\/v2\/media\/20948"}],"wp:attachment":[{"href":"https:\/\/cultura.santjosep.org\/es\/wp-json\/wp\/v2\/media?parent=22361"}],"wp:term":[{"taxonomy":"post_tag","embeddable":true,"href":"https:\/\/cultura.santjosep.org\/es\/wp-json\/wp\/v2\/tags?post=22361"},{"taxonomy":"tribe_events_cat","embeddable":true,"href":"https:\/\/cultura.santjosep.org\/es\/wp-json\/wp\/v2\/tribe_events_cat?post=22361"}],"curies":[{"name":"wp","href":"https:\/\/api.w.org\/{rel}","templated":true}]}}