{"id":22593,"date":"2024-06-18T15:44:40","date_gmt":"2024-06-18T13:44:40","guid":{"rendered":"https:\/\/cultura.santjosep.org\/agenda\/concert-de-cambra-de-l-orquestra-simfonica-illes-balears\/"},"modified":"2024-06-18T15:44:40","modified_gmt":"2024-06-18T13:44:40","slug":"concert-de-cambra-de-l-orquestra-simfonica-illes-balears","status":"publish","type":"tribe_events","link":"https:\/\/cultura.santjosep.org\/es\/agenda\/concert-de-cambra-de-l-orquestra-simfonica-illes-balears\/","title":{"rendered":"Concert de Cambra de L&#8217; Orquestra Simf\u00f2nica Illes Balears"},"content":{"rendered":"<p>Centre de Cultura Can Jeroni (Sant Josep de Sa Talaia)<br \/>\n21 juny de 2024, 20.30 h<\/p>\n<p>#SONAMPERTU<\/p>\n<p><strong>A. Holborne<\/strong>, The windows myte<br \/>\n<strong>C. Monteverdi<\/strong>, A un giro sol de bell\u2019occhi lucenti<br \/>\n<strong>J. Clarke<\/strong>, The prince of Denmark\u2019s March<br \/>\n<strong>H. Purcell<\/strong>, Ayre i Trumpet tune<br \/>\n<strong>G. F. Haendel<\/strong>, Largo from \u201cXerxes\u201d<br \/>\n<strong>W. Boyce<\/strong>, Suite<br \/>\n<strong>J.S. Bach<\/strong>, Air i Brandenburg n\u00fam. 2 (Allegro)<\/p>\n<p>Cyrill Pouillet i Rub\u00e9n Gonz\u00e1lez (trompetes); Nigel Carter (trompa);<br \/>\nVicente Cascales (tromb\u00f3); Miquel S\u00e1ez (tromb\u00f3 baix)<\/p>\n<p><span style=\"color: #ff0000;\"><strong>Entrada lliure fins a completar l\u2019aforament<\/strong><\/span><\/p>\n<p><img loading=\"lazy\" decoding=\"async\" class=\"alignnone size-full wp-image-22590\" src=\"https:\/\/cultura.santjosep.org\/wp-content\/uploads\/2024\/06\/concert-de-cambra-de-lorquesta-simfonica-illes-balears.jpg\" alt=\"\" width=\"1030\" height=\"1458\" srcset=\"https:\/\/cultura.santjosep.org\/wp-content\/uploads\/2024\/06\/concert-de-cambra-de-lorquesta-simfonica-illes-balears.jpg 1030w, https:\/\/cultura.santjosep.org\/wp-content\/uploads\/2024\/06\/concert-de-cambra-de-lorquesta-simfonica-illes-balears-212x300.jpg 212w, https:\/\/cultura.santjosep.org\/wp-content\/uploads\/2024\/06\/concert-de-cambra-de-lorquesta-simfonica-illes-balears-723x1024.jpg 723w, https:\/\/cultura.santjosep.org\/wp-content\/uploads\/2024\/06\/concert-de-cambra-de-lorquesta-simfonica-illes-balears-768x1087.jpg 768w\" sizes=\"auto, (max-width: 1030px) 100vw, 1030px\" \/><\/p>\n","protected":false},"excerpt":{"rendered":"<p>Centre de Cultura Can Jeroni (Sant Josep de Sa Talaia) 21 juny de 2024, 20.30 h #SONAMPERTU A. Holborne, The windows myte C. Monteverdi, A un giro sol de bell\u2019occhi &hellip; <\/p>\n<p class=\"link-more\"><a href=\"https:\/\/cultura.santjosep.org\/es\/agenda\/concert-de-cambra-de-l-orquestra-simfonica-illes-balears\/\" class=\"more-link\">Seguir leyendo<span class=\"screen-reader-text\"> \u00abConcert de Cambra de L&#8217; Orquestra Simf\u00f2nica Illes Balears\u00bb<\/span><\/a><\/p>\n","protected":false},"author":1,"featured_media":8106,"template":"","meta":{"_tribe_events_status":"","_tribe_events_status_reason":"","_tribe_events_is_hybrid":"","_tribe_events_is_virtual":"","_tribe_events_virtual_video_source":"","_tribe_events_virtual_embed_video":"","_tribe_events_virtual_linked_button_text":"","_tribe_events_virtual_linked_button":"","_tribe_events_virtual_show_embed_at":"","_tribe_events_virtual_show_embed_to":[],"_tribe_events_virtual_show_on_event":"","_tribe_events_virtual_show_on_views":"","_tribe_events_virtual_url":"","footnotes":""},"tags":[],"tribe_events_cat":[],"class_list":["post-22593","tribe_events","type-tribe_events","status-publish","has-post-thumbnail","hentry","entry"],"yoast_head":"<!-- This site is optimized with the Yoast SEO plugin v26.6 - https:\/\/yoast.com\/wordpress\/plugins\/seo\/ -->\n<title>Concert de Cambra de L&#039; Orquestra Simf\u00f2nica Illes Balears - Cultura a Sant Josep de sa Talaia<\/title>\n<meta name=\"robots\" content=\"index, follow, max-snippet:-1, max-image-preview:large, max-video-preview:-1\" \/>\n<link rel=\"canonical\" href=\"https:\/\/cultura.santjosep.org\/es\/agenda\/concert-de-cambra-de-l-orquestra-simfonica-illes-balears\/\" \/>\n<meta property=\"og:locale\" content=\"es_ES\" \/>\n<meta property=\"og:type\" content=\"article\" \/>\n<meta property=\"og:title\" content=\"Concert de Cambra de L&#039; Orquestra Simf\u00f2nica Illes Balears - Cultura a Sant Josep de sa Talaia\" \/>\n<meta property=\"og:description\" content=\"Centre de Cultura Can Jeroni (Sant Josep de Sa Talaia) 21 juny de 2024, 20.30 h #SONAMPERTU A. Holborne, The windows myte C. Monteverdi, A un giro sol de bell\u2019occhi &hellip; Seguir leyendo \u00abConcert de Cambra de L&#8217; Orquestra Simf\u00f2nica Illes Balears\u00bb\" \/>\n<meta property=\"og:url\" content=\"https:\/\/cultura.santjosep.org\/es\/agenda\/concert-de-cambra-de-l-orquestra-simfonica-illes-balears\/\" \/>\n<meta property=\"og:site_name\" content=\"Cultura a Sant Josep de sa Talaia\" \/>\n<meta property=\"article:publisher\" content=\"https:\/\/www.facebook.com\/Ajuntament-de-Sant-Josep-de-sa-Talaia-197541666931354\/\" \/>\n<meta property=\"og:image\" content=\"https:\/\/cultura.santjosep.org\/wp-content\/uploads\/2024\/06\/concert-de-cambra-de-lorquesta-simfonica-illes-balears.jpg\" \/>\n<meta name=\"twitter:card\" content=\"summary_large_image\" \/>\n<meta name=\"twitter:site\" content=\"@DeTalaia\" \/>\n<script type=\"application\/ld+json\" class=\"yoast-schema-graph\">{\"@context\":\"https:\/\/schema.org\",\"@graph\":[{\"@type\":\"WebPage\",\"@id\":\"https:\/\/cultura.santjosep.org\/es\/agenda\/concert-de-cambra-de-l-orquestra-simfonica-illes-balears\/\",\"url\":\"https:\/\/cultura.santjosep.org\/es\/agenda\/concert-de-cambra-de-l-orquestra-simfonica-illes-balears\/\",\"name\":\"Concert de Cambra de L' Orquestra Simf\u00f2nica Illes Balears - Cultura a Sant Josep de sa Talaia\",\"isPartOf\":{\"@id\":\"https:\/\/cultura.santjosep.org\/es\/#website\"},\"primaryImageOfPage\":{\"@id\":\"https:\/\/cultura.santjosep.org\/es\/agenda\/concert-de-cambra-de-l-orquestra-simfonica-illes-balears\/#primaryimage\"},\"image\":{\"@id\":\"https:\/\/cultura.santjosep.org\/es\/agenda\/concert-de-cambra-de-l-orquestra-simfonica-illes-balears\/#primaryimage\"},\"thumbnailUrl\":\"https:\/\/cultura.santjosep.org\/wp-content\/uploads\/2021\/10\/canjeroni_centre.jpg\",\"datePublished\":\"2024-06-18T13:44:40+00:00\",\"breadcrumb\":{\"@id\":\"https:\/\/cultura.santjosep.org\/es\/agenda\/concert-de-cambra-de-l-orquestra-simfonica-illes-balears\/#breadcrumb\"},\"inLanguage\":\"es\",\"potentialAction\":[{\"@type\":\"ReadAction\",\"target\":[\"https:\/\/cultura.santjosep.org\/es\/agenda\/concert-de-cambra-de-l-orquestra-simfonica-illes-balears\/\"]}]},{\"@type\":\"ImageObject\",\"inLanguage\":\"es\",\"@id\":\"https:\/\/cultura.santjosep.org\/es\/agenda\/concert-de-cambra-de-l-orquestra-simfonica-illes-balears\/#primaryimage\",\"url\":\"https:\/\/cultura.santjosep.org\/wp-content\/uploads\/2021\/10\/canjeroni_centre.jpg\",\"contentUrl\":\"https:\/\/cultura.santjosep.org\/wp-content\/uploads\/2021\/10\/canjeroni_centre.jpg\",\"width\":1200,\"height\":1003},{\"@type\":\"BreadcrumbList\",\"@id\":\"https:\/\/cultura.santjosep.org\/es\/agenda\/concert-de-cambra-de-l-orquestra-simfonica-illes-balears\/#breadcrumb\",\"itemListElement\":[{\"@type\":\"ListItem\",\"position\":1,\"name\":\"Portada\",\"item\":\"https:\/\/cultura.santjosep.org\/es\/\"},{\"@type\":\"ListItem\",\"position\":2,\"name\":\"Eventos\",\"item\":\"https:\/\/cultura.santjosep.org\/agenda\/\"},{\"@type\":\"ListItem\",\"position\":3,\"name\":\"Concert de Cambra de L&#8217; Orquestra Simf\u00f2nica Illes Balears\"}]},{\"@type\":\"WebSite\",\"@id\":\"https:\/\/cultura.santjosep.org\/es\/#website\",\"url\":\"https:\/\/cultura.santjosep.org\/es\/\",\"name\":\"Cultura a Sant Josep de sa Talaia\",\"description\":\"\",\"publisher\":{\"@id\":\"https:\/\/cultura.santjosep.org\/es\/#organization\"},\"potentialAction\":[{\"@type\":\"SearchAction\",\"target\":{\"@type\":\"EntryPoint\",\"urlTemplate\":\"https:\/\/cultura.santjosep.org\/es\/?s={search_term_string}\"},\"query-input\":{\"@type\":\"PropertyValueSpecification\",\"valueRequired\":true,\"valueName\":\"search_term_string\"}}],\"inLanguage\":\"es\"},{\"@type\":\"Organization\",\"@id\":\"https:\/\/cultura.santjosep.org\/es\/#organization\",\"name\":\"Ajuntament de Sant Josep de sa Talaia\",\"url\":\"https:\/\/cultura.santjosep.org\/es\/\",\"logo\":{\"@type\":\"ImageObject\",\"inLanguage\":\"es\",\"@id\":\"https:\/\/cultura.santjosep.org\/es\/#\/schema\/logo\/image\/\",\"url\":\"https:\/\/cultura.santjosep.org\/wp-content\/uploads\/2020\/10\/logocolor.jpg\",\"contentUrl\":\"https:\/\/cultura.santjosep.org\/wp-content\/uploads\/2020\/10\/logocolor.jpg\",\"width\":250,\"height\":98,\"caption\":\"Ajuntament de Sant Josep de sa Talaia\"},\"image\":{\"@id\":\"https:\/\/cultura.santjosep.org\/es\/#\/schema\/logo\/image\/\"},\"sameAs\":[\"https:\/\/www.facebook.com\/Ajuntament-de-Sant-Josep-de-sa-Talaia-197541666931354\/\",\"https:\/\/x.com\/DeTalaia\",\"https:\/\/www.instagram.com\/sant_josep_de_sa_talaia\/\"]}]}<\/script>\n<!-- \/ Yoast SEO plugin. -->","yoast_head_json":{"title":"Concert de Cambra de L' Orquestra Simf\u00f2nica Illes Balears - Cultura a Sant Josep de sa Talaia","robots":{"index":"index","follow":"follow","max-snippet":"max-snippet:-1","max-image-preview":"max-image-preview:large","max-video-preview":"max-video-preview:-1"},"canonical":"https:\/\/cultura.santjosep.org\/es\/agenda\/concert-de-cambra-de-l-orquestra-simfonica-illes-balears\/","og_locale":"es_ES","og_type":"article","og_title":"Concert de Cambra de L' Orquestra Simf\u00f2nica Illes Balears - Cultura a Sant Josep de sa Talaia","og_description":"Centre de Cultura Can Jeroni (Sant Josep de Sa Talaia) 21 juny de 2024, 20.30 h #SONAMPERTU A. Holborne, The windows myte C. Monteverdi, A un giro sol de bell\u2019occhi &hellip; Seguir leyendo \u00abConcert de Cambra de L&#8217; Orquestra Simf\u00f2nica Illes Balears\u00bb","og_url":"https:\/\/cultura.santjosep.org\/es\/agenda\/concert-de-cambra-de-l-orquestra-simfonica-illes-balears\/","og_site_name":"Cultura a Sant Josep de sa Talaia","article_publisher":"https:\/\/www.facebook.com\/Ajuntament-de-Sant-Josep-de-sa-Talaia-197541666931354\/","og_image":[{"url":"https:\/\/cultura.santjosep.org\/wp-content\/uploads\/2024\/06\/concert-de-cambra-de-lorquesta-simfonica-illes-balears.jpg","type":"","width":"","height":""}],"twitter_card":"summary_large_image","twitter_site":"@DeTalaia","schema":{"@context":"https:\/\/schema.org","@graph":[{"@type":"WebPage","@id":"https:\/\/cultura.santjosep.org\/es\/agenda\/concert-de-cambra-de-l-orquestra-simfonica-illes-balears\/","url":"https:\/\/cultura.santjosep.org\/es\/agenda\/concert-de-cambra-de-l-orquestra-simfonica-illes-balears\/","name":"Concert de Cambra de L' Orquestra Simf\u00f2nica Illes Balears - Cultura a Sant Josep de sa Talaia","isPartOf":{"@id":"https:\/\/cultura.santjosep.org\/es\/#website"},"primaryImageOfPage":{"@id":"https:\/\/cultura.santjosep.org\/es\/agenda\/concert-de-cambra-de-l-orquestra-simfonica-illes-balears\/#primaryimage"},"image":{"@id":"https:\/\/cultura.santjosep.org\/es\/agenda\/concert-de-cambra-de-l-orquestra-simfonica-illes-balears\/#primaryimage"},"thumbnailUrl":"https:\/\/cultura.santjosep.org\/wp-content\/uploads\/2021\/10\/canjeroni_centre.jpg","datePublished":"2024-06-18T13:44:40+00:00","breadcrumb":{"@id":"https:\/\/cultura.santjosep.org\/es\/agenda\/concert-de-cambra-de-l-orquestra-simfonica-illes-balears\/#breadcrumb"},"inLanguage":"es","potentialAction":[{"@type":"ReadAction","target":["https:\/\/cultura.santjosep.org\/es\/agenda\/concert-de-cambra-de-l-orquestra-simfonica-illes-balears\/"]}]},{"@type":"ImageObject","inLanguage":"es","@id":"https:\/\/cultura.santjosep.org\/es\/agenda\/concert-de-cambra-de-l-orquestra-simfonica-illes-balears\/#primaryimage","url":"https:\/\/cultura.santjosep.org\/wp-content\/uploads\/2021\/10\/canjeroni_centre.jpg","contentUrl":"https:\/\/cultura.santjosep.org\/wp-content\/uploads\/2021\/10\/canjeroni_centre.jpg","width":1200,"height":1003},{"@type":"BreadcrumbList","@id":"https:\/\/cultura.santjosep.org\/es\/agenda\/concert-de-cambra-de-l-orquestra-simfonica-illes-balears\/#breadcrumb","itemListElement":[{"@type":"ListItem","position":1,"name":"Portada","item":"https:\/\/cultura.santjosep.org\/es\/"},{"@type":"ListItem","position":2,"name":"Eventos","item":"https:\/\/cultura.santjosep.org\/agenda\/"},{"@type":"ListItem","position":3,"name":"Concert de Cambra de L&#8217; Orquestra Simf\u00f2nica Illes Balears"}]},{"@type":"WebSite","@id":"https:\/\/cultura.santjosep.org\/es\/#website","url":"https:\/\/cultura.santjosep.org\/es\/","name":"Cultura a Sant Josep de sa Talaia","description":"","publisher":{"@id":"https:\/\/cultura.santjosep.org\/es\/#organization"},"potentialAction":[{"@type":"SearchAction","target":{"@type":"EntryPoint","urlTemplate":"https:\/\/cultura.santjosep.org\/es\/?s={search_term_string}"},"query-input":{"@type":"PropertyValueSpecification","valueRequired":true,"valueName":"search_term_string"}}],"inLanguage":"es"},{"@type":"Organization","@id":"https:\/\/cultura.santjosep.org\/es\/#organization","name":"Ajuntament de Sant Josep de sa Talaia","url":"https:\/\/cultura.santjosep.org\/es\/","logo":{"@type":"ImageObject","inLanguage":"es","@id":"https:\/\/cultura.santjosep.org\/es\/#\/schema\/logo\/image\/","url":"https:\/\/cultura.santjosep.org\/wp-content\/uploads\/2020\/10\/logocolor.jpg","contentUrl":"https:\/\/cultura.santjosep.org\/wp-content\/uploads\/2020\/10\/logocolor.jpg","width":250,"height":98,"caption":"Ajuntament de Sant Josep de sa Talaia"},"image":{"@id":"https:\/\/cultura.santjosep.org\/es\/#\/schema\/logo\/image\/"},"sameAs":["https:\/\/www.facebook.com\/Ajuntament-de-Sant-Josep-de-sa-Talaia-197541666931354\/","https:\/\/x.com\/DeTalaia","https:\/\/www.instagram.com\/sant_josep_de_sa_talaia\/"]}]}},"_links":{"self":[{"href":"https:\/\/cultura.santjosep.org\/es\/wp-json\/wp\/v2\/tribe_events\/22593","targetHints":{"allow":["GET"]}}],"collection":[{"href":"https:\/\/cultura.santjosep.org\/es\/wp-json\/wp\/v2\/tribe_events"}],"about":[{"href":"https:\/\/cultura.santjosep.org\/es\/wp-json\/wp\/v2\/types\/tribe_events"}],"author":[{"embeddable":true,"href":"https:\/\/cultura.santjosep.org\/es\/wp-json\/wp\/v2\/users\/1"}],"version-history":[{"count":0,"href":"https:\/\/cultura.santjosep.org\/es\/wp-json\/wp\/v2\/tribe_events\/22593\/revisions"}],"wp:featuredmedia":[{"embeddable":true,"href":"https:\/\/cultura.santjosep.org\/es\/wp-json\/wp\/v2\/media\/8106"}],"wp:attachment":[{"href":"https:\/\/cultura.santjosep.org\/es\/wp-json\/wp\/v2\/media?parent=22593"}],"wp:term":[{"taxonomy":"post_tag","embeddable":true,"href":"https:\/\/cultura.santjosep.org\/es\/wp-json\/wp\/v2\/tags?post=22593"},{"taxonomy":"tribe_events_cat","embeddable":true,"href":"https:\/\/cultura.santjosep.org\/es\/wp-json\/wp\/v2\/tribe_events_cat?post=22593"}],"curies":[{"name":"wp","href":"https:\/\/api.w.org\/{rel}","templated":true}]}}