{"id":23397,"date":"2024-10-17T09:14:12","date_gmt":"2024-10-17T07:14:12","guid":{"rendered":"https:\/\/cultura.santjosep.org\/agenda\/tots-sants-2024\/"},"modified":"2024-10-17T09:14:12","modified_gmt":"2024-10-17T07:14:12","slug":"tots-sants-2024","status":"publish","type":"tribe_events","link":"https:\/\/cultura.santjosep.org\/es\/agenda\/tots-sants-2024\/","title":{"rendered":"Tots Sants 2024"},"content":{"rendered":"<div class=\"wpb-content-wrapper\"><p>[vc_row][vc_column][vc_column_text]Sant Josep celebra la festivitat de Tots Sants amb un ampli ventall de propostes d\u2019oci juvenils repartides per tot el municipi.<\/p>\n<p><b>Nit apocal\u00edptica a Cala de Bou<br \/>\n<\/b>El tret de sortida tindr\u00e0 lloc el dissabte 26 d\u2019octubre als voltants de l\u2019Auditori Cal\u00f3 de s\u2019Oli amb \u2018una nit apocal\u00edptica a Cala de Bou\u2019 amb la celebraci\u00f3 del \u2018Survival Zombie\u2019, l\u2019experi\u00e8ncia de superviv\u00e8ncia m\u00e9s terror\u00edfica que es celebra a l\u2019illa d\u2019Eivissa i que omplir\u00e0 els carrers del poble de morts vivents, reptes i molts obstacles a superar. Les places s\u00f3n limitades i cal inscripci\u00f3 pr\u00e8via a trav\u00e9s de la p\u00e0gina web <a href=\"http:\/\/www.survivalzombie.es\/\">www.survivalzombie.es<\/a>.<br \/>\n<b><br \/>\nNit terror\u00edfica a Sant Jordi<br \/>\n<\/b>Dijous 31 d\u2019octubre la festa i el terror van de la m\u00e0 amb la celebraci\u00f3, a partir de les 18 hores, de l\u2019Espant\u00f3s Fest. Un festival de m\u00fasica organitzat per l\u2019Associaci\u00f3 Cultural Ses Barsetes, en col\u00b7laboraci\u00f3 amb Can Sala, Ibiza In i TDAHEF, que comptar\u00e0 amb les actuacions de Sr. Cardona, Mezzclub, Billy Flamingos i Dr. Trapero.<\/p>\n<p>L\u2019epicentre de la festa ser\u00e0 la Pla\u00e7a de Sant Jordi, on les activitats de la nit de les \u00e0nimes comen\u00e7aran a partir de les 16.30 hores amb un taller de maquillatge i caracteritzaci\u00f3 destinat a joves a partir de 12 anys que es celebrar\u00e0 a la sala polivalent de l\u2019oficina municipal de Sant Jordi. Posteriorment hi haur\u00e0 un altre taller de fer rosaris dol\u00e7os, a partir de les 18.20 hores.<\/p>\n<p><b>Trencada de Tots Sants a Sant Josep<br \/>\n<\/b>El dia 1 de novembre Sant Josep acollir\u00e0, als voltants de l\u2019Ajuntament, la trencada de Tots Sants amb tot un munt d\u2019activitats al llarg del dia que iniciaran a les 11.30 hores amb activitats i jocs per a tota la fam\u00edlia amb Jugeroix, pintacares, taller de fer rosaris dol\u00e7os i moltes m\u00e9s sorpreses.<\/p>\n<p>A les 12 hores hi haur\u00e0 una ballada popular, seguida d\u2019un vermut musical amb el concert de Los MariThomas, a partir de les 13 hores.<\/p>\n<p>A les 14 hores tindr\u00e0 lloc un dinar popular de frita de porcella organitzat per Ca sa Majora S.XXI amb la col\u00b7laboraci\u00f3 del Grup Folkl\u00f2ric Sant Josep de sa Talaia.<\/p>\n<p>Posteriorment, a partir de les 16 hores, hi haur\u00e0 trencada musical amb el DJ D-Ramones i Esta me la s\u00e9. Per arrodonir el dia s\u2019han organitzat dues gimcanes, una dirigida a infants de 6 a 12 anys i l\u2019altra a joves de 13 a 16 anys, a les 16.30 i a les 18.30, respectivament.<\/p>\n<p><b>Cinema<br \/>\n<\/b>Per tancar el programa de Tots Sants a Sant Josep de sa Talaia, el Centre Cultural Can Jeroni acollir\u00e0, el dissabte 2 de novembre, dues projeccions de cinema de terror: una infantil i una per a adults. Aix\u00ed, a les 17.30 hores, es projectar\u00e0 \u2018Hotel Transilvania\u2019 i a les 20 hores \u2018La Maldici\u00f3n\u2019. En ambd\u00f3s casos l\u2019entrada \u00e9s gratu\u00efta i lliure fins a completar cabuda.<\/p>\n<p>[\/vc_column_text][\/vc_column][\/vc_row][vc_row][vc_column][vc_btn title=\u00bbDescarregar programa d&#8217;activitats\u00bb color=\u00bbsandy-brown\u00bb link=\u00bburl:https%3A%2F%2Fwww.santjosep.org%2Fwp-content%2Fuploads%2F2024%2F10%2FPROGRAMACIO%25CC%2581-TOTS-SANTS-2024.pdf\u00bb][\/vc_column][\/vc_row]<\/p>\n<\/div>","protected":false},"excerpt":{"rendered":"<p>[vc_row][vc_column][vc_column_text]Sant Josep celebra la festivitat de Tots Sants amb un ampli ventall de propostes d\u2019oci juvenils repartides per tot el municipi. Nit apocal\u00edptica a Cala de Bou El tret de &hellip; <\/p>\n<p class=\"link-more\"><a href=\"https:\/\/cultura.santjosep.org\/es\/agenda\/tots-sants-2024\/\" class=\"more-link\">Seguir leyendo<span class=\"screen-reader-text\"> \u00abTots Sants 2024\u00bb<\/span><\/a><\/p>\n","protected":false},"author":1,"featured_media":23394,"template":"","meta":{"_tribe_events_status":"","_tribe_events_status_reason":"","_tribe_events_is_hybrid":"","_tribe_events_is_virtual":"","_tribe_events_virtual_video_source":"","_tribe_events_virtual_embed_video":"","_tribe_events_virtual_linked_button_text":"","_tribe_events_virtual_linked_button":"","_tribe_events_virtual_show_embed_at":"","_tribe_events_virtual_show_embed_to":[],"_tribe_events_virtual_show_on_event":"","_tribe_events_virtual_show_on_views":"","_tribe_events_virtual_url":"","footnotes":""},"tags":[],"tribe_events_cat":[65],"class_list":["post-23397","tribe_events","type-tribe_events","status-publish","has-post-thumbnail","hentry","tribe_events_cat-cala-de-bou-pueblo","cat_cala-de-bou-pueblo","entry"],"yoast_head":"<!-- This site is optimized with the Yoast SEO plugin v26.6 - https:\/\/yoast.com\/wordpress\/plugins\/seo\/ -->\n<title>Tots Sants 2024 - Cultura a Sant Josep de sa Talaia<\/title>\n<meta name=\"robots\" content=\"index, follow, max-snippet:-1, max-image-preview:large, max-video-preview:-1\" \/>\n<link rel=\"canonical\" href=\"https:\/\/cultura.santjosep.org\/es\/agenda\/tots-sants-2024\/\" \/>\n<meta property=\"og:locale\" content=\"es_ES\" \/>\n<meta property=\"og:type\" content=\"article\" \/>\n<meta property=\"og:title\" content=\"Tots Sants 2024 - Cultura a Sant Josep de sa Talaia\" \/>\n<meta property=\"og:description\" content=\"[vc_row][vc_column][vc_column_text]Sant Josep celebra la festivitat de Tots Sants amb un ampli ventall de propostes d\u2019oci juvenils repartides per tot el municipi. Nit apocal\u00edptica a Cala de Bou El tret de &hellip; Seguir leyendo \u00abTots Sants 2024\u00bb\" \/>\n<meta property=\"og:url\" content=\"https:\/\/cultura.santjosep.org\/es\/agenda\/tots-sants-2024\/\" \/>\n<meta property=\"og:site_name\" content=\"Cultura a Sant Josep de sa Talaia\" \/>\n<meta property=\"article:publisher\" content=\"https:\/\/www.facebook.com\/Ajuntament-de-Sant-Josep-de-sa-Talaia-197541666931354\/\" \/>\n<meta name=\"twitter:card\" content=\"summary_large_image\" \/>\n<meta name=\"twitter:site\" content=\"@DeTalaia\" \/>\n<meta name=\"twitter:label1\" content=\"Tiempo de lectura\" \/>\n\t<meta name=\"twitter:data1\" content=\"3 minutos\" \/>\n<script type=\"application\/ld+json\" class=\"yoast-schema-graph\">{\"@context\":\"https:\/\/schema.org\",\"@graph\":[{\"@type\":\"WebPage\",\"@id\":\"https:\/\/cultura.santjosep.org\/es\/agenda\/tots-sants-2024\/\",\"url\":\"https:\/\/cultura.santjosep.org\/es\/agenda\/tots-sants-2024\/\",\"name\":\"Tots Sants 2024 - Cultura a Sant Josep de sa Talaia\",\"isPartOf\":{\"@id\":\"https:\/\/cultura.santjosep.org\/es\/#website\"},\"primaryImageOfPage\":{\"@id\":\"https:\/\/cultura.santjosep.org\/es\/agenda\/tots-sants-2024\/#primaryimage\"},\"image\":{\"@id\":\"https:\/\/cultura.santjosep.org\/es\/agenda\/tots-sants-2024\/#primaryimage\"},\"thumbnailUrl\":\"https:\/\/cultura.santjosep.org\/wp-content\/uploads\/2024\/10\/POST-TOTS-SANTS-2024_0.jpg\",\"datePublished\":\"2024-10-17T07:14:12+00:00\",\"breadcrumb\":{\"@id\":\"https:\/\/cultura.santjosep.org\/es\/agenda\/tots-sants-2024\/#breadcrumb\"},\"inLanguage\":\"es\",\"potentialAction\":[{\"@type\":\"ReadAction\",\"target\":[\"https:\/\/cultura.santjosep.org\/es\/agenda\/tots-sants-2024\/\"]}]},{\"@type\":\"ImageObject\",\"inLanguage\":\"es\",\"@id\":\"https:\/\/cultura.santjosep.org\/es\/agenda\/tots-sants-2024\/#primaryimage\",\"url\":\"https:\/\/cultura.santjosep.org\/wp-content\/uploads\/2024\/10\/POST-TOTS-SANTS-2024_0.jpg\",\"contentUrl\":\"https:\/\/cultura.santjosep.org\/wp-content\/uploads\/2024\/10\/POST-TOTS-SANTS-2024_0.jpg\",\"width\":2250,\"height\":2250},{\"@type\":\"BreadcrumbList\",\"@id\":\"https:\/\/cultura.santjosep.org\/es\/agenda\/tots-sants-2024\/#breadcrumb\",\"itemListElement\":[{\"@type\":\"ListItem\",\"position\":1,\"name\":\"Portada\",\"item\":\"https:\/\/cultura.santjosep.org\/es\/\"},{\"@type\":\"ListItem\",\"position\":2,\"name\":\"Eventos\",\"item\":\"https:\/\/cultura.santjosep.org\/agenda\/\"},{\"@type\":\"ListItem\",\"position\":3,\"name\":\"Tots Sants 2024\"}]},{\"@type\":\"WebSite\",\"@id\":\"https:\/\/cultura.santjosep.org\/es\/#website\",\"url\":\"https:\/\/cultura.santjosep.org\/es\/\",\"name\":\"Cultura a Sant Josep de sa Talaia\",\"description\":\"\",\"publisher\":{\"@id\":\"https:\/\/cultura.santjosep.org\/es\/#organization\"},\"potentialAction\":[{\"@type\":\"SearchAction\",\"target\":{\"@type\":\"EntryPoint\",\"urlTemplate\":\"https:\/\/cultura.santjosep.org\/es\/?s={search_term_string}\"},\"query-input\":{\"@type\":\"PropertyValueSpecification\",\"valueRequired\":true,\"valueName\":\"search_term_string\"}}],\"inLanguage\":\"es\"},{\"@type\":\"Organization\",\"@id\":\"https:\/\/cultura.santjosep.org\/es\/#organization\",\"name\":\"Ajuntament de Sant Josep de sa Talaia\",\"url\":\"https:\/\/cultura.santjosep.org\/es\/\",\"logo\":{\"@type\":\"ImageObject\",\"inLanguage\":\"es\",\"@id\":\"https:\/\/cultura.santjosep.org\/es\/#\/schema\/logo\/image\/\",\"url\":\"https:\/\/cultura.santjosep.org\/wp-content\/uploads\/2020\/10\/logocolor.jpg\",\"contentUrl\":\"https:\/\/cultura.santjosep.org\/wp-content\/uploads\/2020\/10\/logocolor.jpg\",\"width\":250,\"height\":98,\"caption\":\"Ajuntament de Sant Josep de sa Talaia\"},\"image\":{\"@id\":\"https:\/\/cultura.santjosep.org\/es\/#\/schema\/logo\/image\/\"},\"sameAs\":[\"https:\/\/www.facebook.com\/Ajuntament-de-Sant-Josep-de-sa-Talaia-197541666931354\/\",\"https:\/\/x.com\/DeTalaia\",\"https:\/\/www.instagram.com\/sant_josep_de_sa_talaia\/\"]}]}<\/script>\n<!-- \/ Yoast SEO plugin. -->","yoast_head_json":{"title":"Tots Sants 2024 - Cultura a Sant Josep de sa Talaia","robots":{"index":"index","follow":"follow","max-snippet":"max-snippet:-1","max-image-preview":"max-image-preview:large","max-video-preview":"max-video-preview:-1"},"canonical":"https:\/\/cultura.santjosep.org\/es\/agenda\/tots-sants-2024\/","og_locale":"es_ES","og_type":"article","og_title":"Tots Sants 2024 - Cultura a Sant Josep de sa Talaia","og_description":"[vc_row][vc_column][vc_column_text]Sant Josep celebra la festivitat de Tots Sants amb un ampli ventall de propostes d\u2019oci juvenils repartides per tot el municipi. Nit apocal\u00edptica a Cala de Bou El tret de &hellip; Seguir leyendo \u00abTots Sants 2024\u00bb","og_url":"https:\/\/cultura.santjosep.org\/es\/agenda\/tots-sants-2024\/","og_site_name":"Cultura a Sant Josep de sa Talaia","article_publisher":"https:\/\/www.facebook.com\/Ajuntament-de-Sant-Josep-de-sa-Talaia-197541666931354\/","twitter_card":"summary_large_image","twitter_site":"@DeTalaia","twitter_misc":{"Tiempo de lectura":"3 minutos"},"schema":{"@context":"https:\/\/schema.org","@graph":[{"@type":"WebPage","@id":"https:\/\/cultura.santjosep.org\/es\/agenda\/tots-sants-2024\/","url":"https:\/\/cultura.santjosep.org\/es\/agenda\/tots-sants-2024\/","name":"Tots Sants 2024 - Cultura a Sant Josep de sa Talaia","isPartOf":{"@id":"https:\/\/cultura.santjosep.org\/es\/#website"},"primaryImageOfPage":{"@id":"https:\/\/cultura.santjosep.org\/es\/agenda\/tots-sants-2024\/#primaryimage"},"image":{"@id":"https:\/\/cultura.santjosep.org\/es\/agenda\/tots-sants-2024\/#primaryimage"},"thumbnailUrl":"https:\/\/cultura.santjosep.org\/wp-content\/uploads\/2024\/10\/POST-TOTS-SANTS-2024_0.jpg","datePublished":"2024-10-17T07:14:12+00:00","breadcrumb":{"@id":"https:\/\/cultura.santjosep.org\/es\/agenda\/tots-sants-2024\/#breadcrumb"},"inLanguage":"es","potentialAction":[{"@type":"ReadAction","target":["https:\/\/cultura.santjosep.org\/es\/agenda\/tots-sants-2024\/"]}]},{"@type":"ImageObject","inLanguage":"es","@id":"https:\/\/cultura.santjosep.org\/es\/agenda\/tots-sants-2024\/#primaryimage","url":"https:\/\/cultura.santjosep.org\/wp-content\/uploads\/2024\/10\/POST-TOTS-SANTS-2024_0.jpg","contentUrl":"https:\/\/cultura.santjosep.org\/wp-content\/uploads\/2024\/10\/POST-TOTS-SANTS-2024_0.jpg","width":2250,"height":2250},{"@type":"BreadcrumbList","@id":"https:\/\/cultura.santjosep.org\/es\/agenda\/tots-sants-2024\/#breadcrumb","itemListElement":[{"@type":"ListItem","position":1,"name":"Portada","item":"https:\/\/cultura.santjosep.org\/es\/"},{"@type":"ListItem","position":2,"name":"Eventos","item":"https:\/\/cultura.santjosep.org\/agenda\/"},{"@type":"ListItem","position":3,"name":"Tots Sants 2024"}]},{"@type":"WebSite","@id":"https:\/\/cultura.santjosep.org\/es\/#website","url":"https:\/\/cultura.santjosep.org\/es\/","name":"Cultura a Sant Josep de sa Talaia","description":"","publisher":{"@id":"https:\/\/cultura.santjosep.org\/es\/#organization"},"potentialAction":[{"@type":"SearchAction","target":{"@type":"EntryPoint","urlTemplate":"https:\/\/cultura.santjosep.org\/es\/?s={search_term_string}"},"query-input":{"@type":"PropertyValueSpecification","valueRequired":true,"valueName":"search_term_string"}}],"inLanguage":"es"},{"@type":"Organization","@id":"https:\/\/cultura.santjosep.org\/es\/#organization","name":"Ajuntament de Sant Josep de sa Talaia","url":"https:\/\/cultura.santjosep.org\/es\/","logo":{"@type":"ImageObject","inLanguage":"es","@id":"https:\/\/cultura.santjosep.org\/es\/#\/schema\/logo\/image\/","url":"https:\/\/cultura.santjosep.org\/wp-content\/uploads\/2020\/10\/logocolor.jpg","contentUrl":"https:\/\/cultura.santjosep.org\/wp-content\/uploads\/2020\/10\/logocolor.jpg","width":250,"height":98,"caption":"Ajuntament de Sant Josep de sa Talaia"},"image":{"@id":"https:\/\/cultura.santjosep.org\/es\/#\/schema\/logo\/image\/"},"sameAs":["https:\/\/www.facebook.com\/Ajuntament-de-Sant-Josep-de-sa-Talaia-197541666931354\/","https:\/\/x.com\/DeTalaia","https:\/\/www.instagram.com\/sant_josep_de_sa_talaia\/"]}]}},"_links":{"self":[{"href":"https:\/\/cultura.santjosep.org\/es\/wp-json\/wp\/v2\/tribe_events\/23397","targetHints":{"allow":["GET"]}}],"collection":[{"href":"https:\/\/cultura.santjosep.org\/es\/wp-json\/wp\/v2\/tribe_events"}],"about":[{"href":"https:\/\/cultura.santjosep.org\/es\/wp-json\/wp\/v2\/types\/tribe_events"}],"author":[{"embeddable":true,"href":"https:\/\/cultura.santjosep.org\/es\/wp-json\/wp\/v2\/users\/1"}],"version-history":[{"count":0,"href":"https:\/\/cultura.santjosep.org\/es\/wp-json\/wp\/v2\/tribe_events\/23397\/revisions"}],"wp:featuredmedia":[{"embeddable":true,"href":"https:\/\/cultura.santjosep.org\/es\/wp-json\/wp\/v2\/media\/23394"}],"wp:attachment":[{"href":"https:\/\/cultura.santjosep.org\/es\/wp-json\/wp\/v2\/media?parent=23397"}],"wp:term":[{"taxonomy":"post_tag","embeddable":true,"href":"https:\/\/cultura.santjosep.org\/es\/wp-json\/wp\/v2\/tags?post=23397"},{"taxonomy":"tribe_events_cat","embeddable":true,"href":"https:\/\/cultura.santjosep.org\/es\/wp-json\/wp\/v2\/tribe_events_cat?post=23397"}],"curies":[{"name":"wp","href":"https:\/\/api.w.org\/{rel}","templated":true}]}}