{"id":25153,"date":"2025-06-11T09:54:34","date_gmt":"2025-06-11T07:54:34","guid":{"rendered":"https:\/\/cultura.santjosep.org\/agenda\/juliol-creatiu\/"},"modified":"2025-07-18T08:48:40","modified_gmt":"2025-07-18T06:48:40","slug":"juliol-creatiu","status":"publish","type":"tribe_events","link":"https:\/\/cultura.santjosep.org\/es\/agenda\/juliol-creatiu\/","title":{"rendered":"Juliol creatiu"},"content":{"rendered":"<div class=\"wpb-content-wrapper\"><p>[vc_row][vc_column][vc_column_text css=\u00bb\u00bb]<\/p>\n<p data-start=\"0\" data-end=\"60\"><strong data-start=\"0\" data-end=\"24\">Julio creativo, 2025<\/strong><br data-start=\"24\" data-end=\"27\" \/><strong data-start=\"27\" data-end=\"60\">Biblioteca Vicent Serra Orvay<\/strong><\/p>\n<p data-start=\"62\" data-end=\"194\"><strong data-start=\"62\" data-end=\"75\">Los lunes<\/strong><br data-start=\"75\" data-end=\"78\" \/>17:30 a 19:00 h<br data-start=\"93\" data-end=\"96\" \/>Letras frescas<br data-start=\"110\" data-end=\"113\" \/>Taller de caligraf\u00eda art\u00edstica con Maria Vila.<br data-start=\"159\" data-end=\"162\" \/>Edad: de 8 a 14 a\u00f1os. 12 plazas.<\/p>\n<p data-start=\"196\" data-end=\"375\"><strong data-start=\"196\" data-end=\"211\">Los martes:<\/strong><br data-start=\"211\" data-end=\"214\" \/>1, 8, 15 y 22 de julio<br data-start=\"236\" data-end=\"239\" \/>17:00 a 19:00 h<br data-start=\"254\" data-end=\"257\" \/>Taller de iniciaci\u00f3n a la rob\u00f3tica<br data-start=\"291\" data-end=\"294\" \/>A cargo de Ibosim Robotics, Toni Guasch Serra.<br data-start=\"340\" data-end=\"343\" \/>Edad: de 9 a 12 a\u00f1os. 10 plazas.<\/p>\n<p data-start=\"377\" data-end=\"512\"><strong data-start=\"377\" data-end=\"394\">Los mi\u00e9rcoles<\/strong><br data-start=\"394\" data-end=\"397\" \/>17:00 a 18:00 h<br data-start=\"412\" data-end=\"415\" \/>18:00 a 19:00 h<br data-start=\"430\" data-end=\"433\" \/>Taller de ajedrez<br data-start=\"450\" data-end=\"453\" \/>Con Marc Colom.<br data-start=\"468\" data-end=\"471\" \/>Edad: de 8 a 12 a\u00f1os. 6 plazas por grupo.<\/p>\n<p data-start=\"514\" data-end=\"528\"><strong data-start=\"514\" data-end=\"528\">Los jueves<\/strong><\/p>\n<p data-start=\"530\" data-end=\"608\">J\u00fanior (a partir de 8 a\u00f1os)<br data-start=\"557\" data-end=\"560\" \/>Ma\u00f1ana: 10:00 a 10:50 h<br data-start=\"583\" data-end=\"586\" \/>Tarde: 17:00 a 17:50 h<\/p>\n<p data-start=\"610\" data-end=\"690\">J\u00f3venes (a partir de 11 a\u00f1os)<br data-start=\"639\" data-end=\"642\" \/>Ma\u00f1ana: 11:00 a 12:30 h<br data-start=\"665\" data-end=\"668\" \/>Tarde: 18:00 a 19:30 h<\/p>\n<p data-start=\"692\" data-end=\"761\">Taller de dibujo manga<br data-start=\"714\" data-end=\"717\" \/>Con Francisco Garc\u00eda.<br data-start=\"738\" data-end=\"741\" \/>10 plazas por grupo.<\/p>\n<p data-start=\"763\" data-end=\"950\"><strong data-start=\"763\" data-end=\"779\">Mi\u00e9rcoles 30<\/strong><br data-start=\"779\" data-end=\"782\" \/>17:30 a 19:00 h<br data-start=\"797\" data-end=\"800\" \/>Taller de manualidades<br data-start=\"822\" data-end=\"825\" \/>Con Laia.<br data-start=\"834\" data-end=\"837\" \/>Edad: a partir de 8 a\u00f1os. 12 plazas.<br data-start=\"873\" data-end=\"876\" \/>Dos actividades el mismo d\u00eda, ajedrez y manualidades, en aulas diferentes.<\/p>\n<p data-start=\"952\" data-end=\"1042\" data-is-last-node=\"\" data-is-only-node=\"\">Es necesaria inscripci\u00f3n previa<br data-start=\"983\" data-end=\"986\" \/>En el 871 55 40 56 o en:<br data-start=\"1010\" data-end=\"1013\" \/><a class=\"cursor-pointer\" rel=\"noopener\" data-start=\"1013\" data-end=\"1042\" data-is-last-node=\"\">bibliosantjordi@santjosep.org<\/a><\/p>\n<p>[\/vc_column_text][vc_single_image image=\u00bb25148&#8243; img_size=\u00bbfull\u00bb css=\u00bb\u00bb][\/vc_column][\/vc_row]<\/p>\n<\/div>","protected":false},"excerpt":{"rendered":"<p>Julio creativo, 2025<br \/>\nBiblioteca Vicent Serra Orvay<\/p>\n<p>Los lunes<br \/>\n17:30 a 19:00 h<br \/>\nLetras frescas<br \/>\nTaller de caligraf\u00eda art\u00edstica con Maria Vila.<br \/>\nEdad: de 8 a 14 a\u00f1os. 12 plazas.<\/p>\n<p>Los martes:<br \/>\n1, 8, 15 y 22 de julio<br \/>\n17:00 a 19:00 h<br \/>\nTaller de iniciaci\u00f3n a la rob\u00f3tica<br \/>\nA cargo de Ibosim Robotics, Toni Guasch Serra.<br \/>\nEdad: de 9 a 12 a\u00f1os. 10 plazas.<\/p>\n<p>Los mi\u00e9rcoles<br \/>\n17:00 a 18:00 h<br \/>\n18:00 a 19:00 h<br \/>\nTaller de ajedrez<br \/>\nCon Marc Colom.<br \/>\nEdad: de 8 a 12 a\u00f1os. 6 plazas por grupo.<\/p>\n<p>Los jueves<\/p>\n<p>J\u00fanior (a partir de 8 a\u00f1os)<br \/>\nMa\u00f1ana: 10:00 a 10:50 h<br \/>\nTarde: 17:00 a 17:50 h<\/p>\n<p>J\u00f3venes (a partir de 11 a\u00f1os)<br \/>\nMa\u00f1ana: 11:00 a 12:30 h<br \/>\nTarde: 18:00 a 19:30 h<\/p>\n<p>Taller de dibujo manga<br \/>\nCon Francisco Garc\u00eda.<br \/>\n10 plazas por grupo.<\/p>\n<p>Mi\u00e9rcoles 30<br \/>\n17:30 a 19:00 h<br \/>\nTaller de manualidades<br \/>\nCon Laia.<br \/>\nEdad: a partir de 8 a\u00f1os. 12 plazas.<br \/>\nDos actividades el mismo d\u00eda, ajedrez y manualidades, en aulas diferentes.<\/p>\n<p>Es necesaria inscripci\u00f3n previa<br \/>\nEn el 871 55 40 56 o en:<br \/>\nbibliosantjordi@santjosep.org<\/p>\n","protected":false},"author":1,"featured_media":25151,"template":"","meta":{"_tribe_events_status":"","_tribe_events_status_reason":"","_tribe_events_is_hybrid":"","_tribe_events_is_virtual":"","_tribe_events_virtual_video_source":"","_tribe_events_virtual_embed_video":"","_tribe_events_virtual_linked_button_text":"","_tribe_events_virtual_linked_button":"","_tribe_events_virtual_show_embed_at":"","_tribe_events_virtual_show_embed_to":[],"_tribe_events_virtual_show_on_event":"","_tribe_events_virtual_show_on_views":"","_tribe_events_virtual_url":"","footnotes":""},"tags":[],"tribe_events_cat":[92],"class_list":["post-25153","tribe_events","type-tribe_events","status-publish","has-post-thumbnail","hentry","tribe_events_cat-infantil-es","cat_infantil-es","entry"],"yoast_head":"<!-- This site is optimized with the Yoast SEO plugin v26.6 - https:\/\/yoast.com\/wordpress\/plugins\/seo\/ -->\n<title>Juliol creatiu - Cultura a Sant Josep de sa Talaia<\/title>\n<meta name=\"robots\" content=\"index, follow, max-snippet:-1, max-image-preview:large, max-video-preview:-1\" \/>\n<link rel=\"canonical\" href=\"https:\/\/cultura.santjosep.org\/es\/agenda\/juliol-creatiu\/\" \/>\n<meta property=\"og:locale\" content=\"es_ES\" \/>\n<meta property=\"og:type\" content=\"article\" \/>\n<meta property=\"og:title\" content=\"Juliol creatiu - Cultura a Sant Josep de sa Talaia\" \/>\n<meta property=\"og:description\" content=\"Julio creativo, 2025 Biblioteca Vicent Serra Orvay  Los lunes 17:30 a 19:00 h Letras frescas Taller de caligraf\u00eda art\u00edstica con Maria Vila. Edad: de 8 a 14 a\u00f1os. 12 plazas.  Los martes: 1, 8, 15 y 22 de julio 17:00 a 19:00 h Taller de iniciaci\u00f3n a la rob\u00f3tica A cargo de Ibosim Robotics, Toni Guasch Serra. Edad: de 9 a 12 a\u00f1os. 10 plazas.  Los mi\u00e9rcoles 17:00 a 18:00 h 18:00 a 19:00 h Taller de ajedrez Con Marc Colom. Edad: de 8 a 12 a\u00f1os. 6 plazas por grupo.  Los jueves  J\u00fanior (a partir de 8 a\u00f1os) Ma\u00f1ana: 10:00 a 10:50 h Tarde: 17:00 a 17:50 h  J\u00f3venes (a partir de 11 a\u00f1os) Ma\u00f1ana: 11:00 a 12:30 h Tarde: 18:00 a 19:30 h  Taller de dibujo manga Con Francisco Garc\u00eda. 10 plazas por grupo.  Mi\u00e9rcoles 30 17:30 a 19:00 h Taller de manualidades Con Laia. Edad: a partir de 8 a\u00f1os. 12 plazas. Dos actividades el mismo d\u00eda, ajedrez y manualidades, en aulas diferentes.  Es necesaria inscripci\u00f3n previa En el 871 55 40 56 o en: bibliosantjordi@santjosep.org\" \/>\n<meta property=\"og:url\" content=\"https:\/\/cultura.santjosep.org\/es\/agenda\/juliol-creatiu\/\" \/>\n<meta property=\"og:site_name\" content=\"Cultura a Sant Josep de sa Talaia\" \/>\n<meta property=\"article:publisher\" content=\"https:\/\/www.facebook.com\/Ajuntament-de-Sant-Josep-de-sa-Talaia-197541666931354\/\" \/>\n<meta property=\"article:modified_time\" content=\"2025-07-18T06:48:40+00:00\" \/>\n<meta property=\"og:image\" content=\"https:\/\/cultura.santjosep.org\/wp-content\/uploads\/2025\/06\/shutterstock_2390750319.jpg\" \/>\n\t<meta property=\"og:image:width\" content=\"1000\" \/>\n\t<meta property=\"og:image:height\" content=\"667\" \/>\n\t<meta property=\"og:image:type\" content=\"image\/jpeg\" \/>\n<meta name=\"twitter:card\" content=\"summary_large_image\" \/>\n<meta name=\"twitter:site\" content=\"@DeTalaia\" \/>\n<meta name=\"twitter:label1\" content=\"Tiempo de lectura\" \/>\n\t<meta name=\"twitter:data1\" content=\"1 minuto\" \/>\n<script type=\"application\/ld+json\" class=\"yoast-schema-graph\">{\"@context\":\"https:\/\/schema.org\",\"@graph\":[{\"@type\":\"WebPage\",\"@id\":\"https:\/\/cultura.santjosep.org\/es\/agenda\/juliol-creatiu\/\",\"url\":\"https:\/\/cultura.santjosep.org\/es\/agenda\/juliol-creatiu\/\",\"name\":\"Juliol creatiu - Cultura a Sant Josep de sa Talaia\",\"isPartOf\":{\"@id\":\"https:\/\/cultura.santjosep.org\/es\/#website\"},\"primaryImageOfPage\":{\"@id\":\"https:\/\/cultura.santjosep.org\/es\/agenda\/juliol-creatiu\/#primaryimage\"},\"image\":{\"@id\":\"https:\/\/cultura.santjosep.org\/es\/agenda\/juliol-creatiu\/#primaryimage\"},\"thumbnailUrl\":\"https:\/\/cultura.santjosep.org\/wp-content\/uploads\/2025\/06\/shutterstock_2390750319.jpg\",\"datePublished\":\"2025-06-11T07:54:34+00:00\",\"dateModified\":\"2025-07-18T06:48:40+00:00\",\"breadcrumb\":{\"@id\":\"https:\/\/cultura.santjosep.org\/es\/agenda\/juliol-creatiu\/#breadcrumb\"},\"inLanguage\":\"es\",\"potentialAction\":[{\"@type\":\"ReadAction\",\"target\":[\"https:\/\/cultura.santjosep.org\/es\/agenda\/juliol-creatiu\/\"]}]},{\"@type\":\"ImageObject\",\"inLanguage\":\"es\",\"@id\":\"https:\/\/cultura.santjosep.org\/es\/agenda\/juliol-creatiu\/#primaryimage\",\"url\":\"https:\/\/cultura.santjosep.org\/wp-content\/uploads\/2025\/06\/shutterstock_2390750319.jpg\",\"contentUrl\":\"https:\/\/cultura.santjosep.org\/wp-content\/uploads\/2025\/06\/shutterstock_2390750319.jpg\",\"width\":1000,\"height\":667},{\"@type\":\"BreadcrumbList\",\"@id\":\"https:\/\/cultura.santjosep.org\/es\/agenda\/juliol-creatiu\/#breadcrumb\",\"itemListElement\":[{\"@type\":\"ListItem\",\"position\":1,\"name\":\"Portada\",\"item\":\"https:\/\/cultura.santjosep.org\/es\/\"},{\"@type\":\"ListItem\",\"position\":2,\"name\":\"Eventos\",\"item\":\"https:\/\/cultura.santjosep.org\/agenda\/\"},{\"@type\":\"ListItem\",\"position\":3,\"name\":\"Juliol creatiu\"}]},{\"@type\":\"WebSite\",\"@id\":\"https:\/\/cultura.santjosep.org\/es\/#website\",\"url\":\"https:\/\/cultura.santjosep.org\/es\/\",\"name\":\"Cultura a Sant Josep de sa Talaia\",\"description\":\"\",\"publisher\":{\"@id\":\"https:\/\/cultura.santjosep.org\/es\/#organization\"},\"potentialAction\":[{\"@type\":\"SearchAction\",\"target\":{\"@type\":\"EntryPoint\",\"urlTemplate\":\"https:\/\/cultura.santjosep.org\/es\/?s={search_term_string}\"},\"query-input\":{\"@type\":\"PropertyValueSpecification\",\"valueRequired\":true,\"valueName\":\"search_term_string\"}}],\"inLanguage\":\"es\"},{\"@type\":\"Organization\",\"@id\":\"https:\/\/cultura.santjosep.org\/es\/#organization\",\"name\":\"Ajuntament de Sant Josep de sa Talaia\",\"url\":\"https:\/\/cultura.santjosep.org\/es\/\",\"logo\":{\"@type\":\"ImageObject\",\"inLanguage\":\"es\",\"@id\":\"https:\/\/cultura.santjosep.org\/es\/#\/schema\/logo\/image\/\",\"url\":\"https:\/\/cultura.santjosep.org\/wp-content\/uploads\/2020\/10\/logocolor.jpg\",\"contentUrl\":\"https:\/\/cultura.santjosep.org\/wp-content\/uploads\/2020\/10\/logocolor.jpg\",\"width\":250,\"height\":98,\"caption\":\"Ajuntament de Sant Josep de sa Talaia\"},\"image\":{\"@id\":\"https:\/\/cultura.santjosep.org\/es\/#\/schema\/logo\/image\/\"},\"sameAs\":[\"https:\/\/www.facebook.com\/Ajuntament-de-Sant-Josep-de-sa-Talaia-197541666931354\/\",\"https:\/\/x.com\/DeTalaia\",\"https:\/\/www.instagram.com\/sant_josep_de_sa_talaia\/\"]}]}<\/script>\n<!-- \/ Yoast SEO plugin. -->","yoast_head_json":{"title":"Juliol creatiu - Cultura a Sant Josep de sa Talaia","robots":{"index":"index","follow":"follow","max-snippet":"max-snippet:-1","max-image-preview":"max-image-preview:large","max-video-preview":"max-video-preview:-1"},"canonical":"https:\/\/cultura.santjosep.org\/es\/agenda\/juliol-creatiu\/","og_locale":"es_ES","og_type":"article","og_title":"Juliol creatiu - Cultura a Sant Josep de sa Talaia","og_description":"Julio creativo, 2025 Biblioteca Vicent Serra Orvay  Los lunes 17:30 a 19:00 h Letras frescas Taller de caligraf\u00eda art\u00edstica con Maria Vila. Edad: de 8 a 14 a\u00f1os. 12 plazas.  Los martes: 1, 8, 15 y 22 de julio 17:00 a 19:00 h Taller de iniciaci\u00f3n a la rob\u00f3tica A cargo de Ibosim Robotics, Toni Guasch Serra. Edad: de 9 a 12 a\u00f1os. 10 plazas.  Los mi\u00e9rcoles 17:00 a 18:00 h 18:00 a 19:00 h Taller de ajedrez Con Marc Colom. Edad: de 8 a 12 a\u00f1os. 6 plazas por grupo.  Los jueves  J\u00fanior (a partir de 8 a\u00f1os) Ma\u00f1ana: 10:00 a 10:50 h Tarde: 17:00 a 17:50 h  J\u00f3venes (a partir de 11 a\u00f1os) Ma\u00f1ana: 11:00 a 12:30 h Tarde: 18:00 a 19:30 h  Taller de dibujo manga Con Francisco Garc\u00eda. 10 plazas por grupo.  Mi\u00e9rcoles 30 17:30 a 19:00 h Taller de manualidades Con Laia. Edad: a partir de 8 a\u00f1os. 12 plazas. Dos actividades el mismo d\u00eda, ajedrez y manualidades, en aulas diferentes.  Es necesaria inscripci\u00f3n previa En el 871 55 40 56 o en: bibliosantjordi@santjosep.org","og_url":"https:\/\/cultura.santjosep.org\/es\/agenda\/juliol-creatiu\/","og_site_name":"Cultura a Sant Josep de sa Talaia","article_publisher":"https:\/\/www.facebook.com\/Ajuntament-de-Sant-Josep-de-sa-Talaia-197541666931354\/","article_modified_time":"2025-07-18T06:48:40+00:00","og_image":[{"width":1000,"height":667,"url":"https:\/\/cultura.santjosep.org\/wp-content\/uploads\/2025\/06\/shutterstock_2390750319.jpg","type":"image\/jpeg"}],"twitter_card":"summary_large_image","twitter_site":"@DeTalaia","twitter_misc":{"Tiempo de lectura":"1 minuto"},"schema":{"@context":"https:\/\/schema.org","@graph":[{"@type":"WebPage","@id":"https:\/\/cultura.santjosep.org\/es\/agenda\/juliol-creatiu\/","url":"https:\/\/cultura.santjosep.org\/es\/agenda\/juliol-creatiu\/","name":"Juliol creatiu - Cultura a Sant Josep de sa Talaia","isPartOf":{"@id":"https:\/\/cultura.santjosep.org\/es\/#website"},"primaryImageOfPage":{"@id":"https:\/\/cultura.santjosep.org\/es\/agenda\/juliol-creatiu\/#primaryimage"},"image":{"@id":"https:\/\/cultura.santjosep.org\/es\/agenda\/juliol-creatiu\/#primaryimage"},"thumbnailUrl":"https:\/\/cultura.santjosep.org\/wp-content\/uploads\/2025\/06\/shutterstock_2390750319.jpg","datePublished":"2025-06-11T07:54:34+00:00","dateModified":"2025-07-18T06:48:40+00:00","breadcrumb":{"@id":"https:\/\/cultura.santjosep.org\/es\/agenda\/juliol-creatiu\/#breadcrumb"},"inLanguage":"es","potentialAction":[{"@type":"ReadAction","target":["https:\/\/cultura.santjosep.org\/es\/agenda\/juliol-creatiu\/"]}]},{"@type":"ImageObject","inLanguage":"es","@id":"https:\/\/cultura.santjosep.org\/es\/agenda\/juliol-creatiu\/#primaryimage","url":"https:\/\/cultura.santjosep.org\/wp-content\/uploads\/2025\/06\/shutterstock_2390750319.jpg","contentUrl":"https:\/\/cultura.santjosep.org\/wp-content\/uploads\/2025\/06\/shutterstock_2390750319.jpg","width":1000,"height":667},{"@type":"BreadcrumbList","@id":"https:\/\/cultura.santjosep.org\/es\/agenda\/juliol-creatiu\/#breadcrumb","itemListElement":[{"@type":"ListItem","position":1,"name":"Portada","item":"https:\/\/cultura.santjosep.org\/es\/"},{"@type":"ListItem","position":2,"name":"Eventos","item":"https:\/\/cultura.santjosep.org\/agenda\/"},{"@type":"ListItem","position":3,"name":"Juliol creatiu"}]},{"@type":"WebSite","@id":"https:\/\/cultura.santjosep.org\/es\/#website","url":"https:\/\/cultura.santjosep.org\/es\/","name":"Cultura a Sant Josep de sa Talaia","description":"","publisher":{"@id":"https:\/\/cultura.santjosep.org\/es\/#organization"},"potentialAction":[{"@type":"SearchAction","target":{"@type":"EntryPoint","urlTemplate":"https:\/\/cultura.santjosep.org\/es\/?s={search_term_string}"},"query-input":{"@type":"PropertyValueSpecification","valueRequired":true,"valueName":"search_term_string"}}],"inLanguage":"es"},{"@type":"Organization","@id":"https:\/\/cultura.santjosep.org\/es\/#organization","name":"Ajuntament de Sant Josep de sa Talaia","url":"https:\/\/cultura.santjosep.org\/es\/","logo":{"@type":"ImageObject","inLanguage":"es","@id":"https:\/\/cultura.santjosep.org\/es\/#\/schema\/logo\/image\/","url":"https:\/\/cultura.santjosep.org\/wp-content\/uploads\/2020\/10\/logocolor.jpg","contentUrl":"https:\/\/cultura.santjosep.org\/wp-content\/uploads\/2020\/10\/logocolor.jpg","width":250,"height":98,"caption":"Ajuntament de Sant Josep de sa Talaia"},"image":{"@id":"https:\/\/cultura.santjosep.org\/es\/#\/schema\/logo\/image\/"},"sameAs":["https:\/\/www.facebook.com\/Ajuntament-de-Sant-Josep-de-sa-Talaia-197541666931354\/","https:\/\/x.com\/DeTalaia","https:\/\/www.instagram.com\/sant_josep_de_sa_talaia\/"]}]}},"_links":{"self":[{"href":"https:\/\/cultura.santjosep.org\/es\/wp-json\/wp\/v2\/tribe_events\/25153","targetHints":{"allow":["GET"]}}],"collection":[{"href":"https:\/\/cultura.santjosep.org\/es\/wp-json\/wp\/v2\/tribe_events"}],"about":[{"href":"https:\/\/cultura.santjosep.org\/es\/wp-json\/wp\/v2\/types\/tribe_events"}],"author":[{"embeddable":true,"href":"https:\/\/cultura.santjosep.org\/es\/wp-json\/wp\/v2\/users\/1"}],"version-history":[{"count":0,"href":"https:\/\/cultura.santjosep.org\/es\/wp-json\/wp\/v2\/tribe_events\/25153\/revisions"}],"wp:featuredmedia":[{"embeddable":true,"href":"https:\/\/cultura.santjosep.org\/es\/wp-json\/wp\/v2\/media\/25151"}],"wp:attachment":[{"href":"https:\/\/cultura.santjosep.org\/es\/wp-json\/wp\/v2\/media?parent=25153"}],"wp:term":[{"taxonomy":"post_tag","embeddable":true,"href":"https:\/\/cultura.santjosep.org\/es\/wp-json\/wp\/v2\/tags?post=25153"},{"taxonomy":"tribe_events_cat","embeddable":true,"href":"https:\/\/cultura.santjosep.org\/es\/wp-json\/wp\/v2\/tribe_events_cat?post=25153"}],"curies":[{"name":"wp","href":"https:\/\/api.w.org\/{rel}","templated":true}]}}