{"id":25303,"date":"2025-06-23T15:57:57","date_gmt":"2025-06-23T13:57:57","guid":{"rendered":"https:\/\/cultura.santjosep.org\/agenda\/cinema-jove-a-la-fresca-el-guerrero-pacifico\/"},"modified":"2025-07-18T09:25:14","modified_gmt":"2025-07-18T07:25:14","slug":"cinema-jove-a-la-fresca-el-guerrero-pacifico","status":"publish","type":"tribe_events","link":"https:\/\/cultura.santjosep.org\/es\/agenda\/cinema-jove-a-la-fresca-el-guerrero-pacifico\/","title":{"rendered":"Cine joven al aire libre &#8211; El guerrero pac\u00edfico"},"content":{"rendered":"<div class=\"wpb-content-wrapper\"><p>[vc_row][vc_column][vc_column_text css=\u00bb\u00bb]<\/p>\n<h3 data-start=\"0\" data-end=\"50\">CINE JOVEN AL AIRE LIBRE<\/h3>\n<p data-start=\"0\" data-end=\"50\"><br data-start=\"24\" data-end=\"27\" \/><strong>Viernes, 22 de agosto<\/strong><\/p>\n<p data-start=\"52\" data-end=\"108\"><strong>EL GUERRERO PAC\u00cdFICO<\/strong><br data-start=\"72\" data-end=\"75\" \/>Recomendada a partir de 13 a\u00f1os<\/p>\n<p data-start=\"110\" data-end=\"149\"><strong>CALA DE BOU<\/strong><br data-start=\"121\" data-end=\"124\" \/>Auditorio Cal\u00f3 de s\u2019Oli<\/p>\n<p data-start=\"151\" data-end=\"209\" data-is-last-node=\"\" data-is-only-node=\"\"><strong>21:30 h<\/strong><br data-start=\"158\" data-end=\"161\" \/>ENTRADA GRATUITA<br data-start=\"177\" data-end=\"180\" \/>y libre hasta completar aforo<\/p>\n<p>[\/vc_column_text][\/vc_column][\/vc_row]<\/p>\n<\/div>","protected":false},"excerpt":{"rendered":"<p>CINE JOVEN AL AIRE LIBRE<\/p>\n<p>Viernes, 22 de agosto<\/p>\n<p>EL GUERRERO PAC\u00cdFICO<br \/>\nRecomendada a partir de 13 a\u00f1os<\/p>\n<p>CALA DE BOU<br \/>\nAuditorio Cal\u00f3 de s\u2019Oli<\/p>\n<p>21:30 h<br \/>\nENTRADA GRATUITA<br \/>\ny libre hasta completar aforo<\/p>\n","protected":false},"author":1,"featured_media":25301,"template":"","meta":{"_tribe_events_status":"","_tribe_events_status_reason":"","_tribe_events_is_hybrid":"","_tribe_events_is_virtual":"","_tribe_events_virtual_video_source":"","_tribe_events_virtual_embed_video":"","_tribe_events_virtual_linked_button_text":"","_tribe_events_virtual_linked_button":"","_tribe_events_virtual_show_embed_at":"","_tribe_events_virtual_show_embed_to":[],"_tribe_events_virtual_show_on_event":"","_tribe_events_virtual_show_on_views":"","_tribe_events_virtual_url":"","footnotes":""},"tags":[],"tribe_events_cat":[88],"class_list":["post-25303","tribe_events","type-tribe_events","status-publish","has-post-thumbnail","hentry","tribe_events_cat-cine-a-la-fresca-es","cat_cine-a-la-fresca-es","entry"],"yoast_head":"<!-- This site is optimized with the Yoast SEO plugin v26.6 - https:\/\/yoast.com\/wordpress\/plugins\/seo\/ -->\n<title>Cine joven al aire libre - El guerrero pac\u00edfico - Cultura a Sant Josep de sa Talaia<\/title>\n<meta name=\"robots\" content=\"index, follow, max-snippet:-1, max-image-preview:large, max-video-preview:-1\" \/>\n<link rel=\"canonical\" href=\"https:\/\/cultura.santjosep.org\/es\/agenda\/cinema-jove-a-la-fresca-el-guerrero-pacifico\/\" \/>\n<meta property=\"og:locale\" content=\"es_ES\" \/>\n<meta property=\"og:type\" content=\"article\" \/>\n<meta property=\"og:title\" content=\"Cine joven al aire libre - El guerrero pac\u00edfico - Cultura a Sant Josep de sa Talaia\" \/>\n<meta property=\"og:description\" content=\"CINE JOVEN AL AIRE LIBRE   Viernes, 22 de agosto  EL GUERRERO PAC\u00cdFICO Recomendada a partir de 13 a\u00f1os  CALA DE BOU Auditorio Cal\u00f3 de s\u2019Oli  21:30 h ENTRADA GRATUITA y libre hasta completar aforo\" \/>\n<meta property=\"og:url\" content=\"https:\/\/cultura.santjosep.org\/es\/agenda\/cinema-jove-a-la-fresca-el-guerrero-pacifico\/\" \/>\n<meta property=\"og:site_name\" content=\"Cultura a Sant Josep de sa Talaia\" \/>\n<meta property=\"article:publisher\" content=\"https:\/\/www.facebook.com\/Ajuntament-de-Sant-Josep-de-sa-Talaia-197541666931354\/\" \/>\n<meta property=\"article:modified_time\" content=\"2025-07-18T07:25:14+00:00\" \/>\n<meta property=\"og:image\" content=\"https:\/\/cultura.santjosep.org\/wp-content\/uploads\/2025\/06\/Imagen-de-WhatsApp-2025-06-23-a-las-13.29.39_31999366-1.jpg\" \/>\n\t<meta property=\"og:image:width\" content=\"1080\" \/>\n\t<meta property=\"og:image:height\" content=\"1350\" \/>\n\t<meta property=\"og:image:type\" content=\"image\/jpeg\" \/>\n<meta name=\"twitter:card\" content=\"summary_large_image\" \/>\n<meta name=\"twitter:site\" content=\"@DeTalaia\" \/>\n<meta name=\"twitter:label1\" content=\"Tiempo de lectura\" \/>\n\t<meta name=\"twitter:data1\" content=\"1 minuto\" \/>\n<script type=\"application\/ld+json\" class=\"yoast-schema-graph\">{\"@context\":\"https:\/\/schema.org\",\"@graph\":[{\"@type\":\"WebPage\",\"@id\":\"https:\/\/cultura.santjosep.org\/es\/agenda\/cinema-jove-a-la-fresca-el-guerrero-pacifico\/\",\"url\":\"https:\/\/cultura.santjosep.org\/es\/agenda\/cinema-jove-a-la-fresca-el-guerrero-pacifico\/\",\"name\":\"Cine joven al aire libre - El guerrero pac\u00edfico - Cultura a Sant Josep de sa Talaia\",\"isPartOf\":{\"@id\":\"https:\/\/cultura.santjosep.org\/es\/#website\"},\"primaryImageOfPage\":{\"@id\":\"https:\/\/cultura.santjosep.org\/es\/agenda\/cinema-jove-a-la-fresca-el-guerrero-pacifico\/#primaryimage\"},\"image\":{\"@id\":\"https:\/\/cultura.santjosep.org\/es\/agenda\/cinema-jove-a-la-fresca-el-guerrero-pacifico\/#primaryimage\"},\"thumbnailUrl\":\"https:\/\/cultura.santjosep.org\/wp-content\/uploads\/2025\/06\/Imagen-de-WhatsApp-2025-06-23-a-las-13.29.39_31999366-1.jpg\",\"datePublished\":\"2025-06-23T13:57:57+00:00\",\"dateModified\":\"2025-07-18T07:25:14+00:00\",\"breadcrumb\":{\"@id\":\"https:\/\/cultura.santjosep.org\/es\/agenda\/cinema-jove-a-la-fresca-el-guerrero-pacifico\/#breadcrumb\"},\"inLanguage\":\"es\",\"potentialAction\":[{\"@type\":\"ReadAction\",\"target\":[\"https:\/\/cultura.santjosep.org\/es\/agenda\/cinema-jove-a-la-fresca-el-guerrero-pacifico\/\"]}]},{\"@type\":\"ImageObject\",\"inLanguage\":\"es\",\"@id\":\"https:\/\/cultura.santjosep.org\/es\/agenda\/cinema-jove-a-la-fresca-el-guerrero-pacifico\/#primaryimage\",\"url\":\"https:\/\/cultura.santjosep.org\/wp-content\/uploads\/2025\/06\/Imagen-de-WhatsApp-2025-06-23-a-las-13.29.39_31999366-1.jpg\",\"contentUrl\":\"https:\/\/cultura.santjosep.org\/wp-content\/uploads\/2025\/06\/Imagen-de-WhatsApp-2025-06-23-a-las-13.29.39_31999366-1.jpg\",\"width\":1080,\"height\":1350},{\"@type\":\"BreadcrumbList\",\"@id\":\"https:\/\/cultura.santjosep.org\/es\/agenda\/cinema-jove-a-la-fresca-el-guerrero-pacifico\/#breadcrumb\",\"itemListElement\":[{\"@type\":\"ListItem\",\"position\":1,\"name\":\"Portada\",\"item\":\"https:\/\/cultura.santjosep.org\/es\/\"},{\"@type\":\"ListItem\",\"position\":2,\"name\":\"Eventos\",\"item\":\"https:\/\/cultura.santjosep.org\/agenda\/\"},{\"@type\":\"ListItem\",\"position\":3,\"name\":\"Cine joven al aire libre &#8211; El guerrero pac\u00edfico\"}]},{\"@type\":\"WebSite\",\"@id\":\"https:\/\/cultura.santjosep.org\/es\/#website\",\"url\":\"https:\/\/cultura.santjosep.org\/es\/\",\"name\":\"Cultura a Sant Josep de sa Talaia\",\"description\":\"\",\"publisher\":{\"@id\":\"https:\/\/cultura.santjosep.org\/es\/#organization\"},\"potentialAction\":[{\"@type\":\"SearchAction\",\"target\":{\"@type\":\"EntryPoint\",\"urlTemplate\":\"https:\/\/cultura.santjosep.org\/es\/?s={search_term_string}\"},\"query-input\":{\"@type\":\"PropertyValueSpecification\",\"valueRequired\":true,\"valueName\":\"search_term_string\"}}],\"inLanguage\":\"es\"},{\"@type\":\"Organization\",\"@id\":\"https:\/\/cultura.santjosep.org\/es\/#organization\",\"name\":\"Ajuntament de Sant Josep de sa Talaia\",\"url\":\"https:\/\/cultura.santjosep.org\/es\/\",\"logo\":{\"@type\":\"ImageObject\",\"inLanguage\":\"es\",\"@id\":\"https:\/\/cultura.santjosep.org\/es\/#\/schema\/logo\/image\/\",\"url\":\"https:\/\/cultura.santjosep.org\/wp-content\/uploads\/2020\/10\/logocolor.jpg\",\"contentUrl\":\"https:\/\/cultura.santjosep.org\/wp-content\/uploads\/2020\/10\/logocolor.jpg\",\"width\":250,\"height\":98,\"caption\":\"Ajuntament de Sant Josep de sa Talaia\"},\"image\":{\"@id\":\"https:\/\/cultura.santjosep.org\/es\/#\/schema\/logo\/image\/\"},\"sameAs\":[\"https:\/\/www.facebook.com\/Ajuntament-de-Sant-Josep-de-sa-Talaia-197541666931354\/\",\"https:\/\/x.com\/DeTalaia\",\"https:\/\/www.instagram.com\/sant_josep_de_sa_talaia\/\"]}]}<\/script>\n<!-- \/ Yoast SEO plugin. -->","yoast_head_json":{"title":"Cine joven al aire libre - El guerrero pac\u00edfico - Cultura a Sant Josep de sa Talaia","robots":{"index":"index","follow":"follow","max-snippet":"max-snippet:-1","max-image-preview":"max-image-preview:large","max-video-preview":"max-video-preview:-1"},"canonical":"https:\/\/cultura.santjosep.org\/es\/agenda\/cinema-jove-a-la-fresca-el-guerrero-pacifico\/","og_locale":"es_ES","og_type":"article","og_title":"Cine joven al aire libre - El guerrero pac\u00edfico - Cultura a Sant Josep de sa Talaia","og_description":"CINE JOVEN AL AIRE LIBRE   Viernes, 22 de agosto  EL GUERRERO PAC\u00cdFICO Recomendada a partir de 13 a\u00f1os  CALA DE BOU Auditorio Cal\u00f3 de s\u2019Oli  21:30 h ENTRADA GRATUITA y libre hasta completar aforo","og_url":"https:\/\/cultura.santjosep.org\/es\/agenda\/cinema-jove-a-la-fresca-el-guerrero-pacifico\/","og_site_name":"Cultura a Sant Josep de sa Talaia","article_publisher":"https:\/\/www.facebook.com\/Ajuntament-de-Sant-Josep-de-sa-Talaia-197541666931354\/","article_modified_time":"2025-07-18T07:25:14+00:00","og_image":[{"width":1080,"height":1350,"url":"https:\/\/cultura.santjosep.org\/wp-content\/uploads\/2025\/06\/Imagen-de-WhatsApp-2025-06-23-a-las-13.29.39_31999366-1.jpg","type":"image\/jpeg"}],"twitter_card":"summary_large_image","twitter_site":"@DeTalaia","twitter_misc":{"Tiempo de lectura":"1 minuto"},"schema":{"@context":"https:\/\/schema.org","@graph":[{"@type":"WebPage","@id":"https:\/\/cultura.santjosep.org\/es\/agenda\/cinema-jove-a-la-fresca-el-guerrero-pacifico\/","url":"https:\/\/cultura.santjosep.org\/es\/agenda\/cinema-jove-a-la-fresca-el-guerrero-pacifico\/","name":"Cine joven al aire libre - El guerrero pac\u00edfico - Cultura a Sant Josep de sa Talaia","isPartOf":{"@id":"https:\/\/cultura.santjosep.org\/es\/#website"},"primaryImageOfPage":{"@id":"https:\/\/cultura.santjosep.org\/es\/agenda\/cinema-jove-a-la-fresca-el-guerrero-pacifico\/#primaryimage"},"image":{"@id":"https:\/\/cultura.santjosep.org\/es\/agenda\/cinema-jove-a-la-fresca-el-guerrero-pacifico\/#primaryimage"},"thumbnailUrl":"https:\/\/cultura.santjosep.org\/wp-content\/uploads\/2025\/06\/Imagen-de-WhatsApp-2025-06-23-a-las-13.29.39_31999366-1.jpg","datePublished":"2025-06-23T13:57:57+00:00","dateModified":"2025-07-18T07:25:14+00:00","breadcrumb":{"@id":"https:\/\/cultura.santjosep.org\/es\/agenda\/cinema-jove-a-la-fresca-el-guerrero-pacifico\/#breadcrumb"},"inLanguage":"es","potentialAction":[{"@type":"ReadAction","target":["https:\/\/cultura.santjosep.org\/es\/agenda\/cinema-jove-a-la-fresca-el-guerrero-pacifico\/"]}]},{"@type":"ImageObject","inLanguage":"es","@id":"https:\/\/cultura.santjosep.org\/es\/agenda\/cinema-jove-a-la-fresca-el-guerrero-pacifico\/#primaryimage","url":"https:\/\/cultura.santjosep.org\/wp-content\/uploads\/2025\/06\/Imagen-de-WhatsApp-2025-06-23-a-las-13.29.39_31999366-1.jpg","contentUrl":"https:\/\/cultura.santjosep.org\/wp-content\/uploads\/2025\/06\/Imagen-de-WhatsApp-2025-06-23-a-las-13.29.39_31999366-1.jpg","width":1080,"height":1350},{"@type":"BreadcrumbList","@id":"https:\/\/cultura.santjosep.org\/es\/agenda\/cinema-jove-a-la-fresca-el-guerrero-pacifico\/#breadcrumb","itemListElement":[{"@type":"ListItem","position":1,"name":"Portada","item":"https:\/\/cultura.santjosep.org\/es\/"},{"@type":"ListItem","position":2,"name":"Eventos","item":"https:\/\/cultura.santjosep.org\/agenda\/"},{"@type":"ListItem","position":3,"name":"Cine joven al aire libre &#8211; El guerrero pac\u00edfico"}]},{"@type":"WebSite","@id":"https:\/\/cultura.santjosep.org\/es\/#website","url":"https:\/\/cultura.santjosep.org\/es\/","name":"Cultura a Sant Josep de sa Talaia","description":"","publisher":{"@id":"https:\/\/cultura.santjosep.org\/es\/#organization"},"potentialAction":[{"@type":"SearchAction","target":{"@type":"EntryPoint","urlTemplate":"https:\/\/cultura.santjosep.org\/es\/?s={search_term_string}"},"query-input":{"@type":"PropertyValueSpecification","valueRequired":true,"valueName":"search_term_string"}}],"inLanguage":"es"},{"@type":"Organization","@id":"https:\/\/cultura.santjosep.org\/es\/#organization","name":"Ajuntament de Sant Josep de sa Talaia","url":"https:\/\/cultura.santjosep.org\/es\/","logo":{"@type":"ImageObject","inLanguage":"es","@id":"https:\/\/cultura.santjosep.org\/es\/#\/schema\/logo\/image\/","url":"https:\/\/cultura.santjosep.org\/wp-content\/uploads\/2020\/10\/logocolor.jpg","contentUrl":"https:\/\/cultura.santjosep.org\/wp-content\/uploads\/2020\/10\/logocolor.jpg","width":250,"height":98,"caption":"Ajuntament de Sant Josep de sa Talaia"},"image":{"@id":"https:\/\/cultura.santjosep.org\/es\/#\/schema\/logo\/image\/"},"sameAs":["https:\/\/www.facebook.com\/Ajuntament-de-Sant-Josep-de-sa-Talaia-197541666931354\/","https:\/\/x.com\/DeTalaia","https:\/\/www.instagram.com\/sant_josep_de_sa_talaia\/"]}]}},"_links":{"self":[{"href":"https:\/\/cultura.santjosep.org\/es\/wp-json\/wp\/v2\/tribe_events\/25303","targetHints":{"allow":["GET"]}}],"collection":[{"href":"https:\/\/cultura.santjosep.org\/es\/wp-json\/wp\/v2\/tribe_events"}],"about":[{"href":"https:\/\/cultura.santjosep.org\/es\/wp-json\/wp\/v2\/types\/tribe_events"}],"author":[{"embeddable":true,"href":"https:\/\/cultura.santjosep.org\/es\/wp-json\/wp\/v2\/users\/1"}],"version-history":[{"count":0,"href":"https:\/\/cultura.santjosep.org\/es\/wp-json\/wp\/v2\/tribe_events\/25303\/revisions"}],"wp:featuredmedia":[{"embeddable":true,"href":"https:\/\/cultura.santjosep.org\/es\/wp-json\/wp\/v2\/media\/25301"}],"wp:attachment":[{"href":"https:\/\/cultura.santjosep.org\/es\/wp-json\/wp\/v2\/media?parent=25303"}],"wp:term":[{"taxonomy":"post_tag","embeddable":true,"href":"https:\/\/cultura.santjosep.org\/es\/wp-json\/wp\/v2\/tags?post=25303"},{"taxonomy":"tribe_events_cat","embeddable":true,"href":"https:\/\/cultura.santjosep.org\/es\/wp-json\/wp\/v2\/tribe_events_cat?post=25303"}],"curies":[{"name":"wp","href":"https:\/\/api.w.org\/{rel}","templated":true}]}}