{"id":25830,"date":"2025-09-15T13:18:29","date_gmt":"2025-09-15T11:18:29","guid":{"rendered":"https:\/\/cultura.santjosep.org\/agenda\/units-pel-nostre-parlar-presentacio-dels-projectes-audiovisuals-al-centre-cultural-can-jeroni\/"},"modified":"2025-09-15T13:18:29","modified_gmt":"2025-09-15T11:18:29","slug":"units-pel-nostre-parlar-presentacio-dels-projectes-audiovisuals-al-centre-cultural-can-jeroni","status":"publish","type":"tribe_events","link":"https:\/\/cultura.santjosep.org\/es\/agenda\/units-pel-nostre-parlar-presentacio-dels-projectes-audiovisuals-al-centre-cultural-can-jeroni\/","title":{"rendered":"Units pel nostre parlar &#8211; Presentaci\u00f3 dels projectes audiovisuals al Centre Cultural Can Jeroni"},"content":{"rendered":"<p><strong>20.00 h Presentaci\u00f3 dels projectes audiovisuals al Centre Cultural Can Jeroni:<\/strong><\/p>\n<ul>\n<li>Ludoling\u00fc\u00edstica: Curt i can\u00e7\u00f3 pag\u00e8sa, a c\u00e0rrec del Grup Folkl\u00f2ric Sant Jordi de ses Salines.<\/li>\n<li>Al marromar: Jocs i joguines, a c\u00e0rrec de l\u2019AMIPA del CEIP Sant Josep de sa Talaia.<\/li>\n<li>Paraules de ses avis, a c\u00e0rrec de l\u2019Associaci\u00f3 de Vesins de sa Raval.<\/li>\n<li>Les nostres herbes i les plantes del nostre entorn, a c\u00e0rrec de l\u2019Associaci\u00f3 de Vesins i propietaris de Cala de Bou i es Port des Torrent.<\/li>\n<\/ul>\n<p><img loading=\"lazy\" decoding=\"async\" class=\"alignnone size-full wp-image-25813\" src=\"https:\/\/cultura.santjosep.org\/wp-content\/uploads\/2025\/09\/UnitsPelNostreParlar-scaled.webp\" alt=\"\" width=\"1686\" height=\"2560\" srcset=\"https:\/\/cultura.santjosep.org\/wp-content\/uploads\/2025\/09\/UnitsPelNostreParlar-scaled.webp 1686w, https:\/\/cultura.santjosep.org\/wp-content\/uploads\/2025\/09\/UnitsPelNostreParlar-198x300.webp 198w, https:\/\/cultura.santjosep.org\/wp-content\/uploads\/2025\/09\/UnitsPelNostreParlar-674x1024.webp 674w, https:\/\/cultura.santjosep.org\/wp-content\/uploads\/2025\/09\/UnitsPelNostreParlar-768x1166.webp 768w, https:\/\/cultura.santjosep.org\/wp-content\/uploads\/2025\/09\/UnitsPelNostreParlar-1011x1536.webp 1011w, https:\/\/cultura.santjosep.org\/wp-content\/uploads\/2025\/09\/UnitsPelNostreParlar-1348x2048.webp 1348w, https:\/\/cultura.santjosep.org\/wp-content\/uploads\/2025\/09\/UnitsPelNostreParlar-1568x2381.webp 1568w, https:\/\/cultura.santjosep.org\/wp-content\/uploads\/2025\/09\/UnitsPelNostreParlar-1320x2005.webp 1320w\" sizes=\"auto, (max-width: 1686px) 100vw, 1686px\" \/><\/p>\n","protected":false},"excerpt":{"rendered":"<p>20.00 h Presentaci\u00f3 dels projectes audiovisuals al Centre Cultural Can Jeroni:<\/p>\n<p>Ludoling\u00fc\u00edstica: Curt i can\u00e7\u00f3 pag\u00e8sa, a c\u00e0rrec del Grup Folkl\u00f2ric Sant Jordi de ses Salines.<\/p>\n<p>Al marromar: Jocs i joguines, a c\u00e0rrec de l\u2019AMIPA del CEIP Sant Josep de sa Talaia.<\/p>\n<p>Paraules de ses avis, a c\u00e0rrec de l\u2019Associaci\u00f3 de Vesins de sa Raval.<\/p>\n<p>Les nostres herbes i les plantes del nostre entorn, a c\u00e0rrec de l\u2019Associaci\u00f3 de Vesins i propietaris de Cala de Bou i es Port des Torrent.<\/p>\n","protected":false},"author":1,"featured_media":25812,"template":"","meta":{"_tribe_events_status":"","_tribe_events_status_reason":"","_tribe_events_is_hybrid":"","_tribe_events_is_virtual":"","_tribe_events_virtual_video_source":"","_tribe_events_virtual_embed_video":"","_tribe_events_virtual_linked_button_text":"","_tribe_events_virtual_linked_button":"","_tribe_events_virtual_show_embed_at":"","_tribe_events_virtual_show_embed_to":[],"_tribe_events_virtual_show_on_event":"","_tribe_events_virtual_show_on_views":"","_tribe_events_virtual_url":"","footnotes":""},"tags":[],"tribe_events_cat":[],"class_list":["post-25830","tribe_events","type-tribe_events","status-publish","has-post-thumbnail","hentry","entry"],"yoast_head":"<!-- This site is optimized with the Yoast SEO plugin v26.6 - https:\/\/yoast.com\/wordpress\/plugins\/seo\/ -->\n<title>Units pel nostre parlar - Presentaci\u00f3 dels projectes audiovisuals al Centre Cultural Can Jeroni - Cultura a Sant Josep de sa Talaia<\/title>\n<meta name=\"robots\" content=\"index, follow, max-snippet:-1, max-image-preview:large, max-video-preview:-1\" \/>\n<link rel=\"canonical\" href=\"https:\/\/cultura.santjosep.org\/es\/agenda\/units-pel-nostre-parlar-presentacio-dels-projectes-audiovisuals-al-centre-cultural-can-jeroni\/\" \/>\n<meta property=\"og:locale\" content=\"es_ES\" \/>\n<meta property=\"og:type\" content=\"article\" \/>\n<meta property=\"og:title\" content=\"Units pel nostre parlar - Presentaci\u00f3 dels projectes audiovisuals al Centre Cultural Can Jeroni - Cultura a Sant Josep de sa Talaia\" \/>\n<meta property=\"og:description\" content=\"20.00 h Presentaci\u00f3 dels projectes audiovisuals al Centre Cultural Can Jeroni:  Ludoling\u00fc\u00edstica: Curt i can\u00e7\u00f3 pag\u00e8sa, a c\u00e0rrec del Grup Folkl\u00f2ric Sant Jordi de ses Salines.  Al marromar: Jocs i joguines, a c\u00e0rrec de l\u2019AMIPA del CEIP Sant Josep de sa Talaia.  Paraules de ses avis, a c\u00e0rrec de l\u2019Associaci\u00f3 de Vesins de sa Raval.  Les nostres herbes i les plantes del nostre entorn, a c\u00e0rrec de l\u2019Associaci\u00f3 de Vesins i propietaris de Cala de Bou i es Port des Torrent.\" \/>\n<meta property=\"og:url\" content=\"https:\/\/cultura.santjosep.org\/es\/agenda\/units-pel-nostre-parlar-presentacio-dels-projectes-audiovisuals-al-centre-cultural-can-jeroni\/\" \/>\n<meta property=\"og:site_name\" content=\"Cultura a Sant Josep de sa Talaia\" \/>\n<meta property=\"article:publisher\" content=\"https:\/\/www.facebook.com\/Ajuntament-de-Sant-Josep-de-sa-Talaia-197541666931354\/\" \/>\n<meta property=\"og:image\" content=\"https:\/\/cultura.santjosep.org\/wp-content\/uploads\/2025\/09\/UnitsPelNostreParlar-scaled.webp\" \/>\n<meta name=\"twitter:card\" content=\"summary_large_image\" \/>\n<meta name=\"twitter:site\" content=\"@DeTalaia\" \/>\n<script type=\"application\/ld+json\" class=\"yoast-schema-graph\">{\"@context\":\"https:\/\/schema.org\",\"@graph\":[{\"@type\":\"WebPage\",\"@id\":\"https:\/\/cultura.santjosep.org\/es\/agenda\/units-pel-nostre-parlar-presentacio-dels-projectes-audiovisuals-al-centre-cultural-can-jeroni\/\",\"url\":\"https:\/\/cultura.santjosep.org\/es\/agenda\/units-pel-nostre-parlar-presentacio-dels-projectes-audiovisuals-al-centre-cultural-can-jeroni\/\",\"name\":\"Units pel nostre parlar - Presentaci\u00f3 dels projectes audiovisuals al Centre Cultural Can Jeroni - Cultura a Sant Josep de sa Talaia\",\"isPartOf\":{\"@id\":\"https:\/\/cultura.santjosep.org\/es\/#website\"},\"primaryImageOfPage\":{\"@id\":\"https:\/\/cultura.santjosep.org\/es\/agenda\/units-pel-nostre-parlar-presentacio-dels-projectes-audiovisuals-al-centre-cultural-can-jeroni\/#primaryimage\"},\"image\":{\"@id\":\"https:\/\/cultura.santjosep.org\/es\/agenda\/units-pel-nostre-parlar-presentacio-dels-projectes-audiovisuals-al-centre-cultural-can-jeroni\/#primaryimage\"},\"thumbnailUrl\":\"https:\/\/cultura.santjosep.org\/wp-content\/uploads\/2025\/09\/UnitsPelNostreParlar_1.webp\",\"datePublished\":\"2025-09-15T11:18:29+00:00\",\"breadcrumb\":{\"@id\":\"https:\/\/cultura.santjosep.org\/es\/agenda\/units-pel-nostre-parlar-presentacio-dels-projectes-audiovisuals-al-centre-cultural-can-jeroni\/#breadcrumb\"},\"inLanguage\":\"es\",\"potentialAction\":[{\"@type\":\"ReadAction\",\"target\":[\"https:\/\/cultura.santjosep.org\/es\/agenda\/units-pel-nostre-parlar-presentacio-dels-projectes-audiovisuals-al-centre-cultural-can-jeroni\/\"]}]},{\"@type\":\"ImageObject\",\"inLanguage\":\"es\",\"@id\":\"https:\/\/cultura.santjosep.org\/es\/agenda\/units-pel-nostre-parlar-presentacio-dels-projectes-audiovisuals-al-centre-cultural-can-jeroni\/#primaryimage\",\"url\":\"https:\/\/cultura.santjosep.org\/wp-content\/uploads\/2025\/09\/UnitsPelNostreParlar_1.webp\",\"contentUrl\":\"https:\/\/cultura.santjosep.org\/wp-content\/uploads\/2025\/09\/UnitsPelNostreParlar_1.webp\",\"width\":1342,\"height\":892},{\"@type\":\"BreadcrumbList\",\"@id\":\"https:\/\/cultura.santjosep.org\/es\/agenda\/units-pel-nostre-parlar-presentacio-dels-projectes-audiovisuals-al-centre-cultural-can-jeroni\/#breadcrumb\",\"itemListElement\":[{\"@type\":\"ListItem\",\"position\":1,\"name\":\"Portada\",\"item\":\"https:\/\/cultura.santjosep.org\/es\/\"},{\"@type\":\"ListItem\",\"position\":2,\"name\":\"Eventos\",\"item\":\"https:\/\/cultura.santjosep.org\/agenda\/\"},{\"@type\":\"ListItem\",\"position\":3,\"name\":\"Units pel nostre parlar &#8211; Presentaci\u00f3 dels projectes audiovisuals al Centre Cultural Can Jeroni\"}]},{\"@type\":\"WebSite\",\"@id\":\"https:\/\/cultura.santjosep.org\/es\/#website\",\"url\":\"https:\/\/cultura.santjosep.org\/es\/\",\"name\":\"Cultura a Sant Josep de sa Talaia\",\"description\":\"\",\"publisher\":{\"@id\":\"https:\/\/cultura.santjosep.org\/es\/#organization\"},\"potentialAction\":[{\"@type\":\"SearchAction\",\"target\":{\"@type\":\"EntryPoint\",\"urlTemplate\":\"https:\/\/cultura.santjosep.org\/es\/?s={search_term_string}\"},\"query-input\":{\"@type\":\"PropertyValueSpecification\",\"valueRequired\":true,\"valueName\":\"search_term_string\"}}],\"inLanguage\":\"es\"},{\"@type\":\"Organization\",\"@id\":\"https:\/\/cultura.santjosep.org\/es\/#organization\",\"name\":\"Ajuntament de Sant Josep de sa Talaia\",\"url\":\"https:\/\/cultura.santjosep.org\/es\/\",\"logo\":{\"@type\":\"ImageObject\",\"inLanguage\":\"es\",\"@id\":\"https:\/\/cultura.santjosep.org\/es\/#\/schema\/logo\/image\/\",\"url\":\"https:\/\/cultura.santjosep.org\/wp-content\/uploads\/2020\/10\/logocolor.jpg\",\"contentUrl\":\"https:\/\/cultura.santjosep.org\/wp-content\/uploads\/2020\/10\/logocolor.jpg\",\"width\":250,\"height\":98,\"caption\":\"Ajuntament de Sant Josep de sa Talaia\"},\"image\":{\"@id\":\"https:\/\/cultura.santjosep.org\/es\/#\/schema\/logo\/image\/\"},\"sameAs\":[\"https:\/\/www.facebook.com\/Ajuntament-de-Sant-Josep-de-sa-Talaia-197541666931354\/\",\"https:\/\/x.com\/DeTalaia\",\"https:\/\/www.instagram.com\/sant_josep_de_sa_talaia\/\"]}]}<\/script>\n<!-- \/ Yoast SEO plugin. -->","yoast_head_json":{"title":"Units pel nostre parlar - Presentaci\u00f3 dels projectes audiovisuals al Centre Cultural Can Jeroni - Cultura a Sant Josep de sa Talaia","robots":{"index":"index","follow":"follow","max-snippet":"max-snippet:-1","max-image-preview":"max-image-preview:large","max-video-preview":"max-video-preview:-1"},"canonical":"https:\/\/cultura.santjosep.org\/es\/agenda\/units-pel-nostre-parlar-presentacio-dels-projectes-audiovisuals-al-centre-cultural-can-jeroni\/","og_locale":"es_ES","og_type":"article","og_title":"Units pel nostre parlar - Presentaci\u00f3 dels projectes audiovisuals al Centre Cultural Can Jeroni - Cultura a Sant Josep de sa Talaia","og_description":"20.00 h Presentaci\u00f3 dels projectes audiovisuals al Centre Cultural Can Jeroni:  Ludoling\u00fc\u00edstica: Curt i can\u00e7\u00f3 pag\u00e8sa, a c\u00e0rrec del Grup Folkl\u00f2ric Sant Jordi de ses Salines.  Al marromar: Jocs i joguines, a c\u00e0rrec de l\u2019AMIPA del CEIP Sant Josep de sa Talaia.  Paraules de ses avis, a c\u00e0rrec de l\u2019Associaci\u00f3 de Vesins de sa Raval.  Les nostres herbes i les plantes del nostre entorn, a c\u00e0rrec de l\u2019Associaci\u00f3 de Vesins i propietaris de Cala de Bou i es Port des Torrent.","og_url":"https:\/\/cultura.santjosep.org\/es\/agenda\/units-pel-nostre-parlar-presentacio-dels-projectes-audiovisuals-al-centre-cultural-can-jeroni\/","og_site_name":"Cultura a Sant Josep de sa Talaia","article_publisher":"https:\/\/www.facebook.com\/Ajuntament-de-Sant-Josep-de-sa-Talaia-197541666931354\/","og_image":[{"url":"https:\/\/cultura.santjosep.org\/wp-content\/uploads\/2025\/09\/UnitsPelNostreParlar-scaled.webp","type":"","width":"","height":""}],"twitter_card":"summary_large_image","twitter_site":"@DeTalaia","schema":{"@context":"https:\/\/schema.org","@graph":[{"@type":"WebPage","@id":"https:\/\/cultura.santjosep.org\/es\/agenda\/units-pel-nostre-parlar-presentacio-dels-projectes-audiovisuals-al-centre-cultural-can-jeroni\/","url":"https:\/\/cultura.santjosep.org\/es\/agenda\/units-pel-nostre-parlar-presentacio-dels-projectes-audiovisuals-al-centre-cultural-can-jeroni\/","name":"Units pel nostre parlar - Presentaci\u00f3 dels projectes audiovisuals al Centre Cultural Can Jeroni - Cultura a Sant Josep de sa Talaia","isPartOf":{"@id":"https:\/\/cultura.santjosep.org\/es\/#website"},"primaryImageOfPage":{"@id":"https:\/\/cultura.santjosep.org\/es\/agenda\/units-pel-nostre-parlar-presentacio-dels-projectes-audiovisuals-al-centre-cultural-can-jeroni\/#primaryimage"},"image":{"@id":"https:\/\/cultura.santjosep.org\/es\/agenda\/units-pel-nostre-parlar-presentacio-dels-projectes-audiovisuals-al-centre-cultural-can-jeroni\/#primaryimage"},"thumbnailUrl":"https:\/\/cultura.santjosep.org\/wp-content\/uploads\/2025\/09\/UnitsPelNostreParlar_1.webp","datePublished":"2025-09-15T11:18:29+00:00","breadcrumb":{"@id":"https:\/\/cultura.santjosep.org\/es\/agenda\/units-pel-nostre-parlar-presentacio-dels-projectes-audiovisuals-al-centre-cultural-can-jeroni\/#breadcrumb"},"inLanguage":"es","potentialAction":[{"@type":"ReadAction","target":["https:\/\/cultura.santjosep.org\/es\/agenda\/units-pel-nostre-parlar-presentacio-dels-projectes-audiovisuals-al-centre-cultural-can-jeroni\/"]}]},{"@type":"ImageObject","inLanguage":"es","@id":"https:\/\/cultura.santjosep.org\/es\/agenda\/units-pel-nostre-parlar-presentacio-dels-projectes-audiovisuals-al-centre-cultural-can-jeroni\/#primaryimage","url":"https:\/\/cultura.santjosep.org\/wp-content\/uploads\/2025\/09\/UnitsPelNostreParlar_1.webp","contentUrl":"https:\/\/cultura.santjosep.org\/wp-content\/uploads\/2025\/09\/UnitsPelNostreParlar_1.webp","width":1342,"height":892},{"@type":"BreadcrumbList","@id":"https:\/\/cultura.santjosep.org\/es\/agenda\/units-pel-nostre-parlar-presentacio-dels-projectes-audiovisuals-al-centre-cultural-can-jeroni\/#breadcrumb","itemListElement":[{"@type":"ListItem","position":1,"name":"Portada","item":"https:\/\/cultura.santjosep.org\/es\/"},{"@type":"ListItem","position":2,"name":"Eventos","item":"https:\/\/cultura.santjosep.org\/agenda\/"},{"@type":"ListItem","position":3,"name":"Units pel nostre parlar &#8211; Presentaci\u00f3 dels projectes audiovisuals al Centre Cultural Can Jeroni"}]},{"@type":"WebSite","@id":"https:\/\/cultura.santjosep.org\/es\/#website","url":"https:\/\/cultura.santjosep.org\/es\/","name":"Cultura a Sant Josep de sa Talaia","description":"","publisher":{"@id":"https:\/\/cultura.santjosep.org\/es\/#organization"},"potentialAction":[{"@type":"SearchAction","target":{"@type":"EntryPoint","urlTemplate":"https:\/\/cultura.santjosep.org\/es\/?s={search_term_string}"},"query-input":{"@type":"PropertyValueSpecification","valueRequired":true,"valueName":"search_term_string"}}],"inLanguage":"es"},{"@type":"Organization","@id":"https:\/\/cultura.santjosep.org\/es\/#organization","name":"Ajuntament de Sant Josep de sa Talaia","url":"https:\/\/cultura.santjosep.org\/es\/","logo":{"@type":"ImageObject","inLanguage":"es","@id":"https:\/\/cultura.santjosep.org\/es\/#\/schema\/logo\/image\/","url":"https:\/\/cultura.santjosep.org\/wp-content\/uploads\/2020\/10\/logocolor.jpg","contentUrl":"https:\/\/cultura.santjosep.org\/wp-content\/uploads\/2020\/10\/logocolor.jpg","width":250,"height":98,"caption":"Ajuntament de Sant Josep de sa Talaia"},"image":{"@id":"https:\/\/cultura.santjosep.org\/es\/#\/schema\/logo\/image\/"},"sameAs":["https:\/\/www.facebook.com\/Ajuntament-de-Sant-Josep-de-sa-Talaia-197541666931354\/","https:\/\/x.com\/DeTalaia","https:\/\/www.instagram.com\/sant_josep_de_sa_talaia\/"]}]}},"_links":{"self":[{"href":"https:\/\/cultura.santjosep.org\/es\/wp-json\/wp\/v2\/tribe_events\/25830","targetHints":{"allow":["GET"]}}],"collection":[{"href":"https:\/\/cultura.santjosep.org\/es\/wp-json\/wp\/v2\/tribe_events"}],"about":[{"href":"https:\/\/cultura.santjosep.org\/es\/wp-json\/wp\/v2\/types\/tribe_events"}],"author":[{"embeddable":true,"href":"https:\/\/cultura.santjosep.org\/es\/wp-json\/wp\/v2\/users\/1"}],"version-history":[{"count":0,"href":"https:\/\/cultura.santjosep.org\/es\/wp-json\/wp\/v2\/tribe_events\/25830\/revisions"}],"wp:featuredmedia":[{"embeddable":true,"href":"https:\/\/cultura.santjosep.org\/es\/wp-json\/wp\/v2\/media\/25812"}],"wp:attachment":[{"href":"https:\/\/cultura.santjosep.org\/es\/wp-json\/wp\/v2\/media?parent=25830"}],"wp:term":[{"taxonomy":"post_tag","embeddable":true,"href":"https:\/\/cultura.santjosep.org\/es\/wp-json\/wp\/v2\/tags?post=25830"},{"taxonomy":"tribe_events_cat","embeddable":true,"href":"https:\/\/cultura.santjosep.org\/es\/wp-json\/wp\/v2\/tribe_events_cat?post=25830"}],"curies":[{"name":"wp","href":"https:\/\/api.w.org\/{rel}","templated":true}]}}