{"id":25839,"date":"2025-09-15T13:28:51","date_gmt":"2025-09-15T11:28:51","guid":{"rendered":"https:\/\/cultura.santjosep.org\/agenda\/units-pel-nostre-parlar-violi-del-portmany\/"},"modified":"2025-09-16T10:18:35","modified_gmt":"2025-09-16T08:18:35","slug":"estrena-de-la-composicio-moll-vell-de-portmany","status":"publish","type":"tribe_events","link":"https:\/\/cultura.santjosep.org\/es\/agenda\/estrena-de-la-composicio-moll-vell-de-portmany\/","title":{"rendered":"Estrena de la composici\u00f3 Moll Vell de Portmany"},"content":{"rendered":"<div>DIJOUS 18 DE SETEMBRE<\/div>\n<div>20.30 h al Centre Cultural Can Jeroni:<\/div>\n<div>\u25cf Estrena de la composici\u00f3 Moll Vell de Portmany, amb lletra de Mari\u00e0 Torres Torres i m\u00fasica de Josep Oll\u00e9 i Sabat\u00e9, interpretada pel Cor de Sant Josep.<\/div>\n<div>\u25cf Presentaci\u00f3 del videoclip Sensaci\u00f3 d\u2019Eivissa, amb m\u00fasica de Josep Oll\u00e9 i Sabat\u00e9, sobre el poema de Mari\u00e0 Villang\u00f3mez, interpretat pel Petit Cor.<\/div>\n<div>Activitats organitzades pel Cor de Sant Josep i pel Petit Cor.<\/div>\n<p><img loading=\"lazy\" decoding=\"async\" class=\"alignnone size-full wp-image-25813\" src=\"https:\/\/cultura.santjosep.org\/wp-content\/uploads\/2025\/09\/UnitsPelNostreParlar-scaled.webp\" alt=\"\" width=\"1686\" height=\"2560\" srcset=\"https:\/\/cultura.santjosep.org\/wp-content\/uploads\/2025\/09\/UnitsPelNostreParlar-scaled.webp 1686w, https:\/\/cultura.santjosep.org\/wp-content\/uploads\/2025\/09\/UnitsPelNostreParlar-198x300.webp 198w, https:\/\/cultura.santjosep.org\/wp-content\/uploads\/2025\/09\/UnitsPelNostreParlar-674x1024.webp 674w, https:\/\/cultura.santjosep.org\/wp-content\/uploads\/2025\/09\/UnitsPelNostreParlar-768x1166.webp 768w, https:\/\/cultura.santjosep.org\/wp-content\/uploads\/2025\/09\/UnitsPelNostreParlar-1011x1536.webp 1011w, https:\/\/cultura.santjosep.org\/wp-content\/uploads\/2025\/09\/UnitsPelNostreParlar-1348x2048.webp 1348w, https:\/\/cultura.santjosep.org\/wp-content\/uploads\/2025\/09\/UnitsPelNostreParlar-1568x2381.webp 1568w, https:\/\/cultura.santjosep.org\/wp-content\/uploads\/2025\/09\/UnitsPelNostreParlar-1320x2005.webp 1320w\" sizes=\"auto, (max-width: 1686px) 100vw, 1686px\" \/><\/p>\n","protected":false},"excerpt":{"rendered":"<p>DIJOUS 18 DE SETEMBRE<br \/>\n20.30 h al Centre Cultural Can Jeroni:<br \/>\n\u25cf Estrena de la composici\u00f3 Moll Vell de Portmany, amb lletra de Mari\u00e0 Torres Torres i m\u00fasica de Josep Oll\u00e9 i Sabat\u00e9, interpretada pel Cor de Sant Josep.<br \/>\n\u25cf Presentaci\u00f3 del videoclip Sensaci\u00f3 d\u2019Eivissa, amb m\u00fasica de Josep Oll\u00e9 i Sabat\u00e9, sobre el poema de Mari\u00e0 Villang\u00f3mez, interpretat pel Petit Cor.<br \/>\nActivitats organitzades pel Cor de Sant Josep i pel Petit Cor.<\/p>\n","protected":false},"author":1,"featured_media":25812,"template":"","meta":{"_tribe_events_status":"","_tribe_events_status_reason":"","_tribe_events_is_hybrid":"","_tribe_events_is_virtual":"","_tribe_events_virtual_video_source":"","_tribe_events_virtual_embed_video":"","_tribe_events_virtual_linked_button_text":"","_tribe_events_virtual_linked_button":"","_tribe_events_virtual_show_embed_at":"","_tribe_events_virtual_show_embed_to":[],"_tribe_events_virtual_show_on_event":"","_tribe_events_virtual_show_on_views":"","_tribe_events_virtual_url":"","footnotes":""},"tags":[],"tribe_events_cat":[36],"class_list":["post-25839","tribe_events","type-tribe_events","status-publish","has-post-thumbnail","hentry","tribe_events_cat-units-pel-nostre-parlar","cat_units-pel-nostre-parlar","entry"],"yoast_head":"<!-- This site is optimized with the Yoast SEO plugin v26.6 - https:\/\/yoast.com\/wordpress\/plugins\/seo\/ -->\n<title>Estrena de la composici\u00f3 Moll Vell de Portmany - Cultura a Sant Josep de sa Talaia<\/title>\n<meta name=\"robots\" content=\"index, follow, max-snippet:-1, max-image-preview:large, max-video-preview:-1\" \/>\n<link rel=\"canonical\" href=\"https:\/\/cultura.santjosep.org\/es\/agenda\/estrena-de-la-composicio-moll-vell-de-portmany\/\" \/>\n<meta property=\"og:locale\" content=\"es_ES\" \/>\n<meta property=\"og:type\" content=\"article\" \/>\n<meta property=\"og:title\" content=\"Estrena de la composici\u00f3 Moll Vell de Portmany - Cultura a Sant Josep de sa Talaia\" \/>\n<meta property=\"og:description\" content=\"DIJOUS 18 DE SETEMBRE 20.30 h al Centre Cultural Can Jeroni: \u25cf Estrena de la composici\u00f3 Moll Vell de Portmany, amb lletra de Mari\u00e0 Torres Torres i m\u00fasica de Josep Oll\u00e9 i Sabat\u00e9, interpretada pel Cor de Sant Josep. \u25cf Presentaci\u00f3 del videoclip Sensaci\u00f3 d\u2019Eivissa, amb m\u00fasica de Josep Oll\u00e9 i Sabat\u00e9, sobre el poema de Mari\u00e0 Villang\u00f3mez, interpretat pel Petit Cor. Activitats organitzades pel Cor de Sant Josep i pel Petit Cor.\" \/>\n<meta property=\"og:url\" content=\"https:\/\/cultura.santjosep.org\/es\/agenda\/estrena-de-la-composicio-moll-vell-de-portmany\/\" \/>\n<meta property=\"og:site_name\" content=\"Cultura a Sant Josep de sa Talaia\" \/>\n<meta property=\"article:publisher\" content=\"https:\/\/www.facebook.com\/Ajuntament-de-Sant-Josep-de-sa-Talaia-197541666931354\/\" \/>\n<meta property=\"article:modified_time\" content=\"2025-09-16T08:18:35+00:00\" \/>\n<meta property=\"og:image\" content=\"https:\/\/cultura.santjosep.org\/wp-content\/uploads\/2025\/09\/UnitsPelNostreParlar_1.webp\" \/>\n\t<meta property=\"og:image:width\" content=\"1342\" \/>\n\t<meta property=\"og:image:height\" content=\"892\" \/>\n\t<meta property=\"og:image:type\" content=\"image\/webp\" \/>\n<meta name=\"twitter:card\" content=\"summary_large_image\" \/>\n<meta name=\"twitter:site\" content=\"@DeTalaia\" \/>\n<meta name=\"twitter:label1\" content=\"Tiempo de lectura\" \/>\n\t<meta name=\"twitter:data1\" content=\"1 minuto\" \/>\n<script type=\"application\/ld+json\" class=\"yoast-schema-graph\">{\"@context\":\"https:\/\/schema.org\",\"@graph\":[{\"@type\":\"WebPage\",\"@id\":\"https:\/\/cultura.santjosep.org\/es\/agenda\/estrena-de-la-composicio-moll-vell-de-portmany\/\",\"url\":\"https:\/\/cultura.santjosep.org\/es\/agenda\/estrena-de-la-composicio-moll-vell-de-portmany\/\",\"name\":\"Estrena de la composici\u00f3 Moll Vell de Portmany - Cultura a Sant Josep de sa Talaia\",\"isPartOf\":{\"@id\":\"https:\/\/cultura.santjosep.org\/es\/#website\"},\"primaryImageOfPage\":{\"@id\":\"https:\/\/cultura.santjosep.org\/es\/agenda\/estrena-de-la-composicio-moll-vell-de-portmany\/#primaryimage\"},\"image\":{\"@id\":\"https:\/\/cultura.santjosep.org\/es\/agenda\/estrena-de-la-composicio-moll-vell-de-portmany\/#primaryimage\"},\"thumbnailUrl\":\"https:\/\/cultura.santjosep.org\/wp-content\/uploads\/2025\/09\/UnitsPelNostreParlar_1.webp\",\"datePublished\":\"2025-09-15T11:28:51+00:00\",\"dateModified\":\"2025-09-16T08:18:35+00:00\",\"breadcrumb\":{\"@id\":\"https:\/\/cultura.santjosep.org\/es\/agenda\/estrena-de-la-composicio-moll-vell-de-portmany\/#breadcrumb\"},\"inLanguage\":\"es\",\"potentialAction\":[{\"@type\":\"ReadAction\",\"target\":[\"https:\/\/cultura.santjosep.org\/es\/agenda\/estrena-de-la-composicio-moll-vell-de-portmany\/\"]}]},{\"@type\":\"ImageObject\",\"inLanguage\":\"es\",\"@id\":\"https:\/\/cultura.santjosep.org\/es\/agenda\/estrena-de-la-composicio-moll-vell-de-portmany\/#primaryimage\",\"url\":\"https:\/\/cultura.santjosep.org\/wp-content\/uploads\/2025\/09\/UnitsPelNostreParlar_1.webp\",\"contentUrl\":\"https:\/\/cultura.santjosep.org\/wp-content\/uploads\/2025\/09\/UnitsPelNostreParlar_1.webp\",\"width\":1342,\"height\":892},{\"@type\":\"BreadcrumbList\",\"@id\":\"https:\/\/cultura.santjosep.org\/es\/agenda\/estrena-de-la-composicio-moll-vell-de-portmany\/#breadcrumb\",\"itemListElement\":[{\"@type\":\"ListItem\",\"position\":1,\"name\":\"Portada\",\"item\":\"https:\/\/cultura.santjosep.org\/es\/\"},{\"@type\":\"ListItem\",\"position\":2,\"name\":\"Eventos\",\"item\":\"https:\/\/cultura.santjosep.org\/agenda\/\"},{\"@type\":\"ListItem\",\"position\":3,\"name\":\"Estrena de la composici\u00f3 Moll Vell de Portmany\"}]},{\"@type\":\"WebSite\",\"@id\":\"https:\/\/cultura.santjosep.org\/es\/#website\",\"url\":\"https:\/\/cultura.santjosep.org\/es\/\",\"name\":\"Cultura a Sant Josep de sa Talaia\",\"description\":\"\",\"publisher\":{\"@id\":\"https:\/\/cultura.santjosep.org\/es\/#organization\"},\"potentialAction\":[{\"@type\":\"SearchAction\",\"target\":{\"@type\":\"EntryPoint\",\"urlTemplate\":\"https:\/\/cultura.santjosep.org\/es\/?s={search_term_string}\"},\"query-input\":{\"@type\":\"PropertyValueSpecification\",\"valueRequired\":true,\"valueName\":\"search_term_string\"}}],\"inLanguage\":\"es\"},{\"@type\":\"Organization\",\"@id\":\"https:\/\/cultura.santjosep.org\/es\/#organization\",\"name\":\"Ajuntament de Sant Josep de sa Talaia\",\"url\":\"https:\/\/cultura.santjosep.org\/es\/\",\"logo\":{\"@type\":\"ImageObject\",\"inLanguage\":\"es\",\"@id\":\"https:\/\/cultura.santjosep.org\/es\/#\/schema\/logo\/image\/\",\"url\":\"https:\/\/cultura.santjosep.org\/wp-content\/uploads\/2020\/10\/logocolor.jpg\",\"contentUrl\":\"https:\/\/cultura.santjosep.org\/wp-content\/uploads\/2020\/10\/logocolor.jpg\",\"width\":250,\"height\":98,\"caption\":\"Ajuntament de Sant Josep de sa Talaia\"},\"image\":{\"@id\":\"https:\/\/cultura.santjosep.org\/es\/#\/schema\/logo\/image\/\"},\"sameAs\":[\"https:\/\/www.facebook.com\/Ajuntament-de-Sant-Josep-de-sa-Talaia-197541666931354\/\",\"https:\/\/x.com\/DeTalaia\",\"https:\/\/www.instagram.com\/sant_josep_de_sa_talaia\/\"]}]}<\/script>\n<!-- \/ Yoast SEO plugin. -->","yoast_head_json":{"title":"Estrena de la composici\u00f3 Moll Vell de Portmany - Cultura a Sant Josep de sa Talaia","robots":{"index":"index","follow":"follow","max-snippet":"max-snippet:-1","max-image-preview":"max-image-preview:large","max-video-preview":"max-video-preview:-1"},"canonical":"https:\/\/cultura.santjosep.org\/es\/agenda\/estrena-de-la-composicio-moll-vell-de-portmany\/","og_locale":"es_ES","og_type":"article","og_title":"Estrena de la composici\u00f3 Moll Vell de Portmany - Cultura a Sant Josep de sa Talaia","og_description":"DIJOUS 18 DE SETEMBRE 20.30 h al Centre Cultural Can Jeroni: \u25cf Estrena de la composici\u00f3 Moll Vell de Portmany, amb lletra de Mari\u00e0 Torres Torres i m\u00fasica de Josep Oll\u00e9 i Sabat\u00e9, interpretada pel Cor de Sant Josep. \u25cf Presentaci\u00f3 del videoclip Sensaci\u00f3 d\u2019Eivissa, amb m\u00fasica de Josep Oll\u00e9 i Sabat\u00e9, sobre el poema de Mari\u00e0 Villang\u00f3mez, interpretat pel Petit Cor. Activitats organitzades pel Cor de Sant Josep i pel Petit Cor.","og_url":"https:\/\/cultura.santjosep.org\/es\/agenda\/estrena-de-la-composicio-moll-vell-de-portmany\/","og_site_name":"Cultura a Sant Josep de sa Talaia","article_publisher":"https:\/\/www.facebook.com\/Ajuntament-de-Sant-Josep-de-sa-Talaia-197541666931354\/","article_modified_time":"2025-09-16T08:18:35+00:00","og_image":[{"width":1342,"height":892,"url":"https:\/\/cultura.santjosep.org\/wp-content\/uploads\/2025\/09\/UnitsPelNostreParlar_1.webp","type":"image\/webp"}],"twitter_card":"summary_large_image","twitter_site":"@DeTalaia","twitter_misc":{"Tiempo de lectura":"1 minuto"},"schema":{"@context":"https:\/\/schema.org","@graph":[{"@type":"WebPage","@id":"https:\/\/cultura.santjosep.org\/es\/agenda\/estrena-de-la-composicio-moll-vell-de-portmany\/","url":"https:\/\/cultura.santjosep.org\/es\/agenda\/estrena-de-la-composicio-moll-vell-de-portmany\/","name":"Estrena de la composici\u00f3 Moll Vell de Portmany - Cultura a Sant Josep de sa Talaia","isPartOf":{"@id":"https:\/\/cultura.santjosep.org\/es\/#website"},"primaryImageOfPage":{"@id":"https:\/\/cultura.santjosep.org\/es\/agenda\/estrena-de-la-composicio-moll-vell-de-portmany\/#primaryimage"},"image":{"@id":"https:\/\/cultura.santjosep.org\/es\/agenda\/estrena-de-la-composicio-moll-vell-de-portmany\/#primaryimage"},"thumbnailUrl":"https:\/\/cultura.santjosep.org\/wp-content\/uploads\/2025\/09\/UnitsPelNostreParlar_1.webp","datePublished":"2025-09-15T11:28:51+00:00","dateModified":"2025-09-16T08:18:35+00:00","breadcrumb":{"@id":"https:\/\/cultura.santjosep.org\/es\/agenda\/estrena-de-la-composicio-moll-vell-de-portmany\/#breadcrumb"},"inLanguage":"es","potentialAction":[{"@type":"ReadAction","target":["https:\/\/cultura.santjosep.org\/es\/agenda\/estrena-de-la-composicio-moll-vell-de-portmany\/"]}]},{"@type":"ImageObject","inLanguage":"es","@id":"https:\/\/cultura.santjosep.org\/es\/agenda\/estrena-de-la-composicio-moll-vell-de-portmany\/#primaryimage","url":"https:\/\/cultura.santjosep.org\/wp-content\/uploads\/2025\/09\/UnitsPelNostreParlar_1.webp","contentUrl":"https:\/\/cultura.santjosep.org\/wp-content\/uploads\/2025\/09\/UnitsPelNostreParlar_1.webp","width":1342,"height":892},{"@type":"BreadcrumbList","@id":"https:\/\/cultura.santjosep.org\/es\/agenda\/estrena-de-la-composicio-moll-vell-de-portmany\/#breadcrumb","itemListElement":[{"@type":"ListItem","position":1,"name":"Portada","item":"https:\/\/cultura.santjosep.org\/es\/"},{"@type":"ListItem","position":2,"name":"Eventos","item":"https:\/\/cultura.santjosep.org\/agenda\/"},{"@type":"ListItem","position":3,"name":"Estrena de la composici\u00f3 Moll Vell de Portmany"}]},{"@type":"WebSite","@id":"https:\/\/cultura.santjosep.org\/es\/#website","url":"https:\/\/cultura.santjosep.org\/es\/","name":"Cultura a Sant Josep de sa Talaia","description":"","publisher":{"@id":"https:\/\/cultura.santjosep.org\/es\/#organization"},"potentialAction":[{"@type":"SearchAction","target":{"@type":"EntryPoint","urlTemplate":"https:\/\/cultura.santjosep.org\/es\/?s={search_term_string}"},"query-input":{"@type":"PropertyValueSpecification","valueRequired":true,"valueName":"search_term_string"}}],"inLanguage":"es"},{"@type":"Organization","@id":"https:\/\/cultura.santjosep.org\/es\/#organization","name":"Ajuntament de Sant Josep de sa Talaia","url":"https:\/\/cultura.santjosep.org\/es\/","logo":{"@type":"ImageObject","inLanguage":"es","@id":"https:\/\/cultura.santjosep.org\/es\/#\/schema\/logo\/image\/","url":"https:\/\/cultura.santjosep.org\/wp-content\/uploads\/2020\/10\/logocolor.jpg","contentUrl":"https:\/\/cultura.santjosep.org\/wp-content\/uploads\/2020\/10\/logocolor.jpg","width":250,"height":98,"caption":"Ajuntament de Sant Josep de sa Talaia"},"image":{"@id":"https:\/\/cultura.santjosep.org\/es\/#\/schema\/logo\/image\/"},"sameAs":["https:\/\/www.facebook.com\/Ajuntament-de-Sant-Josep-de-sa-Talaia-197541666931354\/","https:\/\/x.com\/DeTalaia","https:\/\/www.instagram.com\/sant_josep_de_sa_talaia\/"]}]}},"_links":{"self":[{"href":"https:\/\/cultura.santjosep.org\/es\/wp-json\/wp\/v2\/tribe_events\/25839","targetHints":{"allow":["GET"]}}],"collection":[{"href":"https:\/\/cultura.santjosep.org\/es\/wp-json\/wp\/v2\/tribe_events"}],"about":[{"href":"https:\/\/cultura.santjosep.org\/es\/wp-json\/wp\/v2\/types\/tribe_events"}],"author":[{"embeddable":true,"href":"https:\/\/cultura.santjosep.org\/es\/wp-json\/wp\/v2\/users\/1"}],"version-history":[{"count":0,"href":"https:\/\/cultura.santjosep.org\/es\/wp-json\/wp\/v2\/tribe_events\/25839\/revisions"}],"wp:featuredmedia":[{"embeddable":true,"href":"https:\/\/cultura.santjosep.org\/es\/wp-json\/wp\/v2\/media\/25812"}],"wp:attachment":[{"href":"https:\/\/cultura.santjosep.org\/es\/wp-json\/wp\/v2\/media?parent=25839"}],"wp:term":[{"taxonomy":"post_tag","embeddable":true,"href":"https:\/\/cultura.santjosep.org\/es\/wp-json\/wp\/v2\/tags?post=25839"},{"taxonomy":"tribe_events_cat","embeddable":true,"href":"https:\/\/cultura.santjosep.org\/es\/wp-json\/wp\/v2\/tribe_events_cat?post=25839"}],"curies":[{"name":"wp","href":"https:\/\/api.w.org\/{rel}","templated":true}]}}