{"id":26688,"date":"2026-04-27T15:49:41","date_gmt":"2026-04-27T13:49:41","guid":{"rendered":"https:\/\/cultura.santjosep.org\/agenda\/cicle-dies-musicals-xii-edicio-2026-eivissa-ensemble-2000\/"},"modified":"2026-04-27T15:50:41","modified_gmt":"2026-04-27T13:50:41","slug":"cicle-dies-musicals-xii-edicio-2026-eivissa-ensemble-2000","status":"publish","type":"tribe_events","link":"https:\/\/cultura.santjosep.org\/es\/agenda\/cicle-dies-musicals-xii-edicio-2026-eivissa-ensemble-2000\/","title":{"rendered":"CICLE DIES MUSICALS XII edici\u00f3 2026. Eivissa Ensemble 2000"},"content":{"rendered":"<div class=\"wpb-content-wrapper\"><p>[vc_row][vc_column][vc_column_text css=\u00bb\u00bb]Projecte musical d\u2019Adolfo Villalonga, m\u00fasic i compositor eivissenc amb una extensa formaci\u00f3 musical en harmonia, piano i acompanyament, llenguatge, composici\u00f3, direcci\u00f3 de cors, pedagogia i direcci\u00f3 d\u2019orquestra, entre altres.<br \/>\nAmb aquesta representaci\u00f3 vol mostrar la m\u00fasica per teclat del genial compositor Sebasti\u00e1n Aguilera de Heredia per\u00f2 amb el maridatge de la m\u00fasica\/textura electr\u00f2nica i com a contrapunt la m\u00fasica popular eivissenca.<\/p>\n<p>&nbsp;<\/p>\n<p>FITXA ART\u00cdSTICA:<br \/>\nAdolfo Villalonga Juan: teclat<\/p>\n<p>PROGRAMA:<br \/>\n1. Rosa vera \/ Falsas de 6\u00ba tono \u2013 Compositor\/a: Popular \/ Sebasti\u00e1n Aguilera de Heredia.<br \/>\n2. Jo tenc una enamorada \/ Salve de lleno 1\u00ba tono \u2013 Compositor\/a: Popular \/ Sebasti\u00e1n Aguilera de Heredia.<br \/>\n3. Bona nit, blanca roseta \/ Pange lingua a 3 sobre bajo de Ce Sol Fa Ut \u2013 Compositor\/a: Popular \/ Sebasti\u00e1n Aguilera de Heredia.<br \/>\n4. Des que no hi ha eleccions \/ Pange lingua a 3 sobre tiple: La reina de los pange lingua \u2013 Compositor\/a: Popular \/ Sebasti\u00e1n Aguilera de Heredia.<br \/>\n5. En aquesta illa tan pobre \/ Salve 1\u00ba tono por De La Sol Re \u2013 Compositor\/a: Popular \/ Sebasti\u00e1n Aguilera de Heredia.<br \/>\n6. Sa nostra ciutat d\u2019Eivissa \/ Tiento de VIII\u00ba tono por De La Sol Re \u2013 Compositor\/a: Popular \/ Sebasti\u00e1n Aguilera de Heredia.<br \/>\n7. De jo et vas despediguent \/ Primer registro bajo de 1\u00ba tono \u2013 Compositor\/a: Popular \/ Sebasti\u00e1n Aguilera de Heredia.<br \/>\n8. Sa serena cau menuda \/ Segundo registro bajo de 1\u00ba tono \u2013 Compositor\/a: Popular \/ Sebasti\u00e1n Aguilera de Heredia.<br \/>\n9. Anarem a Sant Miquel \/ Tercer registro bajo de 1\u00ba tono \u2013 Compositor\/a: Popular \/ Sebasti\u00e1n Aguilera de Heredia.<br \/>\n10. Sa calera \/ obra de VII\u00ba tono: Ensalada \u2013 Compositor\/a: Popular \/ Sebasti\u00e1n Aguilera de Heredia Family.<\/p>\n<p>DURADA: 50 minuts aproximadament.[\/vc_column_text][\/vc_column][\/vc_row]<\/p>\n<\/div>","protected":false},"excerpt":{"rendered":"<p>[vc_row][vc_column][vc_column_text css=\u00bb\u00bb]Projecte musical d\u2019Adolfo Villalonga, m\u00fasic i compositor eivissenc amb una extensa formaci\u00f3 musical en harmonia, piano i acompanyament, llenguatge, composici\u00f3, direcci\u00f3 de cors, pedagogia i direcci\u00f3 d\u2019orquestra, entre altres. &hellip; <\/p>\n<p class=\"link-more\"><a href=\"https:\/\/cultura.santjosep.org\/es\/agenda\/cicle-dies-musicals-xii-edicio-2026-eivissa-ensemble-2000\/\" class=\"more-link\">Seguir leyendo<span class=\"screen-reader-text\"> \u00abCICLE DIES MUSICALS XII edici\u00f3 2026. Eivissa Ensemble 2000\u00bb<\/span><\/a><\/p>\n","protected":false},"author":1,"featured_media":26689,"template":"","meta":{"_tribe_events_status":"","_tribe_events_status_reason":"","_tribe_events_is_hybrid":"","_tribe_events_is_virtual":"","_tribe_events_virtual_video_source":"","_tribe_events_virtual_embed_video":"","_tribe_events_virtual_linked_button_text":"","_tribe_events_virtual_linked_button":"","_tribe_events_virtual_show_embed_at":"","_tribe_events_virtual_show_embed_to":[],"_tribe_events_virtual_show_on_event":"","_tribe_events_virtual_show_on_views":"","_tribe_events_virtual_url":"","footnotes":""},"tags":[],"tribe_events_cat":[31],"class_list":["post-26688","tribe_events","type-tribe_events","status-publish","has-post-thumbnail","hentry","tribe_events_cat-conciertos","cat_conciertos","entry"],"yoast_head":"<!-- This site is optimized with the Yoast SEO plugin v26.6 - https:\/\/yoast.com\/wordpress\/plugins\/seo\/ -->\n<title>CICLE DIES MUSICALS XII edici\u00f3 2026. Eivissa Ensemble 2000 - Cultura a Sant Josep de sa Talaia<\/title>\n<meta name=\"robots\" content=\"index, follow, max-snippet:-1, max-image-preview:large, max-video-preview:-1\" \/>\n<link rel=\"canonical\" href=\"https:\/\/cultura.santjosep.org\/es\/agenda\/cicle-dies-musicals-xii-edicio-2026-eivissa-ensemble-2000\/\" \/>\n<meta property=\"og:locale\" content=\"es_ES\" \/>\n<meta property=\"og:type\" content=\"article\" \/>\n<meta property=\"og:title\" content=\"CICLE DIES MUSICALS XII edici\u00f3 2026. Eivissa Ensemble 2000 - Cultura a Sant Josep de sa Talaia\" \/>\n<meta property=\"og:description\" content=\"[vc_row][vc_column][vc_column_text css=\u00bb\u00bb]Projecte musical d\u2019Adolfo Villalonga, m\u00fasic i compositor eivissenc amb una extensa formaci\u00f3 musical en harmonia, piano i acompanyament, llenguatge, composici\u00f3, direcci\u00f3 de cors, pedagogia i direcci\u00f3 d\u2019orquestra, entre altres. &hellip; Seguir leyendo \u00abCICLE DIES MUSICALS XII edici\u00f3 2026. Eivissa Ensemble 2000\u00bb\" \/>\n<meta property=\"og:url\" content=\"https:\/\/cultura.santjosep.org\/es\/agenda\/cicle-dies-musicals-xii-edicio-2026-eivissa-ensemble-2000\/\" \/>\n<meta property=\"og:site_name\" content=\"Cultura a Sant Josep de sa Talaia\" \/>\n<meta property=\"article:publisher\" content=\"https:\/\/www.facebook.com\/Ajuntament-de-Sant-Josep-de-sa-Talaia-197541666931354\/\" \/>\n<meta property=\"article:modified_time\" content=\"2026-04-27T13:50:41+00:00\" \/>\n<meta property=\"og:image\" content=\"https:\/\/cultura.santjosep.org\/wp-content\/uploads\/2026\/04\/DEFINITIU_Portada_programa_CDM2026.jpg\" \/>\n\t<meta property=\"og:image:width\" content=\"1937\" \/>\n\t<meta property=\"og:image:height\" content=\"1937\" \/>\n\t<meta property=\"og:image:type\" content=\"image\/jpeg\" \/>\n<meta name=\"twitter:card\" content=\"summary_large_image\" \/>\n<meta name=\"twitter:site\" content=\"@DeTalaia\" \/>\n<meta name=\"twitter:label1\" content=\"Tiempo de lectura\" \/>\n\t<meta name=\"twitter:data1\" content=\"2 minutos\" \/>\n<script type=\"application\/ld+json\" class=\"yoast-schema-graph\">{\"@context\":\"https:\/\/schema.org\",\"@graph\":[{\"@type\":\"WebPage\",\"@id\":\"https:\/\/cultura.santjosep.org\/es\/agenda\/cicle-dies-musicals-xii-edicio-2026-eivissa-ensemble-2000\/\",\"url\":\"https:\/\/cultura.santjosep.org\/es\/agenda\/cicle-dies-musicals-xii-edicio-2026-eivissa-ensemble-2000\/\",\"name\":\"CICLE DIES MUSICALS XII edici\u00f3 2026. Eivissa Ensemble 2000 - Cultura a Sant Josep de sa Talaia\",\"isPartOf\":{\"@id\":\"https:\/\/cultura.santjosep.org\/es\/#website\"},\"primaryImageOfPage\":{\"@id\":\"https:\/\/cultura.santjosep.org\/es\/agenda\/cicle-dies-musicals-xii-edicio-2026-eivissa-ensemble-2000\/#primaryimage\"},\"image\":{\"@id\":\"https:\/\/cultura.santjosep.org\/es\/agenda\/cicle-dies-musicals-xii-edicio-2026-eivissa-ensemble-2000\/#primaryimage\"},\"thumbnailUrl\":\"https:\/\/cultura.santjosep.org\/wp-content\/uploads\/2026\/04\/DEFINITIU_Portada_programa_CDM2026.jpg\",\"datePublished\":\"2026-04-27T13:49:41+00:00\",\"dateModified\":\"2026-04-27T13:50:41+00:00\",\"breadcrumb\":{\"@id\":\"https:\/\/cultura.santjosep.org\/es\/agenda\/cicle-dies-musicals-xii-edicio-2026-eivissa-ensemble-2000\/#breadcrumb\"},\"inLanguage\":\"es\",\"potentialAction\":[{\"@type\":\"ReadAction\",\"target\":[\"https:\/\/cultura.santjosep.org\/es\/agenda\/cicle-dies-musicals-xii-edicio-2026-eivissa-ensemble-2000\/\"]}]},{\"@type\":\"ImageObject\",\"inLanguage\":\"es\",\"@id\":\"https:\/\/cultura.santjosep.org\/es\/agenda\/cicle-dies-musicals-xii-edicio-2026-eivissa-ensemble-2000\/#primaryimage\",\"url\":\"https:\/\/cultura.santjosep.org\/wp-content\/uploads\/2026\/04\/DEFINITIU_Portada_programa_CDM2026.jpg\",\"contentUrl\":\"https:\/\/cultura.santjosep.org\/wp-content\/uploads\/2026\/04\/DEFINITIU_Portada_programa_CDM2026.jpg\",\"width\":1937,\"height\":1937},{\"@type\":\"BreadcrumbList\",\"@id\":\"https:\/\/cultura.santjosep.org\/es\/agenda\/cicle-dies-musicals-xii-edicio-2026-eivissa-ensemble-2000\/#breadcrumb\",\"itemListElement\":[{\"@type\":\"ListItem\",\"position\":1,\"name\":\"Portada\",\"item\":\"https:\/\/cultura.santjosep.org\/es\/\"},{\"@type\":\"ListItem\",\"position\":2,\"name\":\"Eventos\",\"item\":\"https:\/\/cultura.santjosep.org\/agenda\/\"},{\"@type\":\"ListItem\",\"position\":3,\"name\":\"CICLE DIES MUSICALS XII edici\u00f3 2026. Eivissa Ensemble 2000\"}]},{\"@type\":\"WebSite\",\"@id\":\"https:\/\/cultura.santjosep.org\/es\/#website\",\"url\":\"https:\/\/cultura.santjosep.org\/es\/\",\"name\":\"Cultura a Sant Josep de sa Talaia\",\"description\":\"\",\"publisher\":{\"@id\":\"https:\/\/cultura.santjosep.org\/es\/#organization\"},\"potentialAction\":[{\"@type\":\"SearchAction\",\"target\":{\"@type\":\"EntryPoint\",\"urlTemplate\":\"https:\/\/cultura.santjosep.org\/es\/?s={search_term_string}\"},\"query-input\":{\"@type\":\"PropertyValueSpecification\",\"valueRequired\":true,\"valueName\":\"search_term_string\"}}],\"inLanguage\":\"es\"},{\"@type\":\"Organization\",\"@id\":\"https:\/\/cultura.santjosep.org\/es\/#organization\",\"name\":\"Ajuntament de Sant Josep de sa Talaia\",\"url\":\"https:\/\/cultura.santjosep.org\/es\/\",\"logo\":{\"@type\":\"ImageObject\",\"inLanguage\":\"es\",\"@id\":\"https:\/\/cultura.santjosep.org\/es\/#\/schema\/logo\/image\/\",\"url\":\"https:\/\/cultura.santjosep.org\/wp-content\/uploads\/2020\/10\/logocolor.jpg\",\"contentUrl\":\"https:\/\/cultura.santjosep.org\/wp-content\/uploads\/2020\/10\/logocolor.jpg\",\"width\":250,\"height\":98,\"caption\":\"Ajuntament de Sant Josep de sa Talaia\"},\"image\":{\"@id\":\"https:\/\/cultura.santjosep.org\/es\/#\/schema\/logo\/image\/\"},\"sameAs\":[\"https:\/\/www.facebook.com\/Ajuntament-de-Sant-Josep-de-sa-Talaia-197541666931354\/\",\"https:\/\/x.com\/DeTalaia\",\"https:\/\/www.instagram.com\/sant_josep_de_sa_talaia\/\"]}]}<\/script>\n<!-- \/ Yoast SEO plugin. -->","yoast_head_json":{"title":"CICLE DIES MUSICALS XII edici\u00f3 2026. Eivissa Ensemble 2000 - Cultura a Sant Josep de sa Talaia","robots":{"index":"index","follow":"follow","max-snippet":"max-snippet:-1","max-image-preview":"max-image-preview:large","max-video-preview":"max-video-preview:-1"},"canonical":"https:\/\/cultura.santjosep.org\/es\/agenda\/cicle-dies-musicals-xii-edicio-2026-eivissa-ensemble-2000\/","og_locale":"es_ES","og_type":"article","og_title":"CICLE DIES MUSICALS XII edici\u00f3 2026. Eivissa Ensemble 2000 - Cultura a Sant Josep de sa Talaia","og_description":"[vc_row][vc_column][vc_column_text css=\u00bb\u00bb]Projecte musical d\u2019Adolfo Villalonga, m\u00fasic i compositor eivissenc amb una extensa formaci\u00f3 musical en harmonia, piano i acompanyament, llenguatge, composici\u00f3, direcci\u00f3 de cors, pedagogia i direcci\u00f3 d\u2019orquestra, entre altres. &hellip; Seguir leyendo \u00abCICLE DIES MUSICALS XII edici\u00f3 2026. Eivissa Ensemble 2000\u00bb","og_url":"https:\/\/cultura.santjosep.org\/es\/agenda\/cicle-dies-musicals-xii-edicio-2026-eivissa-ensemble-2000\/","og_site_name":"Cultura a Sant Josep de sa Talaia","article_publisher":"https:\/\/www.facebook.com\/Ajuntament-de-Sant-Josep-de-sa-Talaia-197541666931354\/","article_modified_time":"2026-04-27T13:50:41+00:00","og_image":[{"width":1937,"height":1937,"url":"https:\/\/cultura.santjosep.org\/wp-content\/uploads\/2026\/04\/DEFINITIU_Portada_programa_CDM2026.jpg","type":"image\/jpeg"}],"twitter_card":"summary_large_image","twitter_site":"@DeTalaia","twitter_misc":{"Tiempo de lectura":"2 minutos"},"schema":{"@context":"https:\/\/schema.org","@graph":[{"@type":"WebPage","@id":"https:\/\/cultura.santjosep.org\/es\/agenda\/cicle-dies-musicals-xii-edicio-2026-eivissa-ensemble-2000\/","url":"https:\/\/cultura.santjosep.org\/es\/agenda\/cicle-dies-musicals-xii-edicio-2026-eivissa-ensemble-2000\/","name":"CICLE DIES MUSICALS XII edici\u00f3 2026. Eivissa Ensemble 2000 - Cultura a Sant Josep de sa Talaia","isPartOf":{"@id":"https:\/\/cultura.santjosep.org\/es\/#website"},"primaryImageOfPage":{"@id":"https:\/\/cultura.santjosep.org\/es\/agenda\/cicle-dies-musicals-xii-edicio-2026-eivissa-ensemble-2000\/#primaryimage"},"image":{"@id":"https:\/\/cultura.santjosep.org\/es\/agenda\/cicle-dies-musicals-xii-edicio-2026-eivissa-ensemble-2000\/#primaryimage"},"thumbnailUrl":"https:\/\/cultura.santjosep.org\/wp-content\/uploads\/2026\/04\/DEFINITIU_Portada_programa_CDM2026.jpg","datePublished":"2026-04-27T13:49:41+00:00","dateModified":"2026-04-27T13:50:41+00:00","breadcrumb":{"@id":"https:\/\/cultura.santjosep.org\/es\/agenda\/cicle-dies-musicals-xii-edicio-2026-eivissa-ensemble-2000\/#breadcrumb"},"inLanguage":"es","potentialAction":[{"@type":"ReadAction","target":["https:\/\/cultura.santjosep.org\/es\/agenda\/cicle-dies-musicals-xii-edicio-2026-eivissa-ensemble-2000\/"]}]},{"@type":"ImageObject","inLanguage":"es","@id":"https:\/\/cultura.santjosep.org\/es\/agenda\/cicle-dies-musicals-xii-edicio-2026-eivissa-ensemble-2000\/#primaryimage","url":"https:\/\/cultura.santjosep.org\/wp-content\/uploads\/2026\/04\/DEFINITIU_Portada_programa_CDM2026.jpg","contentUrl":"https:\/\/cultura.santjosep.org\/wp-content\/uploads\/2026\/04\/DEFINITIU_Portada_programa_CDM2026.jpg","width":1937,"height":1937},{"@type":"BreadcrumbList","@id":"https:\/\/cultura.santjosep.org\/es\/agenda\/cicle-dies-musicals-xii-edicio-2026-eivissa-ensemble-2000\/#breadcrumb","itemListElement":[{"@type":"ListItem","position":1,"name":"Portada","item":"https:\/\/cultura.santjosep.org\/es\/"},{"@type":"ListItem","position":2,"name":"Eventos","item":"https:\/\/cultura.santjosep.org\/agenda\/"},{"@type":"ListItem","position":3,"name":"CICLE DIES MUSICALS XII edici\u00f3 2026. Eivissa Ensemble 2000"}]},{"@type":"WebSite","@id":"https:\/\/cultura.santjosep.org\/es\/#website","url":"https:\/\/cultura.santjosep.org\/es\/","name":"Cultura a Sant Josep de sa Talaia","description":"","publisher":{"@id":"https:\/\/cultura.santjosep.org\/es\/#organization"},"potentialAction":[{"@type":"SearchAction","target":{"@type":"EntryPoint","urlTemplate":"https:\/\/cultura.santjosep.org\/es\/?s={search_term_string}"},"query-input":{"@type":"PropertyValueSpecification","valueRequired":true,"valueName":"search_term_string"}}],"inLanguage":"es"},{"@type":"Organization","@id":"https:\/\/cultura.santjosep.org\/es\/#organization","name":"Ajuntament de Sant Josep de sa Talaia","url":"https:\/\/cultura.santjosep.org\/es\/","logo":{"@type":"ImageObject","inLanguage":"es","@id":"https:\/\/cultura.santjosep.org\/es\/#\/schema\/logo\/image\/","url":"https:\/\/cultura.santjosep.org\/wp-content\/uploads\/2020\/10\/logocolor.jpg","contentUrl":"https:\/\/cultura.santjosep.org\/wp-content\/uploads\/2020\/10\/logocolor.jpg","width":250,"height":98,"caption":"Ajuntament de Sant Josep de sa Talaia"},"image":{"@id":"https:\/\/cultura.santjosep.org\/es\/#\/schema\/logo\/image\/"},"sameAs":["https:\/\/www.facebook.com\/Ajuntament-de-Sant-Josep-de-sa-Talaia-197541666931354\/","https:\/\/x.com\/DeTalaia","https:\/\/www.instagram.com\/sant_josep_de_sa_talaia\/"]}]}},"_links":{"self":[{"href":"https:\/\/cultura.santjosep.org\/es\/wp-json\/wp\/v2\/tribe_events\/26688","targetHints":{"allow":["GET"]}}],"collection":[{"href":"https:\/\/cultura.santjosep.org\/es\/wp-json\/wp\/v2\/tribe_events"}],"about":[{"href":"https:\/\/cultura.santjosep.org\/es\/wp-json\/wp\/v2\/types\/tribe_events"}],"author":[{"embeddable":true,"href":"https:\/\/cultura.santjosep.org\/es\/wp-json\/wp\/v2\/users\/1"}],"version-history":[{"count":1,"href":"https:\/\/cultura.santjosep.org\/es\/wp-json\/wp\/v2\/tribe_events\/26688\/revisions"}],"predecessor-version":[{"id":26690,"href":"https:\/\/cultura.santjosep.org\/es\/wp-json\/wp\/v2\/tribe_events\/26688\/revisions\/26690"}],"wp:featuredmedia":[{"embeddable":true,"href":"https:\/\/cultura.santjosep.org\/es\/wp-json\/wp\/v2\/media\/26689"}],"wp:attachment":[{"href":"https:\/\/cultura.santjosep.org\/es\/wp-json\/wp\/v2\/media?parent=26688"}],"wp:term":[{"taxonomy":"post_tag","embeddable":true,"href":"https:\/\/cultura.santjosep.org\/es\/wp-json\/wp\/v2\/tags?post=26688"},{"taxonomy":"tribe_events_cat","embeddable":true,"href":"https:\/\/cultura.santjosep.org\/es\/wp-json\/wp\/v2\/tribe_events_cat?post=26688"}],"curies":[{"name":"wp","href":"https:\/\/api.w.org\/{rel}","templated":true}]}}