{"id":27261,"date":"2026-08-31T13:53:27","date_gmt":"2026-08-31T11:53:27","guid":{"rendered":"https:\/\/cultura.santjosep.org\/?post_type=tribe_events&#038;p=27261"},"modified":"2026-08-31T13:54:20","modified_gmt":"2026-08-31T11:54:20","slug":"cromocontes-proyecto-de-animacion-a-la-lectura-en-verano-en-la-biblioteca-de-cala-de-bou","status":"publish","type":"tribe_events","link":"https:\/\/cultura.santjosep.org\/es\/agenda\/cromocontes-proyecto-de-animacion-a-la-lectura-en-verano-en-la-biblioteca-de-cala-de-bou\/","title":{"rendered":"\u2018Cromocontes&#8217; proyecto de animaci\u00f3n a la lectura en verano en la Biblioteca de Cala de Bou"},"content":{"rendered":"<div class=\"wpb-content-wrapper\"><p>[vc_row][vc_column][vc_column_text css=\u00bb\u00bb]<\/p>\n<p dir=\"ltr\">Este verano, en la <strong>Biblioteca de Cala de Bou<\/strong> coleccionamos&#8230; \u00a1cuentos! El proyecto de animaci\u00f3n a la lectura <strong>\u2018Cromocontes&#8217;<\/strong> invita a los ni\u00f1os y ni\u00f1as a pasar por la biblioteca a recoger su \u00e1lbum de cromos y a pegar en \u00e9l las lecturas que se proponen. Cada libro le\u00eddo suma un cromo nuevo al \u00e1lbum, y el reto es conseguir toda la colecci\u00f3n antes de que acabe el verano.<\/p>\n<p dir=\"ltr\">Con esta propuesta, la biblioteca quiere acompa\u00f1ar a los m\u00e1s peque\u00f1os durante las vacaciones y convertir la lectura en un juego compartido, con t\u00edtulos escogidos especialmente para cada edad. La actividad se desarrolla durante los meses de <strong>julio, agosto y septiembre de 2026<\/strong> y se dirige a <strong>ni\u00f1os y ni\u00f1as de 6 a 12 a\u00f1os<\/strong>.<\/p>\n<p dir=\"ltr\">Es necesaria <strong>inscripci\u00f3n previa<\/strong> por tel\u00e9fono o WhatsApp en el <strong>971 348 630<\/strong> o por correo electr\u00f3nico en <strong>biblioteca.caladebou@santjosep.org<\/strong>.<\/p>\n<p>[\/vc_column_text][\/vc_column][\/vc_row]<\/p>\n<\/div>","protected":false},"excerpt":{"rendered":"<p>[vc_row][vc_column][vc_column_text css=\u00bb\u00bb] Este verano, en la Biblioteca de Cala de Bou coleccionamos&#8230; \u00a1cuentos! El proyecto de animaci\u00f3n a la lectura \u2018Cromocontes&#8217; invita a los ni\u00f1os y ni\u00f1as a pasar por &hellip; <\/p>\n<p class=\"link-more\"><a href=\"https:\/\/cultura.santjosep.org\/es\/agenda\/cromocontes-proyecto-de-animacion-a-la-lectura-en-verano-en-la-biblioteca-de-cala-de-bou\/\" class=\"more-link\">Seguir leyendo<span class=\"screen-reader-text\"> \u00ab\u2018Cromocontes&#8217; proyecto de animaci\u00f3n a la lectura en verano en la Biblioteca de Cala de Bou\u00bb<\/span><\/a><\/p>\n","protected":false},"author":1,"featured_media":27280,"template":"","meta":{"_tribe_events_status":"","_tribe_events_status_reason":"","_tribe_events_is_hybrid":"","_tribe_events_is_virtual":"","_tribe_events_virtual_video_source":"","_tribe_events_virtual_embed_video":"","_tribe_events_virtual_linked_button_text":"","_tribe_events_virtual_linked_button":"","_tribe_events_virtual_show_embed_at":"","_tribe_events_virtual_show_embed_to":[],"_tribe_events_virtual_show_on_event":"","_tribe_events_virtual_show_on_views":"","_tribe_events_virtual_url":"","footnotes":""},"tags":[],"tribe_events_cat":[104],"class_list":["post-27261","tribe_events","type-tribe_events","status-publish","has-post-thumbnail","hentry","tribe_events_cat-activitats-es","cat_activitats-es","entry"],"yoast_head":"<!-- This site is optimized with the Yoast SEO plugin v26.6 - https:\/\/yoast.com\/wordpress\/plugins\/seo\/ -->\n<title>\u2018Cromocontes&#039; proyecto de animaci\u00f3n a la lectura en verano en la Biblioteca de Cala de Bou - Cultura a Sant Josep de sa Talaia<\/title>\n<meta name=\"robots\" content=\"index, follow, max-snippet:-1, max-image-preview:large, max-video-preview:-1\" \/>\n<link rel=\"canonical\" href=\"https:\/\/cultura.santjosep.org\/es\/agenda\/cromocontes-proyecto-de-animacion-a-la-lectura-en-verano-en-la-biblioteca-de-cala-de-bou\/\" \/>\n<meta property=\"og:locale\" content=\"es_ES\" \/>\n<meta property=\"og:type\" content=\"article\" \/>\n<meta property=\"og:title\" content=\"\u2018Cromocontes&#039; proyecto de animaci\u00f3n a la lectura en verano en la Biblioteca de Cala de Bou - Cultura a Sant Josep de sa Talaia\" \/>\n<meta property=\"og:description\" content=\"[vc_row][vc_column][vc_column_text css=\u00bb\u00bb] Este verano, en la Biblioteca de Cala de Bou coleccionamos&#8230; \u00a1cuentos! El proyecto de animaci\u00f3n a la lectura \u2018Cromocontes&#8217; invita a los ni\u00f1os y ni\u00f1as a pasar por &hellip; Seguir leyendo \u00ab\u2018Cromocontes&#8217; proyecto de animaci\u00f3n a la lectura en verano en la Biblioteca de Cala de Bou\u00bb\" \/>\n<meta property=\"og:url\" content=\"https:\/\/cultura.santjosep.org\/es\/agenda\/cromocontes-proyecto-de-animacion-a-la-lectura-en-verano-en-la-biblioteca-de-cala-de-bou\/\" \/>\n<meta property=\"og:site_name\" content=\"Cultura a Sant Josep de sa Talaia\" \/>\n<meta property=\"article:publisher\" content=\"https:\/\/www.facebook.com\/Ajuntament-de-Sant-Josep-de-sa-Talaia-197541666931354\/\" \/>\n<meta property=\"article:modified_time\" content=\"2026-08-31T11:54:20+00:00\" \/>\n<meta property=\"og:image\" content=\"https:\/\/cultura.santjosep.org\/wp-content\/uploads\/2021\/10\/biblioteca-cala-de-bou-1-quehagohoyibiza-ombjvx285mozw47a9ywsind9g0ho4r475qicif1c7c.jpg\" \/>\n\t<meta property=\"og:image:width\" content=\"750\" \/>\n\t<meta property=\"og:image:height\" content=\"500\" \/>\n\t<meta property=\"og:image:type\" content=\"image\/jpeg\" \/>\n<script type=\"application\/ld+json\" class=\"yoast-schema-graph\">{\"@context\":\"https:\/\/schema.org\",\"@graph\":[{\"@type\":\"WebPage\",\"@id\":\"https:\/\/cultura.santjosep.org\/es\/agenda\/cromocontes-proyecto-de-animacion-a-la-lectura-en-verano-en-la-biblioteca-de-cala-de-bou\/\",\"url\":\"https:\/\/cultura.santjosep.org\/es\/agenda\/cromocontes-proyecto-de-animacion-a-la-lectura-en-verano-en-la-biblioteca-de-cala-de-bou\/\",\"name\":\"\u2018Cromocontes' proyecto de animaci\u00f3n a la lectura en verano en la Biblioteca de Cala de Bou - Cultura a Sant Josep de sa Talaia\",\"isPartOf\":{\"@id\":\"https:\/\/cultura.santjosep.org\/es\/#website\"},\"primaryImageOfPage\":{\"@id\":\"https:\/\/cultura.santjosep.org\/es\/agenda\/cromocontes-proyecto-de-animacion-a-la-lectura-en-verano-en-la-biblioteca-de-cala-de-bou\/#primaryimage\"},\"image\":{\"@id\":\"https:\/\/cultura.santjosep.org\/es\/agenda\/cromocontes-proyecto-de-animacion-a-la-lectura-en-verano-en-la-biblioteca-de-cala-de-bou\/#primaryimage\"},\"thumbnailUrl\":\"https:\/\/cultura.santjosep.org\/wp-content\/uploads\/2026\/08\/cromocontes.jpg\",\"datePublished\":\"2026-08-31T11:53:27+00:00\",\"dateModified\":\"2026-08-31T11:54:20+00:00\",\"breadcrumb\":{\"@id\":\"https:\/\/cultura.santjosep.org\/es\/agenda\/cromocontes-proyecto-de-animacion-a-la-lectura-en-verano-en-la-biblioteca-de-cala-de-bou\/#breadcrumb\"},\"inLanguage\":\"es\",\"potentialAction\":[{\"@type\":\"ReadAction\",\"target\":[\"https:\/\/cultura.santjosep.org\/es\/agenda\/cromocontes-proyecto-de-animacion-a-la-lectura-en-verano-en-la-biblioteca-de-cala-de-bou\/\"]}]},{\"@type\":\"ImageObject\",\"inLanguage\":\"es\",\"@id\":\"https:\/\/cultura.santjosep.org\/es\/agenda\/cromocontes-proyecto-de-animacion-a-la-lectura-en-verano-en-la-biblioteca-de-cala-de-bou\/#primaryimage\",\"url\":\"https:\/\/cultura.santjosep.org\/wp-content\/uploads\/2026\/08\/cromocontes.jpg\",\"contentUrl\":\"https:\/\/cultura.santjosep.org\/wp-content\/uploads\/2026\/08\/cromocontes.jpg\",\"width\":1600,\"height\":1066},{\"@type\":\"BreadcrumbList\",\"@id\":\"https:\/\/cultura.santjosep.org\/es\/agenda\/cromocontes-proyecto-de-animacion-a-la-lectura-en-verano-en-la-biblioteca-de-cala-de-bou\/#breadcrumb\",\"itemListElement\":[{\"@type\":\"ListItem\",\"position\":1,\"name\":\"Portada\",\"item\":\"https:\/\/cultura.santjosep.org\/es\/\"},{\"@type\":\"ListItem\",\"position\":2,\"name\":\"Eventos\",\"item\":\"https:\/\/cultura.santjosep.org\/agenda\/\"},{\"@type\":\"ListItem\",\"position\":3,\"name\":\"\u2018Cromocontes&#8217; proyecto de animaci\u00f3n a la lectura en verano en la Biblioteca de Cala de Bou\"}]},{\"@type\":\"WebSite\",\"@id\":\"https:\/\/cultura.santjosep.org\/es\/#website\",\"url\":\"https:\/\/cultura.santjosep.org\/es\/\",\"name\":\"Cultura a Sant Josep de sa Talaia\",\"description\":\"\",\"publisher\":{\"@id\":\"https:\/\/cultura.santjosep.org\/es\/#organization\"},\"potentialAction\":[{\"@type\":\"SearchAction\",\"target\":{\"@type\":\"EntryPoint\",\"urlTemplate\":\"https:\/\/cultura.santjosep.org\/es\/?s={search_term_string}\"},\"query-input\":{\"@type\":\"PropertyValueSpecification\",\"valueRequired\":true,\"valueName\":\"search_term_string\"}}],\"inLanguage\":\"es\"},{\"@type\":\"Organization\",\"@id\":\"https:\/\/cultura.santjosep.org\/es\/#organization\",\"name\":\"Ajuntament de Sant Josep de sa Talaia\",\"url\":\"https:\/\/cultura.santjosep.org\/es\/\",\"logo\":{\"@type\":\"ImageObject\",\"inLanguage\":\"es\",\"@id\":\"https:\/\/cultura.santjosep.org\/es\/#\/schema\/logo\/image\/\",\"url\":\"https:\/\/cultura.santjosep.org\/wp-content\/uploads\/2020\/10\/logocolor.jpg\",\"contentUrl\":\"https:\/\/cultura.santjosep.org\/wp-content\/uploads\/2020\/10\/logocolor.jpg\",\"width\":250,\"height\":98,\"caption\":\"Ajuntament de Sant Josep de sa Talaia\"},\"image\":{\"@id\":\"https:\/\/cultura.santjosep.org\/es\/#\/schema\/logo\/image\/\"},\"sameAs\":[\"https:\/\/www.facebook.com\/Ajuntament-de-Sant-Josep-de-sa-Talaia-197541666931354\/\",\"https:\/\/x.com\/DeTalaia\",\"https:\/\/www.instagram.com\/sant_josep_de_sa_talaia\/\"]}]}<\/script>\n<!-- \/ Yoast SEO plugin. -->","yoast_head_json":{"title":"\u2018Cromocontes' proyecto de animaci\u00f3n a la lectura en verano en la Biblioteca de Cala de Bou - Cultura a Sant Josep de sa Talaia","robots":{"index":"index","follow":"follow","max-snippet":"max-snippet:-1","max-image-preview":"max-image-preview:large","max-video-preview":"max-video-preview:-1"},"canonical":"https:\/\/cultura.santjosep.org\/es\/agenda\/cromocontes-proyecto-de-animacion-a-la-lectura-en-verano-en-la-biblioteca-de-cala-de-bou\/","og_locale":"es_ES","og_type":"article","og_title":"\u2018Cromocontes' proyecto de animaci\u00f3n a la lectura en verano en la Biblioteca de Cala de Bou - Cultura a Sant Josep de sa Talaia","og_description":"[vc_row][vc_column][vc_column_text css=\u00bb\u00bb] Este verano, en la Biblioteca de Cala de Bou coleccionamos&#8230; \u00a1cuentos! El proyecto de animaci\u00f3n a la lectura \u2018Cromocontes&#8217; invita a los ni\u00f1os y ni\u00f1as a pasar por &hellip; Seguir leyendo \u00ab\u2018Cromocontes&#8217; proyecto de animaci\u00f3n a la lectura en verano en la Biblioteca de Cala de Bou\u00bb","og_url":"https:\/\/cultura.santjosep.org\/es\/agenda\/cromocontes-proyecto-de-animacion-a-la-lectura-en-verano-en-la-biblioteca-de-cala-de-bou\/","og_site_name":"Cultura a Sant Josep de sa Talaia","article_publisher":"https:\/\/www.facebook.com\/Ajuntament-de-Sant-Josep-de-sa-Talaia-197541666931354\/","article_modified_time":"2026-08-31T11:54:20+00:00","og_image":[{"width":750,"height":500,"url":"https:\/\/cultura.santjosep.org\/wp-content\/uploads\/2021\/10\/biblioteca-cala-de-bou-1-quehagohoyibiza-ombjvx285mozw47a9ywsind9g0ho4r475qicif1c7c.jpg","type":"image\/jpeg"}],"schema":{"@context":"https:\/\/schema.org","@graph":[{"@type":"WebPage","@id":"https:\/\/cultura.santjosep.org\/es\/agenda\/cromocontes-proyecto-de-animacion-a-la-lectura-en-verano-en-la-biblioteca-de-cala-de-bou\/","url":"https:\/\/cultura.santjosep.org\/es\/agenda\/cromocontes-proyecto-de-animacion-a-la-lectura-en-verano-en-la-biblioteca-de-cala-de-bou\/","name":"\u2018Cromocontes' proyecto de animaci\u00f3n a la lectura en verano en la Biblioteca de Cala de Bou - Cultura a Sant Josep de sa Talaia","isPartOf":{"@id":"https:\/\/cultura.santjosep.org\/es\/#website"},"primaryImageOfPage":{"@id":"https:\/\/cultura.santjosep.org\/es\/agenda\/cromocontes-proyecto-de-animacion-a-la-lectura-en-verano-en-la-biblioteca-de-cala-de-bou\/#primaryimage"},"image":{"@id":"https:\/\/cultura.santjosep.org\/es\/agenda\/cromocontes-proyecto-de-animacion-a-la-lectura-en-verano-en-la-biblioteca-de-cala-de-bou\/#primaryimage"},"thumbnailUrl":"https:\/\/cultura.santjosep.org\/wp-content\/uploads\/2026\/08\/cromocontes.jpg","datePublished":"2026-08-31T11:53:27+00:00","dateModified":"2026-08-31T11:54:20+00:00","breadcrumb":{"@id":"https:\/\/cultura.santjosep.org\/es\/agenda\/cromocontes-proyecto-de-animacion-a-la-lectura-en-verano-en-la-biblioteca-de-cala-de-bou\/#breadcrumb"},"inLanguage":"es","potentialAction":[{"@type":"ReadAction","target":["https:\/\/cultura.santjosep.org\/es\/agenda\/cromocontes-proyecto-de-animacion-a-la-lectura-en-verano-en-la-biblioteca-de-cala-de-bou\/"]}]},{"@type":"ImageObject","inLanguage":"es","@id":"https:\/\/cultura.santjosep.org\/es\/agenda\/cromocontes-proyecto-de-animacion-a-la-lectura-en-verano-en-la-biblioteca-de-cala-de-bou\/#primaryimage","url":"https:\/\/cultura.santjosep.org\/wp-content\/uploads\/2026\/08\/cromocontes.jpg","contentUrl":"https:\/\/cultura.santjosep.org\/wp-content\/uploads\/2026\/08\/cromocontes.jpg","width":1600,"height":1066},{"@type":"BreadcrumbList","@id":"https:\/\/cultura.santjosep.org\/es\/agenda\/cromocontes-proyecto-de-animacion-a-la-lectura-en-verano-en-la-biblioteca-de-cala-de-bou\/#breadcrumb","itemListElement":[{"@type":"ListItem","position":1,"name":"Portada","item":"https:\/\/cultura.santjosep.org\/es\/"},{"@type":"ListItem","position":2,"name":"Eventos","item":"https:\/\/cultura.santjosep.org\/agenda\/"},{"@type":"ListItem","position":3,"name":"\u2018Cromocontes&#8217; proyecto de animaci\u00f3n a la lectura en verano en la Biblioteca de Cala de Bou"}]},{"@type":"WebSite","@id":"https:\/\/cultura.santjosep.org\/es\/#website","url":"https:\/\/cultura.santjosep.org\/es\/","name":"Cultura a Sant Josep de sa Talaia","description":"","publisher":{"@id":"https:\/\/cultura.santjosep.org\/es\/#organization"},"potentialAction":[{"@type":"SearchAction","target":{"@type":"EntryPoint","urlTemplate":"https:\/\/cultura.santjosep.org\/es\/?s={search_term_string}"},"query-input":{"@type":"PropertyValueSpecification","valueRequired":true,"valueName":"search_term_string"}}],"inLanguage":"es"},{"@type":"Organization","@id":"https:\/\/cultura.santjosep.org\/es\/#organization","name":"Ajuntament de Sant Josep de sa Talaia","url":"https:\/\/cultura.santjosep.org\/es\/","logo":{"@type":"ImageObject","inLanguage":"es","@id":"https:\/\/cultura.santjosep.org\/es\/#\/schema\/logo\/image\/","url":"https:\/\/cultura.santjosep.org\/wp-content\/uploads\/2020\/10\/logocolor.jpg","contentUrl":"https:\/\/cultura.santjosep.org\/wp-content\/uploads\/2020\/10\/logocolor.jpg","width":250,"height":98,"caption":"Ajuntament de Sant Josep de sa Talaia"},"image":{"@id":"https:\/\/cultura.santjosep.org\/es\/#\/schema\/logo\/image\/"},"sameAs":["https:\/\/www.facebook.com\/Ajuntament-de-Sant-Josep-de-sa-Talaia-197541666931354\/","https:\/\/x.com\/DeTalaia","https:\/\/www.instagram.com\/sant_josep_de_sa_talaia\/"]}]}},"_links":{"self":[{"href":"https:\/\/cultura.santjosep.org\/es\/wp-json\/wp\/v2\/tribe_events\/27261","targetHints":{"allow":["GET"]}}],"collection":[{"href":"https:\/\/cultura.santjosep.org\/es\/wp-json\/wp\/v2\/tribe_events"}],"about":[{"href":"https:\/\/cultura.santjosep.org\/es\/wp-json\/wp\/v2\/types\/tribe_events"}],"author":[{"embeddable":true,"href":"https:\/\/cultura.santjosep.org\/es\/wp-json\/wp\/v2\/users\/1"}],"version-history":[{"count":1,"href":"https:\/\/cultura.santjosep.org\/es\/wp-json\/wp\/v2\/tribe_events\/27261\/revisions"}],"predecessor-version":[{"id":27266,"href":"https:\/\/cultura.santjosep.org\/es\/wp-json\/wp\/v2\/tribe_events\/27261\/revisions\/27266"}],"wp:featuredmedia":[{"embeddable":true,"href":"https:\/\/cultura.santjosep.org\/es\/wp-json\/wp\/v2\/media\/27280"}],"wp:attachment":[{"href":"https:\/\/cultura.santjosep.org\/es\/wp-json\/wp\/v2\/media?parent=27261"}],"wp:term":[{"taxonomy":"post_tag","embeddable":true,"href":"https:\/\/cultura.santjosep.org\/es\/wp-json\/wp\/v2\/tags?post=27261"},{"taxonomy":"tribe_events_cat","embeddable":true,"href":"https:\/\/cultura.santjosep.org\/es\/wp-json\/wp\/v2\/tribe_events_cat?post=27261"}],"curies":[{"name":"wp","href":"https:\/\/api.w.org\/{rel}","templated":true}]}}