{"id":27304,"date":"2026-09-01T09:00:36","date_gmt":"2026-09-01T07:00:36","guid":{"rendered":"https:\/\/cultura.santjosep.org\/?post_type=tribe_events&#038;p=27304"},"modified":"2026-09-01T09:47:17","modified_gmt":"2026-09-01T07:47:17","slug":"els-enemics-del-drac-cuentacuentos-y-taller-de-reciclaje-textil-con-teresa-mari-en-el-parque-infantil-de-cala-de-bou","status":"publish","type":"tribe_events","link":"https:\/\/cultura.santjosep.org\/es\/agenda\/els-enemics-del-drac-cuentacuentos-y-taller-de-reciclaje-textil-con-teresa-mari-en-el-parque-infantil-de-cala-de-bou\/","title":{"rendered":"\u2018Els enemics del drac&#8217;, cuentacuentos y taller de reciclaje textil con Teresa Mar\u00ed en el parque infantil de Cala de Bou"},"content":{"rendered":"<div class=\"wpb-content-wrapper\"><p>[vc_row][vc_column][vc_column_text css=\u00bb\u00bb]<\/p>\n<p dir=\"ltr\"><strong>Teresa Mar\u00ed<\/strong> nos propone <strong>\u2018Els enemics del drac&#8217;<\/strong>, un cuentacuentos seguido de un taller de reciclaje textil. Empezaremos contando un cuento y, a continuaci\u00f3n, daremos una nueva vida a nuestras camisetas viejas con nuestra imaginaci\u00f3n: pintaremos, recortaremos y transformaremos la ropa para darle un segundo uso.<\/p>\n<p dir=\"ltr\">La actividad se har\u00e1 el <strong>viernes 25 de septiembre, de 18 a 20 h<\/strong>, en el <strong>parque infantil junto a la biblioteca<\/strong>, y se dirige a <strong>familias con ni\u00f1os y ni\u00f1as a partir de 7 a\u00f1os<\/strong>. Se recomienda traer de casa una camiseta vieja para transformarla en el taller.<\/p>\n<p dir=\"ltr\">Es necesaria <strong>inscripci\u00f3n previa<\/strong> por tel\u00e9fono o WhatsApp en el <strong>971 348 630<\/strong> o por correo electr\u00f3nico en <strong>biblioteca.caladebou@santjosep.org<\/strong>.<\/p>\n<p>[\/vc_column_text][vc_single_image image=\u00bb27262&#8243; img_size=\u00bbfull\u00bb css=\u00bb\u00bb][\/vc_column][\/vc_row]<\/p>\n<\/div>","protected":false},"excerpt":{"rendered":"<p>[vc_row][vc_column][vc_column_text css=\u00bb\u00bb] Teresa Mar\u00ed nos propone \u2018Els enemics del drac&#8217;, un cuentacuentos seguido de un taller de reciclaje textil. Empezaremos contando un cuento y, a continuaci\u00f3n, daremos una nueva vida &hellip; <\/p>\n<p class=\"link-more\"><a href=\"https:\/\/cultura.santjosep.org\/es\/agenda\/els-enemics-del-drac-cuentacuentos-y-taller-de-reciclaje-textil-con-teresa-mari-en-el-parque-infantil-de-cala-de-bou\/\" class=\"more-link\">Seguir leyendo<span class=\"screen-reader-text\"> \u00ab\u2018Els enemics del drac&#8217;, cuentacuentos y taller de reciclaje textil con Teresa Mar\u00ed en el parque infantil de Cala de Bou\u00bb<\/span><\/a><\/p>\n","protected":false},"author":1,"featured_media":27284,"template":"","meta":{"_tribe_events_status":"","_tribe_events_status_reason":"","_tribe_events_is_hybrid":"","_tribe_events_is_virtual":"","_tribe_events_virtual_video_source":"","_tribe_events_virtual_embed_video":"","_tribe_events_virtual_linked_button_text":"","_tribe_events_virtual_linked_button":"","_tribe_events_virtual_show_embed_at":"","_tribe_events_virtual_show_embed_to":[],"_tribe_events_virtual_show_on_event":"","_tribe_events_virtual_show_on_views":"","_tribe_events_virtual_url":"","footnotes":""},"tags":[],"tribe_events_cat":[104],"class_list":["post-27304","tribe_events","type-tribe_events","status-publish","has-post-thumbnail","hentry","tribe_events_cat-activitats-es","cat_activitats-es","entry"],"yoast_head":"<!-- This site is optimized with the Yoast SEO plugin v26.6 - https:\/\/yoast.com\/wordpress\/plugins\/seo\/ -->\n<title>\u2018Els enemics del drac&#039;, cuentacuentos y taller de reciclaje textil con Teresa Mar\u00ed en el parque infantil de Cala de Bou - Cultura a Sant Josep de sa Talaia<\/title>\n<meta name=\"robots\" content=\"index, follow, max-snippet:-1, max-image-preview:large, max-video-preview:-1\" \/>\n<link rel=\"canonical\" href=\"https:\/\/cultura.santjosep.org\/es\/agenda\/els-enemics-del-drac-cuentacuentos-y-taller-de-reciclaje-textil-con-teresa-mari-en-el-parque-infantil-de-cala-de-bou\/\" \/>\n<meta property=\"og:locale\" content=\"es_ES\" \/>\n<meta property=\"og:type\" content=\"article\" \/>\n<meta property=\"og:title\" content=\"\u2018Els enemics del drac&#039;, cuentacuentos y taller de reciclaje textil con Teresa Mar\u00ed en el parque infantil de Cala de Bou - Cultura a Sant Josep de sa Talaia\" \/>\n<meta property=\"og:description\" content=\"[vc_row][vc_column][vc_column_text css=\u00bb\u00bb] Teresa Mar\u00ed nos propone \u2018Els enemics del drac&#8217;, un cuentacuentos seguido de un taller de reciclaje textil. Empezaremos contando un cuento y, a continuaci\u00f3n, daremos una nueva vida &hellip; Seguir leyendo \u00ab\u2018Els enemics del drac&#8217;, cuentacuentos y taller de reciclaje textil con Teresa Mar\u00ed en el parque infantil de Cala de Bou\u00bb\" \/>\n<meta property=\"og:url\" content=\"https:\/\/cultura.santjosep.org\/es\/agenda\/els-enemics-del-drac-cuentacuentos-y-taller-de-reciclaje-textil-con-teresa-mari-en-el-parque-infantil-de-cala-de-bou\/\" \/>\n<meta property=\"og:site_name\" content=\"Cultura a Sant Josep de sa Talaia\" \/>\n<meta property=\"article:publisher\" content=\"https:\/\/www.facebook.com\/Ajuntament-de-Sant-Josep-de-sa-Talaia-197541666931354\/\" \/>\n<meta property=\"article:modified_time\" content=\"2026-09-01T07:47:17+00:00\" \/>\n<meta property=\"og:image\" content=\"https:\/\/cultura.santjosep.org\/wp-content\/uploads\/2026\/08\/enemics-del-drac.jpg\" \/>\n\t<meta property=\"og:image:width\" content=\"1600\" \/>\n\t<meta property=\"og:image:height\" content=\"1066\" \/>\n\t<meta property=\"og:image:type\" content=\"image\/jpeg\" \/>\n<script type=\"application\/ld+json\" class=\"yoast-schema-graph\">{\"@context\":\"https:\/\/schema.org\",\"@graph\":[{\"@type\":\"WebPage\",\"@id\":\"https:\/\/cultura.santjosep.org\/es\/agenda\/els-enemics-del-drac-cuentacuentos-y-taller-de-reciclaje-textil-con-teresa-mari-en-el-parque-infantil-de-cala-de-bou\/\",\"url\":\"https:\/\/cultura.santjosep.org\/es\/agenda\/els-enemics-del-drac-cuentacuentos-y-taller-de-reciclaje-textil-con-teresa-mari-en-el-parque-infantil-de-cala-de-bou\/\",\"name\":\"\u2018Els enemics del drac', cuentacuentos y taller de reciclaje textil con Teresa Mar\u00ed en el parque infantil de Cala de Bou - Cultura a Sant Josep de sa Talaia\",\"isPartOf\":{\"@id\":\"https:\/\/cultura.santjosep.org\/es\/#website\"},\"primaryImageOfPage\":{\"@id\":\"https:\/\/cultura.santjosep.org\/es\/agenda\/els-enemics-del-drac-cuentacuentos-y-taller-de-reciclaje-textil-con-teresa-mari-en-el-parque-infantil-de-cala-de-bou\/#primaryimage\"},\"image\":{\"@id\":\"https:\/\/cultura.santjosep.org\/es\/agenda\/els-enemics-del-drac-cuentacuentos-y-taller-de-reciclaje-textil-con-teresa-mari-en-el-parque-infantil-de-cala-de-bou\/#primaryimage\"},\"thumbnailUrl\":\"https:\/\/cultura.santjosep.org\/wp-content\/uploads\/2026\/08\/enemics-del-drac.jpg\",\"datePublished\":\"2026-09-01T07:00:36+00:00\",\"dateModified\":\"2026-09-01T07:47:17+00:00\",\"breadcrumb\":{\"@id\":\"https:\/\/cultura.santjosep.org\/es\/agenda\/els-enemics-del-drac-cuentacuentos-y-taller-de-reciclaje-textil-con-teresa-mari-en-el-parque-infantil-de-cala-de-bou\/#breadcrumb\"},\"inLanguage\":\"es\",\"potentialAction\":[{\"@type\":\"ReadAction\",\"target\":[\"https:\/\/cultura.santjosep.org\/es\/agenda\/els-enemics-del-drac-cuentacuentos-y-taller-de-reciclaje-textil-con-teresa-mari-en-el-parque-infantil-de-cala-de-bou\/\"]}]},{\"@type\":\"ImageObject\",\"inLanguage\":\"es\",\"@id\":\"https:\/\/cultura.santjosep.org\/es\/agenda\/els-enemics-del-drac-cuentacuentos-y-taller-de-reciclaje-textil-con-teresa-mari-en-el-parque-infantil-de-cala-de-bou\/#primaryimage\",\"url\":\"https:\/\/cultura.santjosep.org\/wp-content\/uploads\/2026\/08\/enemics-del-drac.jpg\",\"contentUrl\":\"https:\/\/cultura.santjosep.org\/wp-content\/uploads\/2026\/08\/enemics-del-drac.jpg\",\"width\":1600,\"height\":1066,\"caption\":\"Drawing on clothes. Girl draws on a white T-shirt.\"},{\"@type\":\"BreadcrumbList\",\"@id\":\"https:\/\/cultura.santjosep.org\/es\/agenda\/els-enemics-del-drac-cuentacuentos-y-taller-de-reciclaje-textil-con-teresa-mari-en-el-parque-infantil-de-cala-de-bou\/#breadcrumb\",\"itemListElement\":[{\"@type\":\"ListItem\",\"position\":1,\"name\":\"Portada\",\"item\":\"https:\/\/cultura.santjosep.org\/es\/\"},{\"@type\":\"ListItem\",\"position\":2,\"name\":\"Eventos\",\"item\":\"https:\/\/cultura.santjosep.org\/agenda\/\"},{\"@type\":\"ListItem\",\"position\":3,\"name\":\"\u2018Els enemics del drac&#8217;, cuentacuentos y taller de reciclaje textil con Teresa Mar\u00ed en el parque infantil de Cala de Bou\"}]},{\"@type\":\"WebSite\",\"@id\":\"https:\/\/cultura.santjosep.org\/es\/#website\",\"url\":\"https:\/\/cultura.santjosep.org\/es\/\",\"name\":\"Cultura a Sant Josep de sa Talaia\",\"description\":\"\",\"publisher\":{\"@id\":\"https:\/\/cultura.santjosep.org\/es\/#organization\"},\"potentialAction\":[{\"@type\":\"SearchAction\",\"target\":{\"@type\":\"EntryPoint\",\"urlTemplate\":\"https:\/\/cultura.santjosep.org\/es\/?s={search_term_string}\"},\"query-input\":{\"@type\":\"PropertyValueSpecification\",\"valueRequired\":true,\"valueName\":\"search_term_string\"}}],\"inLanguage\":\"es\"},{\"@type\":\"Organization\",\"@id\":\"https:\/\/cultura.santjosep.org\/es\/#organization\",\"name\":\"Ajuntament de Sant Josep de sa Talaia\",\"url\":\"https:\/\/cultura.santjosep.org\/es\/\",\"logo\":{\"@type\":\"ImageObject\",\"inLanguage\":\"es\",\"@id\":\"https:\/\/cultura.santjosep.org\/es\/#\/schema\/logo\/image\/\",\"url\":\"https:\/\/cultura.santjosep.org\/wp-content\/uploads\/2020\/10\/logocolor.jpg\",\"contentUrl\":\"https:\/\/cultura.santjosep.org\/wp-content\/uploads\/2020\/10\/logocolor.jpg\",\"width\":250,\"height\":98,\"caption\":\"Ajuntament de Sant Josep de sa Talaia\"},\"image\":{\"@id\":\"https:\/\/cultura.santjosep.org\/es\/#\/schema\/logo\/image\/\"},\"sameAs\":[\"https:\/\/www.facebook.com\/Ajuntament-de-Sant-Josep-de-sa-Talaia-197541666931354\/\",\"https:\/\/x.com\/DeTalaia\",\"https:\/\/www.instagram.com\/sant_josep_de_sa_talaia\/\"]}]}<\/script>\n<!-- \/ Yoast SEO plugin. -->","yoast_head_json":{"title":"\u2018Els enemics del drac', cuentacuentos y taller de reciclaje textil con Teresa Mar\u00ed en el parque infantil de Cala de Bou - Cultura a Sant Josep de sa Talaia","robots":{"index":"index","follow":"follow","max-snippet":"max-snippet:-1","max-image-preview":"max-image-preview:large","max-video-preview":"max-video-preview:-1"},"canonical":"https:\/\/cultura.santjosep.org\/es\/agenda\/els-enemics-del-drac-cuentacuentos-y-taller-de-reciclaje-textil-con-teresa-mari-en-el-parque-infantil-de-cala-de-bou\/","og_locale":"es_ES","og_type":"article","og_title":"\u2018Els enemics del drac', cuentacuentos y taller de reciclaje textil con Teresa Mar\u00ed en el parque infantil de Cala de Bou - Cultura a Sant Josep de sa Talaia","og_description":"[vc_row][vc_column][vc_column_text css=\u00bb\u00bb] Teresa Mar\u00ed nos propone \u2018Els enemics del drac&#8217;, un cuentacuentos seguido de un taller de reciclaje textil. Empezaremos contando un cuento y, a continuaci\u00f3n, daremos una nueva vida &hellip; Seguir leyendo \u00ab\u2018Els enemics del drac&#8217;, cuentacuentos y taller de reciclaje textil con Teresa Mar\u00ed en el parque infantil de Cala de Bou\u00bb","og_url":"https:\/\/cultura.santjosep.org\/es\/agenda\/els-enemics-del-drac-cuentacuentos-y-taller-de-reciclaje-textil-con-teresa-mari-en-el-parque-infantil-de-cala-de-bou\/","og_site_name":"Cultura a Sant Josep de sa Talaia","article_publisher":"https:\/\/www.facebook.com\/Ajuntament-de-Sant-Josep-de-sa-Talaia-197541666931354\/","article_modified_time":"2026-09-01T07:47:17+00:00","og_image":[{"width":1600,"height":1066,"url":"https:\/\/cultura.santjosep.org\/wp-content\/uploads\/2026\/08\/enemics-del-drac.jpg","type":"image\/jpeg"}],"schema":{"@context":"https:\/\/schema.org","@graph":[{"@type":"WebPage","@id":"https:\/\/cultura.santjosep.org\/es\/agenda\/els-enemics-del-drac-cuentacuentos-y-taller-de-reciclaje-textil-con-teresa-mari-en-el-parque-infantil-de-cala-de-bou\/","url":"https:\/\/cultura.santjosep.org\/es\/agenda\/els-enemics-del-drac-cuentacuentos-y-taller-de-reciclaje-textil-con-teresa-mari-en-el-parque-infantil-de-cala-de-bou\/","name":"\u2018Els enemics del drac', cuentacuentos y taller de reciclaje textil con Teresa Mar\u00ed en el parque infantil de Cala de Bou - Cultura a Sant Josep de sa Talaia","isPartOf":{"@id":"https:\/\/cultura.santjosep.org\/es\/#website"},"primaryImageOfPage":{"@id":"https:\/\/cultura.santjosep.org\/es\/agenda\/els-enemics-del-drac-cuentacuentos-y-taller-de-reciclaje-textil-con-teresa-mari-en-el-parque-infantil-de-cala-de-bou\/#primaryimage"},"image":{"@id":"https:\/\/cultura.santjosep.org\/es\/agenda\/els-enemics-del-drac-cuentacuentos-y-taller-de-reciclaje-textil-con-teresa-mari-en-el-parque-infantil-de-cala-de-bou\/#primaryimage"},"thumbnailUrl":"https:\/\/cultura.santjosep.org\/wp-content\/uploads\/2026\/08\/enemics-del-drac.jpg","datePublished":"2026-09-01T07:00:36+00:00","dateModified":"2026-09-01T07:47:17+00:00","breadcrumb":{"@id":"https:\/\/cultura.santjosep.org\/es\/agenda\/els-enemics-del-drac-cuentacuentos-y-taller-de-reciclaje-textil-con-teresa-mari-en-el-parque-infantil-de-cala-de-bou\/#breadcrumb"},"inLanguage":"es","potentialAction":[{"@type":"ReadAction","target":["https:\/\/cultura.santjosep.org\/es\/agenda\/els-enemics-del-drac-cuentacuentos-y-taller-de-reciclaje-textil-con-teresa-mari-en-el-parque-infantil-de-cala-de-bou\/"]}]},{"@type":"ImageObject","inLanguage":"es","@id":"https:\/\/cultura.santjosep.org\/es\/agenda\/els-enemics-del-drac-cuentacuentos-y-taller-de-reciclaje-textil-con-teresa-mari-en-el-parque-infantil-de-cala-de-bou\/#primaryimage","url":"https:\/\/cultura.santjosep.org\/wp-content\/uploads\/2026\/08\/enemics-del-drac.jpg","contentUrl":"https:\/\/cultura.santjosep.org\/wp-content\/uploads\/2026\/08\/enemics-del-drac.jpg","width":1600,"height":1066,"caption":"Drawing on clothes. Girl draws on a white T-shirt."},{"@type":"BreadcrumbList","@id":"https:\/\/cultura.santjosep.org\/es\/agenda\/els-enemics-del-drac-cuentacuentos-y-taller-de-reciclaje-textil-con-teresa-mari-en-el-parque-infantil-de-cala-de-bou\/#breadcrumb","itemListElement":[{"@type":"ListItem","position":1,"name":"Portada","item":"https:\/\/cultura.santjosep.org\/es\/"},{"@type":"ListItem","position":2,"name":"Eventos","item":"https:\/\/cultura.santjosep.org\/agenda\/"},{"@type":"ListItem","position":3,"name":"\u2018Els enemics del drac&#8217;, cuentacuentos y taller de reciclaje textil con Teresa Mar\u00ed en el parque infantil de Cala de Bou"}]},{"@type":"WebSite","@id":"https:\/\/cultura.santjosep.org\/es\/#website","url":"https:\/\/cultura.santjosep.org\/es\/","name":"Cultura a Sant Josep de sa Talaia","description":"","publisher":{"@id":"https:\/\/cultura.santjosep.org\/es\/#organization"},"potentialAction":[{"@type":"SearchAction","target":{"@type":"EntryPoint","urlTemplate":"https:\/\/cultura.santjosep.org\/es\/?s={search_term_string}"},"query-input":{"@type":"PropertyValueSpecification","valueRequired":true,"valueName":"search_term_string"}}],"inLanguage":"es"},{"@type":"Organization","@id":"https:\/\/cultura.santjosep.org\/es\/#organization","name":"Ajuntament de Sant Josep de sa Talaia","url":"https:\/\/cultura.santjosep.org\/es\/","logo":{"@type":"ImageObject","inLanguage":"es","@id":"https:\/\/cultura.santjosep.org\/es\/#\/schema\/logo\/image\/","url":"https:\/\/cultura.santjosep.org\/wp-content\/uploads\/2020\/10\/logocolor.jpg","contentUrl":"https:\/\/cultura.santjosep.org\/wp-content\/uploads\/2020\/10\/logocolor.jpg","width":250,"height":98,"caption":"Ajuntament de Sant Josep de sa Talaia"},"image":{"@id":"https:\/\/cultura.santjosep.org\/es\/#\/schema\/logo\/image\/"},"sameAs":["https:\/\/www.facebook.com\/Ajuntament-de-Sant-Josep-de-sa-Talaia-197541666931354\/","https:\/\/x.com\/DeTalaia","https:\/\/www.instagram.com\/sant_josep_de_sa_talaia\/"]}]}},"_links":{"self":[{"href":"https:\/\/cultura.santjosep.org\/es\/wp-json\/wp\/v2\/tribe_events\/27304","targetHints":{"allow":["GET"]}}],"collection":[{"href":"https:\/\/cultura.santjosep.org\/es\/wp-json\/wp\/v2\/tribe_events"}],"about":[{"href":"https:\/\/cultura.santjosep.org\/es\/wp-json\/wp\/v2\/types\/tribe_events"}],"author":[{"embeddable":true,"href":"https:\/\/cultura.santjosep.org\/es\/wp-json\/wp\/v2\/users\/1"}],"version-history":[{"count":5,"href":"https:\/\/cultura.santjosep.org\/es\/wp-json\/wp\/v2\/tribe_events\/27304\/revisions"}],"predecessor-version":[{"id":27312,"href":"https:\/\/cultura.santjosep.org\/es\/wp-json\/wp\/v2\/tribe_events\/27304\/revisions\/27312"}],"wp:featuredmedia":[{"embeddable":true,"href":"https:\/\/cultura.santjosep.org\/es\/wp-json\/wp\/v2\/media\/27284"}],"wp:attachment":[{"href":"https:\/\/cultura.santjosep.org\/es\/wp-json\/wp\/v2\/media?parent=27304"}],"wp:term":[{"taxonomy":"post_tag","embeddable":true,"href":"https:\/\/cultura.santjosep.org\/es\/wp-json\/wp\/v2\/tags?post=27304"},{"taxonomy":"tribe_events_cat","embeddable":true,"href":"https:\/\/cultura.santjosep.org\/es\/wp-json\/wp\/v2\/tribe_events_cat?post=27304"}],"curies":[{"name":"wp","href":"https:\/\/api.w.org\/{rel}","templated":true}]}}