{"id":4528,"date":"2020-12-01T12:00:56","date_gmt":"2020-12-01T11:00:56","guid":{"rendered":"https:\/\/cultura.santjosep.org\/agenda\/teatre-infantil-lodissea-dulisses-centelles-2\/"},"modified":"2020-12-14T15:39:54","modified_gmt":"2020-12-14T14:39:54","slug":"teatro-infantil-la-odisea-de-ulisses-centelles","status":"publish","type":"tribe_events","link":"https:\/\/cultura.santjosep.org\/es\/agenda\/teatro-infantil-la-odisea-de-ulisses-centelles\/","title":{"rendered":"Teatro infantil &#8211; \u2018La odisea de Ulisses Centelles\u2019"},"content":{"rendered":"<p>17.00 y 19.30 h | TEATRO INFANTIL<br \/>\na cargo de Iguana Teatro. En el Centre de Cultura Can Jeroni.<br \/>\nUna divertida aventura mar\u00edtima en qu\u00e9 Ulises Centelles, un descendiente del protagonista de la Odisea. Un relato apasionante en clave de comedia para todos los p\u00fablicos.<br \/>\nCompa\u00f1ia: Teatre de la Sargantana-Iguana Teatre<br \/>\nDramaturgia: Pere Fullana y Carme Planells<br \/>\nDuraci\u00f3n: 60 min. Espect\u00e1culo familiar, recomendado a partir de 6 a\u00f1os.<br \/>\nImprescindible reserva de invitaciones<\/p>\n<p><img loading=\"lazy\" decoding=\"async\" class=\"alignnone wp-image-4355 size-full\" src=\"https:\/\/cultura.santjosep.org\/wp-content\/uploads\/2020\/12\/cartelldef_dina4_cast2_petit_IGUANA_TEATRE.jpg\" alt=\"\" width=\"1681\" height=\"2378\" srcset=\"https:\/\/cultura.santjosep.org\/wp-content\/uploads\/2020\/12\/cartelldef_dina4_cast2_petit_IGUANA_TEATRE.jpg 1681w, https:\/\/cultura.santjosep.org\/wp-content\/uploads\/2020\/12\/cartelldef_dina4_cast2_petit_IGUANA_TEATRE-212x300.jpg 212w, https:\/\/cultura.santjosep.org\/wp-content\/uploads\/2020\/12\/cartelldef_dina4_cast2_petit_IGUANA_TEATRE-724x1024.jpg 724w, https:\/\/cultura.santjosep.org\/wp-content\/uploads\/2020\/12\/cartelldef_dina4_cast2_petit_IGUANA_TEATRE-768x1086.jpg 768w, https:\/\/cultura.santjosep.org\/wp-content\/uploads\/2020\/12\/cartelldef_dina4_cast2_petit_IGUANA_TEATRE-1086x1536.jpg 1086w, https:\/\/cultura.santjosep.org\/wp-content\/uploads\/2020\/12\/cartelldef_dina4_cast2_petit_IGUANA_TEATRE-1448x2048.jpg 1448w, https:\/\/cultura.santjosep.org\/wp-content\/uploads\/2020\/12\/cartelldef_dina4_cast2_petit_IGUANA_TEATRE-1568x2218.jpg 1568w\" sizes=\"auto, (max-width: 1681px) 100vw, 1681px\" \/><\/p>\n<p><em>En base a la normativa que con motivo del COVID-19 regula la realizaci\u00f3n de actividades culturales en espacios cerrados y al aire libre, se aplicaran las normas oportunas de control de asistencia y de segurridad e higiene vigentes en la fecha de la actividad.<\/em><\/p>\n","protected":false},"excerpt":{"rendered":"<p>17.00 y 19.30 h | TEATRO INFANTIL a cargo de Iguana Teatro. En el Centre de Cultura Can Jeroni. Una divertida aventura mar\u00edtima en qu\u00e9 Ulises Centelles, un descendiente del &hellip; <\/p>\n<p class=\"link-more\"><a href=\"https:\/\/cultura.santjosep.org\/es\/agenda\/teatro-infantil-la-odisea-de-ulisses-centelles\/\" class=\"more-link\">Seguir leyendo<span class=\"screen-reader-text\"> \u00abTeatro infantil &#8211; \u2018La odisea de Ulisses Centelles\u2019\u00bb<\/span><\/a><\/p>\n","protected":false},"author":1,"featured_media":4359,"template":"","meta":{"_tribe_events_status":"","_tribe_events_status_reason":"","_tribe_events_is_hybrid":"","_tribe_events_is_virtual":"","_tribe_events_virtual_video_source":"","_tribe_events_virtual_embed_video":"","_tribe_events_virtual_linked_button_text":"","_tribe_events_virtual_linked_button":"","_tribe_events_virtual_show_embed_at":"","_tribe_events_virtual_show_embed_to":[],"_tribe_events_virtual_show_on_event":"","_tribe_events_virtual_show_on_views":"","_tribe_events_virtual_url":"","footnotes":""},"tags":[],"tribe_events_cat":[60,35],"class_list":["post-4528","tribe_events","type-tribe_events","status-publish","has-post-thumbnail","hentry","tribe_events_cat-sant-josep-pueblo","tribe_events_cat-teatro","cat_sant-josep-pueblo","cat_teatro","entry"],"yoast_head":"<!-- This site is optimized with the Yoast SEO plugin v26.6 - https:\/\/yoast.com\/wordpress\/plugins\/seo\/ -->\n<title>Teatro infantil - \u2018La odisea de Ulisses Centelles\u2019 - Cultura a Sant Josep de sa Talaia<\/title>\n<meta name=\"robots\" content=\"index, follow, max-snippet:-1, max-image-preview:large, max-video-preview:-1\" \/>\n<link rel=\"canonical\" href=\"https:\/\/cultura.santjosep.org\/es\/agenda\/teatro-infantil-la-odisea-de-ulisses-centelles\/\" \/>\n<meta property=\"og:locale\" content=\"es_ES\" \/>\n<meta property=\"og:type\" content=\"article\" \/>\n<meta property=\"og:title\" content=\"Teatro infantil - \u2018La odisea de Ulisses Centelles\u2019 - Cultura a Sant Josep de sa Talaia\" \/>\n<meta property=\"og:description\" content=\"17.00 y 19.30 h | TEATRO INFANTIL a cargo de Iguana Teatro. En el Centre de Cultura Can Jeroni. Una divertida aventura mar\u00edtima en qu\u00e9 Ulises Centelles, un descendiente del &hellip; Seguir leyendo \u00abTeatro infantil &#8211; \u2018La odisea de Ulisses Centelles\u2019\u00bb\" \/>\n<meta property=\"og:url\" content=\"https:\/\/cultura.santjosep.org\/es\/agenda\/teatro-infantil-la-odisea-de-ulisses-centelles\/\" \/>\n<meta property=\"og:site_name\" content=\"Cultura a Sant Josep de sa Talaia\" \/>\n<meta property=\"article:publisher\" content=\"https:\/\/www.facebook.com\/Ajuntament-de-Sant-Josep-de-sa-Talaia-197541666931354\/\" \/>\n<meta property=\"article:modified_time\" content=\"2020-12-14T14:39:54+00:00\" \/>\n<meta property=\"og:image\" content=\"https:\/\/cultura.santjosep.org\/wp-content\/uploads\/2020\/12\/500x340_fit_RB202037503-1024x725.jpg\" \/>\n\t<meta property=\"og:image:width\" content=\"1024\" \/>\n\t<meta property=\"og:image:height\" content=\"725\" \/>\n\t<meta property=\"og:image:type\" content=\"image\/jpeg\" \/>\n<meta name=\"twitter:card\" content=\"summary_large_image\" \/>\n<meta name=\"twitter:site\" content=\"@DeTalaia\" \/>\n<meta name=\"twitter:label1\" content=\"Tiempo de lectura\" \/>\n\t<meta name=\"twitter:data1\" content=\"1 minuto\" \/>\n<script type=\"application\/ld+json\" class=\"yoast-schema-graph\">{\"@context\":\"https:\/\/schema.org\",\"@graph\":[{\"@type\":\"WebPage\",\"@id\":\"https:\/\/cultura.santjosep.org\/es\/agenda\/teatro-infantil-la-odisea-de-ulisses-centelles\/\",\"url\":\"https:\/\/cultura.santjosep.org\/es\/agenda\/teatro-infantil-la-odisea-de-ulisses-centelles\/\",\"name\":\"Teatro infantil - \u2018La odisea de Ulisses Centelles\u2019 - Cultura a Sant Josep de sa Talaia\",\"isPartOf\":{\"@id\":\"https:\/\/cultura.santjosep.org\/es\/#website\"},\"primaryImageOfPage\":{\"@id\":\"https:\/\/cultura.santjosep.org\/es\/agenda\/teatro-infantil-la-odisea-de-ulisses-centelles\/#primaryimage\"},\"image\":{\"@id\":\"https:\/\/cultura.santjosep.org\/es\/agenda\/teatro-infantil-la-odisea-de-ulisses-centelles\/#primaryimage\"},\"thumbnailUrl\":\"https:\/\/cultura.santjosep.org\/wp-content\/uploads\/2020\/12\/500x340_fit_RB202037503.jpg\",\"datePublished\":\"2020-12-01T11:00:56+00:00\",\"dateModified\":\"2020-12-14T14:39:54+00:00\",\"breadcrumb\":{\"@id\":\"https:\/\/cultura.santjosep.org\/es\/agenda\/teatro-infantil-la-odisea-de-ulisses-centelles\/#breadcrumb\"},\"inLanguage\":\"es\",\"potentialAction\":[{\"@type\":\"ReadAction\",\"target\":[\"https:\/\/cultura.santjosep.org\/es\/agenda\/teatro-infantil-la-odisea-de-ulisses-centelles\/\"]}]},{\"@type\":\"ImageObject\",\"inLanguage\":\"es\",\"@id\":\"https:\/\/cultura.santjosep.org\/es\/agenda\/teatro-infantil-la-odisea-de-ulisses-centelles\/#primaryimage\",\"url\":\"https:\/\/cultura.santjosep.org\/wp-content\/uploads\/2020\/12\/500x340_fit_RB202037503.jpg\",\"contentUrl\":\"https:\/\/cultura.santjosep.org\/wp-content\/uploads\/2020\/12\/500x340_fit_RB202037503.jpg\",\"width\":2376,\"height\":1683},{\"@type\":\"BreadcrumbList\",\"@id\":\"https:\/\/cultura.santjosep.org\/es\/agenda\/teatro-infantil-la-odisea-de-ulisses-centelles\/#breadcrumb\",\"itemListElement\":[{\"@type\":\"ListItem\",\"position\":1,\"name\":\"Portada\",\"item\":\"https:\/\/cultura.santjosep.org\/es\/\"},{\"@type\":\"ListItem\",\"position\":2,\"name\":\"Eventos\",\"item\":\"https:\/\/cultura.santjosep.org\/agenda\/\"},{\"@type\":\"ListItem\",\"position\":3,\"name\":\"Teatro infantil &#8211; \u2018La odisea de Ulisses Centelles\u2019\"}]},{\"@type\":\"WebSite\",\"@id\":\"https:\/\/cultura.santjosep.org\/es\/#website\",\"url\":\"https:\/\/cultura.santjosep.org\/es\/\",\"name\":\"Cultura a Sant Josep de sa Talaia\",\"description\":\"\",\"publisher\":{\"@id\":\"https:\/\/cultura.santjosep.org\/es\/#organization\"},\"potentialAction\":[{\"@type\":\"SearchAction\",\"target\":{\"@type\":\"EntryPoint\",\"urlTemplate\":\"https:\/\/cultura.santjosep.org\/es\/?s={search_term_string}\"},\"query-input\":{\"@type\":\"PropertyValueSpecification\",\"valueRequired\":true,\"valueName\":\"search_term_string\"}}],\"inLanguage\":\"es\"},{\"@type\":\"Organization\",\"@id\":\"https:\/\/cultura.santjosep.org\/es\/#organization\",\"name\":\"Ajuntament de Sant Josep de sa Talaia\",\"url\":\"https:\/\/cultura.santjosep.org\/es\/\",\"logo\":{\"@type\":\"ImageObject\",\"inLanguage\":\"es\",\"@id\":\"https:\/\/cultura.santjosep.org\/es\/#\/schema\/logo\/image\/\",\"url\":\"https:\/\/cultura.santjosep.org\/wp-content\/uploads\/2020\/10\/logocolor.jpg\",\"contentUrl\":\"https:\/\/cultura.santjosep.org\/wp-content\/uploads\/2020\/10\/logocolor.jpg\",\"width\":250,\"height\":98,\"caption\":\"Ajuntament de Sant Josep de sa Talaia\"},\"image\":{\"@id\":\"https:\/\/cultura.santjosep.org\/es\/#\/schema\/logo\/image\/\"},\"sameAs\":[\"https:\/\/www.facebook.com\/Ajuntament-de-Sant-Josep-de-sa-Talaia-197541666931354\/\",\"https:\/\/x.com\/DeTalaia\",\"https:\/\/www.instagram.com\/sant_josep_de_sa_talaia\/\"]}]}<\/script>\n<!-- \/ Yoast SEO plugin. -->","yoast_head_json":{"title":"Teatro infantil - \u2018La odisea de Ulisses Centelles\u2019 - Cultura a Sant Josep de sa Talaia","robots":{"index":"index","follow":"follow","max-snippet":"max-snippet:-1","max-image-preview":"max-image-preview:large","max-video-preview":"max-video-preview:-1"},"canonical":"https:\/\/cultura.santjosep.org\/es\/agenda\/teatro-infantil-la-odisea-de-ulisses-centelles\/","og_locale":"es_ES","og_type":"article","og_title":"Teatro infantil - \u2018La odisea de Ulisses Centelles\u2019 - Cultura a Sant Josep de sa Talaia","og_description":"17.00 y 19.30 h | TEATRO INFANTIL a cargo de Iguana Teatro. En el Centre de Cultura Can Jeroni. Una divertida aventura mar\u00edtima en qu\u00e9 Ulises Centelles, un descendiente del &hellip; Seguir leyendo \u00abTeatro infantil &#8211; \u2018La odisea de Ulisses Centelles\u2019\u00bb","og_url":"https:\/\/cultura.santjosep.org\/es\/agenda\/teatro-infantil-la-odisea-de-ulisses-centelles\/","og_site_name":"Cultura a Sant Josep de sa Talaia","article_publisher":"https:\/\/www.facebook.com\/Ajuntament-de-Sant-Josep-de-sa-Talaia-197541666931354\/","article_modified_time":"2020-12-14T14:39:54+00:00","og_image":[{"width":1024,"height":725,"url":"https:\/\/cultura.santjosep.org\/wp-content\/uploads\/2020\/12\/500x340_fit_RB202037503-1024x725.jpg","type":"image\/jpeg"}],"twitter_card":"summary_large_image","twitter_site":"@DeTalaia","twitter_misc":{"Tiempo de lectura":"1 minuto"},"schema":{"@context":"https:\/\/schema.org","@graph":[{"@type":"WebPage","@id":"https:\/\/cultura.santjosep.org\/es\/agenda\/teatro-infantil-la-odisea-de-ulisses-centelles\/","url":"https:\/\/cultura.santjosep.org\/es\/agenda\/teatro-infantil-la-odisea-de-ulisses-centelles\/","name":"Teatro infantil - \u2018La odisea de Ulisses Centelles\u2019 - Cultura a Sant Josep de sa Talaia","isPartOf":{"@id":"https:\/\/cultura.santjosep.org\/es\/#website"},"primaryImageOfPage":{"@id":"https:\/\/cultura.santjosep.org\/es\/agenda\/teatro-infantil-la-odisea-de-ulisses-centelles\/#primaryimage"},"image":{"@id":"https:\/\/cultura.santjosep.org\/es\/agenda\/teatro-infantil-la-odisea-de-ulisses-centelles\/#primaryimage"},"thumbnailUrl":"https:\/\/cultura.santjosep.org\/wp-content\/uploads\/2020\/12\/500x340_fit_RB202037503.jpg","datePublished":"2020-12-01T11:00:56+00:00","dateModified":"2020-12-14T14:39:54+00:00","breadcrumb":{"@id":"https:\/\/cultura.santjosep.org\/es\/agenda\/teatro-infantil-la-odisea-de-ulisses-centelles\/#breadcrumb"},"inLanguage":"es","potentialAction":[{"@type":"ReadAction","target":["https:\/\/cultura.santjosep.org\/es\/agenda\/teatro-infantil-la-odisea-de-ulisses-centelles\/"]}]},{"@type":"ImageObject","inLanguage":"es","@id":"https:\/\/cultura.santjosep.org\/es\/agenda\/teatro-infantil-la-odisea-de-ulisses-centelles\/#primaryimage","url":"https:\/\/cultura.santjosep.org\/wp-content\/uploads\/2020\/12\/500x340_fit_RB202037503.jpg","contentUrl":"https:\/\/cultura.santjosep.org\/wp-content\/uploads\/2020\/12\/500x340_fit_RB202037503.jpg","width":2376,"height":1683},{"@type":"BreadcrumbList","@id":"https:\/\/cultura.santjosep.org\/es\/agenda\/teatro-infantil-la-odisea-de-ulisses-centelles\/#breadcrumb","itemListElement":[{"@type":"ListItem","position":1,"name":"Portada","item":"https:\/\/cultura.santjosep.org\/es\/"},{"@type":"ListItem","position":2,"name":"Eventos","item":"https:\/\/cultura.santjosep.org\/agenda\/"},{"@type":"ListItem","position":3,"name":"Teatro infantil &#8211; \u2018La odisea de Ulisses Centelles\u2019"}]},{"@type":"WebSite","@id":"https:\/\/cultura.santjosep.org\/es\/#website","url":"https:\/\/cultura.santjosep.org\/es\/","name":"Cultura a Sant Josep de sa Talaia","description":"","publisher":{"@id":"https:\/\/cultura.santjosep.org\/es\/#organization"},"potentialAction":[{"@type":"SearchAction","target":{"@type":"EntryPoint","urlTemplate":"https:\/\/cultura.santjosep.org\/es\/?s={search_term_string}"},"query-input":{"@type":"PropertyValueSpecification","valueRequired":true,"valueName":"search_term_string"}}],"inLanguage":"es"},{"@type":"Organization","@id":"https:\/\/cultura.santjosep.org\/es\/#organization","name":"Ajuntament de Sant Josep de sa Talaia","url":"https:\/\/cultura.santjosep.org\/es\/","logo":{"@type":"ImageObject","inLanguage":"es","@id":"https:\/\/cultura.santjosep.org\/es\/#\/schema\/logo\/image\/","url":"https:\/\/cultura.santjosep.org\/wp-content\/uploads\/2020\/10\/logocolor.jpg","contentUrl":"https:\/\/cultura.santjosep.org\/wp-content\/uploads\/2020\/10\/logocolor.jpg","width":250,"height":98,"caption":"Ajuntament de Sant Josep de sa Talaia"},"image":{"@id":"https:\/\/cultura.santjosep.org\/es\/#\/schema\/logo\/image\/"},"sameAs":["https:\/\/www.facebook.com\/Ajuntament-de-Sant-Josep-de-sa-Talaia-197541666931354\/","https:\/\/x.com\/DeTalaia","https:\/\/www.instagram.com\/sant_josep_de_sa_talaia\/"]}]}},"_links":{"self":[{"href":"https:\/\/cultura.santjosep.org\/es\/wp-json\/wp\/v2\/tribe_events\/4528","targetHints":{"allow":["GET"]}}],"collection":[{"href":"https:\/\/cultura.santjosep.org\/es\/wp-json\/wp\/v2\/tribe_events"}],"about":[{"href":"https:\/\/cultura.santjosep.org\/es\/wp-json\/wp\/v2\/types\/tribe_events"}],"author":[{"embeddable":true,"href":"https:\/\/cultura.santjosep.org\/es\/wp-json\/wp\/v2\/users\/1"}],"version-history":[{"count":0,"href":"https:\/\/cultura.santjosep.org\/es\/wp-json\/wp\/v2\/tribe_events\/4528\/revisions"}],"wp:featuredmedia":[{"embeddable":true,"href":"https:\/\/cultura.santjosep.org\/es\/wp-json\/wp\/v2\/media\/4359"}],"wp:attachment":[{"href":"https:\/\/cultura.santjosep.org\/es\/wp-json\/wp\/v2\/media?parent=4528"}],"wp:term":[{"taxonomy":"post_tag","embeddable":true,"href":"https:\/\/cultura.santjosep.org\/es\/wp-json\/wp\/v2\/tags?post=4528"},{"taxonomy":"tribe_events_cat","embeddable":true,"href":"https:\/\/cultura.santjosep.org\/es\/wp-json\/wp\/v2\/tribe_events_cat?post=4528"}],"curies":[{"name":"wp","href":"https:\/\/api.w.org\/{rel}","templated":true}]}}