{"id":5528,"date":"2021-03-03T13:57:12","date_gmt":"2021-03-03T12:57:12","guid":{"rendered":"https:\/\/cultura.santjosep.org\/agenda\/sala-virtual-de-can-jeroni-la-numero-uno\/"},"modified":"2021-03-04T09:28:02","modified_gmt":"2021-03-04T08:28:02","slug":"sala-virtual-de-can-jeroni-la-numero-uno","status":"publish","type":"tribe_events","link":"https:\/\/cultura.santjosep.org\/es\/agenda\/sala-virtual-de-can-jeroni-la-numero-uno\/","title":{"rendered":"Sala virtual de Can Jeroni &#8211; \u00abLa n\u00famero uno\u00bb"},"content":{"rendered":"<p><em>Esta semana podremos disfrutar de la pel\u00edcula de dos modalidades: la primera modalidad es en l\u00ednea, a la cual podemos acceder a trav\u00e9s del registro que encontraremos en esta misma p\u00e1gina y la segunda modalidad es presencial en el Centro de Cultura de Can Jeroni el viernes a las 20hrs, para conseguir tus invitaciones gratuitas puedes hacerlo a trav\u00e9s de este <a href=\"https:\/\/cultura.santjosep.org\/es\/agenda\/divendres-de-cine-en-can-jeroni-la-numero-uno\/\">link<\/a>.<\/em><\/p>\n<p><strong>\u00abLa n\u00famero uno\u00bb | VOSE | 2017 |<\/strong><\/p>\n<p><strong>Duraci\u00f3n:<\/strong> 110 min. Francia.<br \/>\n<strong>Direcci\u00f3n:<\/strong> Tonie Marshall<br \/>\n<strong>Sinopsis: <\/strong> Emmanuelle Blachey es una brillante ingeniera que ha conseguido escalar y finalmente entrar en el comit\u00e9 ejecutivo de su empresa, el gigante franc\u00e9s de la energ\u00eda. Un d\u00eda, una red de mujeres influyentes le propone ayuda para conquistar la direcci\u00f3n de una importante empresa que cotiza en bolsa. Esto la convertir\u00eda en la primera mujer en ocupar un puesto de tal calibre. Pero en las esferas a\u00fan dominadas por los hombres, los obst\u00e1culos de tipo profesional y personal se multiplican. La conquista se anunciaba triunfal, pero en realidad se trata de una guerra.<\/p>\n<p><span style=\"color: #993300;\">La pel\u00edcula estar\u00e1 disponible desde el viernes 5 de marzo a las 20 h hasta el domingo 7 de marzo a las 24 h.<\/span><\/p>\n<hr \/>\n<p>Para acceder en la <strong>Sala Virtual de cine de Can Jeroni<\/strong> y ver la pel\u00edcula en l\u00ednea es necesario llenar el formulario de registro que encontrar\u00e1 a continuaci\u00f3n. A trav\u00e9s de este registro le enviaremos a su direcci\u00f3n de correo electr\u00f3nico el acceso a la pel\u00edcula.<br \/>\n<strong><span style=\"color: #993300;\"> \u00a1Atenci\u00f3n! El email con el link de visualizaci\u00f3n puede demorarse unos minutos en llegar a su bandeja de correo. Si no lo recibe, revise en <em>Spam<\/em>. Gracias <\/span><\/strong><\/p>\n<div id=\"registre\"><\/div>\n<p><!-- Begin Mailchimp Signup Form -->\n<link href=\"\/\/cdn-images.mailchimp.com\/embedcode\/classic-10_7.css\" rel=\"stylesheet\" type=\"text\/css\">\n<style type=\"text\/css\">\n\t#mc_embed_signup{background:#fff; clear:left; font:14px Helvetica,Arial,sans-serif; }\n\t\/* Add your own Mailchimp form style overrides in your site stylesheet or in this style block.\n\t   We recommend moving this block and the preceding CSS link to the HEAD of your HTML file. *\/\n<\/style>\n<div id=\"mc_embed_signup\">\n<form action=\"https:\/\/santjosep.us6.list-manage.com\/subscribe\/post?u=18ff8a9c196d9050150c5e702&amp;id=a947d6b1ea\" method=\"post\" id=\"mc-embedded-subscribe-form\" name=\"mc-embedded-subscribe-form\" class=\"validate\" target=\"_blank\" novalidate>\n<div id=\"mc_embed_signup_scroll\">\n<h2>Registro<\/h2>\n<div class=\"indicates-required\"><span class=\"asterisk\">*<\/span> campos obligatorios<\/div>\n<div class=\"mc-field-group\">\n\t<label for=\"mce-FNAME\">Nombre  <span class=\"asterisk\">*<\/span><br \/>\n<\/label><br \/>\n\t<input type=\"text\" value=\"\" name=\"FNAME\" class=\"required\" id=\"mce-FNAME\">\n<\/div>\n<div class=\"mc-field-group\">\n\t<label for=\"mce-LNAME\">Apellido  <span class=\"asterisk\">*<\/span><br \/>\n<\/label><br \/>\n\t<input type=\"text\" value=\"\" name=\"LNAME\" class=\"required\" id=\"mce-LNAME\">\n<\/div>\n<div class=\"mc-field-group\">\n\t<label for=\"mce-EMAIL\">Correo Electr\u00f3nico  <span class=\"asterisk\">*<\/span><br \/>\n<\/label><br \/>\n\t<input type=\"email\" value=\"\" name=\"EMAIL\" class=\"required email\" id=\"mce-EMAIL\">\n<\/div>\n<div class=\"mc-field-group input-group\">\n    <strong>Condiciones: <\/strong><\/p>\n<ul>\n<li><input type=\"checkbox\" value=\"1\" name=\"group[21][1]\" id=\"mce-group[21]-21-0\"><label for=\"mce-group[21]-21-0\">*Accediendo al enlace proporcionado acepta que el visionado de la pel\u00edcula se har\u00e1 de forma particular, en un \u00e1mbito familiar. Tambi\u00e9n se compromete a no difundir o hacer uso del enlace fuera de ese \u00e1mbito y en ning\u00fan caso se podr\u00e1 hacer uso del mismo con fines comerciales.<\/label><\/li>\n<\/ul>\n<\/div>\n<div id=\"mce-responses\" class=\"clear\">\n<div class=\"response\" id=\"mce-error-response\" style=\"display:none\"><\/div>\n<div class=\"response\" id=\"mce-success-response\" style=\"display:none\"><\/div><\/div>\n<p>    <!-- real people should not fill this in and expect good things - do not remove this or risk form bot signups--><\/p>\n<div style=\"position: absolute; left: -5000px;\" aria-hidden=\"true\"><input type=\"text\" name=\"b_18ff8a9c196d9050150c5e702_a947d6b1ea\" tabindex=\"-1\" value=\"\"><\/div>\n<div class=\"clear\"><input type=\"submit\" value=\"Registrarse\" name=\"subscribe\" id=\"mc-embedded-subscribe\" class=\"button\"><\/div><\/div>\n<\/form>\n<\/div>\n<p><script type='text\/javascript' src='\/\/s3.amazonaws.com\/downloads.mailchimp.com\/js\/mc-validate.js'><\/script><script type='text\/javascript'>(function($) {window.fnames = new Array(); window.ftypes = new Array();fnames[1]='FNAME';ftypes[1]='text';fnames[2]='LNAME';ftypes[2]='text';fnames[0]='EMAIL';ftypes[0]='email'; \/*\n * Translated default messages for the $ validation plugin.\n * Locale: ES\n *\/\n$.extend($.validator.messages, {\n  required: \"Este campo es obligatorio.\",\n  remote: \"Por favor, rellena este campo.\",\n  email: \"Por favor, escribe una direcci\u00f3n de correo v\u00e1lida\",\n  url: \"Por favor, escribe una URL v\u00e1lida.\",\n  date: \"Por favor, escribe una fecha v\u00e1lida.\",\n  dateISO: \"Por favor, escribe una fecha (ISO) v\u00e1lida.\",\n  number: \"Por favor, escribe un n\u00famero entero v\u00e1lido.\",\n  digits: \"Por favor, escribe s\u00f3lo d\u00edgitos.\",\n  creditcard: \"Por favor, escribe un n\u00famero de tarjeta v\u00e1lido.\",\n  equalTo: \"Por favor, escribe el mismo valor de nuevo.\",\n  accept: \"Por favor, escribe un valor con una extensi\u00f3n aceptada.\",\n  maxlength: $.validator.format(\"Por favor, no escribas m\u00e1s de {0} caracteres.\"),\n  minlength: $.validator.format(\"Por favor, no escribas menos de {0} caracteres.\"),\n  rangelength: $.validator.format(\"Por favor, escribe un valor entre {0} y {1} caracteres.\"),\n  range: $.validator.format(\"Por favor, escribe un valor entre {0} y {1}.\"),\n  max: $.validator.format(\"Por favor, escribe un valor menor o igual a {0}.\"),\n  min: $.validator.format(\"Por favor, escribe un valor mayor o igual a {0}.\")\n});}(jQuery));var $mcj = jQuery.noConflict(true);<\/script><br \/>\n<!--End mc_embed_signup--><\/p>\n<p><img loading=\"lazy\" decoding=\"async\" class=\"alignnone wp-image-5493 size-large\" src=\"https:\/\/cultura.santjosep.org\/wp-content\/uploads\/2021\/03\/numero_une-294614484-large-754x1024.jpg\" alt=\"\" width=\"640\" height=\"869\" srcset=\"https:\/\/cultura.santjosep.org\/wp-content\/uploads\/2021\/03\/numero_une-294614484-large-754x1024.jpg 754w, https:\/\/cultura.santjosep.org\/wp-content\/uploads\/2021\/03\/numero_une-294614484-large-221x300.jpg 221w, https:\/\/cultura.santjosep.org\/wp-content\/uploads\/2021\/03\/numero_une-294614484-large-768x1043.jpg 768w, https:\/\/cultura.santjosep.org\/wp-content\/uploads\/2021\/03\/numero_une-294614484-large.jpg 795w\" sizes=\"auto, (max-width: 640px) 100vw, 640px\" \/><\/p>\n<p>&nbsp;<\/p>\n","protected":false},"excerpt":{"rendered":"<p>Esta semana podremos disfrutar de la pel\u00edcula de dos modalidades: la primera modalidad es en l\u00ednea, a la cual podemos acceder a trav\u00e9s del registro que encontraremos en esta misma &hellip; <\/p>\n<p class=\"link-more\"><a href=\"https:\/\/cultura.santjosep.org\/es\/agenda\/sala-virtual-de-can-jeroni-la-numero-uno\/\" class=\"more-link\">Seguir leyendo<span class=\"screen-reader-text\"> \u00abSala virtual de Can Jeroni &#8211; \u00abLa n\u00famero uno\u00bb\u00bb<\/span><\/a><\/p>\n","protected":false},"author":1,"featured_media":5496,"template":"","meta":{"_tribe_events_status":"","_tribe_events_status_reason":"","_tribe_events_is_hybrid":"","_tribe_events_is_virtual":"","_tribe_events_virtual_video_source":"","_tribe_events_virtual_embed_video":"","_tribe_events_virtual_linked_button_text":"","_tribe_events_virtual_linked_button":"","_tribe_events_virtual_show_embed_at":"","_tribe_events_virtual_show_embed_to":[],"_tribe_events_virtual_show_on_event":"","_tribe_events_virtual_show_on_views":"","_tribe_events_virtual_url":"","footnotes":""},"tags":[],"tribe_events_cat":[72],"class_list":["post-5528","tribe_events","type-tribe_events","status-publish","has-post-thumbnail","hentry","tribe_events_cat-cine-online-es","cat_cine-online-es","entry"],"yoast_head":"<!-- This site is optimized with the Yoast SEO plugin v26.6 - https:\/\/yoast.com\/wordpress\/plugins\/seo\/ -->\n<title>Sala virtual de Can Jeroni - &quot;La n\u00famero uno&quot; - Cultura a Sant Josep de sa Talaia<\/title>\n<meta name=\"robots\" content=\"index, follow, max-snippet:-1, max-image-preview:large, max-video-preview:-1\" \/>\n<link rel=\"canonical\" href=\"https:\/\/cultura.santjosep.org\/es\/agenda\/sala-virtual-de-can-jeroni-la-numero-uno\/\" \/>\n<meta property=\"og:locale\" content=\"es_ES\" \/>\n<meta property=\"og:type\" content=\"article\" \/>\n<meta property=\"og:title\" content=\"Sala virtual de Can Jeroni - &quot;La n\u00famero uno&quot; - Cultura a Sant Josep de sa Talaia\" \/>\n<meta property=\"og:description\" content=\"Esta semana podremos disfrutar de la pel\u00edcula de dos modalidades: la primera modalidad es en l\u00ednea, a la cual podemos acceder a trav\u00e9s del registro que encontraremos en esta misma &hellip; Seguir leyendo \u00abSala virtual de Can Jeroni &#8211; \u00abLa n\u00famero uno\u00bb\u00bb\" \/>\n<meta property=\"og:url\" content=\"https:\/\/cultura.santjosep.org\/es\/agenda\/sala-virtual-de-can-jeroni-la-numero-uno\/\" \/>\n<meta property=\"og:site_name\" content=\"Cultura a Sant Josep de sa Talaia\" \/>\n<meta property=\"article:publisher\" content=\"https:\/\/www.facebook.com\/Ajuntament-de-Sant-Josep-de-sa-Talaia-197541666931354\/\" \/>\n<meta property=\"article:modified_time\" content=\"2021-03-04T08:28:02+00:00\" \/>\n<meta property=\"og:image\" content=\"https:\/\/cultura.santjosep.org\/wp-content\/uploads\/2021\/03\/maxresdefault.jpg\" \/>\n\t<meta property=\"og:image:width\" content=\"1280\" \/>\n\t<meta property=\"og:image:height\" content=\"720\" \/>\n\t<meta property=\"og:image:type\" content=\"image\/jpeg\" \/>\n<meta name=\"twitter:card\" content=\"summary_large_image\" \/>\n<meta name=\"twitter:site\" content=\"@DeTalaia\" \/>\n<meta name=\"twitter:label1\" content=\"Tiempo de lectura\" \/>\n\t<meta name=\"twitter:data1\" content=\"2 minutos\" \/>\n<script type=\"application\/ld+json\" class=\"yoast-schema-graph\">{\"@context\":\"https:\/\/schema.org\",\"@graph\":[{\"@type\":\"WebPage\",\"@id\":\"https:\/\/cultura.santjosep.org\/es\/agenda\/sala-virtual-de-can-jeroni-la-numero-uno\/\",\"url\":\"https:\/\/cultura.santjosep.org\/es\/agenda\/sala-virtual-de-can-jeroni-la-numero-uno\/\",\"name\":\"Sala virtual de Can Jeroni - \\\"La n\u00famero uno\\\" - Cultura a Sant Josep de sa Talaia\",\"isPartOf\":{\"@id\":\"https:\/\/cultura.santjosep.org\/es\/#website\"},\"primaryImageOfPage\":{\"@id\":\"https:\/\/cultura.santjosep.org\/es\/agenda\/sala-virtual-de-can-jeroni-la-numero-uno\/#primaryimage\"},\"image\":{\"@id\":\"https:\/\/cultura.santjosep.org\/es\/agenda\/sala-virtual-de-can-jeroni-la-numero-uno\/#primaryimage\"},\"thumbnailUrl\":\"https:\/\/cultura.santjosep.org\/wp-content\/uploads\/2021\/03\/maxresdefault.jpg\",\"datePublished\":\"2021-03-03T12:57:12+00:00\",\"dateModified\":\"2021-03-04T08:28:02+00:00\",\"breadcrumb\":{\"@id\":\"https:\/\/cultura.santjosep.org\/es\/agenda\/sala-virtual-de-can-jeroni-la-numero-uno\/#breadcrumb\"},\"inLanguage\":\"es\",\"potentialAction\":[{\"@type\":\"ReadAction\",\"target\":[\"https:\/\/cultura.santjosep.org\/es\/agenda\/sala-virtual-de-can-jeroni-la-numero-uno\/\"]}]},{\"@type\":\"ImageObject\",\"inLanguage\":\"es\",\"@id\":\"https:\/\/cultura.santjosep.org\/es\/agenda\/sala-virtual-de-can-jeroni-la-numero-uno\/#primaryimage\",\"url\":\"https:\/\/cultura.santjosep.org\/wp-content\/uploads\/2021\/03\/maxresdefault.jpg\",\"contentUrl\":\"https:\/\/cultura.santjosep.org\/wp-content\/uploads\/2021\/03\/maxresdefault.jpg\",\"width\":1280,\"height\":720},{\"@type\":\"BreadcrumbList\",\"@id\":\"https:\/\/cultura.santjosep.org\/es\/agenda\/sala-virtual-de-can-jeroni-la-numero-uno\/#breadcrumb\",\"itemListElement\":[{\"@type\":\"ListItem\",\"position\":1,\"name\":\"Portada\",\"item\":\"https:\/\/cultura.santjosep.org\/es\/\"},{\"@type\":\"ListItem\",\"position\":2,\"name\":\"Eventos\",\"item\":\"https:\/\/cultura.santjosep.org\/agenda\/\"},{\"@type\":\"ListItem\",\"position\":3,\"name\":\"Sala virtual de Can Jeroni &#8211; \u00abLa n\u00famero uno\u00bb\"}]},{\"@type\":\"WebSite\",\"@id\":\"https:\/\/cultura.santjosep.org\/es\/#website\",\"url\":\"https:\/\/cultura.santjosep.org\/es\/\",\"name\":\"Cultura a Sant Josep de sa Talaia\",\"description\":\"\",\"publisher\":{\"@id\":\"https:\/\/cultura.santjosep.org\/es\/#organization\"},\"potentialAction\":[{\"@type\":\"SearchAction\",\"target\":{\"@type\":\"EntryPoint\",\"urlTemplate\":\"https:\/\/cultura.santjosep.org\/es\/?s={search_term_string}\"},\"query-input\":{\"@type\":\"PropertyValueSpecification\",\"valueRequired\":true,\"valueName\":\"search_term_string\"}}],\"inLanguage\":\"es\"},{\"@type\":\"Organization\",\"@id\":\"https:\/\/cultura.santjosep.org\/es\/#organization\",\"name\":\"Ajuntament de Sant Josep de sa Talaia\",\"url\":\"https:\/\/cultura.santjosep.org\/es\/\",\"logo\":{\"@type\":\"ImageObject\",\"inLanguage\":\"es\",\"@id\":\"https:\/\/cultura.santjosep.org\/es\/#\/schema\/logo\/image\/\",\"url\":\"https:\/\/cultura.santjosep.org\/wp-content\/uploads\/2020\/10\/logocolor.jpg\",\"contentUrl\":\"https:\/\/cultura.santjosep.org\/wp-content\/uploads\/2020\/10\/logocolor.jpg\",\"width\":250,\"height\":98,\"caption\":\"Ajuntament de Sant Josep de sa Talaia\"},\"image\":{\"@id\":\"https:\/\/cultura.santjosep.org\/es\/#\/schema\/logo\/image\/\"},\"sameAs\":[\"https:\/\/www.facebook.com\/Ajuntament-de-Sant-Josep-de-sa-Talaia-197541666931354\/\",\"https:\/\/x.com\/DeTalaia\",\"https:\/\/www.instagram.com\/sant_josep_de_sa_talaia\/\"]}]}<\/script>\n<!-- \/ Yoast SEO plugin. -->","yoast_head_json":{"title":"Sala virtual de Can Jeroni - \"La n\u00famero uno\" - Cultura a Sant Josep de sa Talaia","robots":{"index":"index","follow":"follow","max-snippet":"max-snippet:-1","max-image-preview":"max-image-preview:large","max-video-preview":"max-video-preview:-1"},"canonical":"https:\/\/cultura.santjosep.org\/es\/agenda\/sala-virtual-de-can-jeroni-la-numero-uno\/","og_locale":"es_ES","og_type":"article","og_title":"Sala virtual de Can Jeroni - \"La n\u00famero uno\" - Cultura a Sant Josep de sa Talaia","og_description":"Esta semana podremos disfrutar de la pel\u00edcula de dos modalidades: la primera modalidad es en l\u00ednea, a la cual podemos acceder a trav\u00e9s del registro que encontraremos en esta misma &hellip; Seguir leyendo \u00abSala virtual de Can Jeroni &#8211; \u00abLa n\u00famero uno\u00bb\u00bb","og_url":"https:\/\/cultura.santjosep.org\/es\/agenda\/sala-virtual-de-can-jeroni-la-numero-uno\/","og_site_name":"Cultura a Sant Josep de sa Talaia","article_publisher":"https:\/\/www.facebook.com\/Ajuntament-de-Sant-Josep-de-sa-Talaia-197541666931354\/","article_modified_time":"2021-03-04T08:28:02+00:00","og_image":[{"width":1280,"height":720,"url":"https:\/\/cultura.santjosep.org\/wp-content\/uploads\/2021\/03\/maxresdefault.jpg","type":"image\/jpeg"}],"twitter_card":"summary_large_image","twitter_site":"@DeTalaia","twitter_misc":{"Tiempo de lectura":"2 minutos"},"schema":{"@context":"https:\/\/schema.org","@graph":[{"@type":"WebPage","@id":"https:\/\/cultura.santjosep.org\/es\/agenda\/sala-virtual-de-can-jeroni-la-numero-uno\/","url":"https:\/\/cultura.santjosep.org\/es\/agenda\/sala-virtual-de-can-jeroni-la-numero-uno\/","name":"Sala virtual de Can Jeroni - \"La n\u00famero uno\" - Cultura a Sant Josep de sa Talaia","isPartOf":{"@id":"https:\/\/cultura.santjosep.org\/es\/#website"},"primaryImageOfPage":{"@id":"https:\/\/cultura.santjosep.org\/es\/agenda\/sala-virtual-de-can-jeroni-la-numero-uno\/#primaryimage"},"image":{"@id":"https:\/\/cultura.santjosep.org\/es\/agenda\/sala-virtual-de-can-jeroni-la-numero-uno\/#primaryimage"},"thumbnailUrl":"https:\/\/cultura.santjosep.org\/wp-content\/uploads\/2021\/03\/maxresdefault.jpg","datePublished":"2021-03-03T12:57:12+00:00","dateModified":"2021-03-04T08:28:02+00:00","breadcrumb":{"@id":"https:\/\/cultura.santjosep.org\/es\/agenda\/sala-virtual-de-can-jeroni-la-numero-uno\/#breadcrumb"},"inLanguage":"es","potentialAction":[{"@type":"ReadAction","target":["https:\/\/cultura.santjosep.org\/es\/agenda\/sala-virtual-de-can-jeroni-la-numero-uno\/"]}]},{"@type":"ImageObject","inLanguage":"es","@id":"https:\/\/cultura.santjosep.org\/es\/agenda\/sala-virtual-de-can-jeroni-la-numero-uno\/#primaryimage","url":"https:\/\/cultura.santjosep.org\/wp-content\/uploads\/2021\/03\/maxresdefault.jpg","contentUrl":"https:\/\/cultura.santjosep.org\/wp-content\/uploads\/2021\/03\/maxresdefault.jpg","width":1280,"height":720},{"@type":"BreadcrumbList","@id":"https:\/\/cultura.santjosep.org\/es\/agenda\/sala-virtual-de-can-jeroni-la-numero-uno\/#breadcrumb","itemListElement":[{"@type":"ListItem","position":1,"name":"Portada","item":"https:\/\/cultura.santjosep.org\/es\/"},{"@type":"ListItem","position":2,"name":"Eventos","item":"https:\/\/cultura.santjosep.org\/agenda\/"},{"@type":"ListItem","position":3,"name":"Sala virtual de Can Jeroni &#8211; \u00abLa n\u00famero uno\u00bb"}]},{"@type":"WebSite","@id":"https:\/\/cultura.santjosep.org\/es\/#website","url":"https:\/\/cultura.santjosep.org\/es\/","name":"Cultura a Sant Josep de sa Talaia","description":"","publisher":{"@id":"https:\/\/cultura.santjosep.org\/es\/#organization"},"potentialAction":[{"@type":"SearchAction","target":{"@type":"EntryPoint","urlTemplate":"https:\/\/cultura.santjosep.org\/es\/?s={search_term_string}"},"query-input":{"@type":"PropertyValueSpecification","valueRequired":true,"valueName":"search_term_string"}}],"inLanguage":"es"},{"@type":"Organization","@id":"https:\/\/cultura.santjosep.org\/es\/#organization","name":"Ajuntament de Sant Josep de sa Talaia","url":"https:\/\/cultura.santjosep.org\/es\/","logo":{"@type":"ImageObject","inLanguage":"es","@id":"https:\/\/cultura.santjosep.org\/es\/#\/schema\/logo\/image\/","url":"https:\/\/cultura.santjosep.org\/wp-content\/uploads\/2020\/10\/logocolor.jpg","contentUrl":"https:\/\/cultura.santjosep.org\/wp-content\/uploads\/2020\/10\/logocolor.jpg","width":250,"height":98,"caption":"Ajuntament de Sant Josep de sa Talaia"},"image":{"@id":"https:\/\/cultura.santjosep.org\/es\/#\/schema\/logo\/image\/"},"sameAs":["https:\/\/www.facebook.com\/Ajuntament-de-Sant-Josep-de-sa-Talaia-197541666931354\/","https:\/\/x.com\/DeTalaia","https:\/\/www.instagram.com\/sant_josep_de_sa_talaia\/"]}]}},"_links":{"self":[{"href":"https:\/\/cultura.santjosep.org\/es\/wp-json\/wp\/v2\/tribe_events\/5528","targetHints":{"allow":["GET"]}}],"collection":[{"href":"https:\/\/cultura.santjosep.org\/es\/wp-json\/wp\/v2\/tribe_events"}],"about":[{"href":"https:\/\/cultura.santjosep.org\/es\/wp-json\/wp\/v2\/types\/tribe_events"}],"author":[{"embeddable":true,"href":"https:\/\/cultura.santjosep.org\/es\/wp-json\/wp\/v2\/users\/1"}],"version-history":[{"count":0,"href":"https:\/\/cultura.santjosep.org\/es\/wp-json\/wp\/v2\/tribe_events\/5528\/revisions"}],"wp:featuredmedia":[{"embeddable":true,"href":"https:\/\/cultura.santjosep.org\/es\/wp-json\/wp\/v2\/media\/5496"}],"wp:attachment":[{"href":"https:\/\/cultura.santjosep.org\/es\/wp-json\/wp\/v2\/media?parent=5528"}],"wp:term":[{"taxonomy":"post_tag","embeddable":true,"href":"https:\/\/cultura.santjosep.org\/es\/wp-json\/wp\/v2\/tags?post=5528"},{"taxonomy":"tribe_events_cat","embeddable":true,"href":"https:\/\/cultura.santjosep.org\/es\/wp-json\/wp\/v2\/tribe_events_cat?post=5528"}],"curies":[{"name":"wp","href":"https:\/\/api.w.org\/{rel}","templated":true}]}}