{"id":5532,"date":"2021-03-03T14:19:23","date_gmt":"2021-03-03T13:19:23","guid":{"rendered":"https:\/\/cultura.santjosep.org\/agenda\/divendres-de-cine-en-can-jeroni-la-numero-uno\/"},"modified":"2021-03-03T15:40:01","modified_gmt":"2021-03-03T14:40:01","slug":"divendres-de-cine-en-can-jeroni-la-numero-uno","status":"publish","type":"tribe_events","link":"https:\/\/cultura.santjosep.org\/es\/agenda\/divendres-de-cine-en-can-jeroni-la-numero-uno\/","title":{"rendered":"Divendres de cine en Can Jeroni &#8211; \u00abLa n\u00famero uno\u00bb"},"content":{"rendered":"<p><em>Esta semana podremos disfrutar de la pel\u00edcula de dos modalidades: la primera modalidad es en l\u00ednea, a la cual puedes acceder a a trav\u00e9s de este <a href=\"https:\/\/cultura.santjosep.org\/es\/agenda\/sala-virtual-de-can-jeroni-la-numero-uno\/\">link<\/a> y la segunda modalidad es presencial en el Centro de Cultura de Can Jeroni el viernes a las 20hrs, para conseguir tus invitaciones gratuitas puedes hacerlo en esta misma p\u00e1gina.<br \/>\n<\/em><\/p>\n<p><strong>\u00abLa n\u00famero uno\u00bb | VOSE | 2017 |<\/strong><\/p>\n<p><strong>Duraci\u00f3n:<\/strong> 110 min. Francia.<br \/>\n<strong>Direcci\u00f3n:<\/strong> Tonie Marshall<br \/>\n<strong>Sinopsis: <\/strong> Emmanuelle Blachey es una brillante ingeniera que ha conseguido escalar y finalmente entrar en el comit\u00e9 ejecutivo de su empresa, el gigante franc\u00e9s de la energ\u00eda. Un d\u00eda, una red de mujeres influyentes le propone ayuda para conquistar la direcci\u00f3n de una importante empresa que cotiza en bolsa. Esto la convertir\u00eda en la primera mujer en ocupar un puesto de tal calibre. Pero en las esferas a\u00fan dominadas por los hombres, los obst\u00e1culos de tipo profesional y personal se multiplican. La conquista se anunciaba triunfal, pero en realidad se trata de una guerra.<\/p>\n<p><img loading=\"lazy\" decoding=\"async\" class=\"alignnone wp-image-5493 size-full\" src=\"https:\/\/cultura.santjosep.org\/wp-content\/uploads\/2021\/03\/numero_une-294614484-large.jpg\" alt=\"\" width=\"795\" height=\"1080\" srcset=\"https:\/\/cultura.santjosep.org\/wp-content\/uploads\/2021\/03\/numero_une-294614484-large.jpg 795w, https:\/\/cultura.santjosep.org\/wp-content\/uploads\/2021\/03\/numero_une-294614484-large-221x300.jpg 221w, https:\/\/cultura.santjosep.org\/wp-content\/uploads\/2021\/03\/numero_une-294614484-large-754x1024.jpg 754w, https:\/\/cultura.santjosep.org\/wp-content\/uploads\/2021\/03\/numero_une-294614484-large-768x1043.jpg 768w\" sizes=\"auto, (max-width: 795px) 100vw, 795px\" \/><\/p>\n<p><em><br \/>\nEn base a la normativa que con motivo de la COVID-19 regula la realizaci\u00f3n de actividades culturales en espacios cerrados y al aire libre, se aplicar\u00e1n las normas oportunas de control de asistencia y de seguridad e higiene vigentes a la fecha de la actividad.<\/em><\/p>\n","protected":false},"excerpt":{"rendered":"<p>Esta semana podremos disfrutar de la pel\u00edcula de dos modalidades: la primera modalidad es en l\u00ednea, a la cual puedes acceder a a trav\u00e9s de este link y la segunda &hellip; <\/p>\n<p class=\"link-more\"><a href=\"https:\/\/cultura.santjosep.org\/es\/agenda\/divendres-de-cine-en-can-jeroni-la-numero-uno\/\" class=\"more-link\">Seguir leyendo<span class=\"screen-reader-text\"> \u00abDivendres de cine en Can Jeroni &#8211; \u00abLa n\u00famero uno\u00bb\u00bb<\/span><\/a><\/p>\n","protected":false},"author":1,"featured_media":5520,"template":"","meta":{"_tribe_events_status":"","_tribe_events_status_reason":"","_tribe_events_is_hybrid":"","_tribe_events_is_virtual":"","_tribe_events_virtual_video_source":"","_tribe_events_virtual_embed_video":"","_tribe_events_virtual_linked_button_text":"","_tribe_events_virtual_linked_button":"","_tribe_events_virtual_show_embed_at":"","_tribe_events_virtual_show_embed_to":[],"_tribe_events_virtual_show_on_event":"","_tribe_events_virtual_show_on_views":"","_tribe_events_virtual_url":"","footnotes":""},"tags":[],"tribe_events_cat":[30],"class_list":["post-5532","tribe_events","type-tribe_events","status-publish","has-post-thumbnail","hentry","tribe_events_cat-cine","cat_cine","entry"],"yoast_head":"<!-- This site is optimized with the Yoast SEO plugin v26.6 - https:\/\/yoast.com\/wordpress\/plugins\/seo\/ -->\n<title>Divendres de cine en Can Jeroni - &quot;La n\u00famero uno&quot; - Cultura a Sant Josep de sa Talaia<\/title>\n<meta name=\"robots\" content=\"index, follow, max-snippet:-1, max-image-preview:large, max-video-preview:-1\" \/>\n<link rel=\"canonical\" href=\"https:\/\/cultura.santjosep.org\/es\/agenda\/divendres-de-cine-en-can-jeroni-la-numero-uno\/\" \/>\n<meta property=\"og:locale\" content=\"es_ES\" \/>\n<meta property=\"og:type\" content=\"article\" \/>\n<meta property=\"og:title\" content=\"Divendres de cine en Can Jeroni - &quot;La n\u00famero uno&quot; - Cultura a Sant Josep de sa Talaia\" \/>\n<meta property=\"og:description\" content=\"Esta semana podremos disfrutar de la pel\u00edcula de dos modalidades: la primera modalidad es en l\u00ednea, a la cual puedes acceder a a trav\u00e9s de este link y la segunda &hellip; Seguir leyendo \u00abDivendres de cine en Can Jeroni &#8211; \u00abLa n\u00famero uno\u00bb\u00bb\" \/>\n<meta property=\"og:url\" content=\"https:\/\/cultura.santjosep.org\/es\/agenda\/divendres-de-cine-en-can-jeroni-la-numero-uno\/\" \/>\n<meta property=\"og:site_name\" content=\"Cultura a Sant Josep de sa Talaia\" \/>\n<meta property=\"article:publisher\" content=\"https:\/\/www.facebook.com\/Ajuntament-de-Sant-Josep-de-sa-Talaia-197541666931354\/\" \/>\n<meta property=\"article:modified_time\" content=\"2021-03-03T14:40:01+00:00\" \/>\n<meta property=\"og:image\" content=\"https:\/\/cultura.santjosep.org\/wp-content\/uploads\/2021\/03\/1127560_w980h638c1cx884cy253cxt517cyt0cxb1181cyb832.jpg\" \/>\n\t<meta property=\"og:image:width\" content=\"980\" \/>\n\t<meta property=\"og:image:height\" content=\"638\" \/>\n\t<meta property=\"og:image:type\" content=\"image\/jpeg\" \/>\n<meta name=\"twitter:card\" content=\"summary_large_image\" \/>\n<meta name=\"twitter:site\" content=\"@DeTalaia\" \/>\n<meta name=\"twitter:label1\" content=\"Tiempo de lectura\" \/>\n\t<meta name=\"twitter:data1\" content=\"1 minuto\" \/>\n<script type=\"application\/ld+json\" class=\"yoast-schema-graph\">{\"@context\":\"https:\/\/schema.org\",\"@graph\":[{\"@type\":\"WebPage\",\"@id\":\"https:\/\/cultura.santjosep.org\/es\/agenda\/divendres-de-cine-en-can-jeroni-la-numero-uno\/\",\"url\":\"https:\/\/cultura.santjosep.org\/es\/agenda\/divendres-de-cine-en-can-jeroni-la-numero-uno\/\",\"name\":\"Divendres de cine en Can Jeroni - \\\"La n\u00famero uno\\\" - Cultura a Sant Josep de sa Talaia\",\"isPartOf\":{\"@id\":\"https:\/\/cultura.santjosep.org\/es\/#website\"},\"primaryImageOfPage\":{\"@id\":\"https:\/\/cultura.santjosep.org\/es\/agenda\/divendres-de-cine-en-can-jeroni-la-numero-uno\/#primaryimage\"},\"image\":{\"@id\":\"https:\/\/cultura.santjosep.org\/es\/agenda\/divendres-de-cine-en-can-jeroni-la-numero-uno\/#primaryimage\"},\"thumbnailUrl\":\"https:\/\/cultura.santjosep.org\/wp-content\/uploads\/2021\/03\/1127560_w980h638c1cx884cy253cxt517cyt0cxb1181cyb832.jpg\",\"datePublished\":\"2021-03-03T13:19:23+00:00\",\"dateModified\":\"2021-03-03T14:40:01+00:00\",\"breadcrumb\":{\"@id\":\"https:\/\/cultura.santjosep.org\/es\/agenda\/divendres-de-cine-en-can-jeroni-la-numero-uno\/#breadcrumb\"},\"inLanguage\":\"es\",\"potentialAction\":[{\"@type\":\"ReadAction\",\"target\":[\"https:\/\/cultura.santjosep.org\/es\/agenda\/divendres-de-cine-en-can-jeroni-la-numero-uno\/\"]}]},{\"@type\":\"ImageObject\",\"inLanguage\":\"es\",\"@id\":\"https:\/\/cultura.santjosep.org\/es\/agenda\/divendres-de-cine-en-can-jeroni-la-numero-uno\/#primaryimage\",\"url\":\"https:\/\/cultura.santjosep.org\/wp-content\/uploads\/2021\/03\/1127560_w980h638c1cx884cy253cxt517cyt0cxb1181cyb832.jpg\",\"contentUrl\":\"https:\/\/cultura.santjosep.org\/wp-content\/uploads\/2021\/03\/1127560_w980h638c1cx884cy253cxt517cyt0cxb1181cyb832.jpg\",\"width\":980,\"height\":638},{\"@type\":\"BreadcrumbList\",\"@id\":\"https:\/\/cultura.santjosep.org\/es\/agenda\/divendres-de-cine-en-can-jeroni-la-numero-uno\/#breadcrumb\",\"itemListElement\":[{\"@type\":\"ListItem\",\"position\":1,\"name\":\"Portada\",\"item\":\"https:\/\/cultura.santjosep.org\/es\/\"},{\"@type\":\"ListItem\",\"position\":2,\"name\":\"Eventos\",\"item\":\"https:\/\/cultura.santjosep.org\/agenda\/\"},{\"@type\":\"ListItem\",\"position\":3,\"name\":\"Divendres de cine en Can Jeroni &#8211; \u00abLa n\u00famero uno\u00bb\"}]},{\"@type\":\"WebSite\",\"@id\":\"https:\/\/cultura.santjosep.org\/es\/#website\",\"url\":\"https:\/\/cultura.santjosep.org\/es\/\",\"name\":\"Cultura a Sant Josep de sa Talaia\",\"description\":\"\",\"publisher\":{\"@id\":\"https:\/\/cultura.santjosep.org\/es\/#organization\"},\"potentialAction\":[{\"@type\":\"SearchAction\",\"target\":{\"@type\":\"EntryPoint\",\"urlTemplate\":\"https:\/\/cultura.santjosep.org\/es\/?s={search_term_string}\"},\"query-input\":{\"@type\":\"PropertyValueSpecification\",\"valueRequired\":true,\"valueName\":\"search_term_string\"}}],\"inLanguage\":\"es\"},{\"@type\":\"Organization\",\"@id\":\"https:\/\/cultura.santjosep.org\/es\/#organization\",\"name\":\"Ajuntament de Sant Josep de sa Talaia\",\"url\":\"https:\/\/cultura.santjosep.org\/es\/\",\"logo\":{\"@type\":\"ImageObject\",\"inLanguage\":\"es\",\"@id\":\"https:\/\/cultura.santjosep.org\/es\/#\/schema\/logo\/image\/\",\"url\":\"https:\/\/cultura.santjosep.org\/wp-content\/uploads\/2020\/10\/logocolor.jpg\",\"contentUrl\":\"https:\/\/cultura.santjosep.org\/wp-content\/uploads\/2020\/10\/logocolor.jpg\",\"width\":250,\"height\":98,\"caption\":\"Ajuntament de Sant Josep de sa Talaia\"},\"image\":{\"@id\":\"https:\/\/cultura.santjosep.org\/es\/#\/schema\/logo\/image\/\"},\"sameAs\":[\"https:\/\/www.facebook.com\/Ajuntament-de-Sant-Josep-de-sa-Talaia-197541666931354\/\",\"https:\/\/x.com\/DeTalaia\",\"https:\/\/www.instagram.com\/sant_josep_de_sa_talaia\/\"]}]}<\/script>\n<!-- \/ Yoast SEO plugin. -->","yoast_head_json":{"title":"Divendres de cine en Can Jeroni - \"La n\u00famero uno\" - Cultura a Sant Josep de sa Talaia","robots":{"index":"index","follow":"follow","max-snippet":"max-snippet:-1","max-image-preview":"max-image-preview:large","max-video-preview":"max-video-preview:-1"},"canonical":"https:\/\/cultura.santjosep.org\/es\/agenda\/divendres-de-cine-en-can-jeroni-la-numero-uno\/","og_locale":"es_ES","og_type":"article","og_title":"Divendres de cine en Can Jeroni - \"La n\u00famero uno\" - Cultura a Sant Josep de sa Talaia","og_description":"Esta semana podremos disfrutar de la pel\u00edcula de dos modalidades: la primera modalidad es en l\u00ednea, a la cual puedes acceder a a trav\u00e9s de este link y la segunda &hellip; Seguir leyendo \u00abDivendres de cine en Can Jeroni &#8211; \u00abLa n\u00famero uno\u00bb\u00bb","og_url":"https:\/\/cultura.santjosep.org\/es\/agenda\/divendres-de-cine-en-can-jeroni-la-numero-uno\/","og_site_name":"Cultura a Sant Josep de sa Talaia","article_publisher":"https:\/\/www.facebook.com\/Ajuntament-de-Sant-Josep-de-sa-Talaia-197541666931354\/","article_modified_time":"2021-03-03T14:40:01+00:00","og_image":[{"width":980,"height":638,"url":"https:\/\/cultura.santjosep.org\/wp-content\/uploads\/2021\/03\/1127560_w980h638c1cx884cy253cxt517cyt0cxb1181cyb832.jpg","type":"image\/jpeg"}],"twitter_card":"summary_large_image","twitter_site":"@DeTalaia","twitter_misc":{"Tiempo de lectura":"1 minuto"},"schema":{"@context":"https:\/\/schema.org","@graph":[{"@type":"WebPage","@id":"https:\/\/cultura.santjosep.org\/es\/agenda\/divendres-de-cine-en-can-jeroni-la-numero-uno\/","url":"https:\/\/cultura.santjosep.org\/es\/agenda\/divendres-de-cine-en-can-jeroni-la-numero-uno\/","name":"Divendres de cine en Can Jeroni - \"La n\u00famero uno\" - Cultura a Sant Josep de sa Talaia","isPartOf":{"@id":"https:\/\/cultura.santjosep.org\/es\/#website"},"primaryImageOfPage":{"@id":"https:\/\/cultura.santjosep.org\/es\/agenda\/divendres-de-cine-en-can-jeroni-la-numero-uno\/#primaryimage"},"image":{"@id":"https:\/\/cultura.santjosep.org\/es\/agenda\/divendres-de-cine-en-can-jeroni-la-numero-uno\/#primaryimage"},"thumbnailUrl":"https:\/\/cultura.santjosep.org\/wp-content\/uploads\/2021\/03\/1127560_w980h638c1cx884cy253cxt517cyt0cxb1181cyb832.jpg","datePublished":"2021-03-03T13:19:23+00:00","dateModified":"2021-03-03T14:40:01+00:00","breadcrumb":{"@id":"https:\/\/cultura.santjosep.org\/es\/agenda\/divendres-de-cine-en-can-jeroni-la-numero-uno\/#breadcrumb"},"inLanguage":"es","potentialAction":[{"@type":"ReadAction","target":["https:\/\/cultura.santjosep.org\/es\/agenda\/divendres-de-cine-en-can-jeroni-la-numero-uno\/"]}]},{"@type":"ImageObject","inLanguage":"es","@id":"https:\/\/cultura.santjosep.org\/es\/agenda\/divendres-de-cine-en-can-jeroni-la-numero-uno\/#primaryimage","url":"https:\/\/cultura.santjosep.org\/wp-content\/uploads\/2021\/03\/1127560_w980h638c1cx884cy253cxt517cyt0cxb1181cyb832.jpg","contentUrl":"https:\/\/cultura.santjosep.org\/wp-content\/uploads\/2021\/03\/1127560_w980h638c1cx884cy253cxt517cyt0cxb1181cyb832.jpg","width":980,"height":638},{"@type":"BreadcrumbList","@id":"https:\/\/cultura.santjosep.org\/es\/agenda\/divendres-de-cine-en-can-jeroni-la-numero-uno\/#breadcrumb","itemListElement":[{"@type":"ListItem","position":1,"name":"Portada","item":"https:\/\/cultura.santjosep.org\/es\/"},{"@type":"ListItem","position":2,"name":"Eventos","item":"https:\/\/cultura.santjosep.org\/agenda\/"},{"@type":"ListItem","position":3,"name":"Divendres de cine en Can Jeroni &#8211; \u00abLa n\u00famero uno\u00bb"}]},{"@type":"WebSite","@id":"https:\/\/cultura.santjosep.org\/es\/#website","url":"https:\/\/cultura.santjosep.org\/es\/","name":"Cultura a Sant Josep de sa Talaia","description":"","publisher":{"@id":"https:\/\/cultura.santjosep.org\/es\/#organization"},"potentialAction":[{"@type":"SearchAction","target":{"@type":"EntryPoint","urlTemplate":"https:\/\/cultura.santjosep.org\/es\/?s={search_term_string}"},"query-input":{"@type":"PropertyValueSpecification","valueRequired":true,"valueName":"search_term_string"}}],"inLanguage":"es"},{"@type":"Organization","@id":"https:\/\/cultura.santjosep.org\/es\/#organization","name":"Ajuntament de Sant Josep de sa Talaia","url":"https:\/\/cultura.santjosep.org\/es\/","logo":{"@type":"ImageObject","inLanguage":"es","@id":"https:\/\/cultura.santjosep.org\/es\/#\/schema\/logo\/image\/","url":"https:\/\/cultura.santjosep.org\/wp-content\/uploads\/2020\/10\/logocolor.jpg","contentUrl":"https:\/\/cultura.santjosep.org\/wp-content\/uploads\/2020\/10\/logocolor.jpg","width":250,"height":98,"caption":"Ajuntament de Sant Josep de sa Talaia"},"image":{"@id":"https:\/\/cultura.santjosep.org\/es\/#\/schema\/logo\/image\/"},"sameAs":["https:\/\/www.facebook.com\/Ajuntament-de-Sant-Josep-de-sa-Talaia-197541666931354\/","https:\/\/x.com\/DeTalaia","https:\/\/www.instagram.com\/sant_josep_de_sa_talaia\/"]}]}},"_links":{"self":[{"href":"https:\/\/cultura.santjosep.org\/es\/wp-json\/wp\/v2\/tribe_events\/5532","targetHints":{"allow":["GET"]}}],"collection":[{"href":"https:\/\/cultura.santjosep.org\/es\/wp-json\/wp\/v2\/tribe_events"}],"about":[{"href":"https:\/\/cultura.santjosep.org\/es\/wp-json\/wp\/v2\/types\/tribe_events"}],"author":[{"embeddable":true,"href":"https:\/\/cultura.santjosep.org\/es\/wp-json\/wp\/v2\/users\/1"}],"version-history":[{"count":0,"href":"https:\/\/cultura.santjosep.org\/es\/wp-json\/wp\/v2\/tribe_events\/5532\/revisions"}],"wp:featuredmedia":[{"embeddable":true,"href":"https:\/\/cultura.santjosep.org\/es\/wp-json\/wp\/v2\/media\/5520"}],"wp:attachment":[{"href":"https:\/\/cultura.santjosep.org\/es\/wp-json\/wp\/v2\/media?parent=5532"}],"wp:term":[{"taxonomy":"post_tag","embeddable":true,"href":"https:\/\/cultura.santjosep.org\/es\/wp-json\/wp\/v2\/tags?post=5532"},{"taxonomy":"tribe_events_cat","embeddable":true,"href":"https:\/\/cultura.santjosep.org\/es\/wp-json\/wp\/v2\/tribe_events_cat?post=5532"}],"curies":[{"name":"wp","href":"https:\/\/api.w.org\/{rel}","templated":true}]}}