{"id":5570,"date":"2021-03-05T09:35:08","date_gmt":"2021-03-05T08:35:08","guid":{"rendered":"https:\/\/cultura.santjosep.org\/agenda\/sala-virtual-de-can-jeroni-infantil-la-revolta-dels-contes\/"},"modified":"2021-03-05T09:45:52","modified_gmt":"2021-03-05T08:45:52","slug":"sala-virtual-de-can-jeroni-infantil-la-revolta-dels-contes","status":"publish","type":"tribe_events","link":"https:\/\/cultura.santjosep.org\/es\/agenda\/sala-virtual-de-can-jeroni-infantil-la-revolta-dels-contes\/","title":{"rendered":"Sala virtual de Can Jeroni infantil &#8211; \u00abLa revolta dels contes\u00bb"},"content":{"rendered":"<p><strong>\u00abLa revolta dels contes\u00bb | 2016 | CATAL\u00c1N <\/strong><\/p>\n<p><strong>Duraci\u00f3n:<\/strong> 61 min. Reino Unido<br \/>\n<strong>Direcci\u00f3n:<\/strong> Jakob Schuh, Jan Lachauer, Bin-Han To<br \/>\n<strong>Sinopsis: <\/strong> C\u00f3mo reinventar cuentos de hadas con humor e inteligencia. Imaginemos que Caperucita Roja y Blancanieves son viejas amigas &#8230; Har\u00edan una alianza para deshacerse de los depredadores hambrientos o de una suegra asesina.<\/p>\n<hr \/>\n<div id=\"registre\"><\/div>\n<p>Para acceder en la <strong>Sala Virtual de cine de Can Jeroni<\/strong> y ver la pel\u00edcula en l\u00ednea es necesario llenar el formulario de registro que encontrar\u00e1 a continuaci\u00f3n. A trav\u00e9s de este registro le enviaremos a su direcci\u00f3n de correo electr\u00f3nico el acceso a la pel\u00edcula.<br \/>\n<strong><span style=\"color: #993300;\"> \u00a1Atenci\u00f3n! El email con el link de visualizaci\u00f3n puede demorarse unos minutos en llegar a su bandeja de correo. Si no lo recibe, revise en <em>Spam<\/em>. Gracias <\/span><\/strong><\/p>\n<p><!-- Begin Mailchimp Signup Form -->\n<link href=\"\/\/cdn-images.mailchimp.com\/embedcode\/classic-10_7.css\" rel=\"stylesheet\" type=\"text\/css\">\n<style type=\"text\/css\">\n\t#mc_embed_signup{background:#fff; clear:left; font:14px Helvetica,Arial,sans-serif; }\n\t\/* Add your own Mailchimp form style overrides in your site stylesheet or in this style block.\n\t   We recommend moving this block and the preceding CSS link to the HEAD of your HTML file. *\/\n<\/style>\n<div id=\"mc_embed_signup\">\n<form action=\"https:\/\/santjosep.us6.list-manage.com\/subscribe\/post?u=18ff8a9c196d9050150c5e702&amp;id=6316dac22c\" method=\"post\" id=\"mc-embedded-subscribe-form\" name=\"mc-embedded-subscribe-form\" class=\"validate\" target=\"_blank\" novalidate>\n<div id=\"mc_embed_signup_scroll\">\n<h2>Registro &quot;La revolta dels contes&quot;<\/h2>\n<div class=\"indicates-required\"><span class=\"asterisk\">*<\/span> campos obligatorios<\/div>\n<div class=\"mc-field-group\">\n\t<label for=\"mce-FNAME\">Nombre <\/label><br \/>\n\t<input type=\"text\" value=\"\" name=\"FNAME\" class=\"\" id=\"mce-FNAME\">\n<\/div>\n<div class=\"mc-field-group\">\n\t<label for=\"mce-LNAME\">Apellido <\/label><br \/>\n\t<input type=\"text\" value=\"\" name=\"LNAME\" class=\"\" id=\"mce-LNAME\">\n<\/div>\n<div class=\"mc-field-group\">\n\t<label for=\"mce-EMAIL\">Correo electr\u00f3nico  <span class=\"asterisk\">*<\/span><br \/>\n<\/label><br \/>\n\t<input type=\"email\" value=\"\" name=\"EMAIL\" class=\"required email\" id=\"mce-EMAIL\">\n<\/div>\n<div id=\"mce-responses\" class=\"clear\">\n<div class=\"response\" id=\"mce-error-response\" style=\"display:none\"><\/div>\n<div class=\"response\" id=\"mce-success-response\" style=\"display:none\"><\/div><\/div>\n<p>    <!-- real people should not fill this in and expect good things - do not remove this or risk form bot signups--><\/p>\n<div style=\"position: absolute; left: -5000px;\" aria-hidden=\"true\"><input type=\"text\" name=\"b_18ff8a9c196d9050150c5e702_6316dac22c\" tabindex=\"-1\" value=\"\"><\/div>\n<div class=\"clear\"><input type=\"submit\" value=\"Registrarse\" name=\"subscribe\" id=\"mc-embedded-subscribe\" class=\"button\"><\/div><\/div>\n<\/form>\n<\/div>\n<p><script type='text\/javascript' src='\/\/s3.amazonaws.com\/downloads.mailchimp.com\/js\/mc-validate.js'><\/script><script type='text\/javascript'>(function($) {window.fnames = new Array(); window.ftypes = new Array();fnames[1]='FNAME';ftypes[1]='text';fnames[2]='LNAME';ftypes[2]='text';fnames[0]='EMAIL';ftypes[0]='email'; \/*\n * Translated default messages for the $ validation plugin.\n * Locale: ES\n *\/\n$.extend($.validator.messages, {\n  required: \"Este campo es obligatorio.\",\n  remote: \"Por favor, rellena este campo.\",\n  email: \"Por favor, escribe una direcci\u00f3n de correo v\u00e1lida\",\n  url: \"Por favor, escribe una URL v\u00e1lida.\",\n  date: \"Por favor, escribe una fecha v\u00e1lida.\",\n  dateISO: \"Por favor, escribe una fecha (ISO) v\u00e1lida.\",\n  number: \"Por favor, escribe un n\u00famero entero v\u00e1lido.\",\n  digits: \"Por favor, escribe s\u00f3lo d\u00edgitos.\",\n  creditcard: \"Por favor, escribe un n\u00famero de tarjeta v\u00e1lido.\",\n  equalTo: \"Por favor, escribe el mismo valor de nuevo.\",\n  accept: \"Por favor, escribe un valor con una extensi\u00f3n aceptada.\",\n  maxlength: $.validator.format(\"Por favor, no escribas m\u00e1s de {0} caracteres.\"),\n  minlength: $.validator.format(\"Por favor, no escribas menos de {0} caracteres.\"),\n  rangelength: $.validator.format(\"Por favor, escribe un valor entre {0} y {1} caracteres.\"),\n  range: $.validator.format(\"Por favor, escribe un valor entre {0} y {1}.\"),\n  max: $.validator.format(\"Por favor, escribe un valor menor o igual a {0}.\"),\n  min: $.validator.format(\"Por favor, escribe un valor mayor o igual a {0}.\")\n});}(jQuery));var $mcj = jQuery.noConflict(true);<\/script><br \/>\n<!--End mc_embed_signup--><\/p>\n<p><img loading=\"lazy\" decoding=\"async\" class=\"alignnone wp-image-5557 size-full\" src=\"https:\/\/cultura.santjosep.org\/wp-content\/uploads\/2021\/03\/cat_Revolta-dels-contes.jpg\" alt=\"\" width=\"864\" height=\"1230\" srcset=\"https:\/\/cultura.santjosep.org\/wp-content\/uploads\/2021\/03\/cat_Revolta-dels-contes.jpg 864w, https:\/\/cultura.santjosep.org\/wp-content\/uploads\/2021\/03\/cat_Revolta-dels-contes-211x300.jpg 211w, https:\/\/cultura.santjosep.org\/wp-content\/uploads\/2021\/03\/cat_Revolta-dels-contes-719x1024.jpg 719w, https:\/\/cultura.santjosep.org\/wp-content\/uploads\/2021\/03\/cat_Revolta-dels-contes-768x1093.jpg 768w\" sizes=\"auto, (max-width: 864px) 100vw, 864px\" \/><\/p>\n","protected":false},"excerpt":{"rendered":"<p>\u00abLa revolta dels contes\u00bb | 2016 | CATAL\u00c1N Duraci\u00f3n: 61 min. Reino Unido Direcci\u00f3n: Jakob Schuh, Jan Lachauer, Bin-Han To Sinopsis: C\u00f3mo reinventar cuentos de hadas con humor e inteligencia. &hellip; <\/p>\n<p class=\"link-more\"><a href=\"https:\/\/cultura.santjosep.org\/es\/agenda\/sala-virtual-de-can-jeroni-infantil-la-revolta-dels-contes\/\" class=\"more-link\">Seguir leyendo<span class=\"screen-reader-text\"> \u00abSala virtual de Can Jeroni infantil &#8211; \u00abLa revolta dels contes\u00bb\u00bb<\/span><\/a><\/p>\n","protected":false},"author":1,"featured_media":5568,"template":"","meta":{"_tribe_events_status":"","_tribe_events_status_reason":"","_tribe_events_is_hybrid":"","_tribe_events_is_virtual":"","_tribe_events_virtual_video_source":"","_tribe_events_virtual_embed_video":"","_tribe_events_virtual_linked_button_text":"","_tribe_events_virtual_linked_button":"","_tribe_events_virtual_show_embed_at":"","_tribe_events_virtual_show_embed_to":[],"_tribe_events_virtual_show_on_event":"","_tribe_events_virtual_show_on_views":"","_tribe_events_virtual_url":"","footnotes":""},"tags":[],"tribe_events_cat":[72],"class_list":["post-5570","tribe_events","type-tribe_events","status-publish","has-post-thumbnail","hentry","tribe_events_cat-cine-online-es","cat_cine-online-es","entry"],"yoast_head":"<!-- This site is optimized with the Yoast SEO plugin v26.6 - https:\/\/yoast.com\/wordpress\/plugins\/seo\/ -->\n<title>Sala virtual de Can Jeroni infantil - &quot;La revolta dels contes&quot; - Cultura a Sant Josep de sa Talaia<\/title>\n<meta name=\"robots\" content=\"index, follow, max-snippet:-1, max-image-preview:large, max-video-preview:-1\" \/>\n<link rel=\"canonical\" href=\"https:\/\/cultura.santjosep.org\/es\/agenda\/sala-virtual-de-can-jeroni-infantil-la-revolta-dels-contes\/\" \/>\n<meta property=\"og:locale\" content=\"es_ES\" \/>\n<meta property=\"og:type\" content=\"article\" \/>\n<meta property=\"og:title\" content=\"Sala virtual de Can Jeroni infantil - &quot;La revolta dels contes&quot; - Cultura a Sant Josep de sa Talaia\" \/>\n<meta property=\"og:description\" content=\"\u00abLa revolta dels contes\u00bb | 2016 | CATAL\u00c1N Duraci\u00f3n: 61 min. Reino Unido Direcci\u00f3n: Jakob Schuh, Jan Lachauer, Bin-Han To Sinopsis: C\u00f3mo reinventar cuentos de hadas con humor e inteligencia. &hellip; Seguir leyendo \u00abSala virtual de Can Jeroni infantil &#8211; \u00abLa revolta dels contes\u00bb\u00bb\" \/>\n<meta property=\"og:url\" content=\"https:\/\/cultura.santjosep.org\/es\/agenda\/sala-virtual-de-can-jeroni-infantil-la-revolta-dels-contes\/\" \/>\n<meta property=\"og:site_name\" content=\"Cultura a Sant Josep de sa Talaia\" \/>\n<meta property=\"article:publisher\" content=\"https:\/\/www.facebook.com\/Ajuntament-de-Sant-Josep-de-sa-Talaia-197541666931354\/\" \/>\n<meta property=\"article:modified_time\" content=\"2021-03-05T08:45:52+00:00\" \/>\n<meta property=\"og:image\" content=\"https:\/\/cultura.santjosep.org\/wp-content\/uploads\/2021\/03\/la-rebelion-de-los-cuentos.jpg\" \/>\n\t<meta property=\"og:image:width\" content=\"1600\" \/>\n\t<meta property=\"og:image:height\" content=\"900\" \/>\n\t<meta property=\"og:image:type\" content=\"image\/jpeg\" \/>\n<meta name=\"twitter:card\" content=\"summary_large_image\" \/>\n<meta name=\"twitter:site\" content=\"@DeTalaia\" \/>\n<meta name=\"twitter:label1\" content=\"Tiempo de lectura\" \/>\n\t<meta name=\"twitter:data1\" content=\"1 minuto\" \/>\n<script type=\"application\/ld+json\" class=\"yoast-schema-graph\">{\"@context\":\"https:\/\/schema.org\",\"@graph\":[{\"@type\":\"WebPage\",\"@id\":\"https:\/\/cultura.santjosep.org\/es\/agenda\/sala-virtual-de-can-jeroni-infantil-la-revolta-dels-contes\/\",\"url\":\"https:\/\/cultura.santjosep.org\/es\/agenda\/sala-virtual-de-can-jeroni-infantil-la-revolta-dels-contes\/\",\"name\":\"Sala virtual de Can Jeroni infantil - \\\"La revolta dels contes\\\" - Cultura a Sant Josep de sa Talaia\",\"isPartOf\":{\"@id\":\"https:\/\/cultura.santjosep.org\/es\/#website\"},\"primaryImageOfPage\":{\"@id\":\"https:\/\/cultura.santjosep.org\/es\/agenda\/sala-virtual-de-can-jeroni-infantil-la-revolta-dels-contes\/#primaryimage\"},\"image\":{\"@id\":\"https:\/\/cultura.santjosep.org\/es\/agenda\/sala-virtual-de-can-jeroni-infantil-la-revolta-dels-contes\/#primaryimage\"},\"thumbnailUrl\":\"https:\/\/cultura.santjosep.org\/wp-content\/uploads\/2021\/03\/la-rebelion-de-los-cuentos.jpg\",\"datePublished\":\"2021-03-05T08:35:08+00:00\",\"dateModified\":\"2021-03-05T08:45:52+00:00\",\"breadcrumb\":{\"@id\":\"https:\/\/cultura.santjosep.org\/es\/agenda\/sala-virtual-de-can-jeroni-infantil-la-revolta-dels-contes\/#breadcrumb\"},\"inLanguage\":\"es\",\"potentialAction\":[{\"@type\":\"ReadAction\",\"target\":[\"https:\/\/cultura.santjosep.org\/es\/agenda\/sala-virtual-de-can-jeroni-infantil-la-revolta-dels-contes\/\"]}]},{\"@type\":\"ImageObject\",\"inLanguage\":\"es\",\"@id\":\"https:\/\/cultura.santjosep.org\/es\/agenda\/sala-virtual-de-can-jeroni-infantil-la-revolta-dels-contes\/#primaryimage\",\"url\":\"https:\/\/cultura.santjosep.org\/wp-content\/uploads\/2021\/03\/la-rebelion-de-los-cuentos.jpg\",\"contentUrl\":\"https:\/\/cultura.santjosep.org\/wp-content\/uploads\/2021\/03\/la-rebelion-de-los-cuentos.jpg\",\"width\":1600,\"height\":900},{\"@type\":\"BreadcrumbList\",\"@id\":\"https:\/\/cultura.santjosep.org\/es\/agenda\/sala-virtual-de-can-jeroni-infantil-la-revolta-dels-contes\/#breadcrumb\",\"itemListElement\":[{\"@type\":\"ListItem\",\"position\":1,\"name\":\"Portada\",\"item\":\"https:\/\/cultura.santjosep.org\/es\/\"},{\"@type\":\"ListItem\",\"position\":2,\"name\":\"Eventos\",\"item\":\"https:\/\/cultura.santjosep.org\/agenda\/\"},{\"@type\":\"ListItem\",\"position\":3,\"name\":\"Sala virtual de Can Jeroni infantil &#8211; &#8220;La revolta dels contes&#8221;\"}]},{\"@type\":\"WebSite\",\"@id\":\"https:\/\/cultura.santjosep.org\/es\/#website\",\"url\":\"https:\/\/cultura.santjosep.org\/es\/\",\"name\":\"Cultura a Sant Josep de sa Talaia\",\"description\":\"\",\"publisher\":{\"@id\":\"https:\/\/cultura.santjosep.org\/es\/#organization\"},\"potentialAction\":[{\"@type\":\"SearchAction\",\"target\":{\"@type\":\"EntryPoint\",\"urlTemplate\":\"https:\/\/cultura.santjosep.org\/es\/?s={search_term_string}\"},\"query-input\":{\"@type\":\"PropertyValueSpecification\",\"valueRequired\":true,\"valueName\":\"search_term_string\"}}],\"inLanguage\":\"es\"},{\"@type\":\"Organization\",\"@id\":\"https:\/\/cultura.santjosep.org\/es\/#organization\",\"name\":\"Ajuntament de Sant Josep de sa Talaia\",\"url\":\"https:\/\/cultura.santjosep.org\/es\/\",\"logo\":{\"@type\":\"ImageObject\",\"inLanguage\":\"es\",\"@id\":\"https:\/\/cultura.santjosep.org\/es\/#\/schema\/logo\/image\/\",\"url\":\"https:\/\/cultura.santjosep.org\/wp-content\/uploads\/2020\/10\/logocolor.jpg\",\"contentUrl\":\"https:\/\/cultura.santjosep.org\/wp-content\/uploads\/2020\/10\/logocolor.jpg\",\"width\":250,\"height\":98,\"caption\":\"Ajuntament de Sant Josep de sa Talaia\"},\"image\":{\"@id\":\"https:\/\/cultura.santjosep.org\/es\/#\/schema\/logo\/image\/\"},\"sameAs\":[\"https:\/\/www.facebook.com\/Ajuntament-de-Sant-Josep-de-sa-Talaia-197541666931354\/\",\"https:\/\/x.com\/DeTalaia\",\"https:\/\/www.instagram.com\/sant_josep_de_sa_talaia\/\"]}]}<\/script>\n<!-- \/ Yoast SEO plugin. -->","yoast_head_json":{"title":"Sala virtual de Can Jeroni infantil - \"La revolta dels contes\" - Cultura a Sant Josep de sa Talaia","robots":{"index":"index","follow":"follow","max-snippet":"max-snippet:-1","max-image-preview":"max-image-preview:large","max-video-preview":"max-video-preview:-1"},"canonical":"https:\/\/cultura.santjosep.org\/es\/agenda\/sala-virtual-de-can-jeroni-infantil-la-revolta-dels-contes\/","og_locale":"es_ES","og_type":"article","og_title":"Sala virtual de Can Jeroni infantil - \"La revolta dels contes\" - Cultura a Sant Josep de sa Talaia","og_description":"\u00abLa revolta dels contes\u00bb | 2016 | CATAL\u00c1N Duraci\u00f3n: 61 min. Reino Unido Direcci\u00f3n: Jakob Schuh, Jan Lachauer, Bin-Han To Sinopsis: C\u00f3mo reinventar cuentos de hadas con humor e inteligencia. &hellip; Seguir leyendo \u00abSala virtual de Can Jeroni infantil &#8211; \u00abLa revolta dels contes\u00bb\u00bb","og_url":"https:\/\/cultura.santjosep.org\/es\/agenda\/sala-virtual-de-can-jeroni-infantil-la-revolta-dels-contes\/","og_site_name":"Cultura a Sant Josep de sa Talaia","article_publisher":"https:\/\/www.facebook.com\/Ajuntament-de-Sant-Josep-de-sa-Talaia-197541666931354\/","article_modified_time":"2021-03-05T08:45:52+00:00","og_image":[{"width":1600,"height":900,"url":"https:\/\/cultura.santjosep.org\/wp-content\/uploads\/2021\/03\/la-rebelion-de-los-cuentos.jpg","type":"image\/jpeg"}],"twitter_card":"summary_large_image","twitter_site":"@DeTalaia","twitter_misc":{"Tiempo de lectura":"1 minuto"},"schema":{"@context":"https:\/\/schema.org","@graph":[{"@type":"WebPage","@id":"https:\/\/cultura.santjosep.org\/es\/agenda\/sala-virtual-de-can-jeroni-infantil-la-revolta-dels-contes\/","url":"https:\/\/cultura.santjosep.org\/es\/agenda\/sala-virtual-de-can-jeroni-infantil-la-revolta-dels-contes\/","name":"Sala virtual de Can Jeroni infantil - \"La revolta dels contes\" - Cultura a Sant Josep de sa Talaia","isPartOf":{"@id":"https:\/\/cultura.santjosep.org\/es\/#website"},"primaryImageOfPage":{"@id":"https:\/\/cultura.santjosep.org\/es\/agenda\/sala-virtual-de-can-jeroni-infantil-la-revolta-dels-contes\/#primaryimage"},"image":{"@id":"https:\/\/cultura.santjosep.org\/es\/agenda\/sala-virtual-de-can-jeroni-infantil-la-revolta-dels-contes\/#primaryimage"},"thumbnailUrl":"https:\/\/cultura.santjosep.org\/wp-content\/uploads\/2021\/03\/la-rebelion-de-los-cuentos.jpg","datePublished":"2021-03-05T08:35:08+00:00","dateModified":"2021-03-05T08:45:52+00:00","breadcrumb":{"@id":"https:\/\/cultura.santjosep.org\/es\/agenda\/sala-virtual-de-can-jeroni-infantil-la-revolta-dels-contes\/#breadcrumb"},"inLanguage":"es","potentialAction":[{"@type":"ReadAction","target":["https:\/\/cultura.santjosep.org\/es\/agenda\/sala-virtual-de-can-jeroni-infantil-la-revolta-dels-contes\/"]}]},{"@type":"ImageObject","inLanguage":"es","@id":"https:\/\/cultura.santjosep.org\/es\/agenda\/sala-virtual-de-can-jeroni-infantil-la-revolta-dels-contes\/#primaryimage","url":"https:\/\/cultura.santjosep.org\/wp-content\/uploads\/2021\/03\/la-rebelion-de-los-cuentos.jpg","contentUrl":"https:\/\/cultura.santjosep.org\/wp-content\/uploads\/2021\/03\/la-rebelion-de-los-cuentos.jpg","width":1600,"height":900},{"@type":"BreadcrumbList","@id":"https:\/\/cultura.santjosep.org\/es\/agenda\/sala-virtual-de-can-jeroni-infantil-la-revolta-dels-contes\/#breadcrumb","itemListElement":[{"@type":"ListItem","position":1,"name":"Portada","item":"https:\/\/cultura.santjosep.org\/es\/"},{"@type":"ListItem","position":2,"name":"Eventos","item":"https:\/\/cultura.santjosep.org\/agenda\/"},{"@type":"ListItem","position":3,"name":"Sala virtual de Can Jeroni infantil &#8211; &#8220;La revolta dels contes&#8221;"}]},{"@type":"WebSite","@id":"https:\/\/cultura.santjosep.org\/es\/#website","url":"https:\/\/cultura.santjosep.org\/es\/","name":"Cultura a Sant Josep de sa Talaia","description":"","publisher":{"@id":"https:\/\/cultura.santjosep.org\/es\/#organization"},"potentialAction":[{"@type":"SearchAction","target":{"@type":"EntryPoint","urlTemplate":"https:\/\/cultura.santjosep.org\/es\/?s={search_term_string}"},"query-input":{"@type":"PropertyValueSpecification","valueRequired":true,"valueName":"search_term_string"}}],"inLanguage":"es"},{"@type":"Organization","@id":"https:\/\/cultura.santjosep.org\/es\/#organization","name":"Ajuntament de Sant Josep de sa Talaia","url":"https:\/\/cultura.santjosep.org\/es\/","logo":{"@type":"ImageObject","inLanguage":"es","@id":"https:\/\/cultura.santjosep.org\/es\/#\/schema\/logo\/image\/","url":"https:\/\/cultura.santjosep.org\/wp-content\/uploads\/2020\/10\/logocolor.jpg","contentUrl":"https:\/\/cultura.santjosep.org\/wp-content\/uploads\/2020\/10\/logocolor.jpg","width":250,"height":98,"caption":"Ajuntament de Sant Josep de sa Talaia"},"image":{"@id":"https:\/\/cultura.santjosep.org\/es\/#\/schema\/logo\/image\/"},"sameAs":["https:\/\/www.facebook.com\/Ajuntament-de-Sant-Josep-de-sa-Talaia-197541666931354\/","https:\/\/x.com\/DeTalaia","https:\/\/www.instagram.com\/sant_josep_de_sa_talaia\/"]}]}},"_links":{"self":[{"href":"https:\/\/cultura.santjosep.org\/es\/wp-json\/wp\/v2\/tribe_events\/5570","targetHints":{"allow":["GET"]}}],"collection":[{"href":"https:\/\/cultura.santjosep.org\/es\/wp-json\/wp\/v2\/tribe_events"}],"about":[{"href":"https:\/\/cultura.santjosep.org\/es\/wp-json\/wp\/v2\/types\/tribe_events"}],"author":[{"embeddable":true,"href":"https:\/\/cultura.santjosep.org\/es\/wp-json\/wp\/v2\/users\/1"}],"version-history":[{"count":0,"href":"https:\/\/cultura.santjosep.org\/es\/wp-json\/wp\/v2\/tribe_events\/5570\/revisions"}],"wp:featuredmedia":[{"embeddable":true,"href":"https:\/\/cultura.santjosep.org\/es\/wp-json\/wp\/v2\/media\/5568"}],"wp:attachment":[{"href":"https:\/\/cultura.santjosep.org\/es\/wp-json\/wp\/v2\/media?parent=5570"}],"wp:term":[{"taxonomy":"post_tag","embeddable":true,"href":"https:\/\/cultura.santjosep.org\/es\/wp-json\/wp\/v2\/tags?post=5570"},{"taxonomy":"tribe_events_cat","embeddable":true,"href":"https:\/\/cultura.santjosep.org\/es\/wp-json\/wp\/v2\/tribe_events_cat?post=5570"}],"curies":[{"name":"wp","href":"https:\/\/api.w.org\/{rel}","templated":true}]}}