{"id":5936,"date":"2021-03-25T10:26:22","date_gmt":"2021-03-25T09:26:22","guid":{"rendered":"https:\/\/cultura.santjosep.org\/agenda\/v-ibiza-cine-fest-woman-of-a-photographs\/"},"modified":"2021-03-25T10:28:54","modified_gmt":"2021-03-25T09:28:54","slug":"v-ibiza-cine-fest-woman-of-a-photographs","status":"publish","type":"tribe_events","link":"https:\/\/cultura.santjosep.org\/es\/agenda\/v-ibiza-cine-fest-woman-of-a-photographs\/","title":{"rendered":"V Ibiza Cine Fest \u2013  \u201cWoman of a Photographs\u201d"},"content":{"rendered":"<p><strong>Woman of a Photographs | Takeshi Kushida  | IBZCF 2021<\/strong><\/p>\n<p>El fot\u00f3grafo de mediana edad y artista de retoques Kai se encuentra con Kyoko, una hermosa mujer y modelo con una enorme y fea cicatriz en su cuerpo. Ella le pregunta si puede borrar la cicatriz en sus fotograf\u00edas y crear un cuerpo perfecto e impecable con sus habilidades de retoque. Kyoko est\u00e1 fascinada por su nueva apariencia perfecta en sus fotograf\u00edas. Al mismo tiempo, duda en mostrar al mundo y a sus fans su figura ideal o mostrar su yo real. Kai siente que solo \u00e9l puede salvar a Kyoko de sus angustias, y est\u00e1 decidido a amarla a toda costa, incluso si eso significa la muerte para \u00e9l.<\/p>\n<p><img loading=\"lazy\" decoding=\"async\" src=\"https:\/\/cultura.santjosep.org\/wp-content\/uploads\/2021\/03\/CONUNPACK-_-WOMAN-OF-THE-300x300.png\" alt=\"\" width=\"300\" height=\"300\" class=\"alignnone size-medium wp-image-5931\" srcset=\"https:\/\/cultura.santjosep.org\/wp-content\/uploads\/2021\/03\/CONUNPACK-_-WOMAN-OF-THE-300x300.png 300w, https:\/\/cultura.santjosep.org\/wp-content\/uploads\/2021\/03\/CONUNPACK-_-WOMAN-OF-THE-150x150.png 150w, https:\/\/cultura.santjosep.org\/wp-content\/uploads\/2021\/03\/CONUNPACK-_-WOMAN-OF-THE-768x768.png 768w, https:\/\/cultura.santjosep.org\/wp-content\/uploads\/2021\/03\/CONUNPACK-_-WOMAN-OF-THE.png 828w\" sizes=\"auto, (max-width: 300px) 100vw, 300px\" \/><\/p>\n","protected":false},"excerpt":{"rendered":"<p>Woman of a Photographs | Takeshi Kushida | IBZCF 2021 El fot\u00f3grafo de mediana edad y artista de retoques Kai se encuentra con Kyoko, una hermosa mujer y modelo con &hellip; <\/p>\n<p class=\"link-more\"><a href=\"https:\/\/cultura.santjosep.org\/es\/agenda\/v-ibiza-cine-fest-woman-of-a-photographs\/\" class=\"more-link\">Seguir leyendo<span class=\"screen-reader-text\"> \u00abV Ibiza Cine Fest \u2013  \u201cWoman of a Photographs\u201d\u00bb<\/span><\/a><\/p>\n","protected":false},"author":1,"featured_media":5934,"template":"","meta":{"_tribe_events_status":"","_tribe_events_status_reason":"","_tribe_events_is_hybrid":"","_tribe_events_is_virtual":"","_tribe_events_virtual_video_source":"","_tribe_events_virtual_embed_video":"","_tribe_events_virtual_linked_button_text":"","_tribe_events_virtual_linked_button":"","_tribe_events_virtual_show_embed_at":"","_tribe_events_virtual_show_embed_to":[],"_tribe_events_virtual_show_on_event":"","_tribe_events_virtual_show_on_views":"","_tribe_events_virtual_url":"","footnotes":""},"tags":[],"tribe_events_cat":[],"class_list":["post-5936","tribe_events","type-tribe_events","status-publish","has-post-thumbnail","hentry","entry"],"yoast_head":"<!-- This site is optimized with the Yoast SEO plugin v26.6 - https:\/\/yoast.com\/wordpress\/plugins\/seo\/ -->\n<title>V Ibiza Cine Fest \u2013 \u201cWoman of a Photographs\u201d - Cultura a Sant Josep de sa Talaia<\/title>\n<meta name=\"robots\" content=\"index, follow, max-snippet:-1, max-image-preview:large, max-video-preview:-1\" \/>\n<link rel=\"canonical\" href=\"https:\/\/cultura.santjosep.org\/es\/agenda\/v-ibiza-cine-fest-woman-of-a-photographs\/\" \/>\n<meta property=\"og:locale\" content=\"es_ES\" \/>\n<meta property=\"og:type\" content=\"article\" \/>\n<meta property=\"og:title\" content=\"V Ibiza Cine Fest \u2013 \u201cWoman of a Photographs\u201d - Cultura a Sant Josep de sa Talaia\" \/>\n<meta property=\"og:description\" content=\"Woman of a Photographs | Takeshi Kushida | IBZCF 2021 El fot\u00f3grafo de mediana edad y artista de retoques Kai se encuentra con Kyoko, una hermosa mujer y modelo con &hellip; Seguir leyendo \u00abV Ibiza Cine Fest \u2013 \u201cWoman of a Photographs\u201d\u00bb\" \/>\n<meta property=\"og:url\" content=\"https:\/\/cultura.santjosep.org\/es\/agenda\/v-ibiza-cine-fest-woman-of-a-photographs\/\" \/>\n<meta property=\"og:site_name\" content=\"Cultura a Sant Josep de sa Talaia\" \/>\n<meta property=\"article:publisher\" content=\"https:\/\/www.facebook.com\/Ajuntament-de-Sant-Josep-de-sa-Talaia-197541666931354\/\" \/>\n<meta property=\"article:modified_time\" content=\"2021-03-25T09:28:54+00:00\" \/>\n<meta property=\"og:image\" content=\"https:\/\/cultura.santjosep.org\/wp-content\/uploads\/2021\/03\/WOMAN-A-THE-PHOTOGRAPS-p1xpzuvwfue4z703shwmjdh022q4ffk5hdyczvzkn8.jpg\" \/>\n\t<meta property=\"og:image:width\" content=\"450\" \/>\n\t<meta property=\"og:image:height\" content=\"250\" \/>\n\t<meta property=\"og:image:type\" content=\"image\/jpeg\" \/>\n<meta name=\"twitter:card\" content=\"summary_large_image\" \/>\n<meta name=\"twitter:site\" content=\"@DeTalaia\" \/>\n<meta name=\"twitter:label1\" content=\"Tiempo de lectura\" \/>\n\t<meta name=\"twitter:data1\" content=\"1 minuto\" \/>\n<script type=\"application\/ld+json\" class=\"yoast-schema-graph\">{\"@context\":\"https:\/\/schema.org\",\"@graph\":[{\"@type\":\"WebPage\",\"@id\":\"https:\/\/cultura.santjosep.org\/es\/agenda\/v-ibiza-cine-fest-woman-of-a-photographs\/\",\"url\":\"https:\/\/cultura.santjosep.org\/es\/agenda\/v-ibiza-cine-fest-woman-of-a-photographs\/\",\"name\":\"V Ibiza Cine Fest \u2013 \u201cWoman of a Photographs\u201d - Cultura a Sant Josep de sa Talaia\",\"isPartOf\":{\"@id\":\"https:\/\/cultura.santjosep.org\/es\/#website\"},\"primaryImageOfPage\":{\"@id\":\"https:\/\/cultura.santjosep.org\/es\/agenda\/v-ibiza-cine-fest-woman-of-a-photographs\/#primaryimage\"},\"image\":{\"@id\":\"https:\/\/cultura.santjosep.org\/es\/agenda\/v-ibiza-cine-fest-woman-of-a-photographs\/#primaryimage\"},\"thumbnailUrl\":\"https:\/\/cultura.santjosep.org\/wp-content\/uploads\/2021\/03\/WOMAN-A-THE-PHOTOGRAPS-p1xpzuvwfue4z703shwmjdh022q4ffk5hdyczvzkn8.jpg\",\"datePublished\":\"2021-03-25T09:26:22+00:00\",\"dateModified\":\"2021-03-25T09:28:54+00:00\",\"breadcrumb\":{\"@id\":\"https:\/\/cultura.santjosep.org\/es\/agenda\/v-ibiza-cine-fest-woman-of-a-photographs\/#breadcrumb\"},\"inLanguage\":\"es\",\"potentialAction\":[{\"@type\":\"ReadAction\",\"target\":[\"https:\/\/cultura.santjosep.org\/es\/agenda\/v-ibiza-cine-fest-woman-of-a-photographs\/\"]}]},{\"@type\":\"ImageObject\",\"inLanguage\":\"es\",\"@id\":\"https:\/\/cultura.santjosep.org\/es\/agenda\/v-ibiza-cine-fest-woman-of-a-photographs\/#primaryimage\",\"url\":\"https:\/\/cultura.santjosep.org\/wp-content\/uploads\/2021\/03\/WOMAN-A-THE-PHOTOGRAPS-p1xpzuvwfue4z703shwmjdh022q4ffk5hdyczvzkn8.jpg\",\"contentUrl\":\"https:\/\/cultura.santjosep.org\/wp-content\/uploads\/2021\/03\/WOMAN-A-THE-PHOTOGRAPS-p1xpzuvwfue4z703shwmjdh022q4ffk5hdyczvzkn8.jpg\",\"width\":450,\"height\":250},{\"@type\":\"BreadcrumbList\",\"@id\":\"https:\/\/cultura.santjosep.org\/es\/agenda\/v-ibiza-cine-fest-woman-of-a-photographs\/#breadcrumb\",\"itemListElement\":[{\"@type\":\"ListItem\",\"position\":1,\"name\":\"Portada\",\"item\":\"https:\/\/cultura.santjosep.org\/es\/\"},{\"@type\":\"ListItem\",\"position\":2,\"name\":\"Eventos\",\"item\":\"https:\/\/cultura.santjosep.org\/agenda\/\"},{\"@type\":\"ListItem\",\"position\":3,\"name\":\"V Ibiza Cine Fest \u2013 \u201cWoman of a Photographs\u201d\"}]},{\"@type\":\"WebSite\",\"@id\":\"https:\/\/cultura.santjosep.org\/es\/#website\",\"url\":\"https:\/\/cultura.santjosep.org\/es\/\",\"name\":\"Cultura a Sant Josep de sa Talaia\",\"description\":\"\",\"publisher\":{\"@id\":\"https:\/\/cultura.santjosep.org\/es\/#organization\"},\"potentialAction\":[{\"@type\":\"SearchAction\",\"target\":{\"@type\":\"EntryPoint\",\"urlTemplate\":\"https:\/\/cultura.santjosep.org\/es\/?s={search_term_string}\"},\"query-input\":{\"@type\":\"PropertyValueSpecification\",\"valueRequired\":true,\"valueName\":\"search_term_string\"}}],\"inLanguage\":\"es\"},{\"@type\":\"Organization\",\"@id\":\"https:\/\/cultura.santjosep.org\/es\/#organization\",\"name\":\"Ajuntament de Sant Josep de sa Talaia\",\"url\":\"https:\/\/cultura.santjosep.org\/es\/\",\"logo\":{\"@type\":\"ImageObject\",\"inLanguage\":\"es\",\"@id\":\"https:\/\/cultura.santjosep.org\/es\/#\/schema\/logo\/image\/\",\"url\":\"https:\/\/cultura.santjosep.org\/wp-content\/uploads\/2020\/10\/logocolor.jpg\",\"contentUrl\":\"https:\/\/cultura.santjosep.org\/wp-content\/uploads\/2020\/10\/logocolor.jpg\",\"width\":250,\"height\":98,\"caption\":\"Ajuntament de Sant Josep de sa Talaia\"},\"image\":{\"@id\":\"https:\/\/cultura.santjosep.org\/es\/#\/schema\/logo\/image\/\"},\"sameAs\":[\"https:\/\/www.facebook.com\/Ajuntament-de-Sant-Josep-de-sa-Talaia-197541666931354\/\",\"https:\/\/x.com\/DeTalaia\",\"https:\/\/www.instagram.com\/sant_josep_de_sa_talaia\/\"]}]}<\/script>\n<!-- \/ Yoast SEO plugin. -->","yoast_head_json":{"title":"V Ibiza Cine Fest \u2013 \u201cWoman of a Photographs\u201d - Cultura a Sant Josep de sa Talaia","robots":{"index":"index","follow":"follow","max-snippet":"max-snippet:-1","max-image-preview":"max-image-preview:large","max-video-preview":"max-video-preview:-1"},"canonical":"https:\/\/cultura.santjosep.org\/es\/agenda\/v-ibiza-cine-fest-woman-of-a-photographs\/","og_locale":"es_ES","og_type":"article","og_title":"V Ibiza Cine Fest \u2013 \u201cWoman of a Photographs\u201d - Cultura a Sant Josep de sa Talaia","og_description":"Woman of a Photographs | Takeshi Kushida | IBZCF 2021 El fot\u00f3grafo de mediana edad y artista de retoques Kai se encuentra con Kyoko, una hermosa mujer y modelo con &hellip; Seguir leyendo \u00abV Ibiza Cine Fest \u2013 \u201cWoman of a Photographs\u201d\u00bb","og_url":"https:\/\/cultura.santjosep.org\/es\/agenda\/v-ibiza-cine-fest-woman-of-a-photographs\/","og_site_name":"Cultura a Sant Josep de sa Talaia","article_publisher":"https:\/\/www.facebook.com\/Ajuntament-de-Sant-Josep-de-sa-Talaia-197541666931354\/","article_modified_time":"2021-03-25T09:28:54+00:00","og_image":[{"width":450,"height":250,"url":"https:\/\/cultura.santjosep.org\/wp-content\/uploads\/2021\/03\/WOMAN-A-THE-PHOTOGRAPS-p1xpzuvwfue4z703shwmjdh022q4ffk5hdyczvzkn8.jpg","type":"image\/jpeg"}],"twitter_card":"summary_large_image","twitter_site":"@DeTalaia","twitter_misc":{"Tiempo de lectura":"1 minuto"},"schema":{"@context":"https:\/\/schema.org","@graph":[{"@type":"WebPage","@id":"https:\/\/cultura.santjosep.org\/es\/agenda\/v-ibiza-cine-fest-woman-of-a-photographs\/","url":"https:\/\/cultura.santjosep.org\/es\/agenda\/v-ibiza-cine-fest-woman-of-a-photographs\/","name":"V Ibiza Cine Fest \u2013 \u201cWoman of a Photographs\u201d - Cultura a Sant Josep de sa Talaia","isPartOf":{"@id":"https:\/\/cultura.santjosep.org\/es\/#website"},"primaryImageOfPage":{"@id":"https:\/\/cultura.santjosep.org\/es\/agenda\/v-ibiza-cine-fest-woman-of-a-photographs\/#primaryimage"},"image":{"@id":"https:\/\/cultura.santjosep.org\/es\/agenda\/v-ibiza-cine-fest-woman-of-a-photographs\/#primaryimage"},"thumbnailUrl":"https:\/\/cultura.santjosep.org\/wp-content\/uploads\/2021\/03\/WOMAN-A-THE-PHOTOGRAPS-p1xpzuvwfue4z703shwmjdh022q4ffk5hdyczvzkn8.jpg","datePublished":"2021-03-25T09:26:22+00:00","dateModified":"2021-03-25T09:28:54+00:00","breadcrumb":{"@id":"https:\/\/cultura.santjosep.org\/es\/agenda\/v-ibiza-cine-fest-woman-of-a-photographs\/#breadcrumb"},"inLanguage":"es","potentialAction":[{"@type":"ReadAction","target":["https:\/\/cultura.santjosep.org\/es\/agenda\/v-ibiza-cine-fest-woman-of-a-photographs\/"]}]},{"@type":"ImageObject","inLanguage":"es","@id":"https:\/\/cultura.santjosep.org\/es\/agenda\/v-ibiza-cine-fest-woman-of-a-photographs\/#primaryimage","url":"https:\/\/cultura.santjosep.org\/wp-content\/uploads\/2021\/03\/WOMAN-A-THE-PHOTOGRAPS-p1xpzuvwfue4z703shwmjdh022q4ffk5hdyczvzkn8.jpg","contentUrl":"https:\/\/cultura.santjosep.org\/wp-content\/uploads\/2021\/03\/WOMAN-A-THE-PHOTOGRAPS-p1xpzuvwfue4z703shwmjdh022q4ffk5hdyczvzkn8.jpg","width":450,"height":250},{"@type":"BreadcrumbList","@id":"https:\/\/cultura.santjosep.org\/es\/agenda\/v-ibiza-cine-fest-woman-of-a-photographs\/#breadcrumb","itemListElement":[{"@type":"ListItem","position":1,"name":"Portada","item":"https:\/\/cultura.santjosep.org\/es\/"},{"@type":"ListItem","position":2,"name":"Eventos","item":"https:\/\/cultura.santjosep.org\/agenda\/"},{"@type":"ListItem","position":3,"name":"V Ibiza Cine Fest \u2013 \u201cWoman of a Photographs\u201d"}]},{"@type":"WebSite","@id":"https:\/\/cultura.santjosep.org\/es\/#website","url":"https:\/\/cultura.santjosep.org\/es\/","name":"Cultura a Sant Josep de sa Talaia","description":"","publisher":{"@id":"https:\/\/cultura.santjosep.org\/es\/#organization"},"potentialAction":[{"@type":"SearchAction","target":{"@type":"EntryPoint","urlTemplate":"https:\/\/cultura.santjosep.org\/es\/?s={search_term_string}"},"query-input":{"@type":"PropertyValueSpecification","valueRequired":true,"valueName":"search_term_string"}}],"inLanguage":"es"},{"@type":"Organization","@id":"https:\/\/cultura.santjosep.org\/es\/#organization","name":"Ajuntament de Sant Josep de sa Talaia","url":"https:\/\/cultura.santjosep.org\/es\/","logo":{"@type":"ImageObject","inLanguage":"es","@id":"https:\/\/cultura.santjosep.org\/es\/#\/schema\/logo\/image\/","url":"https:\/\/cultura.santjosep.org\/wp-content\/uploads\/2020\/10\/logocolor.jpg","contentUrl":"https:\/\/cultura.santjosep.org\/wp-content\/uploads\/2020\/10\/logocolor.jpg","width":250,"height":98,"caption":"Ajuntament de Sant Josep de sa Talaia"},"image":{"@id":"https:\/\/cultura.santjosep.org\/es\/#\/schema\/logo\/image\/"},"sameAs":["https:\/\/www.facebook.com\/Ajuntament-de-Sant-Josep-de-sa-Talaia-197541666931354\/","https:\/\/x.com\/DeTalaia","https:\/\/www.instagram.com\/sant_josep_de_sa_talaia\/"]}]}},"_links":{"self":[{"href":"https:\/\/cultura.santjosep.org\/es\/wp-json\/wp\/v2\/tribe_events\/5936","targetHints":{"allow":["GET"]}}],"collection":[{"href":"https:\/\/cultura.santjosep.org\/es\/wp-json\/wp\/v2\/tribe_events"}],"about":[{"href":"https:\/\/cultura.santjosep.org\/es\/wp-json\/wp\/v2\/types\/tribe_events"}],"author":[{"embeddable":true,"href":"https:\/\/cultura.santjosep.org\/es\/wp-json\/wp\/v2\/users\/1"}],"version-history":[{"count":0,"href":"https:\/\/cultura.santjosep.org\/es\/wp-json\/wp\/v2\/tribe_events\/5936\/revisions"}],"wp:featuredmedia":[{"embeddable":true,"href":"https:\/\/cultura.santjosep.org\/es\/wp-json\/wp\/v2\/media\/5934"}],"wp:attachment":[{"href":"https:\/\/cultura.santjosep.org\/es\/wp-json\/wp\/v2\/media?parent=5936"}],"wp:term":[{"taxonomy":"post_tag","embeddable":true,"href":"https:\/\/cultura.santjosep.org\/es\/wp-json\/wp\/v2\/tags?post=5936"},{"taxonomy":"tribe_events_cat","embeddable":true,"href":"https:\/\/cultura.santjosep.org\/es\/wp-json\/wp\/v2\/tribe_events_cat?post=5936"}],"curies":[{"name":"wp","href":"https:\/\/api.w.org\/{rel}","templated":true}]}}