{"id":5949,"date":"2021-03-25T10:37:05","date_gmt":"2021-03-25T09:37:05","guid":{"rendered":"https:\/\/cultura.santjosep.org\/agenda\/v-ibiza-cine-fest-la-fin-des-rois-laatash\/"},"modified":"2021-03-25T10:39:54","modified_gmt":"2021-03-25T09:39:54","slug":"v-ibiza-cine-fest-la-fin-des-rois-laatash","status":"publish","type":"tribe_events","link":"https:\/\/cultura.santjosep.org\/es\/agenda\/v-ibiza-cine-fest-la-fin-des-rois-laatash\/","title":{"rendered":"V Ibiza Cine Fest \u2013  \u201cLa fin des rois\u201d + \u201cLaatash\u201d"},"content":{"rendered":"<p><strong>La fin des rois | R\u00e9mi Brachet | IBZCF 2021<\/strong><\/p>\n<p>La representaci\u00f3n de Clichy-sous-Bois en 2019, la ciudad donde estallaron los disturbios suburbanos franceses en 2005. \u201cEl fin de los reyes\u201d destaca la evoluci\u00f3n de las relaciones de g\u00e9nero en los suburbios perif\u00e9ricos de Par\u00eds.<\/p>\n<p><img loading=\"lazy\" decoding=\"async\" class=\"alignnone wp-image-5944 size-full\" src=\"https:\/\/cultura.santjosep.org\/wp-content\/uploads\/2021\/03\/media-1.jpg\" alt=\"\" width=\"723\" height=\"1024\" srcset=\"https:\/\/cultura.santjosep.org\/wp-content\/uploads\/2021\/03\/media-1.jpg 723w, https:\/\/cultura.santjosep.org\/wp-content\/uploads\/2021\/03\/media-1-212x300.jpg 212w\" sizes=\"auto, (max-width: 723px) 100vw, 723px\" \/><\/p>\n<p><strong>Laatash | Elena Molina | IBZCF 2021<\/strong><\/p>\n<p>Las mujeres saharauis afrontan la sed de la hamada, la maldici\u00f3n del desierto, todos los d\u00edas. Han construido su refugio en una tierra donde nadie pod\u00eda sobrevivir antes. Durante m\u00e1s de cuarenta a\u00f1os han estado aguantando y cuidando a su gente all\u00ed. Aseguran que cada gota de agua se distribuya seg\u00fan las necesidades de cada familia \u2026 y esperan. Pero hay una sed a\u00fan m\u00e1s terrible en sus gargantas, para la que no encuentran alivio.<\/p>\n<p><img loading=\"lazy\" decoding=\"async\" class=\"alignnone wp-image-5946 size-large\" src=\"https:\/\/cultura.santjosep.org\/wp-content\/uploads\/2021\/03\/190409-CARTEL-laureles-v14-copia-731x1024.jpg\" alt=\"\" width=\"640\" height=\"897\" srcset=\"https:\/\/cultura.santjosep.org\/wp-content\/uploads\/2021\/03\/190409-CARTEL-laureles-v14-copia-731x1024.jpg 731w, https:\/\/cultura.santjosep.org\/wp-content\/uploads\/2021\/03\/190409-CARTEL-laureles-v14-copia-214x300.jpg 214w, https:\/\/cultura.santjosep.org\/wp-content\/uploads\/2021\/03\/190409-CARTEL-laureles-v14-copia-768x1075.jpg 768w, https:\/\/cultura.santjosep.org\/wp-content\/uploads\/2021\/03\/190409-CARTEL-laureles-v14-copia.jpg 1000w\" sizes=\"auto, (max-width: 640px) 100vw, 640px\" \/><\/p>\n","protected":false},"excerpt":{"rendered":"<p>La fin des rois | R\u00e9mi Brachet | IBZCF 2021 La representaci\u00f3n de Clichy-sous-Bois en 2019, la ciudad donde estallaron los disturbios suburbanos franceses en 2005. \u201cEl fin de los &hellip; <\/p>\n<p class=\"link-more\"><a href=\"https:\/\/cultura.santjosep.org\/es\/agenda\/v-ibiza-cine-fest-la-fin-des-rois-laatash\/\" class=\"more-link\">Seguir leyendo<span class=\"screen-reader-text\"> \u00abV Ibiza Cine Fest \u2013  \u201cLa fin des rois\u201d + \u201cLaatash\u201d\u00bb<\/span><\/a><\/p>\n","protected":false},"author":1,"featured_media":5943,"template":"","meta":{"_tribe_events_status":"","_tribe_events_status_reason":"","_tribe_events_is_hybrid":"","_tribe_events_is_virtual":"","_tribe_events_virtual_video_source":"","_tribe_events_virtual_embed_video":"","_tribe_events_virtual_linked_button_text":"","_tribe_events_virtual_linked_button":"","_tribe_events_virtual_show_embed_at":"","_tribe_events_virtual_show_embed_to":[],"_tribe_events_virtual_show_on_event":"","_tribe_events_virtual_show_on_views":"","_tribe_events_virtual_url":"","footnotes":""},"tags":[],"tribe_events_cat":[],"class_list":["post-5949","tribe_events","type-tribe_events","status-publish","has-post-thumbnail","hentry","entry"],"yoast_head":"<!-- This site is optimized with the Yoast SEO plugin v26.6 - https:\/\/yoast.com\/wordpress\/plugins\/seo\/ -->\n<title>V Ibiza Cine Fest \u2013 \u201cLa fin des rois\u201d + \u201cLaatash\u201d - Cultura a Sant Josep de sa Talaia<\/title>\n<meta name=\"robots\" content=\"index, follow, max-snippet:-1, max-image-preview:large, max-video-preview:-1\" \/>\n<link rel=\"canonical\" href=\"https:\/\/cultura.santjosep.org\/es\/agenda\/v-ibiza-cine-fest-la-fin-des-rois-laatash\/\" \/>\n<meta property=\"og:locale\" content=\"es_ES\" \/>\n<meta property=\"og:type\" content=\"article\" \/>\n<meta property=\"og:title\" content=\"V Ibiza Cine Fest \u2013 \u201cLa fin des rois\u201d + \u201cLaatash\u201d - Cultura a Sant Josep de sa Talaia\" \/>\n<meta property=\"og:description\" content=\"La fin des rois | R\u00e9mi Brachet | IBZCF 2021 La representaci\u00f3n de Clichy-sous-Bois en 2019, la ciudad donde estallaron los disturbios suburbanos franceses en 2005. \u201cEl fin de los &hellip; Seguir leyendo \u00abV Ibiza Cine Fest \u2013 \u201cLa fin des rois\u201d + \u201cLaatash\u201d\u00bb\" \/>\n<meta property=\"og:url\" content=\"https:\/\/cultura.santjosep.org\/es\/agenda\/v-ibiza-cine-fest-la-fin-des-rois-laatash\/\" \/>\n<meta property=\"og:site_name\" content=\"Cultura a Sant Josep de sa Talaia\" \/>\n<meta property=\"article:publisher\" content=\"https:\/\/www.facebook.com\/Ajuntament-de-Sant-Josep-de-sa-Talaia-197541666931354\/\" \/>\n<meta property=\"article:modified_time\" content=\"2021-03-25T09:39:54+00:00\" \/>\n<meta property=\"og:image\" content=\"https:\/\/cultura.santjosep.org\/wp-content\/uploads\/2021\/03\/5abril.jpg\" \/>\n\t<meta property=\"og:image:width\" content=\"1080\" \/>\n\t<meta property=\"og:image:height\" content=\"900\" \/>\n\t<meta property=\"og:image:type\" content=\"image\/jpeg\" \/>\n<meta name=\"twitter:card\" content=\"summary_large_image\" \/>\n<meta name=\"twitter:site\" content=\"@DeTalaia\" \/>\n<meta name=\"twitter:label1\" content=\"Tiempo de lectura\" \/>\n\t<meta name=\"twitter:data1\" content=\"1 minuto\" \/>\n<script type=\"application\/ld+json\" class=\"yoast-schema-graph\">{\"@context\":\"https:\/\/schema.org\",\"@graph\":[{\"@type\":\"WebPage\",\"@id\":\"https:\/\/cultura.santjosep.org\/es\/agenda\/v-ibiza-cine-fest-la-fin-des-rois-laatash\/\",\"url\":\"https:\/\/cultura.santjosep.org\/es\/agenda\/v-ibiza-cine-fest-la-fin-des-rois-laatash\/\",\"name\":\"V Ibiza Cine Fest \u2013 \u201cLa fin des rois\u201d + \u201cLaatash\u201d - Cultura a Sant Josep de sa Talaia\",\"isPartOf\":{\"@id\":\"https:\/\/cultura.santjosep.org\/es\/#website\"},\"primaryImageOfPage\":{\"@id\":\"https:\/\/cultura.santjosep.org\/es\/agenda\/v-ibiza-cine-fest-la-fin-des-rois-laatash\/#primaryimage\"},\"image\":{\"@id\":\"https:\/\/cultura.santjosep.org\/es\/agenda\/v-ibiza-cine-fest-la-fin-des-rois-laatash\/#primaryimage\"},\"thumbnailUrl\":\"https:\/\/cultura.santjosep.org\/wp-content\/uploads\/2021\/03\/5abril.jpg\",\"datePublished\":\"2021-03-25T09:37:05+00:00\",\"dateModified\":\"2021-03-25T09:39:54+00:00\",\"breadcrumb\":{\"@id\":\"https:\/\/cultura.santjosep.org\/es\/agenda\/v-ibiza-cine-fest-la-fin-des-rois-laatash\/#breadcrumb\"},\"inLanguage\":\"es\",\"potentialAction\":[{\"@type\":\"ReadAction\",\"target\":[\"https:\/\/cultura.santjosep.org\/es\/agenda\/v-ibiza-cine-fest-la-fin-des-rois-laatash\/\"]}]},{\"@type\":\"ImageObject\",\"inLanguage\":\"es\",\"@id\":\"https:\/\/cultura.santjosep.org\/es\/agenda\/v-ibiza-cine-fest-la-fin-des-rois-laatash\/#primaryimage\",\"url\":\"https:\/\/cultura.santjosep.org\/wp-content\/uploads\/2021\/03\/5abril.jpg\",\"contentUrl\":\"https:\/\/cultura.santjosep.org\/wp-content\/uploads\/2021\/03\/5abril.jpg\",\"width\":1080,\"height\":900},{\"@type\":\"BreadcrumbList\",\"@id\":\"https:\/\/cultura.santjosep.org\/es\/agenda\/v-ibiza-cine-fest-la-fin-des-rois-laatash\/#breadcrumb\",\"itemListElement\":[{\"@type\":\"ListItem\",\"position\":1,\"name\":\"Portada\",\"item\":\"https:\/\/cultura.santjosep.org\/es\/\"},{\"@type\":\"ListItem\",\"position\":2,\"name\":\"Eventos\",\"item\":\"https:\/\/cultura.santjosep.org\/agenda\/\"},{\"@type\":\"ListItem\",\"position\":3,\"name\":\"V Ibiza Cine Fest \u2013 \u201cLa fin des rois\u201d + \u201cLaatash\u201d\"}]},{\"@type\":\"WebSite\",\"@id\":\"https:\/\/cultura.santjosep.org\/es\/#website\",\"url\":\"https:\/\/cultura.santjosep.org\/es\/\",\"name\":\"Cultura a Sant Josep de sa Talaia\",\"description\":\"\",\"publisher\":{\"@id\":\"https:\/\/cultura.santjosep.org\/es\/#organization\"},\"potentialAction\":[{\"@type\":\"SearchAction\",\"target\":{\"@type\":\"EntryPoint\",\"urlTemplate\":\"https:\/\/cultura.santjosep.org\/es\/?s={search_term_string}\"},\"query-input\":{\"@type\":\"PropertyValueSpecification\",\"valueRequired\":true,\"valueName\":\"search_term_string\"}}],\"inLanguage\":\"es\"},{\"@type\":\"Organization\",\"@id\":\"https:\/\/cultura.santjosep.org\/es\/#organization\",\"name\":\"Ajuntament de Sant Josep de sa Talaia\",\"url\":\"https:\/\/cultura.santjosep.org\/es\/\",\"logo\":{\"@type\":\"ImageObject\",\"inLanguage\":\"es\",\"@id\":\"https:\/\/cultura.santjosep.org\/es\/#\/schema\/logo\/image\/\",\"url\":\"https:\/\/cultura.santjosep.org\/wp-content\/uploads\/2020\/10\/logocolor.jpg\",\"contentUrl\":\"https:\/\/cultura.santjosep.org\/wp-content\/uploads\/2020\/10\/logocolor.jpg\",\"width\":250,\"height\":98,\"caption\":\"Ajuntament de Sant Josep de sa Talaia\"},\"image\":{\"@id\":\"https:\/\/cultura.santjosep.org\/es\/#\/schema\/logo\/image\/\"},\"sameAs\":[\"https:\/\/www.facebook.com\/Ajuntament-de-Sant-Josep-de-sa-Talaia-197541666931354\/\",\"https:\/\/x.com\/DeTalaia\",\"https:\/\/www.instagram.com\/sant_josep_de_sa_talaia\/\"]}]}<\/script>\n<!-- \/ Yoast SEO plugin. -->","yoast_head_json":{"title":"V Ibiza Cine Fest \u2013 \u201cLa fin des rois\u201d + \u201cLaatash\u201d - Cultura a Sant Josep de sa Talaia","robots":{"index":"index","follow":"follow","max-snippet":"max-snippet:-1","max-image-preview":"max-image-preview:large","max-video-preview":"max-video-preview:-1"},"canonical":"https:\/\/cultura.santjosep.org\/es\/agenda\/v-ibiza-cine-fest-la-fin-des-rois-laatash\/","og_locale":"es_ES","og_type":"article","og_title":"V Ibiza Cine Fest \u2013 \u201cLa fin des rois\u201d + \u201cLaatash\u201d - Cultura a Sant Josep de sa Talaia","og_description":"La fin des rois | R\u00e9mi Brachet | IBZCF 2021 La representaci\u00f3n de Clichy-sous-Bois en 2019, la ciudad donde estallaron los disturbios suburbanos franceses en 2005. \u201cEl fin de los &hellip; Seguir leyendo \u00abV Ibiza Cine Fest \u2013 \u201cLa fin des rois\u201d + \u201cLaatash\u201d\u00bb","og_url":"https:\/\/cultura.santjosep.org\/es\/agenda\/v-ibiza-cine-fest-la-fin-des-rois-laatash\/","og_site_name":"Cultura a Sant Josep de sa Talaia","article_publisher":"https:\/\/www.facebook.com\/Ajuntament-de-Sant-Josep-de-sa-Talaia-197541666931354\/","article_modified_time":"2021-03-25T09:39:54+00:00","og_image":[{"width":1080,"height":900,"url":"https:\/\/cultura.santjosep.org\/wp-content\/uploads\/2021\/03\/5abril.jpg","type":"image\/jpeg"}],"twitter_card":"summary_large_image","twitter_site":"@DeTalaia","twitter_misc":{"Tiempo de lectura":"1 minuto"},"schema":{"@context":"https:\/\/schema.org","@graph":[{"@type":"WebPage","@id":"https:\/\/cultura.santjosep.org\/es\/agenda\/v-ibiza-cine-fest-la-fin-des-rois-laatash\/","url":"https:\/\/cultura.santjosep.org\/es\/agenda\/v-ibiza-cine-fest-la-fin-des-rois-laatash\/","name":"V Ibiza Cine Fest \u2013 \u201cLa fin des rois\u201d + \u201cLaatash\u201d - Cultura a Sant Josep de sa Talaia","isPartOf":{"@id":"https:\/\/cultura.santjosep.org\/es\/#website"},"primaryImageOfPage":{"@id":"https:\/\/cultura.santjosep.org\/es\/agenda\/v-ibiza-cine-fest-la-fin-des-rois-laatash\/#primaryimage"},"image":{"@id":"https:\/\/cultura.santjosep.org\/es\/agenda\/v-ibiza-cine-fest-la-fin-des-rois-laatash\/#primaryimage"},"thumbnailUrl":"https:\/\/cultura.santjosep.org\/wp-content\/uploads\/2021\/03\/5abril.jpg","datePublished":"2021-03-25T09:37:05+00:00","dateModified":"2021-03-25T09:39:54+00:00","breadcrumb":{"@id":"https:\/\/cultura.santjosep.org\/es\/agenda\/v-ibiza-cine-fest-la-fin-des-rois-laatash\/#breadcrumb"},"inLanguage":"es","potentialAction":[{"@type":"ReadAction","target":["https:\/\/cultura.santjosep.org\/es\/agenda\/v-ibiza-cine-fest-la-fin-des-rois-laatash\/"]}]},{"@type":"ImageObject","inLanguage":"es","@id":"https:\/\/cultura.santjosep.org\/es\/agenda\/v-ibiza-cine-fest-la-fin-des-rois-laatash\/#primaryimage","url":"https:\/\/cultura.santjosep.org\/wp-content\/uploads\/2021\/03\/5abril.jpg","contentUrl":"https:\/\/cultura.santjosep.org\/wp-content\/uploads\/2021\/03\/5abril.jpg","width":1080,"height":900},{"@type":"BreadcrumbList","@id":"https:\/\/cultura.santjosep.org\/es\/agenda\/v-ibiza-cine-fest-la-fin-des-rois-laatash\/#breadcrumb","itemListElement":[{"@type":"ListItem","position":1,"name":"Portada","item":"https:\/\/cultura.santjosep.org\/es\/"},{"@type":"ListItem","position":2,"name":"Eventos","item":"https:\/\/cultura.santjosep.org\/agenda\/"},{"@type":"ListItem","position":3,"name":"V Ibiza Cine Fest \u2013 \u201cLa fin des rois\u201d + \u201cLaatash\u201d"}]},{"@type":"WebSite","@id":"https:\/\/cultura.santjosep.org\/es\/#website","url":"https:\/\/cultura.santjosep.org\/es\/","name":"Cultura a Sant Josep de sa Talaia","description":"","publisher":{"@id":"https:\/\/cultura.santjosep.org\/es\/#organization"},"potentialAction":[{"@type":"SearchAction","target":{"@type":"EntryPoint","urlTemplate":"https:\/\/cultura.santjosep.org\/es\/?s={search_term_string}"},"query-input":{"@type":"PropertyValueSpecification","valueRequired":true,"valueName":"search_term_string"}}],"inLanguage":"es"},{"@type":"Organization","@id":"https:\/\/cultura.santjosep.org\/es\/#organization","name":"Ajuntament de Sant Josep de sa Talaia","url":"https:\/\/cultura.santjosep.org\/es\/","logo":{"@type":"ImageObject","inLanguage":"es","@id":"https:\/\/cultura.santjosep.org\/es\/#\/schema\/logo\/image\/","url":"https:\/\/cultura.santjosep.org\/wp-content\/uploads\/2020\/10\/logocolor.jpg","contentUrl":"https:\/\/cultura.santjosep.org\/wp-content\/uploads\/2020\/10\/logocolor.jpg","width":250,"height":98,"caption":"Ajuntament de Sant Josep de sa Talaia"},"image":{"@id":"https:\/\/cultura.santjosep.org\/es\/#\/schema\/logo\/image\/"},"sameAs":["https:\/\/www.facebook.com\/Ajuntament-de-Sant-Josep-de-sa-Talaia-197541666931354\/","https:\/\/x.com\/DeTalaia","https:\/\/www.instagram.com\/sant_josep_de_sa_talaia\/"]}]}},"_links":{"self":[{"href":"https:\/\/cultura.santjosep.org\/es\/wp-json\/wp\/v2\/tribe_events\/5949","targetHints":{"allow":["GET"]}}],"collection":[{"href":"https:\/\/cultura.santjosep.org\/es\/wp-json\/wp\/v2\/tribe_events"}],"about":[{"href":"https:\/\/cultura.santjosep.org\/es\/wp-json\/wp\/v2\/types\/tribe_events"}],"author":[{"embeddable":true,"href":"https:\/\/cultura.santjosep.org\/es\/wp-json\/wp\/v2\/users\/1"}],"version-history":[{"count":0,"href":"https:\/\/cultura.santjosep.org\/es\/wp-json\/wp\/v2\/tribe_events\/5949\/revisions"}],"wp:featuredmedia":[{"embeddable":true,"href":"https:\/\/cultura.santjosep.org\/es\/wp-json\/wp\/v2\/media\/5943"}],"wp:attachment":[{"href":"https:\/\/cultura.santjosep.org\/es\/wp-json\/wp\/v2\/media?parent=5949"}],"wp:term":[{"taxonomy":"post_tag","embeddable":true,"href":"https:\/\/cultura.santjosep.org\/es\/wp-json\/wp\/v2\/tags?post=5949"},{"taxonomy":"tribe_events_cat","embeddable":true,"href":"https:\/\/cultura.santjosep.org\/es\/wp-json\/wp\/v2\/tribe_events_cat?post=5949"}],"curies":[{"name":"wp","href":"https:\/\/api.w.org\/{rel}","templated":true}]}}