{"id":7047,"date":"2021-07-01T12:11:13","date_gmt":"2021-07-01T10:11:13","guid":{"rendered":"https:\/\/cultura.santjosep.org\/agenda\/cine-a-la-fresca-a-sant-jordi-the-secret-garden\/"},"modified":"2021-07-02T11:54:24","modified_gmt":"2021-07-02T09:54:24","slug":"cine-a-la-fresca-en-sant-jordi-the-secret-garden","status":"publish","type":"tribe_events","link":"https:\/\/cultura.santjosep.org\/es\/agenda\/cine-a-la-fresca-en-sant-jordi-the-secret-garden\/","title":{"rendered":"Cine a la fresca en Sant Jordi &#8211;  \u00abThe secret garden\u00bb (Ciclo Literatura y Cine)"},"content":{"rendered":"<p><strong>\u00abThe secret garden\u00bb | VOSE | 2020 |<\/strong><\/p>\n<p><strong>Duraci\u00f3n:<\/strong> 99 min. Reino Unido<br \/>\n<strong>Direcci\u00f3n:<\/strong> Marc Munden<br \/>\n<strong>Sinopsis: <\/strong>Mary Lennox (Dixie Egerickx) es un ni\u00f1a nacida en la India de padres brit\u00e1nicos. Cuando ambos fallecen de repente, Mary es enviada a Inglaterra con su t\u00edo, Archibald Craven (Colin Firth), que vive en un remoto paraje en el p\u00e1ramo de Yorkshire. All\u00ed comienza a descubrir secretos familiares, sobre todo despu\u00e9s de conocer a su enfermizo primo (Edan Hayhurst), que durante a\u00f1os ha estado encerrado en una de las alas de la mansi\u00f3n. Juntos, los dos ni\u00f1os exploran un jard\u00edn descubierto por Mary, que les ayuda a cerrar las heridas que han sufrido en su corta existencia. <\/p>\n<p><img loading=\"lazy\" decoding=\"async\" class=\"alignnone wp-image-7042\" src=\"https:\/\/cultura.santjosep.org\/wp-content\/uploads\/2021\/07\/cartel-6-195x300.jpg\" alt=\"\" width=\"632\" height=\"972\" srcset=\"https:\/\/cultura.santjosep.org\/wp-content\/uploads\/2021\/07\/cartel-6-195x300.jpg 195w, https:\/\/cultura.santjosep.org\/wp-content\/uploads\/2021\/07\/cartel-6-666x1024.jpg 666w, https:\/\/cultura.santjosep.org\/wp-content\/uploads\/2021\/07\/cartel-6-768x1181.jpg 768w, https:\/\/cultura.santjosep.org\/wp-content\/uploads\/2021\/07\/cartel-6-999x1536.jpg 999w, https:\/\/cultura.santjosep.org\/wp-content\/uploads\/2021\/07\/cartel-6-1332x2048.jpg 1332w, https:\/\/cultura.santjosep.org\/wp-content\/uploads\/2021\/07\/cartel-6-1320x2030.jpg 1320w, https:\/\/cultura.santjosep.org\/wp-content\/uploads\/2021\/07\/cartel-6.jpg 1500w\" sizes=\"auto, (max-width: 632px) 100vw, 632px\" \/><\/p>\n<p><em><br \/>\nEn base a la normativa que con motivo del COVID-19 regula la realizaci\u00f3n de actividades culturales en espacios cerrados y al aire libre, se aplicaran las normas oportunas de control de asistencia y de segurridad e higiene vigentes en la fecha de la actividad..<br \/>\n<\/em><\/p>\n","protected":false},"excerpt":{"rendered":"<p>\u00abThe secret garden\u00bb | VOSE | 2020 | Duraci\u00f3n: 99 min. Reino Unido Direcci\u00f3n: Marc Munden Sinopsis: Mary Lennox (Dixie Egerickx) es un ni\u00f1a nacida en la India de padres &hellip; <\/p>\n<p class=\"link-more\"><a href=\"https:\/\/cultura.santjosep.org\/es\/agenda\/cine-a-la-fresca-en-sant-jordi-the-secret-garden\/\" class=\"more-link\">Seguir leyendo<span class=\"screen-reader-text\"> \u00abCine a la fresca en Sant Jordi &#8211;  \u00abThe secret garden\u00bb (Ciclo Literatura y Cine)\u00bb<\/span><\/a><\/p>\n","protected":false},"author":1,"featured_media":7055,"template":"","meta":{"_tribe_events_status":"","_tribe_events_status_reason":"","_tribe_events_is_hybrid":"","_tribe_events_is_virtual":"","_tribe_events_virtual_video_source":"","_tribe_events_virtual_embed_video":"","_tribe_events_virtual_linked_button_text":"","_tribe_events_virtual_linked_button":"","_tribe_events_virtual_show_embed_at":"","_tribe_events_virtual_show_embed_to":[],"_tribe_events_virtual_show_on_event":"","_tribe_events_virtual_show_on_views":"","_tribe_events_virtual_url":"","footnotes":""},"tags":[],"tribe_events_cat":[88],"class_list":["post-7047","tribe_events","type-tribe_events","status-publish","has-post-thumbnail","hentry","tribe_events_cat-cine-a-la-fresca-es","cat_cine-a-la-fresca-es","entry"],"yoast_head":"<!-- This site is optimized with the Yoast SEO plugin v26.6 - https:\/\/yoast.com\/wordpress\/plugins\/seo\/ -->\n<title>Cine a la fresca en Sant Jordi - &quot;The secret garden&quot; (Ciclo Literatura y Cine) - Cultura a Sant Josep de sa Talaia<\/title>\n<meta name=\"robots\" content=\"index, follow, max-snippet:-1, max-image-preview:large, max-video-preview:-1\" \/>\n<link rel=\"canonical\" href=\"https:\/\/cultura.santjosep.org\/es\/agenda\/cine-a-la-fresca-en-sant-jordi-the-secret-garden\/\" \/>\n<meta property=\"og:locale\" content=\"es_ES\" \/>\n<meta property=\"og:type\" content=\"article\" \/>\n<meta property=\"og:title\" content=\"Cine a la fresca en Sant Jordi - &quot;The secret garden&quot; (Ciclo Literatura y Cine) - Cultura a Sant Josep de sa Talaia\" \/>\n<meta property=\"og:description\" content=\"\u00abThe secret garden\u00bb | VOSE | 2020 | Duraci\u00f3n: 99 min. Reino Unido Direcci\u00f3n: Marc Munden Sinopsis: Mary Lennox (Dixie Egerickx) es un ni\u00f1a nacida en la India de padres &hellip; Seguir leyendo \u00abCine a la fresca en Sant Jordi &#8211; \u00abThe secret garden\u00bb (Ciclo Literatura y Cine)\u00bb\" \/>\n<meta property=\"og:url\" content=\"https:\/\/cultura.santjosep.org\/es\/agenda\/cine-a-la-fresca-en-sant-jordi-the-secret-garden\/\" \/>\n<meta property=\"og:site_name\" content=\"Cultura a Sant Josep de sa Talaia\" \/>\n<meta property=\"article:publisher\" content=\"https:\/\/www.facebook.com\/Ajuntament-de-Sant-Josep-de-sa-Talaia-197541666931354\/\" \/>\n<meta property=\"article:modified_time\" content=\"2021-07-02T09:54:24+00:00\" \/>\n<meta property=\"og:image\" content=\"https:\/\/cultura.santjosep.org\/wp-content\/uploads\/2021\/07\/entrada.jpg\" \/>\n\t<meta property=\"og:image:width\" content=\"1024\" \/>\n\t<meta property=\"og:image:height\" content=\"536\" \/>\n\t<meta property=\"og:image:type\" content=\"image\/jpeg\" \/>\n<meta name=\"twitter:card\" content=\"summary_large_image\" \/>\n<meta name=\"twitter:site\" content=\"@DeTalaia\" \/>\n<meta name=\"twitter:label1\" content=\"Tiempo de lectura\" \/>\n\t<meta name=\"twitter:data1\" content=\"1 minuto\" \/>\n<script type=\"application\/ld+json\" class=\"yoast-schema-graph\">{\"@context\":\"https:\/\/schema.org\",\"@graph\":[{\"@type\":\"WebPage\",\"@id\":\"https:\/\/cultura.santjosep.org\/es\/agenda\/cine-a-la-fresca-en-sant-jordi-the-secret-garden\/\",\"url\":\"https:\/\/cultura.santjosep.org\/es\/agenda\/cine-a-la-fresca-en-sant-jordi-the-secret-garden\/\",\"name\":\"Cine a la fresca en Sant Jordi - \\\"The secret garden\\\" (Ciclo Literatura y Cine) - Cultura a Sant Josep de sa Talaia\",\"isPartOf\":{\"@id\":\"https:\/\/cultura.santjosep.org\/es\/#website\"},\"primaryImageOfPage\":{\"@id\":\"https:\/\/cultura.santjosep.org\/es\/agenda\/cine-a-la-fresca-en-sant-jordi-the-secret-garden\/#primaryimage\"},\"image\":{\"@id\":\"https:\/\/cultura.santjosep.org\/es\/agenda\/cine-a-la-fresca-en-sant-jordi-the-secret-garden\/#primaryimage\"},\"thumbnailUrl\":\"https:\/\/cultura.santjosep.org\/wp-content\/uploads\/2021\/07\/entrada.jpg\",\"datePublished\":\"2021-07-01T10:11:13+00:00\",\"dateModified\":\"2021-07-02T09:54:24+00:00\",\"breadcrumb\":{\"@id\":\"https:\/\/cultura.santjosep.org\/es\/agenda\/cine-a-la-fresca-en-sant-jordi-the-secret-garden\/#breadcrumb\"},\"inLanguage\":\"es\",\"potentialAction\":[{\"@type\":\"ReadAction\",\"target\":[\"https:\/\/cultura.santjosep.org\/es\/agenda\/cine-a-la-fresca-en-sant-jordi-the-secret-garden\/\"]}]},{\"@type\":\"ImageObject\",\"inLanguage\":\"es\",\"@id\":\"https:\/\/cultura.santjosep.org\/es\/agenda\/cine-a-la-fresca-en-sant-jordi-the-secret-garden\/#primaryimage\",\"url\":\"https:\/\/cultura.santjosep.org\/wp-content\/uploads\/2021\/07\/entrada.jpg\",\"contentUrl\":\"https:\/\/cultura.santjosep.org\/wp-content\/uploads\/2021\/07\/entrada.jpg\",\"width\":1024,\"height\":536},{\"@type\":\"BreadcrumbList\",\"@id\":\"https:\/\/cultura.santjosep.org\/es\/agenda\/cine-a-la-fresca-en-sant-jordi-the-secret-garden\/#breadcrumb\",\"itemListElement\":[{\"@type\":\"ListItem\",\"position\":1,\"name\":\"Portada\",\"item\":\"https:\/\/cultura.santjosep.org\/es\/\"},{\"@type\":\"ListItem\",\"position\":2,\"name\":\"Eventos\",\"item\":\"https:\/\/cultura.santjosep.org\/agenda\/\"},{\"@type\":\"ListItem\",\"position\":3,\"name\":\"Cine a la fresca en Sant Jordi &#8211; \u00abThe secret garden\u00bb (Ciclo Literatura y Cine)\"}]},{\"@type\":\"WebSite\",\"@id\":\"https:\/\/cultura.santjosep.org\/es\/#website\",\"url\":\"https:\/\/cultura.santjosep.org\/es\/\",\"name\":\"Cultura a Sant Josep de sa Talaia\",\"description\":\"\",\"publisher\":{\"@id\":\"https:\/\/cultura.santjosep.org\/es\/#organization\"},\"potentialAction\":[{\"@type\":\"SearchAction\",\"target\":{\"@type\":\"EntryPoint\",\"urlTemplate\":\"https:\/\/cultura.santjosep.org\/es\/?s={search_term_string}\"},\"query-input\":{\"@type\":\"PropertyValueSpecification\",\"valueRequired\":true,\"valueName\":\"search_term_string\"}}],\"inLanguage\":\"es\"},{\"@type\":\"Organization\",\"@id\":\"https:\/\/cultura.santjosep.org\/es\/#organization\",\"name\":\"Ajuntament de Sant Josep de sa Talaia\",\"url\":\"https:\/\/cultura.santjosep.org\/es\/\",\"logo\":{\"@type\":\"ImageObject\",\"inLanguage\":\"es\",\"@id\":\"https:\/\/cultura.santjosep.org\/es\/#\/schema\/logo\/image\/\",\"url\":\"https:\/\/cultura.santjosep.org\/wp-content\/uploads\/2020\/10\/logocolor.jpg\",\"contentUrl\":\"https:\/\/cultura.santjosep.org\/wp-content\/uploads\/2020\/10\/logocolor.jpg\",\"width\":250,\"height\":98,\"caption\":\"Ajuntament de Sant Josep de sa Talaia\"},\"image\":{\"@id\":\"https:\/\/cultura.santjosep.org\/es\/#\/schema\/logo\/image\/\"},\"sameAs\":[\"https:\/\/www.facebook.com\/Ajuntament-de-Sant-Josep-de-sa-Talaia-197541666931354\/\",\"https:\/\/x.com\/DeTalaia\",\"https:\/\/www.instagram.com\/sant_josep_de_sa_talaia\/\"]}]}<\/script>\n<!-- \/ Yoast SEO plugin. -->","yoast_head_json":{"title":"Cine a la fresca en Sant Jordi - \"The secret garden\" (Ciclo Literatura y Cine) - Cultura a Sant Josep de sa Talaia","robots":{"index":"index","follow":"follow","max-snippet":"max-snippet:-1","max-image-preview":"max-image-preview:large","max-video-preview":"max-video-preview:-1"},"canonical":"https:\/\/cultura.santjosep.org\/es\/agenda\/cine-a-la-fresca-en-sant-jordi-the-secret-garden\/","og_locale":"es_ES","og_type":"article","og_title":"Cine a la fresca en Sant Jordi - \"The secret garden\" (Ciclo Literatura y Cine) - Cultura a Sant Josep de sa Talaia","og_description":"\u00abThe secret garden\u00bb | VOSE | 2020 | Duraci\u00f3n: 99 min. Reino Unido Direcci\u00f3n: Marc Munden Sinopsis: Mary Lennox (Dixie Egerickx) es un ni\u00f1a nacida en la India de padres &hellip; Seguir leyendo \u00abCine a la fresca en Sant Jordi &#8211; \u00abThe secret garden\u00bb (Ciclo Literatura y Cine)\u00bb","og_url":"https:\/\/cultura.santjosep.org\/es\/agenda\/cine-a-la-fresca-en-sant-jordi-the-secret-garden\/","og_site_name":"Cultura a Sant Josep de sa Talaia","article_publisher":"https:\/\/www.facebook.com\/Ajuntament-de-Sant-Josep-de-sa-Talaia-197541666931354\/","article_modified_time":"2021-07-02T09:54:24+00:00","og_image":[{"width":1024,"height":536,"url":"https:\/\/cultura.santjosep.org\/wp-content\/uploads\/2021\/07\/entrada.jpg","type":"image\/jpeg"}],"twitter_card":"summary_large_image","twitter_site":"@DeTalaia","twitter_misc":{"Tiempo de lectura":"1 minuto"},"schema":{"@context":"https:\/\/schema.org","@graph":[{"@type":"WebPage","@id":"https:\/\/cultura.santjosep.org\/es\/agenda\/cine-a-la-fresca-en-sant-jordi-the-secret-garden\/","url":"https:\/\/cultura.santjosep.org\/es\/agenda\/cine-a-la-fresca-en-sant-jordi-the-secret-garden\/","name":"Cine a la fresca en Sant Jordi - \"The secret garden\" (Ciclo Literatura y Cine) - Cultura a Sant Josep de sa Talaia","isPartOf":{"@id":"https:\/\/cultura.santjosep.org\/es\/#website"},"primaryImageOfPage":{"@id":"https:\/\/cultura.santjosep.org\/es\/agenda\/cine-a-la-fresca-en-sant-jordi-the-secret-garden\/#primaryimage"},"image":{"@id":"https:\/\/cultura.santjosep.org\/es\/agenda\/cine-a-la-fresca-en-sant-jordi-the-secret-garden\/#primaryimage"},"thumbnailUrl":"https:\/\/cultura.santjosep.org\/wp-content\/uploads\/2021\/07\/entrada.jpg","datePublished":"2021-07-01T10:11:13+00:00","dateModified":"2021-07-02T09:54:24+00:00","breadcrumb":{"@id":"https:\/\/cultura.santjosep.org\/es\/agenda\/cine-a-la-fresca-en-sant-jordi-the-secret-garden\/#breadcrumb"},"inLanguage":"es","potentialAction":[{"@type":"ReadAction","target":["https:\/\/cultura.santjosep.org\/es\/agenda\/cine-a-la-fresca-en-sant-jordi-the-secret-garden\/"]}]},{"@type":"ImageObject","inLanguage":"es","@id":"https:\/\/cultura.santjosep.org\/es\/agenda\/cine-a-la-fresca-en-sant-jordi-the-secret-garden\/#primaryimage","url":"https:\/\/cultura.santjosep.org\/wp-content\/uploads\/2021\/07\/entrada.jpg","contentUrl":"https:\/\/cultura.santjosep.org\/wp-content\/uploads\/2021\/07\/entrada.jpg","width":1024,"height":536},{"@type":"BreadcrumbList","@id":"https:\/\/cultura.santjosep.org\/es\/agenda\/cine-a-la-fresca-en-sant-jordi-the-secret-garden\/#breadcrumb","itemListElement":[{"@type":"ListItem","position":1,"name":"Portada","item":"https:\/\/cultura.santjosep.org\/es\/"},{"@type":"ListItem","position":2,"name":"Eventos","item":"https:\/\/cultura.santjosep.org\/agenda\/"},{"@type":"ListItem","position":3,"name":"Cine a la fresca en Sant Jordi &#8211; \u00abThe secret garden\u00bb (Ciclo Literatura y Cine)"}]},{"@type":"WebSite","@id":"https:\/\/cultura.santjosep.org\/es\/#website","url":"https:\/\/cultura.santjosep.org\/es\/","name":"Cultura a Sant Josep de sa Talaia","description":"","publisher":{"@id":"https:\/\/cultura.santjosep.org\/es\/#organization"},"potentialAction":[{"@type":"SearchAction","target":{"@type":"EntryPoint","urlTemplate":"https:\/\/cultura.santjosep.org\/es\/?s={search_term_string}"},"query-input":{"@type":"PropertyValueSpecification","valueRequired":true,"valueName":"search_term_string"}}],"inLanguage":"es"},{"@type":"Organization","@id":"https:\/\/cultura.santjosep.org\/es\/#organization","name":"Ajuntament de Sant Josep de sa Talaia","url":"https:\/\/cultura.santjosep.org\/es\/","logo":{"@type":"ImageObject","inLanguage":"es","@id":"https:\/\/cultura.santjosep.org\/es\/#\/schema\/logo\/image\/","url":"https:\/\/cultura.santjosep.org\/wp-content\/uploads\/2020\/10\/logocolor.jpg","contentUrl":"https:\/\/cultura.santjosep.org\/wp-content\/uploads\/2020\/10\/logocolor.jpg","width":250,"height":98,"caption":"Ajuntament de Sant Josep de sa Talaia"},"image":{"@id":"https:\/\/cultura.santjosep.org\/es\/#\/schema\/logo\/image\/"},"sameAs":["https:\/\/www.facebook.com\/Ajuntament-de-Sant-Josep-de-sa-Talaia-197541666931354\/","https:\/\/x.com\/DeTalaia","https:\/\/www.instagram.com\/sant_josep_de_sa_talaia\/"]}]}},"_links":{"self":[{"href":"https:\/\/cultura.santjosep.org\/es\/wp-json\/wp\/v2\/tribe_events\/7047","targetHints":{"allow":["GET"]}}],"collection":[{"href":"https:\/\/cultura.santjosep.org\/es\/wp-json\/wp\/v2\/tribe_events"}],"about":[{"href":"https:\/\/cultura.santjosep.org\/es\/wp-json\/wp\/v2\/types\/tribe_events"}],"author":[{"embeddable":true,"href":"https:\/\/cultura.santjosep.org\/es\/wp-json\/wp\/v2\/users\/1"}],"version-history":[{"count":0,"href":"https:\/\/cultura.santjosep.org\/es\/wp-json\/wp\/v2\/tribe_events\/7047\/revisions"}],"wp:featuredmedia":[{"embeddable":true,"href":"https:\/\/cultura.santjosep.org\/es\/wp-json\/wp\/v2\/media\/7055"}],"wp:attachment":[{"href":"https:\/\/cultura.santjosep.org\/es\/wp-json\/wp\/v2\/media?parent=7047"}],"wp:term":[{"taxonomy":"post_tag","embeddable":true,"href":"https:\/\/cultura.santjosep.org\/es\/wp-json\/wp\/v2\/tags?post=7047"},{"taxonomy":"tribe_events_cat","embeddable":true,"href":"https:\/\/cultura.santjosep.org\/es\/wp-json\/wp\/v2\/tribe_events_cat?post=7047"}],"curies":[{"name":"wp","href":"https:\/\/api.w.org\/{rel}","templated":true}]}}