{"id":7093,"date":"2021-07-01T12:42:46","date_gmt":"2021-07-01T10:42:46","guid":{"rendered":"https:\/\/cultura.santjosep.org\/agenda\/cine-a-la-fresca-a-sant-jordi-girl-with-a-pearl-earring\/"},"modified":"2021-07-02T11:54:14","modified_gmt":"2021-07-02T09:54:14","slug":"cine-a-la-fresca-en-sant-jordi-girl-with-a-pearl-earring","status":"publish","type":"tribe_events","link":"https:\/\/cultura.santjosep.org\/es\/agenda\/cine-a-la-fresca-en-sant-jordi-girl-with-a-pearl-earring\/","title":{"rendered":"Cine a la fresca en Sant Jordi &#8211;  \u00abGirl with a Pearl Earring\u00bb (Ciclo Literatura y Cine)"},"content":{"rendered":"<p><strong>\u00abGirl with a Pearl Earring\u00bb | VOSE | 2003 |<\/strong><\/p>\n<p><strong>Duraci\u00f3n:<\/strong> 96 min. Reino Unido<br \/>\n<strong>Direcci\u00f3n:<\/strong> Peter Webber<br \/>\n<strong>Sinopsis: <\/strong>Delft, Holanda, 1665. Griet entra a servir en casa de Johannes Vermeer, el cual, consciente de las dotes de la joven para percibir la luz y el color, ir\u00e1 introduci\u00e9ndola poco a poco en el mundo de su pintura. Maria Thins, la suegra de Vermeer, al ver que Griet se ha convertido en la musa del pintor, decide no inmiscuirse en su relaci\u00f3n con la esperanza de que su yerno pinte m\u00e1s cuadros. Griet se enamora de Vermeer, aunque no est\u00e1 segura de cu\u00e1les son los sentimientos del pintor hacia ella. Finalmente, el maquiav\u00e9lico Van Ruijven, envidioso de la intimidad de la pareja, se las ingenia para que Vermeer reciba el encargo de pintar a Griet. El resultado ser\u00e1 una magn\u00edfica obra de arte. <\/p>\n<p><img loading=\"lazy\" decoding=\"async\" class=\"alignnone  wp-image-7088\" src=\"https:\/\/cultura.santjosep.org\/wp-content\/uploads\/2021\/07\/girl_with_a_pearl_earring-165498332-large-211x300.jpg\" alt=\"\" width=\"611\" height=\"869\" srcset=\"https:\/\/cultura.santjosep.org\/wp-content\/uploads\/2021\/07\/girl_with_a_pearl_earring-165498332-large-211x300.jpg 211w, https:\/\/cultura.santjosep.org\/wp-content\/uploads\/2021\/07\/girl_with_a_pearl_earring-165498332-large.jpg 600w\" sizes=\"auto, (max-width: 611px) 100vw, 611px\" \/><br \/>\n<em><br \/>\nEn base a la normativa que con motivo del COVID-19 regula la realizaci\u00f3n de actividades culturales en espacios cerrados y al aire libre, se aplicaran las normas oportunas de control de asistencia y de seguridad e higiene vigentes en la fecha de la actividad.<br \/>\n<\/em><\/p>\n","protected":false},"excerpt":{"rendered":"<p>\u00abGirl with a Pearl Earring\u00bb | VOSE | 2003 | Duraci\u00f3n: 96 min. Reino Unido Direcci\u00f3n: Peter Webber Sinopsis: Delft, Holanda, 1665. Griet entra a servir en casa de Johannes &hellip; <\/p>\n<p class=\"link-more\"><a href=\"https:\/\/cultura.santjosep.org\/es\/agenda\/cine-a-la-fresca-en-sant-jordi-girl-with-a-pearl-earring\/\" class=\"more-link\">Seguir leyendo<span class=\"screen-reader-text\"> \u00abCine a la fresca en Sant Jordi &#8211;  \u00abGirl with a Pearl Earring\u00bb (Ciclo Literatura y Cine)\u00bb<\/span><\/a><\/p>\n","protected":false},"author":1,"featured_media":7087,"template":"","meta":{"_tribe_events_status":"","_tribe_events_status_reason":"","_tribe_events_is_hybrid":"","_tribe_events_is_virtual":"","_tribe_events_virtual_video_source":"","_tribe_events_virtual_embed_video":"","_tribe_events_virtual_linked_button_text":"","_tribe_events_virtual_linked_button":"","_tribe_events_virtual_show_embed_at":"","_tribe_events_virtual_show_embed_to":[],"_tribe_events_virtual_show_on_event":"","_tribe_events_virtual_show_on_views":"","_tribe_events_virtual_url":"","footnotes":""},"tags":[],"tribe_events_cat":[88],"class_list":["post-7093","tribe_events","type-tribe_events","status-publish","has-post-thumbnail","hentry","tribe_events_cat-cine-a-la-fresca-es","cat_cine-a-la-fresca-es","entry"],"yoast_head":"<!-- This site is optimized with the Yoast SEO plugin v26.6 - https:\/\/yoast.com\/wordpress\/plugins\/seo\/ -->\n<title>Cine a la fresca en Sant Jordi - &quot;Girl with a Pearl Earring&quot; (Ciclo Literatura y Cine) - Cultura a Sant Josep de sa Talaia<\/title>\n<meta name=\"robots\" content=\"index, follow, max-snippet:-1, max-image-preview:large, max-video-preview:-1\" \/>\n<link rel=\"canonical\" href=\"https:\/\/cultura.santjosep.org\/es\/agenda\/cine-a-la-fresca-en-sant-jordi-girl-with-a-pearl-earring\/\" \/>\n<meta property=\"og:locale\" content=\"es_ES\" \/>\n<meta property=\"og:type\" content=\"article\" \/>\n<meta property=\"og:title\" content=\"Cine a la fresca en Sant Jordi - &quot;Girl with a Pearl Earring&quot; (Ciclo Literatura y Cine) - Cultura a Sant Josep de sa Talaia\" \/>\n<meta property=\"og:description\" content=\"\u00abGirl with a Pearl Earring\u00bb | VOSE | 2003 | Duraci\u00f3n: 96 min. Reino Unido Direcci\u00f3n: Peter Webber Sinopsis: Delft, Holanda, 1665. Griet entra a servir en casa de Johannes &hellip; Seguir leyendo \u00abCine a la fresca en Sant Jordi &#8211; \u00abGirl with a Pearl Earring\u00bb (Ciclo Literatura y Cine)\u00bb\" \/>\n<meta property=\"og:url\" content=\"https:\/\/cultura.santjosep.org\/es\/agenda\/cine-a-la-fresca-en-sant-jordi-girl-with-a-pearl-earring\/\" \/>\n<meta property=\"og:site_name\" content=\"Cultura a Sant Josep de sa Talaia\" \/>\n<meta property=\"article:publisher\" content=\"https:\/\/www.facebook.com\/Ajuntament-de-Sant-Josep-de-sa-Talaia-197541666931354\/\" \/>\n<meta property=\"article:modified_time\" content=\"2021-07-02T09:54:14+00:00\" \/>\n<meta property=\"og:image\" content=\"https:\/\/cultura.santjosep.org\/wp-content\/uploads\/2021\/07\/Girl-With-a-Pearl-Earring.jpg\" \/>\n\t<meta property=\"og:image:width\" content=\"1704\" \/>\n\t<meta property=\"og:image:height\" content=\"1140\" \/>\n\t<meta property=\"og:image:type\" content=\"image\/jpeg\" \/>\n<meta name=\"twitter:card\" content=\"summary_large_image\" \/>\n<meta name=\"twitter:site\" content=\"@DeTalaia\" \/>\n<meta name=\"twitter:label1\" content=\"Tiempo de lectura\" \/>\n\t<meta name=\"twitter:data1\" content=\"1 minuto\" \/>\n<script type=\"application\/ld+json\" class=\"yoast-schema-graph\">{\"@context\":\"https:\/\/schema.org\",\"@graph\":[{\"@type\":\"WebPage\",\"@id\":\"https:\/\/cultura.santjosep.org\/es\/agenda\/cine-a-la-fresca-en-sant-jordi-girl-with-a-pearl-earring\/\",\"url\":\"https:\/\/cultura.santjosep.org\/es\/agenda\/cine-a-la-fresca-en-sant-jordi-girl-with-a-pearl-earring\/\",\"name\":\"Cine a la fresca en Sant Jordi - \\\"Girl with a Pearl Earring\\\" (Ciclo Literatura y Cine) - Cultura a Sant Josep de sa Talaia\",\"isPartOf\":{\"@id\":\"https:\/\/cultura.santjosep.org\/es\/#website\"},\"primaryImageOfPage\":{\"@id\":\"https:\/\/cultura.santjosep.org\/es\/agenda\/cine-a-la-fresca-en-sant-jordi-girl-with-a-pearl-earring\/#primaryimage\"},\"image\":{\"@id\":\"https:\/\/cultura.santjosep.org\/es\/agenda\/cine-a-la-fresca-en-sant-jordi-girl-with-a-pearl-earring\/#primaryimage\"},\"thumbnailUrl\":\"https:\/\/cultura.santjosep.org\/wp-content\/uploads\/2021\/07\/Girl-With-a-Pearl-Earring.jpg\",\"datePublished\":\"2021-07-01T10:42:46+00:00\",\"dateModified\":\"2021-07-02T09:54:14+00:00\",\"breadcrumb\":{\"@id\":\"https:\/\/cultura.santjosep.org\/es\/agenda\/cine-a-la-fresca-en-sant-jordi-girl-with-a-pearl-earring\/#breadcrumb\"},\"inLanguage\":\"es\",\"potentialAction\":[{\"@type\":\"ReadAction\",\"target\":[\"https:\/\/cultura.santjosep.org\/es\/agenda\/cine-a-la-fresca-en-sant-jordi-girl-with-a-pearl-earring\/\"]}]},{\"@type\":\"ImageObject\",\"inLanguage\":\"es\",\"@id\":\"https:\/\/cultura.santjosep.org\/es\/agenda\/cine-a-la-fresca-en-sant-jordi-girl-with-a-pearl-earring\/#primaryimage\",\"url\":\"https:\/\/cultura.santjosep.org\/wp-content\/uploads\/2021\/07\/Girl-With-a-Pearl-Earring.jpg\",\"contentUrl\":\"https:\/\/cultura.santjosep.org\/wp-content\/uploads\/2021\/07\/Girl-With-a-Pearl-Earring.jpg\",\"width\":1704,\"height\":1140,\"caption\":\"GIRL WITH A PEARL EARRING Director: Peter Webber Cast: Colin Firth, Scarlett Johansson Client: Pathe Films\"},{\"@type\":\"BreadcrumbList\",\"@id\":\"https:\/\/cultura.santjosep.org\/es\/agenda\/cine-a-la-fresca-en-sant-jordi-girl-with-a-pearl-earring\/#breadcrumb\",\"itemListElement\":[{\"@type\":\"ListItem\",\"position\":1,\"name\":\"Portada\",\"item\":\"https:\/\/cultura.santjosep.org\/es\/\"},{\"@type\":\"ListItem\",\"position\":2,\"name\":\"Eventos\",\"item\":\"https:\/\/cultura.santjosep.org\/agenda\/\"},{\"@type\":\"ListItem\",\"position\":3,\"name\":\"Cine a la fresca en Sant Jordi &#8211; \u00abGirl with a Pearl Earring\u00bb (Ciclo Literatura y Cine)\"}]},{\"@type\":\"WebSite\",\"@id\":\"https:\/\/cultura.santjosep.org\/es\/#website\",\"url\":\"https:\/\/cultura.santjosep.org\/es\/\",\"name\":\"Cultura a Sant Josep de sa Talaia\",\"description\":\"\",\"publisher\":{\"@id\":\"https:\/\/cultura.santjosep.org\/es\/#organization\"},\"potentialAction\":[{\"@type\":\"SearchAction\",\"target\":{\"@type\":\"EntryPoint\",\"urlTemplate\":\"https:\/\/cultura.santjosep.org\/es\/?s={search_term_string}\"},\"query-input\":{\"@type\":\"PropertyValueSpecification\",\"valueRequired\":true,\"valueName\":\"search_term_string\"}}],\"inLanguage\":\"es\"},{\"@type\":\"Organization\",\"@id\":\"https:\/\/cultura.santjosep.org\/es\/#organization\",\"name\":\"Ajuntament de Sant Josep de sa Talaia\",\"url\":\"https:\/\/cultura.santjosep.org\/es\/\",\"logo\":{\"@type\":\"ImageObject\",\"inLanguage\":\"es\",\"@id\":\"https:\/\/cultura.santjosep.org\/es\/#\/schema\/logo\/image\/\",\"url\":\"https:\/\/cultura.santjosep.org\/wp-content\/uploads\/2020\/10\/logocolor.jpg\",\"contentUrl\":\"https:\/\/cultura.santjosep.org\/wp-content\/uploads\/2020\/10\/logocolor.jpg\",\"width\":250,\"height\":98,\"caption\":\"Ajuntament de Sant Josep de sa Talaia\"},\"image\":{\"@id\":\"https:\/\/cultura.santjosep.org\/es\/#\/schema\/logo\/image\/\"},\"sameAs\":[\"https:\/\/www.facebook.com\/Ajuntament-de-Sant-Josep-de-sa-Talaia-197541666931354\/\",\"https:\/\/x.com\/DeTalaia\",\"https:\/\/www.instagram.com\/sant_josep_de_sa_talaia\/\"]}]}<\/script>\n<!-- \/ Yoast SEO plugin. -->","yoast_head_json":{"title":"Cine a la fresca en Sant Jordi - \"Girl with a Pearl Earring\" (Ciclo Literatura y Cine) - Cultura a Sant Josep de sa Talaia","robots":{"index":"index","follow":"follow","max-snippet":"max-snippet:-1","max-image-preview":"max-image-preview:large","max-video-preview":"max-video-preview:-1"},"canonical":"https:\/\/cultura.santjosep.org\/es\/agenda\/cine-a-la-fresca-en-sant-jordi-girl-with-a-pearl-earring\/","og_locale":"es_ES","og_type":"article","og_title":"Cine a la fresca en Sant Jordi - \"Girl with a Pearl Earring\" (Ciclo Literatura y Cine) - Cultura a Sant Josep de sa Talaia","og_description":"\u00abGirl with a Pearl Earring\u00bb | VOSE | 2003 | Duraci\u00f3n: 96 min. Reino Unido Direcci\u00f3n: Peter Webber Sinopsis: Delft, Holanda, 1665. Griet entra a servir en casa de Johannes &hellip; Seguir leyendo \u00abCine a la fresca en Sant Jordi &#8211; \u00abGirl with a Pearl Earring\u00bb (Ciclo Literatura y Cine)\u00bb","og_url":"https:\/\/cultura.santjosep.org\/es\/agenda\/cine-a-la-fresca-en-sant-jordi-girl-with-a-pearl-earring\/","og_site_name":"Cultura a Sant Josep de sa Talaia","article_publisher":"https:\/\/www.facebook.com\/Ajuntament-de-Sant-Josep-de-sa-Talaia-197541666931354\/","article_modified_time":"2021-07-02T09:54:14+00:00","og_image":[{"width":1704,"height":1140,"url":"https:\/\/cultura.santjosep.org\/wp-content\/uploads\/2021\/07\/Girl-With-a-Pearl-Earring.jpg","type":"image\/jpeg"}],"twitter_card":"summary_large_image","twitter_site":"@DeTalaia","twitter_misc":{"Tiempo de lectura":"1 minuto"},"schema":{"@context":"https:\/\/schema.org","@graph":[{"@type":"WebPage","@id":"https:\/\/cultura.santjosep.org\/es\/agenda\/cine-a-la-fresca-en-sant-jordi-girl-with-a-pearl-earring\/","url":"https:\/\/cultura.santjosep.org\/es\/agenda\/cine-a-la-fresca-en-sant-jordi-girl-with-a-pearl-earring\/","name":"Cine a la fresca en Sant Jordi - \"Girl with a Pearl Earring\" (Ciclo Literatura y Cine) - Cultura a Sant Josep de sa Talaia","isPartOf":{"@id":"https:\/\/cultura.santjosep.org\/es\/#website"},"primaryImageOfPage":{"@id":"https:\/\/cultura.santjosep.org\/es\/agenda\/cine-a-la-fresca-en-sant-jordi-girl-with-a-pearl-earring\/#primaryimage"},"image":{"@id":"https:\/\/cultura.santjosep.org\/es\/agenda\/cine-a-la-fresca-en-sant-jordi-girl-with-a-pearl-earring\/#primaryimage"},"thumbnailUrl":"https:\/\/cultura.santjosep.org\/wp-content\/uploads\/2021\/07\/Girl-With-a-Pearl-Earring.jpg","datePublished":"2021-07-01T10:42:46+00:00","dateModified":"2021-07-02T09:54:14+00:00","breadcrumb":{"@id":"https:\/\/cultura.santjosep.org\/es\/agenda\/cine-a-la-fresca-en-sant-jordi-girl-with-a-pearl-earring\/#breadcrumb"},"inLanguage":"es","potentialAction":[{"@type":"ReadAction","target":["https:\/\/cultura.santjosep.org\/es\/agenda\/cine-a-la-fresca-en-sant-jordi-girl-with-a-pearl-earring\/"]}]},{"@type":"ImageObject","inLanguage":"es","@id":"https:\/\/cultura.santjosep.org\/es\/agenda\/cine-a-la-fresca-en-sant-jordi-girl-with-a-pearl-earring\/#primaryimage","url":"https:\/\/cultura.santjosep.org\/wp-content\/uploads\/2021\/07\/Girl-With-a-Pearl-Earring.jpg","contentUrl":"https:\/\/cultura.santjosep.org\/wp-content\/uploads\/2021\/07\/Girl-With-a-Pearl-Earring.jpg","width":1704,"height":1140,"caption":"GIRL WITH A PEARL EARRING Director: Peter Webber Cast: Colin Firth, Scarlett Johansson Client: Pathe Films"},{"@type":"BreadcrumbList","@id":"https:\/\/cultura.santjosep.org\/es\/agenda\/cine-a-la-fresca-en-sant-jordi-girl-with-a-pearl-earring\/#breadcrumb","itemListElement":[{"@type":"ListItem","position":1,"name":"Portada","item":"https:\/\/cultura.santjosep.org\/es\/"},{"@type":"ListItem","position":2,"name":"Eventos","item":"https:\/\/cultura.santjosep.org\/agenda\/"},{"@type":"ListItem","position":3,"name":"Cine a la fresca en Sant Jordi &#8211; \u00abGirl with a Pearl Earring\u00bb (Ciclo Literatura y Cine)"}]},{"@type":"WebSite","@id":"https:\/\/cultura.santjosep.org\/es\/#website","url":"https:\/\/cultura.santjosep.org\/es\/","name":"Cultura a Sant Josep de sa Talaia","description":"","publisher":{"@id":"https:\/\/cultura.santjosep.org\/es\/#organization"},"potentialAction":[{"@type":"SearchAction","target":{"@type":"EntryPoint","urlTemplate":"https:\/\/cultura.santjosep.org\/es\/?s={search_term_string}"},"query-input":{"@type":"PropertyValueSpecification","valueRequired":true,"valueName":"search_term_string"}}],"inLanguage":"es"},{"@type":"Organization","@id":"https:\/\/cultura.santjosep.org\/es\/#organization","name":"Ajuntament de Sant Josep de sa Talaia","url":"https:\/\/cultura.santjosep.org\/es\/","logo":{"@type":"ImageObject","inLanguage":"es","@id":"https:\/\/cultura.santjosep.org\/es\/#\/schema\/logo\/image\/","url":"https:\/\/cultura.santjosep.org\/wp-content\/uploads\/2020\/10\/logocolor.jpg","contentUrl":"https:\/\/cultura.santjosep.org\/wp-content\/uploads\/2020\/10\/logocolor.jpg","width":250,"height":98,"caption":"Ajuntament de Sant Josep de sa Talaia"},"image":{"@id":"https:\/\/cultura.santjosep.org\/es\/#\/schema\/logo\/image\/"},"sameAs":["https:\/\/www.facebook.com\/Ajuntament-de-Sant-Josep-de-sa-Talaia-197541666931354\/","https:\/\/x.com\/DeTalaia","https:\/\/www.instagram.com\/sant_josep_de_sa_talaia\/"]}]}},"_links":{"self":[{"href":"https:\/\/cultura.santjosep.org\/es\/wp-json\/wp\/v2\/tribe_events\/7093","targetHints":{"allow":["GET"]}}],"collection":[{"href":"https:\/\/cultura.santjosep.org\/es\/wp-json\/wp\/v2\/tribe_events"}],"about":[{"href":"https:\/\/cultura.santjosep.org\/es\/wp-json\/wp\/v2\/types\/tribe_events"}],"author":[{"embeddable":true,"href":"https:\/\/cultura.santjosep.org\/es\/wp-json\/wp\/v2\/users\/1"}],"version-history":[{"count":0,"href":"https:\/\/cultura.santjosep.org\/es\/wp-json\/wp\/v2\/tribe_events\/7093\/revisions"}],"wp:featuredmedia":[{"embeddable":true,"href":"https:\/\/cultura.santjosep.org\/es\/wp-json\/wp\/v2\/media\/7087"}],"wp:attachment":[{"href":"https:\/\/cultura.santjosep.org\/es\/wp-json\/wp\/v2\/media?parent=7093"}],"wp:term":[{"taxonomy":"post_tag","embeddable":true,"href":"https:\/\/cultura.santjosep.org\/es\/wp-json\/wp\/v2\/tags?post=7093"},{"taxonomy":"tribe_events_cat","embeddable":true,"href":"https:\/\/cultura.santjosep.org\/es\/wp-json\/wp\/v2\/tribe_events_cat?post=7093"}],"curies":[{"name":"wp","href":"https:\/\/api.w.org\/{rel}","templated":true}]}}