{"id":7168,"date":"2021-07-01T14:47:22","date_gmt":"2021-07-01T12:47:22","guid":{"rendered":"https:\/\/cultura.santjosep.org\/?post_type=tribe_events&#038;p=7168"},"modified":"2021-07-01T14:55:38","modified_gmt":"2021-07-01T12:55:38","slug":"cine-a-la-fresca-en-sant-josep-les-plus-belles-annees-dune-vie","status":"publish","type":"tribe_events","link":"https:\/\/cultura.santjosep.org\/es\/agenda\/cine-a-la-fresca-en-sant-josep-les-plus-belles-annees-dune-vie\/","title":{"rendered":"Cine a la fresca en Sant Josep &#8211;  \u00abLes plus belles ann\u00e9es d&#8217;une vie\u00bb"},"content":{"rendered":"<p><strong>\u00abLes plus belles ann\u00e9es d&#8217;une vie\u00bb | VOSE | 2019 |<\/strong><\/p>\n<p><strong>Duraci\u00f3n:<\/strong> 90 min. Francia<br \/>\n<strong>Direcci\u00f3n:<\/strong> Claude Lelouch<br \/>\n<strong>Sinopsis: <\/strong>Un hombre y una mujer, hace a\u00f1os, vivieron una historia de amor fulgurante, inesperada, atrapada en un par\u00e9ntesis convertido en un mito. En la actualidad, \u00e9l, antiguo piloto de carreras, se pierde un poco por los caminos de su memoria. Su hijo entonces intenta ayudarle a encontrar a la mujer que su padre no supo guardar junto a \u00e9l, pero a quien rememora continuamente&#8230; Secuela de \u00abUn hombre y una mujer\u00bb (1966) que a su vez tuvo otra secuela 20 a\u00f1os despu\u00e9s.<\/p>\n<p><img loading=\"lazy\" decoding=\"async\" class=\"alignnone  wp-image-7170\" src=\"https:\/\/cultura.santjosep.org\/wp-content\/uploads\/2021\/07\/Les_plus_belles_ann_es_d_une_vie-521746636-mmed-221x300.jpg\" alt=\"\" width=\"612\" height=\"831\" srcset=\"https:\/\/cultura.santjosep.org\/wp-content\/uploads\/2021\/07\/Les_plus_belles_ann_es_d_une_vie-521746636-mmed-221x300.jpg 221w, https:\/\/cultura.santjosep.org\/wp-content\/uploads\/2021\/07\/Les_plus_belles_ann_es_d_une_vie-521746636-mmed.jpg 300w\" sizes=\"auto, (max-width: 612px) 100vw, 612px\" \/><br \/>\n<em><br \/>\nEn base a la normativa que con motivo del COVID-19 regula la realizaci\u00f3n de actividades culturales en espacios cerrados y al aire libre, se aplicaran las normas oportunas de control de asistencia y de seguridad e higiene vigentes en la fecha de la actividad<br \/>\n<\/em><\/p>\n","protected":false},"excerpt":{"rendered":"<p>\u00abLes plus belles ann\u00e9es d&#8217;une vie\u00bb | VOSE | 2019 | Duraci\u00f3n: 90 min. Francia Direcci\u00f3n: Claude Lelouch Sinopsis: Un hombre y una mujer, hace a\u00f1os, vivieron una historia de &hellip; <\/p>\n<p class=\"link-more\"><a href=\"https:\/\/cultura.santjosep.org\/es\/agenda\/cine-a-la-fresca-en-sant-josep-les-plus-belles-annees-dune-vie\/\" class=\"more-link\">Seguir leyendo<span class=\"screen-reader-text\"> \u00abCine a la fresca en Sant Josep &#8211;  \u00abLes plus belles ann\u00e9es d&#8217;une vie\u00bb\u00bb<\/span><\/a><\/p>\n","protected":false},"author":1,"featured_media":7172,"template":"","meta":{"_tribe_events_status":"","_tribe_events_status_reason":"","_tribe_events_is_hybrid":"","_tribe_events_is_virtual":"","_tribe_events_virtual_video_source":"","_tribe_events_virtual_embed_video":"","_tribe_events_virtual_linked_button_text":"","_tribe_events_virtual_linked_button":"","_tribe_events_virtual_show_embed_at":"","_tribe_events_virtual_show_embed_to":[],"_tribe_events_virtual_show_on_event":"","_tribe_events_virtual_show_on_views":"","_tribe_events_virtual_url":"","footnotes":""},"tags":[],"tribe_events_cat":[88],"class_list":["post-7168","tribe_events","type-tribe_events","status-publish","has-post-thumbnail","hentry","tribe_events_cat-cine-a-la-fresca-es","cat_cine-a-la-fresca-es","entry"],"yoast_head":"<!-- This site is optimized with the Yoast SEO plugin v26.6 - https:\/\/yoast.com\/wordpress\/plugins\/seo\/ -->\n<title>Cine a la fresca en Sant Josep - &quot;Les plus belles ann\u00e9es d&#039;une vie&quot; - Cultura a Sant Josep de sa Talaia<\/title>\n<meta name=\"robots\" content=\"index, follow, max-snippet:-1, max-image-preview:large, max-video-preview:-1\" \/>\n<link rel=\"canonical\" href=\"https:\/\/cultura.santjosep.org\/es\/agenda\/cine-a-la-fresca-en-sant-josep-les-plus-belles-annees-dune-vie\/\" \/>\n<meta property=\"og:locale\" content=\"es_ES\" \/>\n<meta property=\"og:type\" content=\"article\" \/>\n<meta property=\"og:title\" content=\"Cine a la fresca en Sant Josep - &quot;Les plus belles ann\u00e9es d&#039;une vie&quot; - Cultura a Sant Josep de sa Talaia\" \/>\n<meta property=\"og:description\" content=\"\u00abLes plus belles ann\u00e9es d&#8217;une vie\u00bb | VOSE | 2019 | Duraci\u00f3n: 90 min. Francia Direcci\u00f3n: Claude Lelouch Sinopsis: Un hombre y una mujer, hace a\u00f1os, vivieron una historia de &hellip; Seguir leyendo \u00abCine a la fresca en Sant Josep &#8211; \u00abLes plus belles ann\u00e9es d&#8217;une vie\u00bb\u00bb\" \/>\n<meta property=\"og:url\" content=\"https:\/\/cultura.santjosep.org\/es\/agenda\/cine-a-la-fresca-en-sant-josep-les-plus-belles-annees-dune-vie\/\" \/>\n<meta property=\"og:site_name\" content=\"Cultura a Sant Josep de sa Talaia\" \/>\n<meta property=\"article:publisher\" content=\"https:\/\/www.facebook.com\/Ajuntament-de-Sant-Josep-de-sa-Talaia-197541666931354\/\" \/>\n<meta property=\"article:modified_time\" content=\"2021-07-01T12:55:38+00:00\" \/>\n<meta property=\"og:image\" content=\"https:\/\/cultura.santjosep.org\/wp-content\/uploads\/2021\/07\/Les-plus-belles-anne\u0301es-dune-vie.jpg\" \/>\n\t<meta property=\"og:image:width\" content=\"620\" \/>\n\t<meta property=\"og:image:height\" content=\"435\" \/>\n\t<meta property=\"og:image:type\" content=\"image\/jpeg\" \/>\n<meta name=\"twitter:card\" content=\"summary_large_image\" \/>\n<meta name=\"twitter:site\" content=\"@DeTalaia\" \/>\n<meta name=\"twitter:label1\" content=\"Tiempo de lectura\" \/>\n\t<meta name=\"twitter:data1\" content=\"1 minuto\" \/>\n<script type=\"application\/ld+json\" class=\"yoast-schema-graph\">{\"@context\":\"https:\/\/schema.org\",\"@graph\":[{\"@type\":\"WebPage\",\"@id\":\"https:\/\/cultura.santjosep.org\/es\/agenda\/cine-a-la-fresca-en-sant-josep-les-plus-belles-annees-dune-vie\/\",\"url\":\"https:\/\/cultura.santjosep.org\/es\/agenda\/cine-a-la-fresca-en-sant-josep-les-plus-belles-annees-dune-vie\/\",\"name\":\"Cine a la fresca en Sant Josep - \\\"Les plus belles ann\u00e9es d'une vie\\\" - Cultura a Sant Josep de sa Talaia\",\"isPartOf\":{\"@id\":\"https:\/\/cultura.santjosep.org\/es\/#website\"},\"primaryImageOfPage\":{\"@id\":\"https:\/\/cultura.santjosep.org\/es\/agenda\/cine-a-la-fresca-en-sant-josep-les-plus-belles-annees-dune-vie\/#primaryimage\"},\"image\":{\"@id\":\"https:\/\/cultura.santjosep.org\/es\/agenda\/cine-a-la-fresca-en-sant-josep-les-plus-belles-annees-dune-vie\/#primaryimage\"},\"thumbnailUrl\":\"https:\/\/cultura.santjosep.org\/wp-content\/uploads\/2021\/07\/Les-plus-belles-anne\u0301es-dune-vie.jpg\",\"datePublished\":\"2021-07-01T12:47:22+00:00\",\"dateModified\":\"2021-07-01T12:55:38+00:00\",\"breadcrumb\":{\"@id\":\"https:\/\/cultura.santjosep.org\/es\/agenda\/cine-a-la-fresca-en-sant-josep-les-plus-belles-annees-dune-vie\/#breadcrumb\"},\"inLanguage\":\"es\",\"potentialAction\":[{\"@type\":\"ReadAction\",\"target\":[\"https:\/\/cultura.santjosep.org\/es\/agenda\/cine-a-la-fresca-en-sant-josep-les-plus-belles-annees-dune-vie\/\"]}]},{\"@type\":\"ImageObject\",\"inLanguage\":\"es\",\"@id\":\"https:\/\/cultura.santjosep.org\/es\/agenda\/cine-a-la-fresca-en-sant-josep-les-plus-belles-annees-dune-vie\/#primaryimage\",\"url\":\"https:\/\/cultura.santjosep.org\/wp-content\/uploads\/2021\/07\/Les-plus-belles-anne\u0301es-dune-vie.jpg\",\"contentUrl\":\"https:\/\/cultura.santjosep.org\/wp-content\/uploads\/2021\/07\/Les-plus-belles-anne\u0301es-dune-vie.jpg\",\"width\":620,\"height\":435},{\"@type\":\"BreadcrumbList\",\"@id\":\"https:\/\/cultura.santjosep.org\/es\/agenda\/cine-a-la-fresca-en-sant-josep-les-plus-belles-annees-dune-vie\/#breadcrumb\",\"itemListElement\":[{\"@type\":\"ListItem\",\"position\":1,\"name\":\"Portada\",\"item\":\"https:\/\/cultura.santjosep.org\/es\/\"},{\"@type\":\"ListItem\",\"position\":2,\"name\":\"Eventos\",\"item\":\"https:\/\/cultura.santjosep.org\/agenda\/\"},{\"@type\":\"ListItem\",\"position\":3,\"name\":\"Cine a la fresca en Sant Josep &#8211; \u00abLes plus belles ann\u00e9es d&#8217;une vie\u00bb\"}]},{\"@type\":\"WebSite\",\"@id\":\"https:\/\/cultura.santjosep.org\/es\/#website\",\"url\":\"https:\/\/cultura.santjosep.org\/es\/\",\"name\":\"Cultura a Sant Josep de sa Talaia\",\"description\":\"\",\"publisher\":{\"@id\":\"https:\/\/cultura.santjosep.org\/es\/#organization\"},\"potentialAction\":[{\"@type\":\"SearchAction\",\"target\":{\"@type\":\"EntryPoint\",\"urlTemplate\":\"https:\/\/cultura.santjosep.org\/es\/?s={search_term_string}\"},\"query-input\":{\"@type\":\"PropertyValueSpecification\",\"valueRequired\":true,\"valueName\":\"search_term_string\"}}],\"inLanguage\":\"es\"},{\"@type\":\"Organization\",\"@id\":\"https:\/\/cultura.santjosep.org\/es\/#organization\",\"name\":\"Ajuntament de Sant Josep de sa Talaia\",\"url\":\"https:\/\/cultura.santjosep.org\/es\/\",\"logo\":{\"@type\":\"ImageObject\",\"inLanguage\":\"es\",\"@id\":\"https:\/\/cultura.santjosep.org\/es\/#\/schema\/logo\/image\/\",\"url\":\"https:\/\/cultura.santjosep.org\/wp-content\/uploads\/2020\/10\/logocolor.jpg\",\"contentUrl\":\"https:\/\/cultura.santjosep.org\/wp-content\/uploads\/2020\/10\/logocolor.jpg\",\"width\":250,\"height\":98,\"caption\":\"Ajuntament de Sant Josep de sa Talaia\"},\"image\":{\"@id\":\"https:\/\/cultura.santjosep.org\/es\/#\/schema\/logo\/image\/\"},\"sameAs\":[\"https:\/\/www.facebook.com\/Ajuntament-de-Sant-Josep-de-sa-Talaia-197541666931354\/\",\"https:\/\/x.com\/DeTalaia\",\"https:\/\/www.instagram.com\/sant_josep_de_sa_talaia\/\"]}]}<\/script>\n<!-- \/ Yoast SEO plugin. -->","yoast_head_json":{"title":"Cine a la fresca en Sant Josep - \"Les plus belles ann\u00e9es d'une vie\" - Cultura a Sant Josep de sa Talaia","robots":{"index":"index","follow":"follow","max-snippet":"max-snippet:-1","max-image-preview":"max-image-preview:large","max-video-preview":"max-video-preview:-1"},"canonical":"https:\/\/cultura.santjosep.org\/es\/agenda\/cine-a-la-fresca-en-sant-josep-les-plus-belles-annees-dune-vie\/","og_locale":"es_ES","og_type":"article","og_title":"Cine a la fresca en Sant Josep - \"Les plus belles ann\u00e9es d'une vie\" - Cultura a Sant Josep de sa Talaia","og_description":"\u00abLes plus belles ann\u00e9es d&#8217;une vie\u00bb | VOSE | 2019 | Duraci\u00f3n: 90 min. Francia Direcci\u00f3n: Claude Lelouch Sinopsis: Un hombre y una mujer, hace a\u00f1os, vivieron una historia de &hellip; Seguir leyendo \u00abCine a la fresca en Sant Josep &#8211; \u00abLes plus belles ann\u00e9es d&#8217;une vie\u00bb\u00bb","og_url":"https:\/\/cultura.santjosep.org\/es\/agenda\/cine-a-la-fresca-en-sant-josep-les-plus-belles-annees-dune-vie\/","og_site_name":"Cultura a Sant Josep de sa Talaia","article_publisher":"https:\/\/www.facebook.com\/Ajuntament-de-Sant-Josep-de-sa-Talaia-197541666931354\/","article_modified_time":"2021-07-01T12:55:38+00:00","og_image":[{"width":620,"height":435,"url":"https:\/\/cultura.santjosep.org\/wp-content\/uploads\/2021\/07\/Les-plus-belles-anne\u0301es-dune-vie.jpg","type":"image\/jpeg"}],"twitter_card":"summary_large_image","twitter_site":"@DeTalaia","twitter_misc":{"Tiempo de lectura":"1 minuto"},"schema":{"@context":"https:\/\/schema.org","@graph":[{"@type":"WebPage","@id":"https:\/\/cultura.santjosep.org\/es\/agenda\/cine-a-la-fresca-en-sant-josep-les-plus-belles-annees-dune-vie\/","url":"https:\/\/cultura.santjosep.org\/es\/agenda\/cine-a-la-fresca-en-sant-josep-les-plus-belles-annees-dune-vie\/","name":"Cine a la fresca en Sant Josep - \"Les plus belles ann\u00e9es d'une vie\" - Cultura a Sant Josep de sa Talaia","isPartOf":{"@id":"https:\/\/cultura.santjosep.org\/es\/#website"},"primaryImageOfPage":{"@id":"https:\/\/cultura.santjosep.org\/es\/agenda\/cine-a-la-fresca-en-sant-josep-les-plus-belles-annees-dune-vie\/#primaryimage"},"image":{"@id":"https:\/\/cultura.santjosep.org\/es\/agenda\/cine-a-la-fresca-en-sant-josep-les-plus-belles-annees-dune-vie\/#primaryimage"},"thumbnailUrl":"https:\/\/cultura.santjosep.org\/wp-content\/uploads\/2021\/07\/Les-plus-belles-anne\u0301es-dune-vie.jpg","datePublished":"2021-07-01T12:47:22+00:00","dateModified":"2021-07-01T12:55:38+00:00","breadcrumb":{"@id":"https:\/\/cultura.santjosep.org\/es\/agenda\/cine-a-la-fresca-en-sant-josep-les-plus-belles-annees-dune-vie\/#breadcrumb"},"inLanguage":"es","potentialAction":[{"@type":"ReadAction","target":["https:\/\/cultura.santjosep.org\/es\/agenda\/cine-a-la-fresca-en-sant-josep-les-plus-belles-annees-dune-vie\/"]}]},{"@type":"ImageObject","inLanguage":"es","@id":"https:\/\/cultura.santjosep.org\/es\/agenda\/cine-a-la-fresca-en-sant-josep-les-plus-belles-annees-dune-vie\/#primaryimage","url":"https:\/\/cultura.santjosep.org\/wp-content\/uploads\/2021\/07\/Les-plus-belles-anne\u0301es-dune-vie.jpg","contentUrl":"https:\/\/cultura.santjosep.org\/wp-content\/uploads\/2021\/07\/Les-plus-belles-anne\u0301es-dune-vie.jpg","width":620,"height":435},{"@type":"BreadcrumbList","@id":"https:\/\/cultura.santjosep.org\/es\/agenda\/cine-a-la-fresca-en-sant-josep-les-plus-belles-annees-dune-vie\/#breadcrumb","itemListElement":[{"@type":"ListItem","position":1,"name":"Portada","item":"https:\/\/cultura.santjosep.org\/es\/"},{"@type":"ListItem","position":2,"name":"Eventos","item":"https:\/\/cultura.santjosep.org\/agenda\/"},{"@type":"ListItem","position":3,"name":"Cine a la fresca en Sant Josep &#8211; \u00abLes plus belles ann\u00e9es d&#8217;une vie\u00bb"}]},{"@type":"WebSite","@id":"https:\/\/cultura.santjosep.org\/es\/#website","url":"https:\/\/cultura.santjosep.org\/es\/","name":"Cultura a Sant Josep de sa Talaia","description":"","publisher":{"@id":"https:\/\/cultura.santjosep.org\/es\/#organization"},"potentialAction":[{"@type":"SearchAction","target":{"@type":"EntryPoint","urlTemplate":"https:\/\/cultura.santjosep.org\/es\/?s={search_term_string}"},"query-input":{"@type":"PropertyValueSpecification","valueRequired":true,"valueName":"search_term_string"}}],"inLanguage":"es"},{"@type":"Organization","@id":"https:\/\/cultura.santjosep.org\/es\/#organization","name":"Ajuntament de Sant Josep de sa Talaia","url":"https:\/\/cultura.santjosep.org\/es\/","logo":{"@type":"ImageObject","inLanguage":"es","@id":"https:\/\/cultura.santjosep.org\/es\/#\/schema\/logo\/image\/","url":"https:\/\/cultura.santjosep.org\/wp-content\/uploads\/2020\/10\/logocolor.jpg","contentUrl":"https:\/\/cultura.santjosep.org\/wp-content\/uploads\/2020\/10\/logocolor.jpg","width":250,"height":98,"caption":"Ajuntament de Sant Josep de sa Talaia"},"image":{"@id":"https:\/\/cultura.santjosep.org\/es\/#\/schema\/logo\/image\/"},"sameAs":["https:\/\/www.facebook.com\/Ajuntament-de-Sant-Josep-de-sa-Talaia-197541666931354\/","https:\/\/x.com\/DeTalaia","https:\/\/www.instagram.com\/sant_josep_de_sa_talaia\/"]}]}},"_links":{"self":[{"href":"https:\/\/cultura.santjosep.org\/es\/wp-json\/wp\/v2\/tribe_events\/7168","targetHints":{"allow":["GET"]}}],"collection":[{"href":"https:\/\/cultura.santjosep.org\/es\/wp-json\/wp\/v2\/tribe_events"}],"about":[{"href":"https:\/\/cultura.santjosep.org\/es\/wp-json\/wp\/v2\/types\/tribe_events"}],"author":[{"embeddable":true,"href":"https:\/\/cultura.santjosep.org\/es\/wp-json\/wp\/v2\/users\/1"}],"version-history":[{"count":0,"href":"https:\/\/cultura.santjosep.org\/es\/wp-json\/wp\/v2\/tribe_events\/7168\/revisions"}],"wp:featuredmedia":[{"embeddable":true,"href":"https:\/\/cultura.santjosep.org\/es\/wp-json\/wp\/v2\/media\/7172"}],"wp:attachment":[{"href":"https:\/\/cultura.santjosep.org\/es\/wp-json\/wp\/v2\/media?parent=7168"}],"wp:term":[{"taxonomy":"post_tag","embeddable":true,"href":"https:\/\/cultura.santjosep.org\/es\/wp-json\/wp\/v2\/tags?post=7168"},{"taxonomy":"tribe_events_cat","embeddable":true,"href":"https:\/\/cultura.santjosep.org\/es\/wp-json\/wp\/v2\/tribe_events_cat?post=7168"}],"curies":[{"name":"wp","href":"https:\/\/api.w.org\/{rel}","templated":true}]}}