{"id":7190,"date":"2021-07-01T15:15:09","date_gmt":"2021-07-01T13:15:09","guid":{"rendered":"https:\/\/cultura.santjosep.org\/?post_type=tribe_events&#038;p=7190"},"modified":"2021-07-01T15:21:49","modified_gmt":"2021-07-01T13:21:49","slug":"cine-a-la-fresca-en-sant-josep-sentimental","status":"publish","type":"tribe_events","link":"https:\/\/cultura.santjosep.org\/es\/agenda\/cine-a-la-fresca-en-sant-josep-sentimental\/","title":{"rendered":"Cine a la fresca en Sant Josep &#8211;  \u00abSentimental \u00ab"},"content":{"rendered":"<p><strong>\u00abSentimental\u00bb | VOSE | 2020 |<\/strong><\/p>\n<p><strong>Duraci\u00f3n:<\/strong> 82 min. Espa\u00f1a<br \/>\n<strong>Direcci\u00f3n:<\/strong> Cesc Gay<br \/>\n<strong>Sinopsis: <\/strong>Julio (Javier C\u00e1mara) y Ana (Griselda Siciliani) hace m\u00e1s de quince a\u00f1os que est\u00e1n juntos. Forman una pareja que ya no se mira ni se toca, y que ha hecho del combate diario la esencia de su relaci\u00f3n. Esta noche Ana ha invitado a casa a sus vecinos del piso de arriba, Salva (Alberto San Juan) y Laura (Bel\u00e9n Cuesta), una pareja m\u00e1s joven que ellos, amable y simp\u00e1tica, pero cuyos \u201cruidos\u201d se han convertido en una molestia para Julio y Ana&#8230; \u00bfo quiz\u00e1s en un est\u00edmulo? Los vecinos les har\u00e1n una inusual y sorprendente propuesta que convertir\u00e0 la velada en una experiencia cat\u00e1rtica para el matrimonio&#8230; Adaptaci\u00f3n cinematogr\u00e1fica de &#8216;Los vecinos de arriba&#8217;, la obra teatral debut de Cesc Gay.<\/p>\n<p><img loading=\"lazy\" decoding=\"async\" class=\"alignnone  wp-image-7191\" src=\"https:\/\/cultura.santjosep.org\/wp-content\/uploads\/2021\/07\/sentimental-269050896-large-206x300.jpg\" alt=\"\" width=\"655\" height=\"954\" srcset=\"https:\/\/cultura.santjosep.org\/wp-content\/uploads\/2021\/07\/sentimental-269050896-large-206x300.jpg 206w, https:\/\/cultura.santjosep.org\/wp-content\/uploads\/2021\/07\/sentimental-269050896-large.jpg 500w\" sizes=\"auto, (max-width: 655px) 100vw, 655px\" \/><br \/>\n<em><br \/>\nEn base a la normativa que con motivo del COVID-19 regula la realizaci\u00f3n de actividades culturales en espacios cerrados y al aire libre, se aplicaran las normas oportunas de control de asistencia y de seguridad e higiene vigentes en la fecha de la actividad<br \/>\n<\/em><\/p>\n","protected":false},"excerpt":{"rendered":"<p>\u00abSentimental\u00bb | VOSE | 2020 | Duraci\u00f3n: 82 min. Espa\u00f1a Direcci\u00f3n: Cesc Gay Sinopsis: Julio (Javier C\u00e1mara) y Ana (Griselda Siciliani) hace m\u00e1s de quince a\u00f1os que est\u00e1n juntos. Forman &hellip; <\/p>\n<p class=\"link-more\"><a href=\"https:\/\/cultura.santjosep.org\/es\/agenda\/cine-a-la-fresca-en-sant-josep-sentimental\/\" class=\"more-link\">Seguir leyendo<span class=\"screen-reader-text\"> \u00abCine a la fresca en Sant Josep &#8211;  \u00abSentimental \u00ab\u00bb<\/span><\/a><\/p>\n","protected":false},"author":1,"featured_media":7195,"template":"","meta":{"_tribe_events_status":"","_tribe_events_status_reason":"","_tribe_events_is_hybrid":"","_tribe_events_is_virtual":"","_tribe_events_virtual_video_source":"","_tribe_events_virtual_embed_video":"","_tribe_events_virtual_linked_button_text":"","_tribe_events_virtual_linked_button":"","_tribe_events_virtual_show_embed_at":"","_tribe_events_virtual_show_embed_to":[],"_tribe_events_virtual_show_on_event":"","_tribe_events_virtual_show_on_views":"","_tribe_events_virtual_url":"","footnotes":""},"tags":[],"tribe_events_cat":[88],"class_list":["post-7190","tribe_events","type-tribe_events","status-publish","has-post-thumbnail","hentry","tribe_events_cat-cine-a-la-fresca-es","cat_cine-a-la-fresca-es","entry"],"yoast_head":"<!-- This site is optimized with the Yoast SEO plugin v26.6 - https:\/\/yoast.com\/wordpress\/plugins\/seo\/ -->\n<title>Cine a la fresca en Sant Josep - &quot;Sentimental &quot; - Cultura a Sant Josep de sa Talaia<\/title>\n<meta name=\"robots\" content=\"index, follow, max-snippet:-1, max-image-preview:large, max-video-preview:-1\" \/>\n<link rel=\"canonical\" href=\"https:\/\/cultura.santjosep.org\/es\/agenda\/cine-a-la-fresca-en-sant-josep-sentimental\/\" \/>\n<meta property=\"og:locale\" content=\"es_ES\" \/>\n<meta property=\"og:type\" content=\"article\" \/>\n<meta property=\"og:title\" content=\"Cine a la fresca en Sant Josep - &quot;Sentimental &quot; - Cultura a Sant Josep de sa Talaia\" \/>\n<meta property=\"og:description\" content=\"\u00abSentimental\u00bb | VOSE | 2020 | Duraci\u00f3n: 82 min. Espa\u00f1a Direcci\u00f3n: Cesc Gay Sinopsis: Julio (Javier C\u00e1mara) y Ana (Griselda Siciliani) hace m\u00e1s de quince a\u00f1os que est\u00e1n juntos. Forman &hellip; Seguir leyendo \u00abCine a la fresca en Sant Josep &#8211; \u00abSentimental \u00ab\u00bb\" \/>\n<meta property=\"og:url\" content=\"https:\/\/cultura.santjosep.org\/es\/agenda\/cine-a-la-fresca-en-sant-josep-sentimental\/\" \/>\n<meta property=\"og:site_name\" content=\"Cultura a Sant Josep de sa Talaia\" \/>\n<meta property=\"article:publisher\" content=\"https:\/\/www.facebook.com\/Ajuntament-de-Sant-Josep-de-sa-Talaia-197541666931354\/\" \/>\n<meta property=\"article:modified_time\" content=\"2021-07-01T13:21:49+00:00\" \/>\n<meta property=\"og:image\" content=\"https:\/\/cultura.santjosep.org\/wp-content\/uploads\/2021\/07\/Sentimental-150304324-large.jpg\" \/>\n\t<meta property=\"og:image:width\" content=\"1920\" \/>\n\t<meta property=\"og:image:height\" content=\"960\" \/>\n\t<meta property=\"og:image:type\" content=\"image\/jpeg\" \/>\n<meta name=\"twitter:card\" content=\"summary_large_image\" \/>\n<meta name=\"twitter:site\" content=\"@DeTalaia\" \/>\n<meta name=\"twitter:label1\" content=\"Tiempo de lectura\" \/>\n\t<meta name=\"twitter:data1\" content=\"1 minuto\" \/>\n<script type=\"application\/ld+json\" class=\"yoast-schema-graph\">{\"@context\":\"https:\/\/schema.org\",\"@graph\":[{\"@type\":\"WebPage\",\"@id\":\"https:\/\/cultura.santjosep.org\/es\/agenda\/cine-a-la-fresca-en-sant-josep-sentimental\/\",\"url\":\"https:\/\/cultura.santjosep.org\/es\/agenda\/cine-a-la-fresca-en-sant-josep-sentimental\/\",\"name\":\"Cine a la fresca en Sant Josep - \\\"Sentimental \\\" - Cultura a Sant Josep de sa Talaia\",\"isPartOf\":{\"@id\":\"https:\/\/cultura.santjosep.org\/es\/#website\"},\"primaryImageOfPage\":{\"@id\":\"https:\/\/cultura.santjosep.org\/es\/agenda\/cine-a-la-fresca-en-sant-josep-sentimental\/#primaryimage\"},\"image\":{\"@id\":\"https:\/\/cultura.santjosep.org\/es\/agenda\/cine-a-la-fresca-en-sant-josep-sentimental\/#primaryimage\"},\"thumbnailUrl\":\"https:\/\/cultura.santjosep.org\/wp-content\/uploads\/2021\/07\/Sentimental-150304324-large.jpg\",\"datePublished\":\"2021-07-01T13:15:09+00:00\",\"dateModified\":\"2021-07-01T13:21:49+00:00\",\"breadcrumb\":{\"@id\":\"https:\/\/cultura.santjosep.org\/es\/agenda\/cine-a-la-fresca-en-sant-josep-sentimental\/#breadcrumb\"},\"inLanguage\":\"es\",\"potentialAction\":[{\"@type\":\"ReadAction\",\"target\":[\"https:\/\/cultura.santjosep.org\/es\/agenda\/cine-a-la-fresca-en-sant-josep-sentimental\/\"]}]},{\"@type\":\"ImageObject\",\"inLanguage\":\"es\",\"@id\":\"https:\/\/cultura.santjosep.org\/es\/agenda\/cine-a-la-fresca-en-sant-josep-sentimental\/#primaryimage\",\"url\":\"https:\/\/cultura.santjosep.org\/wp-content\/uploads\/2021\/07\/Sentimental-150304324-large.jpg\",\"contentUrl\":\"https:\/\/cultura.santjosep.org\/wp-content\/uploads\/2021\/07\/Sentimental-150304324-large.jpg\",\"width\":1920,\"height\":960},{\"@type\":\"BreadcrumbList\",\"@id\":\"https:\/\/cultura.santjosep.org\/es\/agenda\/cine-a-la-fresca-en-sant-josep-sentimental\/#breadcrumb\",\"itemListElement\":[{\"@type\":\"ListItem\",\"position\":1,\"name\":\"Portada\",\"item\":\"https:\/\/cultura.santjosep.org\/es\/\"},{\"@type\":\"ListItem\",\"position\":2,\"name\":\"Eventos\",\"item\":\"https:\/\/cultura.santjosep.org\/agenda\/\"},{\"@type\":\"ListItem\",\"position\":3,\"name\":\"Cine a la fresca en Sant Josep &#8211; \u00abSentimental \u00ab\"}]},{\"@type\":\"WebSite\",\"@id\":\"https:\/\/cultura.santjosep.org\/es\/#website\",\"url\":\"https:\/\/cultura.santjosep.org\/es\/\",\"name\":\"Cultura a Sant Josep de sa Talaia\",\"description\":\"\",\"publisher\":{\"@id\":\"https:\/\/cultura.santjosep.org\/es\/#organization\"},\"potentialAction\":[{\"@type\":\"SearchAction\",\"target\":{\"@type\":\"EntryPoint\",\"urlTemplate\":\"https:\/\/cultura.santjosep.org\/es\/?s={search_term_string}\"},\"query-input\":{\"@type\":\"PropertyValueSpecification\",\"valueRequired\":true,\"valueName\":\"search_term_string\"}}],\"inLanguage\":\"es\"},{\"@type\":\"Organization\",\"@id\":\"https:\/\/cultura.santjosep.org\/es\/#organization\",\"name\":\"Ajuntament de Sant Josep de sa Talaia\",\"url\":\"https:\/\/cultura.santjosep.org\/es\/\",\"logo\":{\"@type\":\"ImageObject\",\"inLanguage\":\"es\",\"@id\":\"https:\/\/cultura.santjosep.org\/es\/#\/schema\/logo\/image\/\",\"url\":\"https:\/\/cultura.santjosep.org\/wp-content\/uploads\/2020\/10\/logocolor.jpg\",\"contentUrl\":\"https:\/\/cultura.santjosep.org\/wp-content\/uploads\/2020\/10\/logocolor.jpg\",\"width\":250,\"height\":98,\"caption\":\"Ajuntament de Sant Josep de sa Talaia\"},\"image\":{\"@id\":\"https:\/\/cultura.santjosep.org\/es\/#\/schema\/logo\/image\/\"},\"sameAs\":[\"https:\/\/www.facebook.com\/Ajuntament-de-Sant-Josep-de-sa-Talaia-197541666931354\/\",\"https:\/\/x.com\/DeTalaia\",\"https:\/\/www.instagram.com\/sant_josep_de_sa_talaia\/\"]}]}<\/script>\n<!-- \/ Yoast SEO plugin. -->","yoast_head_json":{"title":"Cine a la fresca en Sant Josep - \"Sentimental \" - Cultura a Sant Josep de sa Talaia","robots":{"index":"index","follow":"follow","max-snippet":"max-snippet:-1","max-image-preview":"max-image-preview:large","max-video-preview":"max-video-preview:-1"},"canonical":"https:\/\/cultura.santjosep.org\/es\/agenda\/cine-a-la-fresca-en-sant-josep-sentimental\/","og_locale":"es_ES","og_type":"article","og_title":"Cine a la fresca en Sant Josep - \"Sentimental \" - Cultura a Sant Josep de sa Talaia","og_description":"\u00abSentimental\u00bb | VOSE | 2020 | Duraci\u00f3n: 82 min. Espa\u00f1a Direcci\u00f3n: Cesc Gay Sinopsis: Julio (Javier C\u00e1mara) y Ana (Griselda Siciliani) hace m\u00e1s de quince a\u00f1os que est\u00e1n juntos. Forman &hellip; Seguir leyendo \u00abCine a la fresca en Sant Josep &#8211; \u00abSentimental \u00ab\u00bb","og_url":"https:\/\/cultura.santjosep.org\/es\/agenda\/cine-a-la-fresca-en-sant-josep-sentimental\/","og_site_name":"Cultura a Sant Josep de sa Talaia","article_publisher":"https:\/\/www.facebook.com\/Ajuntament-de-Sant-Josep-de-sa-Talaia-197541666931354\/","article_modified_time":"2021-07-01T13:21:49+00:00","og_image":[{"width":1920,"height":960,"url":"https:\/\/cultura.santjosep.org\/wp-content\/uploads\/2021\/07\/Sentimental-150304324-large.jpg","type":"image\/jpeg"}],"twitter_card":"summary_large_image","twitter_site":"@DeTalaia","twitter_misc":{"Tiempo de lectura":"1 minuto"},"schema":{"@context":"https:\/\/schema.org","@graph":[{"@type":"WebPage","@id":"https:\/\/cultura.santjosep.org\/es\/agenda\/cine-a-la-fresca-en-sant-josep-sentimental\/","url":"https:\/\/cultura.santjosep.org\/es\/agenda\/cine-a-la-fresca-en-sant-josep-sentimental\/","name":"Cine a la fresca en Sant Josep - \"Sentimental \" - Cultura a Sant Josep de sa Talaia","isPartOf":{"@id":"https:\/\/cultura.santjosep.org\/es\/#website"},"primaryImageOfPage":{"@id":"https:\/\/cultura.santjosep.org\/es\/agenda\/cine-a-la-fresca-en-sant-josep-sentimental\/#primaryimage"},"image":{"@id":"https:\/\/cultura.santjosep.org\/es\/agenda\/cine-a-la-fresca-en-sant-josep-sentimental\/#primaryimage"},"thumbnailUrl":"https:\/\/cultura.santjosep.org\/wp-content\/uploads\/2021\/07\/Sentimental-150304324-large.jpg","datePublished":"2021-07-01T13:15:09+00:00","dateModified":"2021-07-01T13:21:49+00:00","breadcrumb":{"@id":"https:\/\/cultura.santjosep.org\/es\/agenda\/cine-a-la-fresca-en-sant-josep-sentimental\/#breadcrumb"},"inLanguage":"es","potentialAction":[{"@type":"ReadAction","target":["https:\/\/cultura.santjosep.org\/es\/agenda\/cine-a-la-fresca-en-sant-josep-sentimental\/"]}]},{"@type":"ImageObject","inLanguage":"es","@id":"https:\/\/cultura.santjosep.org\/es\/agenda\/cine-a-la-fresca-en-sant-josep-sentimental\/#primaryimage","url":"https:\/\/cultura.santjosep.org\/wp-content\/uploads\/2021\/07\/Sentimental-150304324-large.jpg","contentUrl":"https:\/\/cultura.santjosep.org\/wp-content\/uploads\/2021\/07\/Sentimental-150304324-large.jpg","width":1920,"height":960},{"@type":"BreadcrumbList","@id":"https:\/\/cultura.santjosep.org\/es\/agenda\/cine-a-la-fresca-en-sant-josep-sentimental\/#breadcrumb","itemListElement":[{"@type":"ListItem","position":1,"name":"Portada","item":"https:\/\/cultura.santjosep.org\/es\/"},{"@type":"ListItem","position":2,"name":"Eventos","item":"https:\/\/cultura.santjosep.org\/agenda\/"},{"@type":"ListItem","position":3,"name":"Cine a la fresca en Sant Josep &#8211; \u00abSentimental \u00ab"}]},{"@type":"WebSite","@id":"https:\/\/cultura.santjosep.org\/es\/#website","url":"https:\/\/cultura.santjosep.org\/es\/","name":"Cultura a Sant Josep de sa Talaia","description":"","publisher":{"@id":"https:\/\/cultura.santjosep.org\/es\/#organization"},"potentialAction":[{"@type":"SearchAction","target":{"@type":"EntryPoint","urlTemplate":"https:\/\/cultura.santjosep.org\/es\/?s={search_term_string}"},"query-input":{"@type":"PropertyValueSpecification","valueRequired":true,"valueName":"search_term_string"}}],"inLanguage":"es"},{"@type":"Organization","@id":"https:\/\/cultura.santjosep.org\/es\/#organization","name":"Ajuntament de Sant Josep de sa Talaia","url":"https:\/\/cultura.santjosep.org\/es\/","logo":{"@type":"ImageObject","inLanguage":"es","@id":"https:\/\/cultura.santjosep.org\/es\/#\/schema\/logo\/image\/","url":"https:\/\/cultura.santjosep.org\/wp-content\/uploads\/2020\/10\/logocolor.jpg","contentUrl":"https:\/\/cultura.santjosep.org\/wp-content\/uploads\/2020\/10\/logocolor.jpg","width":250,"height":98,"caption":"Ajuntament de Sant Josep de sa Talaia"},"image":{"@id":"https:\/\/cultura.santjosep.org\/es\/#\/schema\/logo\/image\/"},"sameAs":["https:\/\/www.facebook.com\/Ajuntament-de-Sant-Josep-de-sa-Talaia-197541666931354\/","https:\/\/x.com\/DeTalaia","https:\/\/www.instagram.com\/sant_josep_de_sa_talaia\/"]}]}},"_links":{"self":[{"href":"https:\/\/cultura.santjosep.org\/es\/wp-json\/wp\/v2\/tribe_events\/7190","targetHints":{"allow":["GET"]}}],"collection":[{"href":"https:\/\/cultura.santjosep.org\/es\/wp-json\/wp\/v2\/tribe_events"}],"about":[{"href":"https:\/\/cultura.santjosep.org\/es\/wp-json\/wp\/v2\/types\/tribe_events"}],"author":[{"embeddable":true,"href":"https:\/\/cultura.santjosep.org\/es\/wp-json\/wp\/v2\/users\/1"}],"version-history":[{"count":0,"href":"https:\/\/cultura.santjosep.org\/es\/wp-json\/wp\/v2\/tribe_events\/7190\/revisions"}],"wp:featuredmedia":[{"embeddable":true,"href":"https:\/\/cultura.santjosep.org\/es\/wp-json\/wp\/v2\/media\/7195"}],"wp:attachment":[{"href":"https:\/\/cultura.santjosep.org\/es\/wp-json\/wp\/v2\/media?parent=7190"}],"wp:term":[{"taxonomy":"post_tag","embeddable":true,"href":"https:\/\/cultura.santjosep.org\/es\/wp-json\/wp\/v2\/tags?post=7190"},{"taxonomy":"tribe_events_cat","embeddable":true,"href":"https:\/\/cultura.santjosep.org\/es\/wp-json\/wp\/v2\/tribe_events_cat?post=7190"}],"curies":[{"name":"wp","href":"https:\/\/api.w.org\/{rel}","templated":true}]}}