{"id":7201,"date":"2021-07-01T15:27:09","date_gmt":"2021-07-01T13:27:09","guid":{"rendered":"https:\/\/cultura.santjosep.org\/?post_type=tribe_events&#038;p=7201"},"modified":"2021-07-01T15:27:40","modified_gmt":"2021-07-01T13:27:40","slug":"cine-a-la-fresca-en-sant-josep-and-then-we-danced","status":"publish","type":"tribe_events","link":"https:\/\/cultura.santjosep.org\/es\/agenda\/cine-a-la-fresca-en-sant-josep-and-then-we-danced\/","title":{"rendered":"Cine a la fresca en Sant Josep &#8211;  \u00abAnd then we danced\u00bb"},"content":{"rendered":"<p><strong>\u00abAnd then we danced\u00bb | VOSE | 2019 |<\/strong><\/p>\n<p><strong>Duraci\u00f3n:<\/strong> 113 min. Suecia<br \/>\n<strong>Direcci\u00f3n:<\/strong> Levan Akin<br \/>\n<strong>Sinopsis: <\/strong>Merab lleva ensayando desde que era muy joven en la Compa\u00f1\u00eda Nacional de Danza de Georgia con su pareja de baile, Mary. De repente, su vida da un vuelco cuando aparece el despreocupado y carism\u00e1tico Irakli y se convierte en su rival m\u00e1s poderoso, pero tambi\u00e9n en su mayor objeto de deseo. En una atm\u00f3sfera conservadora, Merab se enfrenta a la necesidad de liberarse y arriesgarlo todo en el empe\u00f1o.<\/p>\n<p><img loading=\"lazy\" decoding=\"async\" class=\"alignnone wp-image-7204\" src=\"https:\/\/cultura.santjosep.org\/wp-content\/uploads\/2021\/07\/AND-THEN-WE-DANCED-196x300.jpg\" alt=\"\" width=\"575\" height=\"880\" srcset=\"https:\/\/cultura.santjosep.org\/wp-content\/uploads\/2021\/07\/AND-THEN-WE-DANCED-196x300.jpg 196w, https:\/\/cultura.santjosep.org\/wp-content\/uploads\/2021\/07\/AND-THEN-WE-DANCED-668x1024.jpg 668w, https:\/\/cultura.santjosep.org\/wp-content\/uploads\/2021\/07\/AND-THEN-WE-DANCED-1002x1536.jpg 1002w\" sizes=\"auto, (max-width: 575px) 100vw, 575px\" \/><br \/>\n<em><br \/>\nEn base a la normativa que con motivo del COVID-19 regula la realizaci\u00f3n de actividades culturales en espacios cerrados y al aire libre, se aplicaran las normas oportunas de control de asistencia y de seguridad e higiene vigentes en la fecha de la actividad<br \/>\n<\/em><\/p>\n","protected":false},"excerpt":{"rendered":"<p>\u00abAnd then we danced\u00bb | VOSE | 2019 | Duraci\u00f3n: 113 min. Suecia Direcci\u00f3n: Levan Akin Sinopsis: Merab lleva ensayando desde que era muy joven en la Compa\u00f1\u00eda Nacional de &hellip; <\/p>\n<p class=\"link-more\"><a href=\"https:\/\/cultura.santjosep.org\/es\/agenda\/cine-a-la-fresca-en-sant-josep-and-then-we-danced\/\" class=\"more-link\">Seguir leyendo<span class=\"screen-reader-text\"> \u00abCine a la fresca en Sant Josep &#8211;  \u00abAnd then we danced\u00bb\u00bb<\/span><\/a><\/p>\n","protected":false},"author":1,"featured_media":7202,"template":"","meta":{"_tribe_events_status":"","_tribe_events_status_reason":"","_tribe_events_is_hybrid":"","_tribe_events_is_virtual":"","_tribe_events_virtual_video_source":"","_tribe_events_virtual_embed_video":"","_tribe_events_virtual_linked_button_text":"","_tribe_events_virtual_linked_button":"","_tribe_events_virtual_show_embed_at":"","_tribe_events_virtual_show_embed_to":[],"_tribe_events_virtual_show_on_event":"","_tribe_events_virtual_show_on_views":"","_tribe_events_virtual_url":"","footnotes":""},"tags":[],"tribe_events_cat":[88],"class_list":["post-7201","tribe_events","type-tribe_events","status-publish","has-post-thumbnail","hentry","tribe_events_cat-cine-a-la-fresca-es","cat_cine-a-la-fresca-es","entry"],"yoast_head":"<!-- This site is optimized with the Yoast SEO plugin v26.6 - https:\/\/yoast.com\/wordpress\/plugins\/seo\/ -->\n<title>Cine a la fresca en Sant Josep - &quot;And then we danced&quot; - Cultura a Sant Josep de sa Talaia<\/title>\n<meta name=\"robots\" content=\"index, follow, max-snippet:-1, max-image-preview:large, max-video-preview:-1\" \/>\n<link rel=\"canonical\" href=\"https:\/\/cultura.santjosep.org\/es\/agenda\/cine-a-la-fresca-en-sant-josep-and-then-we-danced\/\" \/>\n<meta property=\"og:locale\" content=\"es_ES\" \/>\n<meta property=\"og:type\" content=\"article\" \/>\n<meta property=\"og:title\" content=\"Cine a la fresca en Sant Josep - &quot;And then we danced&quot; - Cultura a Sant Josep de sa Talaia\" \/>\n<meta property=\"og:description\" content=\"\u00abAnd then we danced\u00bb | VOSE | 2019 | Duraci\u00f3n: 113 min. Suecia Direcci\u00f3n: Levan Akin Sinopsis: Merab lleva ensayando desde que era muy joven en la Compa\u00f1\u00eda Nacional de &hellip; Seguir leyendo \u00abCine a la fresca en Sant Josep &#8211; \u00abAnd then we danced\u00bb\u00bb\" \/>\n<meta property=\"og:url\" content=\"https:\/\/cultura.santjosep.org\/es\/agenda\/cine-a-la-fresca-en-sant-josep-and-then-we-danced\/\" \/>\n<meta property=\"og:site_name\" content=\"Cultura a Sant Josep de sa Talaia\" \/>\n<meta property=\"article:publisher\" content=\"https:\/\/www.facebook.com\/Ajuntament-de-Sant-Josep-de-sa-Talaia-197541666931354\/\" \/>\n<meta property=\"article:modified_time\" content=\"2021-07-01T13:27:40+00:00\" \/>\n<meta property=\"og:image\" content=\"https:\/\/cultura.santjosep.org\/wp-content\/uploads\/2021\/07\/AND-THEN-WE-DANCED_2.jpg\" \/>\n\t<meta property=\"og:image:width\" content=\"720\" \/>\n\t<meta property=\"og:image:height\" content=\"400\" \/>\n\t<meta property=\"og:image:type\" content=\"image\/jpeg\" \/>\n<meta name=\"twitter:card\" content=\"summary_large_image\" \/>\n<meta name=\"twitter:site\" content=\"@DeTalaia\" \/>\n<meta name=\"twitter:label1\" content=\"Tiempo de lectura\" \/>\n\t<meta name=\"twitter:data1\" content=\"1 minuto\" \/>\n<script type=\"application\/ld+json\" class=\"yoast-schema-graph\">{\"@context\":\"https:\/\/schema.org\",\"@graph\":[{\"@type\":\"WebPage\",\"@id\":\"https:\/\/cultura.santjosep.org\/es\/agenda\/cine-a-la-fresca-en-sant-josep-and-then-we-danced\/\",\"url\":\"https:\/\/cultura.santjosep.org\/es\/agenda\/cine-a-la-fresca-en-sant-josep-and-then-we-danced\/\",\"name\":\"Cine a la fresca en Sant Josep - \\\"And then we danced\\\" - Cultura a Sant Josep de sa Talaia\",\"isPartOf\":{\"@id\":\"https:\/\/cultura.santjosep.org\/es\/#website\"},\"primaryImageOfPage\":{\"@id\":\"https:\/\/cultura.santjosep.org\/es\/agenda\/cine-a-la-fresca-en-sant-josep-and-then-we-danced\/#primaryimage\"},\"image\":{\"@id\":\"https:\/\/cultura.santjosep.org\/es\/agenda\/cine-a-la-fresca-en-sant-josep-and-then-we-danced\/#primaryimage\"},\"thumbnailUrl\":\"https:\/\/cultura.santjosep.org\/wp-content\/uploads\/2021\/07\/AND-THEN-WE-DANCED_2.jpg\",\"datePublished\":\"2021-07-01T13:27:09+00:00\",\"dateModified\":\"2021-07-01T13:27:40+00:00\",\"breadcrumb\":{\"@id\":\"https:\/\/cultura.santjosep.org\/es\/agenda\/cine-a-la-fresca-en-sant-josep-and-then-we-danced\/#breadcrumb\"},\"inLanguage\":\"es\",\"potentialAction\":[{\"@type\":\"ReadAction\",\"target\":[\"https:\/\/cultura.santjosep.org\/es\/agenda\/cine-a-la-fresca-en-sant-josep-and-then-we-danced\/\"]}]},{\"@type\":\"ImageObject\",\"inLanguage\":\"es\",\"@id\":\"https:\/\/cultura.santjosep.org\/es\/agenda\/cine-a-la-fresca-en-sant-josep-and-then-we-danced\/#primaryimage\",\"url\":\"https:\/\/cultura.santjosep.org\/wp-content\/uploads\/2021\/07\/AND-THEN-WE-DANCED_2.jpg\",\"contentUrl\":\"https:\/\/cultura.santjosep.org\/wp-content\/uploads\/2021\/07\/AND-THEN-WE-DANCED_2.jpg\",\"width\":720,\"height\":400},{\"@type\":\"BreadcrumbList\",\"@id\":\"https:\/\/cultura.santjosep.org\/es\/agenda\/cine-a-la-fresca-en-sant-josep-and-then-we-danced\/#breadcrumb\",\"itemListElement\":[{\"@type\":\"ListItem\",\"position\":1,\"name\":\"Portada\",\"item\":\"https:\/\/cultura.santjosep.org\/es\/\"},{\"@type\":\"ListItem\",\"position\":2,\"name\":\"Eventos\",\"item\":\"https:\/\/cultura.santjosep.org\/agenda\/\"},{\"@type\":\"ListItem\",\"position\":3,\"name\":\"Cine a la fresca en Sant Josep &#8211; \u00abAnd then we danced\u00bb\"}]},{\"@type\":\"WebSite\",\"@id\":\"https:\/\/cultura.santjosep.org\/es\/#website\",\"url\":\"https:\/\/cultura.santjosep.org\/es\/\",\"name\":\"Cultura a Sant Josep de sa Talaia\",\"description\":\"\",\"publisher\":{\"@id\":\"https:\/\/cultura.santjosep.org\/es\/#organization\"},\"potentialAction\":[{\"@type\":\"SearchAction\",\"target\":{\"@type\":\"EntryPoint\",\"urlTemplate\":\"https:\/\/cultura.santjosep.org\/es\/?s={search_term_string}\"},\"query-input\":{\"@type\":\"PropertyValueSpecification\",\"valueRequired\":true,\"valueName\":\"search_term_string\"}}],\"inLanguage\":\"es\"},{\"@type\":\"Organization\",\"@id\":\"https:\/\/cultura.santjosep.org\/es\/#organization\",\"name\":\"Ajuntament de Sant Josep de sa Talaia\",\"url\":\"https:\/\/cultura.santjosep.org\/es\/\",\"logo\":{\"@type\":\"ImageObject\",\"inLanguage\":\"es\",\"@id\":\"https:\/\/cultura.santjosep.org\/es\/#\/schema\/logo\/image\/\",\"url\":\"https:\/\/cultura.santjosep.org\/wp-content\/uploads\/2020\/10\/logocolor.jpg\",\"contentUrl\":\"https:\/\/cultura.santjosep.org\/wp-content\/uploads\/2020\/10\/logocolor.jpg\",\"width\":250,\"height\":98,\"caption\":\"Ajuntament de Sant Josep de sa Talaia\"},\"image\":{\"@id\":\"https:\/\/cultura.santjosep.org\/es\/#\/schema\/logo\/image\/\"},\"sameAs\":[\"https:\/\/www.facebook.com\/Ajuntament-de-Sant-Josep-de-sa-Talaia-197541666931354\/\",\"https:\/\/x.com\/DeTalaia\",\"https:\/\/www.instagram.com\/sant_josep_de_sa_talaia\/\"]}]}<\/script>\n<!-- \/ Yoast SEO plugin. -->","yoast_head_json":{"title":"Cine a la fresca en Sant Josep - \"And then we danced\" - Cultura a Sant Josep de sa Talaia","robots":{"index":"index","follow":"follow","max-snippet":"max-snippet:-1","max-image-preview":"max-image-preview:large","max-video-preview":"max-video-preview:-1"},"canonical":"https:\/\/cultura.santjosep.org\/es\/agenda\/cine-a-la-fresca-en-sant-josep-and-then-we-danced\/","og_locale":"es_ES","og_type":"article","og_title":"Cine a la fresca en Sant Josep - \"And then we danced\" - Cultura a Sant Josep de sa Talaia","og_description":"\u00abAnd then we danced\u00bb | VOSE | 2019 | Duraci\u00f3n: 113 min. Suecia Direcci\u00f3n: Levan Akin Sinopsis: Merab lleva ensayando desde que era muy joven en la Compa\u00f1\u00eda Nacional de &hellip; Seguir leyendo \u00abCine a la fresca en Sant Josep &#8211; \u00abAnd then we danced\u00bb\u00bb","og_url":"https:\/\/cultura.santjosep.org\/es\/agenda\/cine-a-la-fresca-en-sant-josep-and-then-we-danced\/","og_site_name":"Cultura a Sant Josep de sa Talaia","article_publisher":"https:\/\/www.facebook.com\/Ajuntament-de-Sant-Josep-de-sa-Talaia-197541666931354\/","article_modified_time":"2021-07-01T13:27:40+00:00","og_image":[{"width":720,"height":400,"url":"https:\/\/cultura.santjosep.org\/wp-content\/uploads\/2021\/07\/AND-THEN-WE-DANCED_2.jpg","type":"image\/jpeg"}],"twitter_card":"summary_large_image","twitter_site":"@DeTalaia","twitter_misc":{"Tiempo de lectura":"1 minuto"},"schema":{"@context":"https:\/\/schema.org","@graph":[{"@type":"WebPage","@id":"https:\/\/cultura.santjosep.org\/es\/agenda\/cine-a-la-fresca-en-sant-josep-and-then-we-danced\/","url":"https:\/\/cultura.santjosep.org\/es\/agenda\/cine-a-la-fresca-en-sant-josep-and-then-we-danced\/","name":"Cine a la fresca en Sant Josep - \"And then we danced\" - Cultura a Sant Josep de sa Talaia","isPartOf":{"@id":"https:\/\/cultura.santjosep.org\/es\/#website"},"primaryImageOfPage":{"@id":"https:\/\/cultura.santjosep.org\/es\/agenda\/cine-a-la-fresca-en-sant-josep-and-then-we-danced\/#primaryimage"},"image":{"@id":"https:\/\/cultura.santjosep.org\/es\/agenda\/cine-a-la-fresca-en-sant-josep-and-then-we-danced\/#primaryimage"},"thumbnailUrl":"https:\/\/cultura.santjosep.org\/wp-content\/uploads\/2021\/07\/AND-THEN-WE-DANCED_2.jpg","datePublished":"2021-07-01T13:27:09+00:00","dateModified":"2021-07-01T13:27:40+00:00","breadcrumb":{"@id":"https:\/\/cultura.santjosep.org\/es\/agenda\/cine-a-la-fresca-en-sant-josep-and-then-we-danced\/#breadcrumb"},"inLanguage":"es","potentialAction":[{"@type":"ReadAction","target":["https:\/\/cultura.santjosep.org\/es\/agenda\/cine-a-la-fresca-en-sant-josep-and-then-we-danced\/"]}]},{"@type":"ImageObject","inLanguage":"es","@id":"https:\/\/cultura.santjosep.org\/es\/agenda\/cine-a-la-fresca-en-sant-josep-and-then-we-danced\/#primaryimage","url":"https:\/\/cultura.santjosep.org\/wp-content\/uploads\/2021\/07\/AND-THEN-WE-DANCED_2.jpg","contentUrl":"https:\/\/cultura.santjosep.org\/wp-content\/uploads\/2021\/07\/AND-THEN-WE-DANCED_2.jpg","width":720,"height":400},{"@type":"BreadcrumbList","@id":"https:\/\/cultura.santjosep.org\/es\/agenda\/cine-a-la-fresca-en-sant-josep-and-then-we-danced\/#breadcrumb","itemListElement":[{"@type":"ListItem","position":1,"name":"Portada","item":"https:\/\/cultura.santjosep.org\/es\/"},{"@type":"ListItem","position":2,"name":"Eventos","item":"https:\/\/cultura.santjosep.org\/agenda\/"},{"@type":"ListItem","position":3,"name":"Cine a la fresca en Sant Josep &#8211; \u00abAnd then we danced\u00bb"}]},{"@type":"WebSite","@id":"https:\/\/cultura.santjosep.org\/es\/#website","url":"https:\/\/cultura.santjosep.org\/es\/","name":"Cultura a Sant Josep de sa Talaia","description":"","publisher":{"@id":"https:\/\/cultura.santjosep.org\/es\/#organization"},"potentialAction":[{"@type":"SearchAction","target":{"@type":"EntryPoint","urlTemplate":"https:\/\/cultura.santjosep.org\/es\/?s={search_term_string}"},"query-input":{"@type":"PropertyValueSpecification","valueRequired":true,"valueName":"search_term_string"}}],"inLanguage":"es"},{"@type":"Organization","@id":"https:\/\/cultura.santjosep.org\/es\/#organization","name":"Ajuntament de Sant Josep de sa Talaia","url":"https:\/\/cultura.santjosep.org\/es\/","logo":{"@type":"ImageObject","inLanguage":"es","@id":"https:\/\/cultura.santjosep.org\/es\/#\/schema\/logo\/image\/","url":"https:\/\/cultura.santjosep.org\/wp-content\/uploads\/2020\/10\/logocolor.jpg","contentUrl":"https:\/\/cultura.santjosep.org\/wp-content\/uploads\/2020\/10\/logocolor.jpg","width":250,"height":98,"caption":"Ajuntament de Sant Josep de sa Talaia"},"image":{"@id":"https:\/\/cultura.santjosep.org\/es\/#\/schema\/logo\/image\/"},"sameAs":["https:\/\/www.facebook.com\/Ajuntament-de-Sant-Josep-de-sa-Talaia-197541666931354\/","https:\/\/x.com\/DeTalaia","https:\/\/www.instagram.com\/sant_josep_de_sa_talaia\/"]}]}},"_links":{"self":[{"href":"https:\/\/cultura.santjosep.org\/es\/wp-json\/wp\/v2\/tribe_events\/7201","targetHints":{"allow":["GET"]}}],"collection":[{"href":"https:\/\/cultura.santjosep.org\/es\/wp-json\/wp\/v2\/tribe_events"}],"about":[{"href":"https:\/\/cultura.santjosep.org\/es\/wp-json\/wp\/v2\/types\/tribe_events"}],"author":[{"embeddable":true,"href":"https:\/\/cultura.santjosep.org\/es\/wp-json\/wp\/v2\/users\/1"}],"version-history":[{"count":0,"href":"https:\/\/cultura.santjosep.org\/es\/wp-json\/wp\/v2\/tribe_events\/7201\/revisions"}],"wp:featuredmedia":[{"embeddable":true,"href":"https:\/\/cultura.santjosep.org\/es\/wp-json\/wp\/v2\/media\/7202"}],"wp:attachment":[{"href":"https:\/\/cultura.santjosep.org\/es\/wp-json\/wp\/v2\/media?parent=7201"}],"wp:term":[{"taxonomy":"post_tag","embeddable":true,"href":"https:\/\/cultura.santjosep.org\/es\/wp-json\/wp\/v2\/tags?post=7201"},{"taxonomy":"tribe_events_cat","embeddable":true,"href":"https:\/\/cultura.santjosep.org\/es\/wp-json\/wp\/v2\/tribe_events_cat?post=7201"}],"curies":[{"name":"wp","href":"https:\/\/api.w.org\/{rel}","templated":true}]}}