{"id":7760,"date":"2021-09-07T12:04:21","date_gmt":"2021-09-07T10:04:21","guid":{"rendered":"https:\/\/cultura.santjosep.org\/agenda\/dia-del-turista-2021\/"},"modified":"2021-09-07T12:06:10","modified_gmt":"2021-09-07T10:06:10","slug":"dia-del-turista-2021","status":"publish","type":"tribe_events","link":"https:\/\/cultura.santjosep.org\/es\/agenda\/dia-del-turista-2021\/","title":{"rendered":"Dia del Turista 2021"},"content":{"rendered":"<p>&#8211; <strong>RECEPCI\u00d3 I BENVINGUDA A LES OFICINES D\u2019INFORMACI\u00d3 TUR\u00cdSTIQUES DEL MUNICIPI<\/strong> per part del regidor i personal del departament de turisme<br \/>\nOIT Platja Sant Josep Horari: de 11.30 a 12.30h<br \/>\nOIT Platja Cala de Bou Horari: de 16.00 a 17.00h<br \/>\nOIT Platja d\u2019en Bossa Horari: de. 17.30 a 21.00h.<\/p>\n<p>&#8211; <strong>CLASSE DE IOGA<\/strong> per comen\u00e7ar el dia fent exercici en la nostra costa amb els primers raigs de sol<br \/>\nHorari: de 10.30 a 11.45 h<br \/>\nLloc: Port des Torrent<br \/>\nAforament limitat. Cal inscripci\u00f3 pr\u00e8via: <a href=\"mailto: turisme@santjosep.org\">turisme@santjosep.org<\/a><\/p>\n<p>&#8211; <strong>EXCURSI\u00d3 GUIADA<\/strong> pels indrets m\u00e9s emblem\u00e0tics del municipi: es Vedr\u00e0, torres de defensa, pobles, parc natural de Ses Salines.<br \/>\nHorari: de 10.00 a 13.00 h<br \/>\nLloc: recollida dels inscrits en els oficines d\u2019informaci\u00f3 tur\u00edstica del municipi.<br \/>\nCal inscripci\u00f3 pr\u00e8via: <a href=\"mailto: turisme@santjosep.org\">turisme@santjosep.org<\/a><\/p>\n<p>&#8211; <strong>OBSERVACI\u00d3 D\u2019AUS I TAULA INFORMATIVA<\/strong> per con\u00e8ixer els valors naturals i culturals del Parc Natural de ses Salines.<br \/>\nHorari: de 10.00 a 14.00 h<br \/>\nLloc: Centre d\u2019Interpretaci\u00f3 de Sant Francesc de s&#8217;Estany,<br \/>\nCol\u00b7labora: Parc Natural de ses Salines.<\/p>\n<p>&#8211; <strong>PASSEIG<\/strong> pels indrets del Parc Natural de ses Salines, visitant Torre<br \/>\nd\u2019es Carregador &#8211; Cova de Rafael Alberti &#8211; Munt Sal &#8211; Sa Xanga \u2013 Estanys &#8211; Sant<br \/>\nFrancesc de Ses Salines.<br \/>\nHorari: de 10.00 a 13.00 h<br \/>\nSortida: OIT Platja d\u2019en Bossa<br \/>\nPlaces limitades. Cal inscripci\u00f3 pr\u00e8via: <a href=\"mailto: turisme@santjosep.org\">turisme@santjosep.org<\/a><\/p>\n<p>&#8211; <strong>LA RUTA DE LA SAL EN BICI.<\/strong> Excursi\u00f3 en bici pels indrets del Parc Natural de<br \/>\nses Salines.<br \/>\nHorari: de 10.30 a 13.30 h<br \/>\nSortida: OIT Platja d\u2019en Bossa<br \/>\nPlaces limitades. Cal inscripci\u00f3 pr\u00e8via: <a href=\"mailto: turisme@santjosep.org\">turisme@santjosep.org<\/a><\/p>\n<p>&#8211; <strong>EXPOSICI\u00d3 \u201cTEMPS DE BRODATS\u201d<\/strong><br \/>\nHorari: de 11.00 a 13.30h i de 19.00 a 21.30h<br \/>\nLloc: Can Jeroni<br \/>\nCol\u00b7labora: AAVV Sa Raval<\/p>\n<p><strong>&#8211; EXPOSICI\u00d3 D\u2019ARTESANIA TRADICIONAL<\/strong><br \/>\nHorari: de 18.00 a 21.00h.<br \/>\nLloc: Al voltant OIT de Platja d\u2019en Bossa<\/p>\n<p><strong>&#8211; AMBIENTACI\u00d3 MUSICAL EN VIU<\/strong> amb piano de cua de la ma del director musical i<br \/>\nart\u00edstic d\u2019orquestra, Bartomeu Tur Mari<br \/>\nHorari: de 19.00 a 21.00h.<br \/>\nLloc: Al voltant OIT de Platja d\u2019en Bossa<\/p>\n<p><strong>&#8211; MERCAT HIPPY PLATJA D\u2019EN BOSSA<\/strong><br \/>\nHorari: de 18.00 a 00.00<br \/>\nLloc: Carrer Ruda i Bruc \u2013 Platja d\u2019en Bossa<\/p>\n<p><img loading=\"lazy\" decoding=\"async\" class=\"alignnone wp-image-7757 size-full\" src=\"https:\/\/cultura.santjosep.org\/wp-content\/uploads\/2021\/09\/Tourist-Day.png\" alt=\"\" width=\"1125\" height=\"1587\" srcset=\"https:\/\/cultura.santjosep.org\/wp-content\/uploads\/2021\/09\/Tourist-Day.png 1125w, https:\/\/cultura.santjosep.org\/wp-content\/uploads\/2021\/09\/Tourist-Day-213x300.png 213w, https:\/\/cultura.santjosep.org\/wp-content\/uploads\/2021\/09\/Tourist-Day-726x1024.png 726w, https:\/\/cultura.santjosep.org\/wp-content\/uploads\/2021\/09\/Tourist-Day-768x1083.png 768w, https:\/\/cultura.santjosep.org\/wp-content\/uploads\/2021\/09\/Tourist-Day-1089x1536.png 1089w\" sizes=\"auto, (max-width: 1125px) 100vw, 1125px\" \/><\/p>\n","protected":false},"excerpt":{"rendered":"<p>&#8211; RECEPCI\u00d3 I BENVINGUDA A LES OFICINES D\u2019INFORMACI\u00d3 TUR\u00cdSTIQUES DEL MUNICIPI per part del regidor i personal del departament de turisme OIT Platja Sant Josep Horari: de 11.30 a 12.30h &hellip; <\/p>\n<p class=\"link-more\"><a href=\"https:\/\/cultura.santjosep.org\/es\/agenda\/dia-del-turista-2021\/\" class=\"more-link\">Seguir leyendo<span class=\"screen-reader-text\"> \u00abDia del Turista 2021\u00bb<\/span><\/a><\/p>\n","protected":false},"author":1,"featured_media":7755,"template":"","meta":{"_tribe_events_status":"","_tribe_events_status_reason":"","_tribe_events_is_hybrid":"","_tribe_events_is_virtual":"","_tribe_events_virtual_video_source":"","_tribe_events_virtual_embed_video":"","_tribe_events_virtual_linked_button_text":"","_tribe_events_virtual_linked_button":"","_tribe_events_virtual_show_embed_at":"","_tribe_events_virtual_show_embed_to":[],"_tribe_events_virtual_show_on_event":"","_tribe_events_virtual_show_on_views":"","_tribe_events_virtual_url":"","footnotes":""},"tags":[],"tribe_events_cat":[61],"class_list":["post-7760","tribe_events","type-tribe_events","status-publish","has-post-thumbnail","hentry","tribe_events_cat-otros","cat_otros","entry"],"yoast_head":"<!-- This site is optimized with the Yoast SEO plugin v26.6 - https:\/\/yoast.com\/wordpress\/plugins\/seo\/ -->\n<title>Dia del Turista 2021 - Cultura a Sant Josep de sa Talaia<\/title>\n<meta name=\"robots\" content=\"index, follow, max-snippet:-1, max-image-preview:large, max-video-preview:-1\" \/>\n<link rel=\"canonical\" href=\"https:\/\/cultura.santjosep.org\/es\/agenda\/dia-del-turista-2021\/\" \/>\n<meta property=\"og:locale\" content=\"es_ES\" \/>\n<meta property=\"og:type\" content=\"article\" \/>\n<meta property=\"og:title\" content=\"Dia del Turista 2021 - Cultura a Sant Josep de sa Talaia\" \/>\n<meta property=\"og:description\" content=\"&#8211; RECEPCI\u00d3 I BENVINGUDA A LES OFICINES D\u2019INFORMACI\u00d3 TUR\u00cdSTIQUES DEL MUNICIPI per part del regidor i personal del departament de turisme OIT Platja Sant Josep Horari: de 11.30 a 12.30h &hellip; Seguir leyendo \u00abDia del Turista 2021\u00bb\" \/>\n<meta property=\"og:url\" content=\"https:\/\/cultura.santjosep.org\/es\/agenda\/dia-del-turista-2021\/\" \/>\n<meta property=\"og:site_name\" content=\"Cultura a Sant Josep de sa Talaia\" \/>\n<meta property=\"article:publisher\" content=\"https:\/\/www.facebook.com\/Ajuntament-de-Sant-Josep-de-sa-Talaia-197541666931354\/\" \/>\n<meta property=\"article:modified_time\" content=\"2021-09-07T10:06:10+00:00\" \/>\n<meta property=\"og:image\" content=\"https:\/\/cultura.santjosep.org\/wp-content\/uploads\/2021\/09\/diadelurista_santjosep.png\" \/>\n\t<meta property=\"og:image:width\" content=\"1178\" \/>\n\t<meta property=\"og:image:height\" content=\"783\" \/>\n\t<meta property=\"og:image:type\" content=\"image\/png\" \/>\n<meta name=\"twitter:card\" content=\"summary_large_image\" \/>\n<meta name=\"twitter:site\" content=\"@DeTalaia\" \/>\n<meta name=\"twitter:label1\" content=\"Tiempo de lectura\" \/>\n\t<meta name=\"twitter:data1\" content=\"2 minutos\" \/>\n<script type=\"application\/ld+json\" class=\"yoast-schema-graph\">{\"@context\":\"https:\/\/schema.org\",\"@graph\":[{\"@type\":\"WebPage\",\"@id\":\"https:\/\/cultura.santjosep.org\/es\/agenda\/dia-del-turista-2021\/\",\"url\":\"https:\/\/cultura.santjosep.org\/es\/agenda\/dia-del-turista-2021\/\",\"name\":\"Dia del Turista 2021 - Cultura a Sant Josep de sa Talaia\",\"isPartOf\":{\"@id\":\"https:\/\/cultura.santjosep.org\/es\/#website\"},\"primaryImageOfPage\":{\"@id\":\"https:\/\/cultura.santjosep.org\/es\/agenda\/dia-del-turista-2021\/#primaryimage\"},\"image\":{\"@id\":\"https:\/\/cultura.santjosep.org\/es\/agenda\/dia-del-turista-2021\/#primaryimage\"},\"thumbnailUrl\":\"https:\/\/cultura.santjosep.org\/wp-content\/uploads\/2021\/09\/diadelurista_santjosep.png\",\"datePublished\":\"2021-09-07T10:04:21+00:00\",\"dateModified\":\"2021-09-07T10:06:10+00:00\",\"breadcrumb\":{\"@id\":\"https:\/\/cultura.santjosep.org\/es\/agenda\/dia-del-turista-2021\/#breadcrumb\"},\"inLanguage\":\"es\",\"potentialAction\":[{\"@type\":\"ReadAction\",\"target\":[\"https:\/\/cultura.santjosep.org\/es\/agenda\/dia-del-turista-2021\/\"]}]},{\"@type\":\"ImageObject\",\"inLanguage\":\"es\",\"@id\":\"https:\/\/cultura.santjosep.org\/es\/agenda\/dia-del-turista-2021\/#primaryimage\",\"url\":\"https:\/\/cultura.santjosep.org\/wp-content\/uploads\/2021\/09\/diadelurista_santjosep.png\",\"contentUrl\":\"https:\/\/cultura.santjosep.org\/wp-content\/uploads\/2021\/09\/diadelurista_santjosep.png\",\"width\":1178,\"height\":783},{\"@type\":\"BreadcrumbList\",\"@id\":\"https:\/\/cultura.santjosep.org\/es\/agenda\/dia-del-turista-2021\/#breadcrumb\",\"itemListElement\":[{\"@type\":\"ListItem\",\"position\":1,\"name\":\"Portada\",\"item\":\"https:\/\/cultura.santjosep.org\/es\/\"},{\"@type\":\"ListItem\",\"position\":2,\"name\":\"Eventos\",\"item\":\"https:\/\/cultura.santjosep.org\/agenda\/\"},{\"@type\":\"ListItem\",\"position\":3,\"name\":\"Dia del Turista 2021\"}]},{\"@type\":\"WebSite\",\"@id\":\"https:\/\/cultura.santjosep.org\/es\/#website\",\"url\":\"https:\/\/cultura.santjosep.org\/es\/\",\"name\":\"Cultura a Sant Josep de sa Talaia\",\"description\":\"\",\"publisher\":{\"@id\":\"https:\/\/cultura.santjosep.org\/es\/#organization\"},\"potentialAction\":[{\"@type\":\"SearchAction\",\"target\":{\"@type\":\"EntryPoint\",\"urlTemplate\":\"https:\/\/cultura.santjosep.org\/es\/?s={search_term_string}\"},\"query-input\":{\"@type\":\"PropertyValueSpecification\",\"valueRequired\":true,\"valueName\":\"search_term_string\"}}],\"inLanguage\":\"es\"},{\"@type\":\"Organization\",\"@id\":\"https:\/\/cultura.santjosep.org\/es\/#organization\",\"name\":\"Ajuntament de Sant Josep de sa Talaia\",\"url\":\"https:\/\/cultura.santjosep.org\/es\/\",\"logo\":{\"@type\":\"ImageObject\",\"inLanguage\":\"es\",\"@id\":\"https:\/\/cultura.santjosep.org\/es\/#\/schema\/logo\/image\/\",\"url\":\"https:\/\/cultura.santjosep.org\/wp-content\/uploads\/2020\/10\/logocolor.jpg\",\"contentUrl\":\"https:\/\/cultura.santjosep.org\/wp-content\/uploads\/2020\/10\/logocolor.jpg\",\"width\":250,\"height\":98,\"caption\":\"Ajuntament de Sant Josep de sa Talaia\"},\"image\":{\"@id\":\"https:\/\/cultura.santjosep.org\/es\/#\/schema\/logo\/image\/\"},\"sameAs\":[\"https:\/\/www.facebook.com\/Ajuntament-de-Sant-Josep-de-sa-Talaia-197541666931354\/\",\"https:\/\/x.com\/DeTalaia\",\"https:\/\/www.instagram.com\/sant_josep_de_sa_talaia\/\"]}]}<\/script>\n<!-- \/ Yoast SEO plugin. -->","yoast_head_json":{"title":"Dia del Turista 2021 - Cultura a Sant Josep de sa Talaia","robots":{"index":"index","follow":"follow","max-snippet":"max-snippet:-1","max-image-preview":"max-image-preview:large","max-video-preview":"max-video-preview:-1"},"canonical":"https:\/\/cultura.santjosep.org\/es\/agenda\/dia-del-turista-2021\/","og_locale":"es_ES","og_type":"article","og_title":"Dia del Turista 2021 - Cultura a Sant Josep de sa Talaia","og_description":"&#8211; RECEPCI\u00d3 I BENVINGUDA A LES OFICINES D\u2019INFORMACI\u00d3 TUR\u00cdSTIQUES DEL MUNICIPI per part del regidor i personal del departament de turisme OIT Platja Sant Josep Horari: de 11.30 a 12.30h &hellip; Seguir leyendo \u00abDia del Turista 2021\u00bb","og_url":"https:\/\/cultura.santjosep.org\/es\/agenda\/dia-del-turista-2021\/","og_site_name":"Cultura a Sant Josep de sa Talaia","article_publisher":"https:\/\/www.facebook.com\/Ajuntament-de-Sant-Josep-de-sa-Talaia-197541666931354\/","article_modified_time":"2021-09-07T10:06:10+00:00","og_image":[{"width":1178,"height":783,"url":"https:\/\/cultura.santjosep.org\/wp-content\/uploads\/2021\/09\/diadelurista_santjosep.png","type":"image\/png"}],"twitter_card":"summary_large_image","twitter_site":"@DeTalaia","twitter_misc":{"Tiempo de lectura":"2 minutos"},"schema":{"@context":"https:\/\/schema.org","@graph":[{"@type":"WebPage","@id":"https:\/\/cultura.santjosep.org\/es\/agenda\/dia-del-turista-2021\/","url":"https:\/\/cultura.santjosep.org\/es\/agenda\/dia-del-turista-2021\/","name":"Dia del Turista 2021 - Cultura a Sant Josep de sa Talaia","isPartOf":{"@id":"https:\/\/cultura.santjosep.org\/es\/#website"},"primaryImageOfPage":{"@id":"https:\/\/cultura.santjosep.org\/es\/agenda\/dia-del-turista-2021\/#primaryimage"},"image":{"@id":"https:\/\/cultura.santjosep.org\/es\/agenda\/dia-del-turista-2021\/#primaryimage"},"thumbnailUrl":"https:\/\/cultura.santjosep.org\/wp-content\/uploads\/2021\/09\/diadelurista_santjosep.png","datePublished":"2021-09-07T10:04:21+00:00","dateModified":"2021-09-07T10:06:10+00:00","breadcrumb":{"@id":"https:\/\/cultura.santjosep.org\/es\/agenda\/dia-del-turista-2021\/#breadcrumb"},"inLanguage":"es","potentialAction":[{"@type":"ReadAction","target":["https:\/\/cultura.santjosep.org\/es\/agenda\/dia-del-turista-2021\/"]}]},{"@type":"ImageObject","inLanguage":"es","@id":"https:\/\/cultura.santjosep.org\/es\/agenda\/dia-del-turista-2021\/#primaryimage","url":"https:\/\/cultura.santjosep.org\/wp-content\/uploads\/2021\/09\/diadelurista_santjosep.png","contentUrl":"https:\/\/cultura.santjosep.org\/wp-content\/uploads\/2021\/09\/diadelurista_santjosep.png","width":1178,"height":783},{"@type":"BreadcrumbList","@id":"https:\/\/cultura.santjosep.org\/es\/agenda\/dia-del-turista-2021\/#breadcrumb","itemListElement":[{"@type":"ListItem","position":1,"name":"Portada","item":"https:\/\/cultura.santjosep.org\/es\/"},{"@type":"ListItem","position":2,"name":"Eventos","item":"https:\/\/cultura.santjosep.org\/agenda\/"},{"@type":"ListItem","position":3,"name":"Dia del Turista 2021"}]},{"@type":"WebSite","@id":"https:\/\/cultura.santjosep.org\/es\/#website","url":"https:\/\/cultura.santjosep.org\/es\/","name":"Cultura a Sant Josep de sa Talaia","description":"","publisher":{"@id":"https:\/\/cultura.santjosep.org\/es\/#organization"},"potentialAction":[{"@type":"SearchAction","target":{"@type":"EntryPoint","urlTemplate":"https:\/\/cultura.santjosep.org\/es\/?s={search_term_string}"},"query-input":{"@type":"PropertyValueSpecification","valueRequired":true,"valueName":"search_term_string"}}],"inLanguage":"es"},{"@type":"Organization","@id":"https:\/\/cultura.santjosep.org\/es\/#organization","name":"Ajuntament de Sant Josep de sa Talaia","url":"https:\/\/cultura.santjosep.org\/es\/","logo":{"@type":"ImageObject","inLanguage":"es","@id":"https:\/\/cultura.santjosep.org\/es\/#\/schema\/logo\/image\/","url":"https:\/\/cultura.santjosep.org\/wp-content\/uploads\/2020\/10\/logocolor.jpg","contentUrl":"https:\/\/cultura.santjosep.org\/wp-content\/uploads\/2020\/10\/logocolor.jpg","width":250,"height":98,"caption":"Ajuntament de Sant Josep de sa Talaia"},"image":{"@id":"https:\/\/cultura.santjosep.org\/es\/#\/schema\/logo\/image\/"},"sameAs":["https:\/\/www.facebook.com\/Ajuntament-de-Sant-Josep-de-sa-Talaia-197541666931354\/","https:\/\/x.com\/DeTalaia","https:\/\/www.instagram.com\/sant_josep_de_sa_talaia\/"]}]}},"_links":{"self":[{"href":"https:\/\/cultura.santjosep.org\/es\/wp-json\/wp\/v2\/tribe_events\/7760","targetHints":{"allow":["GET"]}}],"collection":[{"href":"https:\/\/cultura.santjosep.org\/es\/wp-json\/wp\/v2\/tribe_events"}],"about":[{"href":"https:\/\/cultura.santjosep.org\/es\/wp-json\/wp\/v2\/types\/tribe_events"}],"author":[{"embeddable":true,"href":"https:\/\/cultura.santjosep.org\/es\/wp-json\/wp\/v2\/users\/1"}],"version-history":[{"count":0,"href":"https:\/\/cultura.santjosep.org\/es\/wp-json\/wp\/v2\/tribe_events\/7760\/revisions"}],"wp:featuredmedia":[{"embeddable":true,"href":"https:\/\/cultura.santjosep.org\/es\/wp-json\/wp\/v2\/media\/7755"}],"wp:attachment":[{"href":"https:\/\/cultura.santjosep.org\/es\/wp-json\/wp\/v2\/media?parent=7760"}],"wp:term":[{"taxonomy":"post_tag","embeddable":true,"href":"https:\/\/cultura.santjosep.org\/es\/wp-json\/wp\/v2\/tags?post=7760"},{"taxonomy":"tribe_events_cat","embeddable":true,"href":"https:\/\/cultura.santjosep.org\/es\/wp-json\/wp\/v2\/tribe_events_cat?post=7760"}],"curies":[{"name":"wp","href":"https:\/\/api.w.org\/{rel}","templated":true}]}}