{"id":7964,"date":"2021-10-04T10:06:55","date_gmt":"2021-10-04T08:06:55","guid":{"rendered":"https:\/\/cultura.santjosep.org\/agenda\/espectacle-de-dansa-contemporania-las-muchas\/"},"modified":"2021-10-27T08:13:47","modified_gmt":"2021-10-27T06:13:47","slug":"espectaculo-de-danza-contemporanea-las-muchas","status":"publish","type":"tribe_events","link":"https:\/\/cultura.santjosep.org\/es\/agenda\/espectaculo-de-danza-contemporanea-las-muchas\/","title":{"rendered":"Espect\u00e1culo de danza contempor\u00e1nea &#8211; \u2018Las Muchas\u2019"},"content":{"rendered":"<p><strong>20 h| La\u00a0Cia\u00a0Mariant\u00f2nia\u00a0Oliver os invita a ver el espect\u00e1culo de danza contempor\u00e1nea &#8216;Las\u00a0Muchas&#8217;\u00a0donde participar\u00e1n mujeres mayores de Cala de Bou.<\/strong><\/p>\n<p>&#8216;<strong>Las Muchas&#8217;<\/strong> habla de fragilidad, de \u00e9sa que tiene que ver con la edad, con cuerpos que ya no pertenecen al \u00abcorpus\u00bb de lo social, que ya dejan de estar en el mercado oficial, pero que est\u00e1n m\u00e1s vivos que nunca y sobre todo m\u00e1s libres: cuerpos que respiran, pesan, bailan, seducen, se mueven y se posicionan de otra manera.<\/p>\n<p>Se requiere reserva de invitaciones para poder acceder al evento<\/p>\n","protected":false},"excerpt":{"rendered":"<p>20 h| La\u00a0Cia\u00a0Mariant\u00f2nia\u00a0Oliver os invita a ver el espect\u00e1culo de danza contempor\u00e1nea &#8216;Las\u00a0Muchas&#8217;\u00a0donde participar\u00e1n mujeres mayores de Cala de Bou. &#8216;Las Muchas&#8217; habla de fragilidad, de \u00e9sa que tiene que &hellip; <\/p>\n<p class=\"link-more\"><a href=\"https:\/\/cultura.santjosep.org\/es\/agenda\/espectaculo-de-danza-contemporanea-las-muchas\/\" class=\"more-link\">Seguir leyendo<span class=\"screen-reader-text\"> \u00abEspect\u00e1culo de danza contempor\u00e1nea &#8211; \u2018Las Muchas\u2019\u00bb<\/span><\/a><\/p>\n","protected":false},"author":1,"featured_media":8641,"template":"","meta":{"_tribe_events_status":"","_tribe_events_status_reason":"","_tribe_events_is_hybrid":"","_tribe_events_is_virtual":"","_tribe_events_virtual_video_source":"","_tribe_events_virtual_embed_video":"","_tribe_events_virtual_linked_button_text":"","_tribe_events_virtual_linked_button":"","_tribe_events_virtual_show_embed_at":"","_tribe_events_virtual_show_embed_to":[],"_tribe_events_virtual_show_on_event":"","_tribe_events_virtual_show_on_views":"","_tribe_events_virtual_url":"","footnotes":""},"tags":[],"tribe_events_cat":[63],"class_list":["post-7964","tribe_events","type-tribe_events","status-publish","has-post-thumbnail","hentry","tribe_events_cat-espectaculos","cat_espectaculos","entry"],"yoast_head":"<!-- This site is optimized with the Yoast SEO plugin v26.6 - https:\/\/yoast.com\/wordpress\/plugins\/seo\/ -->\n<title>Espect\u00e1culo de danza contempor\u00e1nea - \u2018Las Muchas\u2019 - Cultura a Sant Josep de sa Talaia<\/title>\n<meta name=\"robots\" content=\"index, follow, max-snippet:-1, max-image-preview:large, max-video-preview:-1\" \/>\n<link rel=\"canonical\" href=\"https:\/\/cultura.santjosep.org\/es\/agenda\/espectaculo-de-danza-contemporanea-las-muchas\/\" \/>\n<meta property=\"og:locale\" content=\"es_ES\" \/>\n<meta property=\"og:type\" content=\"article\" \/>\n<meta property=\"og:title\" content=\"Espect\u00e1culo de danza contempor\u00e1nea - \u2018Las Muchas\u2019 - Cultura a Sant Josep de sa Talaia\" \/>\n<meta property=\"og:description\" content=\"20 h| La\u00a0Cia\u00a0Mariant\u00f2nia\u00a0Oliver os invita a ver el espect\u00e1culo de danza contempor\u00e1nea &#8216;Las\u00a0Muchas&#8217;\u00a0donde participar\u00e1n mujeres mayores de Cala de Bou. &#8216;Las Muchas&#8217; habla de fragilidad, de \u00e9sa que tiene que &hellip; Seguir leyendo \u00abEspect\u00e1culo de danza contempor\u00e1nea &#8211; \u2018Las Muchas\u2019\u00bb\" \/>\n<meta property=\"og:url\" content=\"https:\/\/cultura.santjosep.org\/es\/agenda\/espectaculo-de-danza-contemporanea-las-muchas\/\" \/>\n<meta property=\"og:site_name\" content=\"Cultura a Sant Josep de sa Talaia\" \/>\n<meta property=\"article:publisher\" content=\"https:\/\/www.facebook.com\/Ajuntament-de-Sant-Josep-de-sa-Talaia-197541666931354\/\" \/>\n<meta property=\"article:modified_time\" content=\"2021-10-27T06:13:47+00:00\" \/>\n<meta property=\"og:image\" content=\"https:\/\/cultura.santjosep.org\/wp-content\/uploads\/2021\/10\/unnamed.jpg\" \/>\n\t<meta property=\"og:image:width\" content=\"2052\" \/>\n\t<meta property=\"og:image:height\" content=\"1124\" \/>\n\t<meta property=\"og:image:type\" content=\"image\/jpeg\" \/>\n<meta name=\"twitter:card\" content=\"summary_large_image\" \/>\n<meta name=\"twitter:site\" content=\"@DeTalaia\" \/>\n<meta name=\"twitter:label1\" content=\"Tiempo de lectura\" \/>\n\t<meta name=\"twitter:data1\" content=\"1 minuto\" \/>\n<script type=\"application\/ld+json\" class=\"yoast-schema-graph\">{\"@context\":\"https:\/\/schema.org\",\"@graph\":[{\"@type\":\"WebPage\",\"@id\":\"https:\/\/cultura.santjosep.org\/es\/agenda\/espectaculo-de-danza-contemporanea-las-muchas\/\",\"url\":\"https:\/\/cultura.santjosep.org\/es\/agenda\/espectaculo-de-danza-contemporanea-las-muchas\/\",\"name\":\"Espect\u00e1culo de danza contempor\u00e1nea - \u2018Las Muchas\u2019 - Cultura a Sant Josep de sa Talaia\",\"isPartOf\":{\"@id\":\"https:\/\/cultura.santjosep.org\/es\/#website\"},\"primaryImageOfPage\":{\"@id\":\"https:\/\/cultura.santjosep.org\/es\/agenda\/espectaculo-de-danza-contemporanea-las-muchas\/#primaryimage\"},\"image\":{\"@id\":\"https:\/\/cultura.santjosep.org\/es\/agenda\/espectaculo-de-danza-contemporanea-las-muchas\/#primaryimage\"},\"thumbnailUrl\":\"https:\/\/cultura.santjosep.org\/wp-content\/uploads\/2021\/10\/unnamed.jpg\",\"datePublished\":\"2021-10-04T08:06:55+00:00\",\"dateModified\":\"2021-10-27T06:13:47+00:00\",\"breadcrumb\":{\"@id\":\"https:\/\/cultura.santjosep.org\/es\/agenda\/espectaculo-de-danza-contemporanea-las-muchas\/#breadcrumb\"},\"inLanguage\":\"es\",\"potentialAction\":[{\"@type\":\"ReadAction\",\"target\":[\"https:\/\/cultura.santjosep.org\/es\/agenda\/espectaculo-de-danza-contemporanea-las-muchas\/\"]}]},{\"@type\":\"ImageObject\",\"inLanguage\":\"es\",\"@id\":\"https:\/\/cultura.santjosep.org\/es\/agenda\/espectaculo-de-danza-contemporanea-las-muchas\/#primaryimage\",\"url\":\"https:\/\/cultura.santjosep.org\/wp-content\/uploads\/2021\/10\/unnamed.jpg\",\"contentUrl\":\"https:\/\/cultura.santjosep.org\/wp-content\/uploads\/2021\/10\/unnamed.jpg\",\"width\":2052,\"height\":1124},{\"@type\":\"BreadcrumbList\",\"@id\":\"https:\/\/cultura.santjosep.org\/es\/agenda\/espectaculo-de-danza-contemporanea-las-muchas\/#breadcrumb\",\"itemListElement\":[{\"@type\":\"ListItem\",\"position\":1,\"name\":\"Portada\",\"item\":\"https:\/\/cultura.santjosep.org\/es\/\"},{\"@type\":\"ListItem\",\"position\":2,\"name\":\"Eventos\",\"item\":\"https:\/\/cultura.santjosep.org\/agenda\/\"},{\"@type\":\"ListItem\",\"position\":3,\"name\":\"Espect\u00e1culo de danza contempor\u00e1nea &#8211; \u2018Las Muchas\u2019\"}]},{\"@type\":\"WebSite\",\"@id\":\"https:\/\/cultura.santjosep.org\/es\/#website\",\"url\":\"https:\/\/cultura.santjosep.org\/es\/\",\"name\":\"Cultura a Sant Josep de sa Talaia\",\"description\":\"\",\"publisher\":{\"@id\":\"https:\/\/cultura.santjosep.org\/es\/#organization\"},\"potentialAction\":[{\"@type\":\"SearchAction\",\"target\":{\"@type\":\"EntryPoint\",\"urlTemplate\":\"https:\/\/cultura.santjosep.org\/es\/?s={search_term_string}\"},\"query-input\":{\"@type\":\"PropertyValueSpecification\",\"valueRequired\":true,\"valueName\":\"search_term_string\"}}],\"inLanguage\":\"es\"},{\"@type\":\"Organization\",\"@id\":\"https:\/\/cultura.santjosep.org\/es\/#organization\",\"name\":\"Ajuntament de Sant Josep de sa Talaia\",\"url\":\"https:\/\/cultura.santjosep.org\/es\/\",\"logo\":{\"@type\":\"ImageObject\",\"inLanguage\":\"es\",\"@id\":\"https:\/\/cultura.santjosep.org\/es\/#\/schema\/logo\/image\/\",\"url\":\"https:\/\/cultura.santjosep.org\/wp-content\/uploads\/2020\/10\/logocolor.jpg\",\"contentUrl\":\"https:\/\/cultura.santjosep.org\/wp-content\/uploads\/2020\/10\/logocolor.jpg\",\"width\":250,\"height\":98,\"caption\":\"Ajuntament de Sant Josep de sa Talaia\"},\"image\":{\"@id\":\"https:\/\/cultura.santjosep.org\/es\/#\/schema\/logo\/image\/\"},\"sameAs\":[\"https:\/\/www.facebook.com\/Ajuntament-de-Sant-Josep-de-sa-Talaia-197541666931354\/\",\"https:\/\/x.com\/DeTalaia\",\"https:\/\/www.instagram.com\/sant_josep_de_sa_talaia\/\"]}]}<\/script>\n<!-- \/ Yoast SEO plugin. -->","yoast_head_json":{"title":"Espect\u00e1culo de danza contempor\u00e1nea - \u2018Las Muchas\u2019 - Cultura a Sant Josep de sa Talaia","robots":{"index":"index","follow":"follow","max-snippet":"max-snippet:-1","max-image-preview":"max-image-preview:large","max-video-preview":"max-video-preview:-1"},"canonical":"https:\/\/cultura.santjosep.org\/es\/agenda\/espectaculo-de-danza-contemporanea-las-muchas\/","og_locale":"es_ES","og_type":"article","og_title":"Espect\u00e1culo de danza contempor\u00e1nea - \u2018Las Muchas\u2019 - Cultura a Sant Josep de sa Talaia","og_description":"20 h| La\u00a0Cia\u00a0Mariant\u00f2nia\u00a0Oliver os invita a ver el espect\u00e1culo de danza contempor\u00e1nea &#8216;Las\u00a0Muchas&#8217;\u00a0donde participar\u00e1n mujeres mayores de Cala de Bou. &#8216;Las Muchas&#8217; habla de fragilidad, de \u00e9sa que tiene que &hellip; Seguir leyendo \u00abEspect\u00e1culo de danza contempor\u00e1nea &#8211; \u2018Las Muchas\u2019\u00bb","og_url":"https:\/\/cultura.santjosep.org\/es\/agenda\/espectaculo-de-danza-contemporanea-las-muchas\/","og_site_name":"Cultura a Sant Josep de sa Talaia","article_publisher":"https:\/\/www.facebook.com\/Ajuntament-de-Sant-Josep-de-sa-Talaia-197541666931354\/","article_modified_time":"2021-10-27T06:13:47+00:00","og_image":[{"width":2052,"height":1124,"url":"https:\/\/cultura.santjosep.org\/wp-content\/uploads\/2021\/10\/unnamed.jpg","type":"image\/jpeg"}],"twitter_card":"summary_large_image","twitter_site":"@DeTalaia","twitter_misc":{"Tiempo de lectura":"1 minuto"},"schema":{"@context":"https:\/\/schema.org","@graph":[{"@type":"WebPage","@id":"https:\/\/cultura.santjosep.org\/es\/agenda\/espectaculo-de-danza-contemporanea-las-muchas\/","url":"https:\/\/cultura.santjosep.org\/es\/agenda\/espectaculo-de-danza-contemporanea-las-muchas\/","name":"Espect\u00e1culo de danza contempor\u00e1nea - \u2018Las Muchas\u2019 - Cultura a Sant Josep de sa Talaia","isPartOf":{"@id":"https:\/\/cultura.santjosep.org\/es\/#website"},"primaryImageOfPage":{"@id":"https:\/\/cultura.santjosep.org\/es\/agenda\/espectaculo-de-danza-contemporanea-las-muchas\/#primaryimage"},"image":{"@id":"https:\/\/cultura.santjosep.org\/es\/agenda\/espectaculo-de-danza-contemporanea-las-muchas\/#primaryimage"},"thumbnailUrl":"https:\/\/cultura.santjosep.org\/wp-content\/uploads\/2021\/10\/unnamed.jpg","datePublished":"2021-10-04T08:06:55+00:00","dateModified":"2021-10-27T06:13:47+00:00","breadcrumb":{"@id":"https:\/\/cultura.santjosep.org\/es\/agenda\/espectaculo-de-danza-contemporanea-las-muchas\/#breadcrumb"},"inLanguage":"es","potentialAction":[{"@type":"ReadAction","target":["https:\/\/cultura.santjosep.org\/es\/agenda\/espectaculo-de-danza-contemporanea-las-muchas\/"]}]},{"@type":"ImageObject","inLanguage":"es","@id":"https:\/\/cultura.santjosep.org\/es\/agenda\/espectaculo-de-danza-contemporanea-las-muchas\/#primaryimage","url":"https:\/\/cultura.santjosep.org\/wp-content\/uploads\/2021\/10\/unnamed.jpg","contentUrl":"https:\/\/cultura.santjosep.org\/wp-content\/uploads\/2021\/10\/unnamed.jpg","width":2052,"height":1124},{"@type":"BreadcrumbList","@id":"https:\/\/cultura.santjosep.org\/es\/agenda\/espectaculo-de-danza-contemporanea-las-muchas\/#breadcrumb","itemListElement":[{"@type":"ListItem","position":1,"name":"Portada","item":"https:\/\/cultura.santjosep.org\/es\/"},{"@type":"ListItem","position":2,"name":"Eventos","item":"https:\/\/cultura.santjosep.org\/agenda\/"},{"@type":"ListItem","position":3,"name":"Espect\u00e1culo de danza contempor\u00e1nea &#8211; \u2018Las Muchas\u2019"}]},{"@type":"WebSite","@id":"https:\/\/cultura.santjosep.org\/es\/#website","url":"https:\/\/cultura.santjosep.org\/es\/","name":"Cultura a Sant Josep de sa Talaia","description":"","publisher":{"@id":"https:\/\/cultura.santjosep.org\/es\/#organization"},"potentialAction":[{"@type":"SearchAction","target":{"@type":"EntryPoint","urlTemplate":"https:\/\/cultura.santjosep.org\/es\/?s={search_term_string}"},"query-input":{"@type":"PropertyValueSpecification","valueRequired":true,"valueName":"search_term_string"}}],"inLanguage":"es"},{"@type":"Organization","@id":"https:\/\/cultura.santjosep.org\/es\/#organization","name":"Ajuntament de Sant Josep de sa Talaia","url":"https:\/\/cultura.santjosep.org\/es\/","logo":{"@type":"ImageObject","inLanguage":"es","@id":"https:\/\/cultura.santjosep.org\/es\/#\/schema\/logo\/image\/","url":"https:\/\/cultura.santjosep.org\/wp-content\/uploads\/2020\/10\/logocolor.jpg","contentUrl":"https:\/\/cultura.santjosep.org\/wp-content\/uploads\/2020\/10\/logocolor.jpg","width":250,"height":98,"caption":"Ajuntament de Sant Josep de sa Talaia"},"image":{"@id":"https:\/\/cultura.santjosep.org\/es\/#\/schema\/logo\/image\/"},"sameAs":["https:\/\/www.facebook.com\/Ajuntament-de-Sant-Josep-de-sa-Talaia-197541666931354\/","https:\/\/x.com\/DeTalaia","https:\/\/www.instagram.com\/sant_josep_de_sa_talaia\/"]}]}},"_links":{"self":[{"href":"https:\/\/cultura.santjosep.org\/es\/wp-json\/wp\/v2\/tribe_events\/7964","targetHints":{"allow":["GET"]}}],"collection":[{"href":"https:\/\/cultura.santjosep.org\/es\/wp-json\/wp\/v2\/tribe_events"}],"about":[{"href":"https:\/\/cultura.santjosep.org\/es\/wp-json\/wp\/v2\/types\/tribe_events"}],"author":[{"embeddable":true,"href":"https:\/\/cultura.santjosep.org\/es\/wp-json\/wp\/v2\/users\/1"}],"version-history":[{"count":0,"href":"https:\/\/cultura.santjosep.org\/es\/wp-json\/wp\/v2\/tribe_events\/7964\/revisions"}],"wp:featuredmedia":[{"embeddable":true,"href":"https:\/\/cultura.santjosep.org\/es\/wp-json\/wp\/v2\/media\/8641"}],"wp:attachment":[{"href":"https:\/\/cultura.santjosep.org\/es\/wp-json\/wp\/v2\/media?parent=7964"}],"wp:term":[{"taxonomy":"post_tag","embeddable":true,"href":"https:\/\/cultura.santjosep.org\/es\/wp-json\/wp\/v2\/tags?post=7964"},{"taxonomy":"tribe_events_cat","embeddable":true,"href":"https:\/\/cultura.santjosep.org\/es\/wp-json\/wp\/v2\/tribe_events_cat?post=7964"}],"curies":[{"name":"wp","href":"https:\/\/api.w.org\/{rel}","templated":true}]}}