{"id":8629,"date":"2021-10-26T14:55:05","date_gmt":"2021-10-26T12:55:05","guid":{"rendered":"https:\/\/cultura.santjosep.org\/agenda\/proyeccion-y-coloquio-del-documental-living-without-a-country-the-rohingya-exile\/"},"modified":"2021-10-30T19:27:48","modified_gmt":"2021-10-30T17:27:48","slug":"proyeccion-y-coloquio-del-documental-living-without-a-country-the-rohingya-exile","status":"publish","type":"tribe_events","link":"https:\/\/cultura.santjosep.org\/es\/agenda\/proyeccion-y-coloquio-del-documental-living-without-a-country-the-rohingya-exile\/","title":{"rendered":"Proyecci\u00f3n y coloquio del documental \u00abLiving without a country, the Rohingya exile\u00bb"},"content":{"rendered":"<p>Proyecci\u00f3n y coloquio del documental LIVING WITHOUT A COUNTRY, THE ROHINGYA EXILE (VIVIR SIN PA\u00cdS, EL EXILIO ROHINGYA).<\/p>\n<p><strong><a href=\"https:\/\/pauxa.com\/index.html\" target=\"_blank\" rel=\"noopener\">Pauxa Films<\/a><\/strong> en colaboraci\u00f3n con Direcci\u00f3n General de Cooperaci\u00f3n y Amnist\u00eda Internacional, presentar\u00e1 el \u00faltimo documental de Alberto Martos con un coloquio posterior a la proyecci\u00f3n en el que se debatir\u00e1 sobre la actual situaci\u00f3n de la comunidad rohingya.<\/p>\n<p>Este evento, que tendr\u00e1 lugar el <strong>domingo 31 de octubre a las 20.00h en Can Jeroni.<\/strong><\/p>\n<p>Ser\u00e1 presentado por el Subdirector de Internacional de agencia EFE y autor del libro Rohiny\u00e1: El drama de los innombrables y la leyenda de Aung San Suu Kyi Alberto Masegosa, y contar\u00e1 con unos invitados de excepci\u00f3n:<\/p>\n<p>Razia Sultana. Fundadora de Rohingya Women Welfare Society y una de las m\u00e1s importantes voces rohingya que se puede escuchar en el documental, llega de los campos de refugiados de Bangladesh a Mallorca para hablarnos de lo que pas\u00f3 y de lo que pasa a\u00fan 4 a\u00f1os despu\u00e9s. Su trabajo con los refugiados y especialmente con las mujeres ha sido reconocida internacionalmente siendo seleccionada para representar a la sociedad civil en el Consejo de Seguridad de la ONU para debatir sobre la violencia sexual en los conflictos y galardonada con el International Women of Courage por el Departamento de Estado de EEUU.<\/p>\n<p>Tun Khin. Presidente de la Burmese Rohingya Organisation UK (BROUK) y convertido en ap\u00e1trida por su pa\u00eds debido a la ley de 1982 que ha llevado hasta la situaci\u00f3n de hoy en Myanmar. Una de las voces internacionalmente reconocidas como denunciante del genocidio en el Congreso y el Departamento de Estado de EE. UU., El Parlamento brit\u00e1nico, el Parlamento sueco, el Parlamento y la Comisi\u00f3n de la Uni\u00f3n Europea, el Foro Ind\u00edgena de la ONU en Nueva York y el Consejo de Derechos Humanos de la ONU en Ginebra.<\/p>\n<p>Todos ellos, ofrecer\u00e1n un interesante coloquio junto al director del documental, Alberto Martos, para ofrecer a los asistentes una visi\u00f3n m\u00e1s profunda sobre los antecedentes de la crisis rohingya, as\u00ed como arrojar un poco de luz sobre el futuro que le espera a esta minor\u00eda \u00e9tnica que vive hacinada en campos de refugiados tras el intento de genocidio por parte de Myanmar.<\/p>\n<p>M\u00e1s informaci\u00f3n en <a href=\"http:\/\/www.livingwithoutacountry.com\" target=\"_blank\" rel=\"noopener\">livingwithoutacountry.com<\/a><\/p>\n<p><img loading=\"lazy\" decoding=\"async\" class=\"alignnone wp-image-8626 size-full\" src=\"https:\/\/cultura.santjosep.org\/wp-content\/uploads\/2021\/10\/00-PORTADA-LIVING-LOGOS.jpg\" alt=\"\" width=\"1500\" height=\"843\" srcset=\"https:\/\/cultura.santjosep.org\/wp-content\/uploads\/2021\/10\/00-PORTADA-LIVING-LOGOS.jpg 1500w, https:\/\/cultura.santjosep.org\/wp-content\/uploads\/2021\/10\/00-PORTADA-LIVING-LOGOS-300x169.jpg 300w, https:\/\/cultura.santjosep.org\/wp-content\/uploads\/2021\/10\/00-PORTADA-LIVING-LOGOS-1024x575.jpg 1024w, https:\/\/cultura.santjosep.org\/wp-content\/uploads\/2021\/10\/00-PORTADA-LIVING-LOGOS-768x432.jpg 768w, https:\/\/cultura.santjosep.org\/wp-content\/uploads\/2021\/10\/00-PORTADA-LIVING-LOGOS-1320x742.jpg 1320w\" sizes=\"auto, (max-width: 1500px) 100vw, 1500px\" \/><\/p>\n","protected":false},"excerpt":{"rendered":"<p>Proyecci\u00f3n y coloquio del documental LIVING WITHOUT A COUNTRY, THE ROHINGYA EXILE (VIVIR SIN PA\u00cdS, EL EXILIO ROHINGYA). Pauxa Films en colaboraci\u00f3n con Direcci\u00f3n General de Cooperaci\u00f3n y Amnist\u00eda Internacional, &hellip; <\/p>\n<p class=\"link-more\"><a href=\"https:\/\/cultura.santjosep.org\/es\/agenda\/proyeccion-y-coloquio-del-documental-living-without-a-country-the-rohingya-exile\/\" class=\"more-link\">Seguir leyendo<span class=\"screen-reader-text\"> \u00abProyecci\u00f3n y coloquio del documental \u00abLiving without a country, the Rohingya exile\u00bb\u00bb<\/span><\/a><\/p>\n","protected":false},"author":1,"featured_media":8625,"template":"","meta":{"_tribe_events_status":"","_tribe_events_status_reason":"","_tribe_events_is_hybrid":"","_tribe_events_is_virtual":"","_tribe_events_virtual_video_source":"","_tribe_events_virtual_embed_video":"","_tribe_events_virtual_linked_button_text":"","_tribe_events_virtual_linked_button":"","_tribe_events_virtual_show_embed_at":"","_tribe_events_virtual_show_embed_to":[],"_tribe_events_virtual_show_on_event":"","_tribe_events_virtual_show_on_views":"","_tribe_events_virtual_url":"","footnotes":""},"tags":[],"tribe_events_cat":[30],"class_list":["post-8629","tribe_events","type-tribe_events","status-publish","has-post-thumbnail","hentry","tribe_events_cat-cine","cat_cine","entry"],"yoast_head":"<!-- This site is optimized with the Yoast SEO plugin v26.6 - https:\/\/yoast.com\/wordpress\/plugins\/seo\/ -->\n<title>Proyecci\u00f3n y coloquio del documental &quot;Living without a country, the Rohingya exile&quot; - Cultura a Sant Josep de sa Talaia<\/title>\n<meta name=\"robots\" content=\"index, follow, max-snippet:-1, max-image-preview:large, max-video-preview:-1\" \/>\n<link rel=\"canonical\" href=\"https:\/\/cultura.santjosep.org\/es\/agenda\/proyeccion-y-coloquio-del-documental-living-without-a-country-the-rohingya-exile\/\" \/>\n<meta property=\"og:locale\" content=\"es_ES\" \/>\n<meta property=\"og:type\" content=\"article\" \/>\n<meta property=\"og:title\" content=\"Proyecci\u00f3n y coloquio del documental &quot;Living without a country, the Rohingya exile&quot; - Cultura a Sant Josep de sa Talaia\" \/>\n<meta property=\"og:description\" content=\"Proyecci\u00f3n y coloquio del documental LIVING WITHOUT A COUNTRY, THE ROHINGYA EXILE (VIVIR SIN PA\u00cdS, EL EXILIO ROHINGYA). Pauxa Films en colaboraci\u00f3n con Direcci\u00f3n General de Cooperaci\u00f3n y Amnist\u00eda Internacional, &hellip; Seguir leyendo \u00abProyecci\u00f3n y coloquio del documental \u00abLiving without a country, the Rohingya exile\u00bb\u00bb\" \/>\n<meta property=\"og:url\" content=\"https:\/\/cultura.santjosep.org\/es\/agenda\/proyeccion-y-coloquio-del-documental-living-without-a-country-the-rohingya-exile\/\" \/>\n<meta property=\"og:site_name\" content=\"Cultura a Sant Josep de sa Talaia\" \/>\n<meta property=\"article:publisher\" content=\"https:\/\/www.facebook.com\/Ajuntament-de-Sant-Josep-de-sa-Talaia-197541666931354\/\" \/>\n<meta property=\"article:modified_time\" content=\"2021-10-30T17:27:48+00:00\" \/>\n<meta property=\"og:image\" content=\"https:\/\/cultura.santjosep.org\/wp-content\/uploads\/2021\/10\/1624144561901.jpg\" \/>\n\t<meta property=\"og:image:width\" content=\"1920\" \/>\n\t<meta property=\"og:image:height\" content=\"1080\" \/>\n\t<meta property=\"og:image:type\" content=\"image\/jpeg\" \/>\n<meta name=\"twitter:card\" content=\"summary_large_image\" \/>\n<meta name=\"twitter:site\" content=\"@DeTalaia\" \/>\n<meta name=\"twitter:label1\" content=\"Tiempo de lectura\" \/>\n\t<meta name=\"twitter:data1\" content=\"2 minutos\" \/>\n<script type=\"application\/ld+json\" class=\"yoast-schema-graph\">{\"@context\":\"https:\/\/schema.org\",\"@graph\":[{\"@type\":\"WebPage\",\"@id\":\"https:\/\/cultura.santjosep.org\/es\/agenda\/proyeccion-y-coloquio-del-documental-living-without-a-country-the-rohingya-exile\/\",\"url\":\"https:\/\/cultura.santjosep.org\/es\/agenda\/proyeccion-y-coloquio-del-documental-living-without-a-country-the-rohingya-exile\/\",\"name\":\"Proyecci\u00f3n y coloquio del documental \\\"Living without a country, the Rohingya exile\\\" - Cultura a Sant Josep de sa Talaia\",\"isPartOf\":{\"@id\":\"https:\/\/cultura.santjosep.org\/es\/#website\"},\"primaryImageOfPage\":{\"@id\":\"https:\/\/cultura.santjosep.org\/es\/agenda\/proyeccion-y-coloquio-del-documental-living-without-a-country-the-rohingya-exile\/#primaryimage\"},\"image\":{\"@id\":\"https:\/\/cultura.santjosep.org\/es\/agenda\/proyeccion-y-coloquio-del-documental-living-without-a-country-the-rohingya-exile\/#primaryimage\"},\"thumbnailUrl\":\"https:\/\/cultura.santjosep.org\/wp-content\/uploads\/2021\/10\/1624144561901.jpg\",\"datePublished\":\"2021-10-26T12:55:05+00:00\",\"dateModified\":\"2021-10-30T17:27:48+00:00\",\"breadcrumb\":{\"@id\":\"https:\/\/cultura.santjosep.org\/es\/agenda\/proyeccion-y-coloquio-del-documental-living-without-a-country-the-rohingya-exile\/#breadcrumb\"},\"inLanguage\":\"es\",\"potentialAction\":[{\"@type\":\"ReadAction\",\"target\":[\"https:\/\/cultura.santjosep.org\/es\/agenda\/proyeccion-y-coloquio-del-documental-living-without-a-country-the-rohingya-exile\/\"]}]},{\"@type\":\"ImageObject\",\"inLanguage\":\"es\",\"@id\":\"https:\/\/cultura.santjosep.org\/es\/agenda\/proyeccion-y-coloquio-del-documental-living-without-a-country-the-rohingya-exile\/#primaryimage\",\"url\":\"https:\/\/cultura.santjosep.org\/wp-content\/uploads\/2021\/10\/1624144561901.jpg\",\"contentUrl\":\"https:\/\/cultura.santjosep.org\/wp-content\/uploads\/2021\/10\/1624144561901.jpg\",\"width\":1920,\"height\":1080},{\"@type\":\"BreadcrumbList\",\"@id\":\"https:\/\/cultura.santjosep.org\/es\/agenda\/proyeccion-y-coloquio-del-documental-living-without-a-country-the-rohingya-exile\/#breadcrumb\",\"itemListElement\":[{\"@type\":\"ListItem\",\"position\":1,\"name\":\"Portada\",\"item\":\"https:\/\/cultura.santjosep.org\/es\/\"},{\"@type\":\"ListItem\",\"position\":2,\"name\":\"Eventos\",\"item\":\"https:\/\/cultura.santjosep.org\/agenda\/\"},{\"@type\":\"ListItem\",\"position\":3,\"name\":\"Proyecci\u00f3n y coloquio del documental \u00abLiving without a country, the Rohingya exile\u00bb\"}]},{\"@type\":\"WebSite\",\"@id\":\"https:\/\/cultura.santjosep.org\/es\/#website\",\"url\":\"https:\/\/cultura.santjosep.org\/es\/\",\"name\":\"Cultura a Sant Josep de sa Talaia\",\"description\":\"\",\"publisher\":{\"@id\":\"https:\/\/cultura.santjosep.org\/es\/#organization\"},\"potentialAction\":[{\"@type\":\"SearchAction\",\"target\":{\"@type\":\"EntryPoint\",\"urlTemplate\":\"https:\/\/cultura.santjosep.org\/es\/?s={search_term_string}\"},\"query-input\":{\"@type\":\"PropertyValueSpecification\",\"valueRequired\":true,\"valueName\":\"search_term_string\"}}],\"inLanguage\":\"es\"},{\"@type\":\"Organization\",\"@id\":\"https:\/\/cultura.santjosep.org\/es\/#organization\",\"name\":\"Ajuntament de Sant Josep de sa Talaia\",\"url\":\"https:\/\/cultura.santjosep.org\/es\/\",\"logo\":{\"@type\":\"ImageObject\",\"inLanguage\":\"es\",\"@id\":\"https:\/\/cultura.santjosep.org\/es\/#\/schema\/logo\/image\/\",\"url\":\"https:\/\/cultura.santjosep.org\/wp-content\/uploads\/2020\/10\/logocolor.jpg\",\"contentUrl\":\"https:\/\/cultura.santjosep.org\/wp-content\/uploads\/2020\/10\/logocolor.jpg\",\"width\":250,\"height\":98,\"caption\":\"Ajuntament de Sant Josep de sa Talaia\"},\"image\":{\"@id\":\"https:\/\/cultura.santjosep.org\/es\/#\/schema\/logo\/image\/\"},\"sameAs\":[\"https:\/\/www.facebook.com\/Ajuntament-de-Sant-Josep-de-sa-Talaia-197541666931354\/\",\"https:\/\/x.com\/DeTalaia\",\"https:\/\/www.instagram.com\/sant_josep_de_sa_talaia\/\"]}]}<\/script>\n<!-- \/ Yoast SEO plugin. -->","yoast_head_json":{"title":"Proyecci\u00f3n y coloquio del documental \"Living without a country, the Rohingya exile\" - Cultura a Sant Josep de sa Talaia","robots":{"index":"index","follow":"follow","max-snippet":"max-snippet:-1","max-image-preview":"max-image-preview:large","max-video-preview":"max-video-preview:-1"},"canonical":"https:\/\/cultura.santjosep.org\/es\/agenda\/proyeccion-y-coloquio-del-documental-living-without-a-country-the-rohingya-exile\/","og_locale":"es_ES","og_type":"article","og_title":"Proyecci\u00f3n y coloquio del documental \"Living without a country, the Rohingya exile\" - Cultura a Sant Josep de sa Talaia","og_description":"Proyecci\u00f3n y coloquio del documental LIVING WITHOUT A COUNTRY, THE ROHINGYA EXILE (VIVIR SIN PA\u00cdS, EL EXILIO ROHINGYA). Pauxa Films en colaboraci\u00f3n con Direcci\u00f3n General de Cooperaci\u00f3n y Amnist\u00eda Internacional, &hellip; Seguir leyendo \u00abProyecci\u00f3n y coloquio del documental \u00abLiving without a country, the Rohingya exile\u00bb\u00bb","og_url":"https:\/\/cultura.santjosep.org\/es\/agenda\/proyeccion-y-coloquio-del-documental-living-without-a-country-the-rohingya-exile\/","og_site_name":"Cultura a Sant Josep de sa Talaia","article_publisher":"https:\/\/www.facebook.com\/Ajuntament-de-Sant-Josep-de-sa-Talaia-197541666931354\/","article_modified_time":"2021-10-30T17:27:48+00:00","og_image":[{"width":1920,"height":1080,"url":"https:\/\/cultura.santjosep.org\/wp-content\/uploads\/2021\/10\/1624144561901.jpg","type":"image\/jpeg"}],"twitter_card":"summary_large_image","twitter_site":"@DeTalaia","twitter_misc":{"Tiempo de lectura":"2 minutos"},"schema":{"@context":"https:\/\/schema.org","@graph":[{"@type":"WebPage","@id":"https:\/\/cultura.santjosep.org\/es\/agenda\/proyeccion-y-coloquio-del-documental-living-without-a-country-the-rohingya-exile\/","url":"https:\/\/cultura.santjosep.org\/es\/agenda\/proyeccion-y-coloquio-del-documental-living-without-a-country-the-rohingya-exile\/","name":"Proyecci\u00f3n y coloquio del documental \"Living without a country, the Rohingya exile\" - Cultura a Sant Josep de sa Talaia","isPartOf":{"@id":"https:\/\/cultura.santjosep.org\/es\/#website"},"primaryImageOfPage":{"@id":"https:\/\/cultura.santjosep.org\/es\/agenda\/proyeccion-y-coloquio-del-documental-living-without-a-country-the-rohingya-exile\/#primaryimage"},"image":{"@id":"https:\/\/cultura.santjosep.org\/es\/agenda\/proyeccion-y-coloquio-del-documental-living-without-a-country-the-rohingya-exile\/#primaryimage"},"thumbnailUrl":"https:\/\/cultura.santjosep.org\/wp-content\/uploads\/2021\/10\/1624144561901.jpg","datePublished":"2021-10-26T12:55:05+00:00","dateModified":"2021-10-30T17:27:48+00:00","breadcrumb":{"@id":"https:\/\/cultura.santjosep.org\/es\/agenda\/proyeccion-y-coloquio-del-documental-living-without-a-country-the-rohingya-exile\/#breadcrumb"},"inLanguage":"es","potentialAction":[{"@type":"ReadAction","target":["https:\/\/cultura.santjosep.org\/es\/agenda\/proyeccion-y-coloquio-del-documental-living-without-a-country-the-rohingya-exile\/"]}]},{"@type":"ImageObject","inLanguage":"es","@id":"https:\/\/cultura.santjosep.org\/es\/agenda\/proyeccion-y-coloquio-del-documental-living-without-a-country-the-rohingya-exile\/#primaryimage","url":"https:\/\/cultura.santjosep.org\/wp-content\/uploads\/2021\/10\/1624144561901.jpg","contentUrl":"https:\/\/cultura.santjosep.org\/wp-content\/uploads\/2021\/10\/1624144561901.jpg","width":1920,"height":1080},{"@type":"BreadcrumbList","@id":"https:\/\/cultura.santjosep.org\/es\/agenda\/proyeccion-y-coloquio-del-documental-living-without-a-country-the-rohingya-exile\/#breadcrumb","itemListElement":[{"@type":"ListItem","position":1,"name":"Portada","item":"https:\/\/cultura.santjosep.org\/es\/"},{"@type":"ListItem","position":2,"name":"Eventos","item":"https:\/\/cultura.santjosep.org\/agenda\/"},{"@type":"ListItem","position":3,"name":"Proyecci\u00f3n y coloquio del documental \u00abLiving without a country, the Rohingya exile\u00bb"}]},{"@type":"WebSite","@id":"https:\/\/cultura.santjosep.org\/es\/#website","url":"https:\/\/cultura.santjosep.org\/es\/","name":"Cultura a Sant Josep de sa Talaia","description":"","publisher":{"@id":"https:\/\/cultura.santjosep.org\/es\/#organization"},"potentialAction":[{"@type":"SearchAction","target":{"@type":"EntryPoint","urlTemplate":"https:\/\/cultura.santjosep.org\/es\/?s={search_term_string}"},"query-input":{"@type":"PropertyValueSpecification","valueRequired":true,"valueName":"search_term_string"}}],"inLanguage":"es"},{"@type":"Organization","@id":"https:\/\/cultura.santjosep.org\/es\/#organization","name":"Ajuntament de Sant Josep de sa Talaia","url":"https:\/\/cultura.santjosep.org\/es\/","logo":{"@type":"ImageObject","inLanguage":"es","@id":"https:\/\/cultura.santjosep.org\/es\/#\/schema\/logo\/image\/","url":"https:\/\/cultura.santjosep.org\/wp-content\/uploads\/2020\/10\/logocolor.jpg","contentUrl":"https:\/\/cultura.santjosep.org\/wp-content\/uploads\/2020\/10\/logocolor.jpg","width":250,"height":98,"caption":"Ajuntament de Sant Josep de sa Talaia"},"image":{"@id":"https:\/\/cultura.santjosep.org\/es\/#\/schema\/logo\/image\/"},"sameAs":["https:\/\/www.facebook.com\/Ajuntament-de-Sant-Josep-de-sa-Talaia-197541666931354\/","https:\/\/x.com\/DeTalaia","https:\/\/www.instagram.com\/sant_josep_de_sa_talaia\/"]}]}},"_links":{"self":[{"href":"https:\/\/cultura.santjosep.org\/es\/wp-json\/wp\/v2\/tribe_events\/8629","targetHints":{"allow":["GET"]}}],"collection":[{"href":"https:\/\/cultura.santjosep.org\/es\/wp-json\/wp\/v2\/tribe_events"}],"about":[{"href":"https:\/\/cultura.santjosep.org\/es\/wp-json\/wp\/v2\/types\/tribe_events"}],"author":[{"embeddable":true,"href":"https:\/\/cultura.santjosep.org\/es\/wp-json\/wp\/v2\/users\/1"}],"version-history":[{"count":0,"href":"https:\/\/cultura.santjosep.org\/es\/wp-json\/wp\/v2\/tribe_events\/8629\/revisions"}],"wp:featuredmedia":[{"embeddable":true,"href":"https:\/\/cultura.santjosep.org\/es\/wp-json\/wp\/v2\/media\/8625"}],"wp:attachment":[{"href":"https:\/\/cultura.santjosep.org\/es\/wp-json\/wp\/v2\/media?parent=8629"}],"wp:term":[{"taxonomy":"post_tag","embeddable":true,"href":"https:\/\/cultura.santjosep.org\/es\/wp-json\/wp\/v2\/tags?post=8629"},{"taxonomy":"tribe_events_cat","embeddable":true,"href":"https:\/\/cultura.santjosep.org\/es\/wp-json\/wp\/v2\/tribe_events_cat?post=8629"}],"curies":[{"name":"wp","href":"https:\/\/api.w.org\/{rel}","templated":true}]}}